{"id":22631,"date":"2023-04-19T14:57:36","date_gmt":"2023-04-19T13:57:36","guid":{"rendered":"https:\/\/telpark.cmspro.telpark.com\/ciudades\/san-sebastian-de-los-reyes\/"},"modified":"2023-10-31T11:05:57","modified_gmt":"2023-10-31T10:05:57","slug":"san-sebastian-de-los-reyes","status":"publish","type":"locations","link":"https:\/\/www.telpark.com\/en\/cities\/san-sebastian-de-los-reyes\/","title":{"rendered":"San Sebasti\u00e1n de los Reyes"},"content":{"rendered":"\n<section class=\"tpk-hero tpk-hero--products                lower\"\n         style=\"\">\n                        <picture >\n\n                    <source srcset=\"https:\/\/www.telpark.com\/wp-content\/uploads\/2023\/10\/ciudad_generica-480x640.jpg\" media=\"((min-width: 0rem) and (max-width: 30rem))\">\n                             <source srcset=\"https:\/\/www.telpark.com\/wp-content\/uploads\/2023\/10\/ciudad_generica-1024x500.jpg\" media=\"(min-width: 30rem) and (max-width: 64rem)\" >\n                            <source srcset=\"https:\/\/www.telpark.com\/wp-content\/uploads\/2023\/10\/ciudad_generica-1920x640.jpg\" media=\"(min-width: 64rem)\" >\n        \n        \n                                                                                                        \n        <img decoding=\"async\" fetchpriority=\"high\" src=\"https:\/\/www.telpark.com\/wp-content\/uploads\/2023\/10\/ciudad_generica-1920x640.jpg\" alt=\"\"  width=\"1920\" height=\"640\"  loading=\"eager\">\n    <\/picture>\n\n    \n            <div class=\"tpk-breadcrumb wrapper row\">\n    <nav aria-label=\"Breadcrumb\">\n        <ul>\n                            <li>\n                                            <a href=\"https:\/\/www.telpark.com\/en\/\">Individuals<\/a><span\n                            class=\"tpk-breadcrumb__separator\">><\/span>\n                                    <\/li>\n                            <li>\n                                            <a href=\"https:\/\/www.telpark.com\/en\/cities\/\">Cities<\/a><span\n                            class=\"tpk-breadcrumb__separator\">><\/span>\n                                    <\/li>\n                            <li>\n                                            <span aria-current=\"page\">San Sebasti\u00e1n de los Reyes<\/span>\n                                    <\/li>\n                    <\/ul>\n    <\/nav>\n<\/div>        <div class=\"tpk-hero__content wrapper row\">\n                    <div class=\"col-xs-12 col-sm-12 pr-h pl-h\">\n                                <header class=\"tpk-head  wrapper\">\n    <p class=\"tpk-head__caption\">Parking meter<\/p>    <h1 class=\"tpk-head__title\">Park in San Sebasti\u00e1n de los Reyes<\/h1>    <\/header>\n            \n                    <\/div>\n    <\/div>\n            <div class=\"tpk-hero__cards row wrapper\">\n                                                                                        <div class=\"col-xs-12 col-sm-12 col-md-4 mb-1 pl-h pr-h\">\n                                                                    <\/div>\n                    <\/div>\n    <\/section>\n<div class=\"tpk-spinner__wrapper\">\n    <div class=\"tpk-spinner\"><\/div>\n<\/div>\n\n<article class=\"tpk-page\">\n    <div class=\"row wrapper center-xs tpk-page__content\">\n        <div class=\"col-xs-12 col-sm-10 col-md-8 pt-4 pb-4\">\n            <p>San Sebasti\u00e1n de los Reyes is a city located in the Community of Madrid. It offers a wide range of activities, from guided tours of its impressive monuments, such as the Church of San Sebasti\u00e1n M\u00e1rtir, to shopping in the Plaza Norte 2 shopping centre. It is also ideal for those looking to enjoy nature, with stunning green spaces such as the Parque de la Marina and the Parque de la Dehesa Vieja.<\/p>\n\n        <\/div>\n    <\/div>\n<\/article>\n\n<div class=\"tpk-tabs big\">\n                                    <input type=\"radio\" name=\"tabs-city\" id=\"tab-city264073154\"\n                                            checked\n                                         \/>\n            <label for=\"tab-city264073154\" class=\"tpk-tab__label\" role=\"tab\">\n                Parking meter\n            <\/label>\n                \n<div class=\"tpk-tab__content\" role=\"tabpanel\" aria-labelledby=\"description\" aria-hidden=\"false\">\n    \n\n<section class=\"tpk-city-map\">\n            <div class=\"wrapper row center-xs\">\n            <div class=\"col-xs-12 col-sm-10 col-md-8 pt-4 pb-4\">\n                                <header class=\"tpk-head center wrapper\">\n        <h2 class=\"tpk-head__title\">Park in blue zone, green zone... in San Sebasti\u00e1n de los Reyes<\/h2>    <p>With the regulated parking service, we provide visitors and residents of the cities with a place to park in areas where, due to saturation issues, it's difficult to find an available spot.<\/p>\n<\/header>            <\/div>\n        <\/div>\n        <div class=\"row pb-4 middle-xs\">\n        <div class=\"col-xs-12 col-sm-6 col-md-6 col-no-gutter tpk-city-map__picture\">\n                                    <picture >\n\n                    <source srcset=\"https:\/\/www.telpark.com\/wp-content\/uploads\/2023\/03\/sustituta-de-mapas-375x500.jpg\" media=\"((min-width: 0rem) and (max-width: 30rem))\">\n                             <source srcset=\"https:\/\/www.telpark.com\/wp-content\/uploads\/2023\/03\/sustituta-de-mapas-720x615.jpg\" media=\"(min-width: 30rem) and (max-width: 64rem)\" >\n                            <source srcset=\"https:\/\/www.telpark.com\/wp-content\/uploads\/2023\/03\/sustituta-de-mapas-960x814.jpg\" media=\"(min-width: 64rem)\" >\n        \n        \n                                                                                                        \n        <img decoding=\"async\" src=\"https:\/\/www.telpark.com\/wp-content\/uploads\/2023\/03\/sustituta-de-mapas-960x814.jpg\" alt=\"coches aparcados en la calle\"  width=\"960\" height=\"814\"  loading=\"lazy\" >\n    <\/picture>\n\n                <\/div>\n        <div class=\"col-xs-12 col-sm-6 col-lg-4 tpk-city-map__content \">\n                            <h3 class=\"tpk-city-map__title\">Regulated parking zones in San Sebasti\u00e1n de los Reyes<\/h3>\n                        <div class=\"tpk-tabs\">\n                                                            <input type=\"radio\" name=\"tabs\" id=\"tab1\" checked\/>\n                        <label for=\"tab1\"\n                               class=\"tpk-tab__label\"\n                               role=\"tab\">\n                            Blue zone\n                        <\/label>\n                                    \n                                                    <div class=\"tpk-tab__content\"\n                         role=\"tabpanel\"\n                         aria-labelledby=\"description\"\n                         aria-hidden=\"false\">\n                                                    <p><strong>Opening hours<\/strong><\/p>\r\n<ul>\r\n<li>Monday to Friday from 09:30 to 14:00 and from 16:30 to 20:00<\/li>\r\n<li>Saturdays from 09:30 to 14:00<\/li>\r\n<li>Sunday and bank holidays: No service<\/li>\r\n<li>August: No service<br \/><br \/><\/li>\r\n<\/ul>\r\n<p><strong>Rate<\/strong><\/p>\r\n<ul>\r\n<li>15 minutes (minimum): \u20ac0.20\u202f<\/li>\r\n<li>30 minutes: \u20ac0.35<\/li>\r\n<li>1 hour: \u20ac0.80<\/li>\r\n<li>1 hour and a half: \u20ac1.25<\/li>\r\n<li>2 hours (Maximum): \u20ac1.76<\/li>\r\n<\/ul>\n                                                                    <\/div>\n                \n                <div class=\"tpk-city-map__buttons\">\n                                                                                                    <a  class=\"tpk-button tpk-button--primary tpk-button--lg \" href=\"http:\/\/orassreyes.com\/es\"    >\n    <span>See Municipality<\/span>\n    <\/a>                                                            <\/div>\n            <\/div>\n        <\/div>\n    <\/div>\n    <script type=\"text\/plain\" class=\"optanon-category-C0001\">\n        const elementMapKML = document.querySelector('#mapCityMap');\n        if(elementMapKML) {\n            const map2 = new google.maps.Map(elementMapKML);\n            const kml2 = elementMapKML.dataset.kml\n\n            if (kml2) {\n                const layer2 = new google.maps.KmlLayer({\n                    url: kml2,\n                    map: map2\n                })\n            }\n        }\n    <\/script>\n<\/section>\n\n\n\n<section\n        class=\"tpk-banner-cta tpk-banner-cta--background center  negative\"\n        style=\" --bg-picture: url('https:\/\/www.telpark.com\/wp-content\/uploads\/2023\/03\/background-g46e59557b_1280.jpg'); --bg-size: cover; --bg-position: center center;\">\n    \n        \n    <div class=\"tpk-banner-cta__content row wrapper middle-xs \">\n        \n                    <div class=\"col-xs-12 col-md-6 tpk-banner-cta__content__text\">\n                \n                                            <header class=\"tpk-head  wrapper\">\n    <p class=\"tpk-head__caption\">ZBE Madrid<\/p>    <h2 class=\"tpk-head__title\">Low Emission Zone Madrid<\/h2>    <p>The Low Emission Zone in Madrid is an area that restricts circulation for vehicles with high emissions. This zone aims to improve air quality and reduce urban pollution by establishing restrictions for the most contaminating vehicles.<\/p>\n<p>Discover how this low emission zone affects your mobility and what measures you can take to contribute to a more sustainable city.<\/p>\n<\/header>                \n                                    <div class=\"tpk-banner-cta__buttons\">\n                                                                                <a  class=\"tpk-button tpk-button--primary tpk-button--lg \" href=\"https:\/\/www.madrid.es\/portales\/munimadrid\/es\/Inicio\/Movilidad-y-transportes\/Zonas-de-Bajas-Emisiones\/Madrid-Zona-de-Bajas-Emisiones\/Madrid-Zona-de-Bajas-Emisiones-ZBE-\/?vgnextfmt=default&amp;vgnextoid=93e63877029eb710VgnVCM1000001d4a900aRCRD&amp;vgnextchannel=d2d2edf0f70ab710VgnVCM2000001f4a900aRCRD\"    target=\"_blank\" >\n    <span>Check information<\/span>\n    <\/a>                                            <\/div>\n                                        <\/div>\n        <\/div>\n    \n    <\/section>\n\n<\/div>\n\n    <\/div>\n\n\n<section class=\"tpk-banner-cta tpk-banner-cta--half   electric\"\n         style=\"                 \">\n    <div class=\"tpk-banner-cta--half__picture\">\n                                    <picture >\n\n                    <source srcset=\"https:\/\/www.telpark.com\/wp-content\/uploads\/2023\/05\/Carga-electrica_hero_2-460x520.jpg\" media=\"((min-width: 0rem) and (max-width: 30rem))\">\n                             <source srcset=\"https:\/\/www.telpark.com\/wp-content\/uploads\/2023\/05\/Carga-electrica_hero_2-520x520.jpg\" media=\"(min-width: 30rem) and (max-width: 64rem)\" >\n                            <source srcset=\"https:\/\/www.telpark.com\/wp-content\/uploads\/2023\/05\/Carga-electrica_hero_2-960x653.jpg\" media=\"(min-width: 64rem)\" >\n        \n        \n                                                                                                        \n        <img decoding=\"async\" src=\"https:\/\/www.telpark.com\/wp-content\/uploads\/2023\/05\/Carga-electrica_hero_2-960x653.jpg\" alt=\"\"  width=\"960\" height=\"653\"  loading=\"lazy\" >\n    <\/picture>\n\n            <\/div>\n\n    <div class=\"tpk-banner-cta__content row wrapper middle-xs\">\n        <div class=\"col-xs-12 col-md-6 tpk-banner-cta__content__text\">\n                        <header class=\"tpk-head  wrapper\">\n    <p class=\"tpk-head__caption\">EV charging<\/p>    <h2 class=\"tpk-head__title\">Do you need to charge your electric car?<\/h2>    <p>Hundreds of electric charging points throughout Spain and Portugal are waiting for you. Always working.<\/p>\n<\/header>            <div class=\"tpk-banner-cta__buttons\">\n                                                        <a  class=\"tpk-button tpk-button--primary tpk-button--lg \" href=\"https:\/\/www.telpark.com\/en\/car-park-search\/?type=electric_charge\"    >\n    <span>View charging points.<\/span>\n    <\/a>                            <\/div>\n        <\/div>\n    <\/div>\n<\/section>\n\n\n<section class=\"tpk-banner-app \">\n    <div class=\"row wrapper middle-xs\">\n        <div class=\"col-xs-12 col-sm-6 col-no-gutter tpk-banner-app__picture\">\n                                                <picture class=\"hide-xs show-sm\">\n\n                             <source srcset=\"https:\/\/www.telpark.com\/wp-content\/uploads\/2023\/08\/Bloque-descarga-ok-1-488x534.png\" media=\"(min-width: 30rem) and (max-width: 64rem)\" >\n                            <source srcset=\"https:\/\/www.telpark.com\/wp-content\/uploads\/2023\/08\/Bloque-descarga-ok-1-680x752.png\" media=\"(min-width: 64rem)\" >\n        \n        \n                                                                                                        \n        <img decoding=\"async\" src=\"https:\/\/www.telpark.com\/wp-content\/uploads\/2023\/08\/Bloque-descarga-ok-1-680x752.png\" alt=\"Desc\u00e1rgate la App\"  width=\"680\" height=\"752\"  loading=\"lazy\" >\n    <\/picture>\n\n                                <\/div>\n        <div class=\"col-xs-12 col-sm-6 tpk-banner-app__content\">\n                        <header class=\"tpk-head  wrapper\">\n        <h2 class=\"tpk-head__title\">Download the app and start paying less<\/h2>    <\/header>\n                        <div class=\"tpk-banner-app__buttons\">\n                                                                                                                                                <a href=\"https:\/\/apps.apple.com\/es\/app\/telpark\/id658204860\" class=\"tpk-button tpk-button--app dark\" target=\"_blank\">\n        <svg width=\"25\" height=\"30\" viewBox=\"0 0 25 30\" fill=\"none\" xmlns=\"http:\/\/www.w3.org\/2000\/svg\">\n            <path d=\"M23.643 10.227C23.469 10.362 20.397 12.093 20.397 15.942C20.397 20.394 24.306 21.969 24.423 22.008C24.405 22.104 23.802 24.165 22.362 26.265C21.078 28.113 19.737 29.958 17.697 29.958C15.657 29.958 15.132 28.773 12.777 28.773C10.482 28.773 9.666 29.997 7.8 29.997C5.934 29.997 4.632 28.287 3.135 26.187C1.401 23.721 0 19.89 0 16.254C0 10.422 3.792 7.329 7.524 7.329C9.507 7.329 11.16 8.631 12.405 8.631C13.59 8.631 15.438 7.251 17.694 7.251C18.549 7.251 21.621 7.329 23.643 10.227V10.227ZM16.623 4.782C17.556 3.675 18.216 2.139 18.216 0.603C18.216 0.39 18.198 0.174 18.159 0C16.641 0.057 14.835 1.011 13.746 2.274C12.891 3.246 12.093 4.782 12.093 6.339C12.093 6.573 12.132 6.807 12.15 6.882C12.246 6.9 12.402 6.921 12.558 6.921C13.92 6.921 15.633 6.009 16.623 4.782Z\" fill=\"white\"\/>\n        <\/svg>\n        <div>\n            <span>Available in<\/span>\n            Apple Store\n        <\/div>\n    <\/a>\n\n                                                                                                                            \n    <a href=\"https:\/\/play.google.com\/store\/apps\/details?id=com.delaware.empark&hl=es&referrer=%26utm_campaign%3Dnondigital%26utm_source%3Dnondigital%26utm_medium%3Dnondigital&pli=1\" class=\"tpk-button tpk-button--app dark\" target=\"_blank\">\n        <svg width=\"23\" height=\"26\" viewBox=\"0 0 23 26\" fill=\"none\" xmlns=\"http:\/\/www.w3.org\/2000\/svg\">\n            <path fill-rule=\"evenodd\" clip-rule=\"evenodd\" d=\"M0.862422 0.87988C0.581172 1.18175 0.419922 1.64675 0.419922 2.25113V23.7411C0.419922 24.3455 0.581172 24.8105 0.873047 25.1018L0.949297 25.1661L12.9905 13.1249V12.8543L0.938672 0.815505L0.862422 0.87988Z\" fill=\"url(#paint0_linear_9_9)\"\/>\n            <path fill-rule=\"evenodd\" clip-rule=\"evenodd\" d=\"M16.9962 17.1543L12.98 13.1368V12.8556L16.9975 8.83807L17.0843 8.89182L21.8362 11.5924C23.1968 12.3593 23.1968 13.6231 21.8362 14.4006L17.0843 17.1012L16.9962 17.1543Z\" fill=\"url(#paint1_linear_9_9)\"\/>\n            <path fill-rule=\"evenodd\" clip-rule=\"evenodd\" d=\"M17.083 17.1005L12.9799 12.9961L0.862371 25.1136C1.30487 25.5892 2.04987 25.643 2.88237 25.178L17.083 17.1005Z\" fill=\"url(#paint2_linear_9_9)\"\/>\n            <path fill-rule=\"evenodd\" clip-rule=\"evenodd\" d=\"M17.083 8.89304L2.88237 0.82616C2.05112 0.350535 1.30487 0.41491 0.862371 0.890535L12.9786 12.9962L17.083 8.89304Z\" fill=\"url(#paint3_linear_9_9)\"\/>\n            <defs>\n            <linearGradient id=\"paint0_linear_9_9\" x1=\"35.6607\" y1=\"-6.74995\" x2=\"-5.23028\" y2=\"12.2052\" gradientUnits=\"userSpaceOnUse\">\n            <stop stop-color=\"#047ED6\"\/>\n            <stop offset=\"1\" stop-color=\"#50E6FF\"\/>\n            <\/linearGradient>\n            <linearGradient id=\"paint1_linear_9_9\" x1=\"24.5643\" y1=\"12.9971\" x2=\"-6.03917\" y2=\"12.9971\" gradientUnits=\"userSpaceOnUse\">\n            <stop stop-color=\"#FFDA1C\"\/>\n            <stop offset=\"1\" stop-color=\"#FEB705\"\/>\n            <\/linearGradient>\n            <linearGradient id=\"paint2_linear_9_9\" x1=\"19.7657\" y1=\"4.95934\" x2=\"-15.0772\" y2=\"45.5368\" gradientUnits=\"userSpaceOnUse\">\n            <stop stop-color=\"#D9414F\"\/>\n            <stop offset=\"1\" stop-color=\"#8C193F\"\/>\n            <\/linearGradient>\n            <linearGradient id=\"paint3_linear_9_9\" x1=\"-2.18997\" y1=\"-6.27096\" x2=\"4.71665\" y2=\"5.36978\" gradientUnits=\"userSpaceOnUse\">\n            <stop stop-color=\"#33C481\"\/>\n            <stop offset=\"1\" stop-color=\"#61E3A7\"\/>\n            <\/linearGradient>\n            <\/defs>\n            <\/svg>\n        <div>\n            <span>Available in<\/span>\n            Google Play\n        <\/div>\n    <\/a>\n                                                                                                <\/div>\n        <\/div>\n    <\/div>\n<\/section>\n","protected":false},"featured_media":0,"template":"","country":[176],"yoast_head":"<!-- This site is optimized with the Yoast SEO plugin v20.12 - https:\/\/yoast.com\/wordpress\/plugins\/seo\/ -->\n<title>Aparcar en San Sebasti\u00e1n de los Reyes | Telpark<\/title>\n<meta name=\"description\" content=\"Si vas a aparcar en San Sebasti\u00e1n de los Reyes en zona azul, verde... hazlo con Telpark y olv\u00eddate del parqu\u00edmetro, te lo ponemos f\u00e1cil.\" \/>\n<meta name=\"robots\" content=\"index, follow, max-snippet:-1, max-image-preview:large, max-video-preview:-1\" \/>\n<link rel=\"canonical\" href=\"https:\/\/www.telpark.com\/en\/cities\/san-sebastian-de-los-reyes\/\" \/>\n<meta property=\"og:locale\" content=\"en_US\" \/>\n<meta property=\"og:type\" content=\"article\" \/>\n<meta property=\"og:title\" content=\"Aparcar en San Sebasti\u00e1n de los Reyes | Telpark\" \/>\n<meta property=\"og:description\" content=\"Si vas a aparcar en San Sebasti\u00e1n de los Reyes en zona azul, verde... hazlo con Telpark y olv\u00eddate del parqu\u00edmetro, te lo ponemos f\u00e1cil.\" \/>\n<meta property=\"og:url\" content=\"https:\/\/www.telpark.com\/en\/cities\/san-sebastian-de-los-reyes\/\" \/>\n<meta property=\"og:site_name\" content=\"Telpark\" \/>\n<meta property=\"article:modified_time\" content=\"2023-10-31T10:05:57+00:00\" \/>\n<meta name=\"twitter:card\" content=\"summary_large_image\" \/>\n<meta name=\"twitter:site\" content=\"@telpark_es\" \/>\n<script type=\"application\/ld+json\" class=\"yoast-schema-graph\">{\"@context\":\"https:\/\/schema.org\",\"@graph\":[{\"@type\":\"WebPage\",\"@id\":\"https:\/\/www.telpark.com\/en\/cities\/san-sebastian-de-los-reyes\/\",\"url\":\"https:\/\/www.telpark.com\/en\/cities\/san-sebastian-de-los-reyes\/\",\"name\":\"Aparcar en San Sebasti\u00e1n de los Reyes | Telpark\",\"isPartOf\":{\"@id\":\"https:\/\/www.telpark.com\/en\/#website\"},\"datePublished\":\"2023-04-19T13:57:36+00:00\",\"dateModified\":\"2023-10-31T10:05:57+00:00\",\"description\":\"Si vas a aparcar en San Sebasti\u00e1n de los Reyes en zona azul, verde... hazlo con Telpark y olv\u00eddate del parqu\u00edmetro, te lo ponemos f\u00e1cil.\",\"breadcrumb\":{\"@id\":\"https:\/\/www.telpark.com\/en\/cities\/san-sebastian-de-los-reyes\/#breadcrumb\"},\"inLanguage\":\"en-US\",\"potentialAction\":[{\"@type\":\"ReadAction\",\"target\":[\"https:\/\/www.telpark.com\/en\/cities\/san-sebastian-de-los-reyes\/\"]}]},{\"@type\":\"BreadcrumbList\",\"@id\":\"https:\/\/www.telpark.com\/en\/cities\/san-sebastian-de-los-reyes\/#breadcrumb\",\"itemListElement\":[{\"@type\":\"ListItem\",\"position\":1,\"name\":\"Home\",\"item\":\"https:\/\/www.telpark.com\/en\/\"},{\"@type\":\"ListItem\",\"position\":2,\"name\":\"San Sebasti\u00e1n de los Reyes\"}]},{\"@type\":\"WebSite\",\"@id\":\"https:\/\/www.telpark.com\/en\/#website\",\"url\":\"https:\/\/www.telpark.com\/en\/\",\"name\":\"Telpark\",\"description\":\"Reserva tu plaza en los mejores aparcamientos. Descarga la app y olv\u00eddate de cajeros o parqu\u00edmetros en m\u00e1s de 100 ciudades en Espa\u00f1a y Portugal\",\"publisher\":{\"@id\":\"https:\/\/www.telpark.com\/en\/#organization\"},\"potentialAction\":[{\"@type\":\"SearchAction\",\"target\":{\"@type\":\"EntryPoint\",\"urlTemplate\":\"https:\/\/www.telpark.com\/en\/?s={search_term_string}\"},\"query-input\":\"required name=search_term_string\"}],\"inLanguage\":\"en-US\"},{\"@type\":\"Organization\",\"@id\":\"https:\/\/www.telpark.com\/en\/#organization\",\"name\":\"Telpark\",\"url\":\"https:\/\/www.telpark.com\/en\/\",\"logo\":{\"@type\":\"ImageObject\",\"inLanguage\":\"en-US\",\"@id\":\"https:\/\/www.telpark.com\/en\/#\/schema\/logo\/image\/\",\"url\":\"https:\/\/www.telpark.com\/wp-content\/uploads\/2023\/09\/telpark-logo.svg\",\"contentUrl\":\"https:\/\/www.telpark.com\/wp-content\/uploads\/2023\/09\/telpark-logo.svg\",\"width\":128,\"height\":32,\"caption\":\"Telpark\"},\"image\":{\"@id\":\"https:\/\/www.telpark.com\/en\/#\/schema\/logo\/image\/\"},\"sameAs\":[\"https:\/\/twitter.com\/telpark_es\",\"https:\/\/www.instagram.com\/telpark_app\/\",\"https:\/\/www.youtube.com\/channel\/UCm8sjis_xlHU5VYQ6GslW-Q\"]}]}<\/script>\n<!-- \/ Yoast SEO plugin. -->","yoast_head_json":{"title":"Aparcar en San Sebasti\u00e1n de los Reyes | Telpark","description":"Si vas a aparcar en San Sebasti\u00e1n de los Reyes en zona azul, verde... hazlo con Telpark y olv\u00eddate del parqu\u00edmetro, te lo ponemos f\u00e1cil.","robots":{"index":"index","follow":"follow","max-snippet":"max-snippet:-1","max-image-preview":"max-image-preview:large","max-video-preview":"max-video-preview:-1"},"canonical":"https:\/\/www.telpark.com\/en\/cities\/san-sebastian-de-los-reyes\/","og_locale":"en_US","og_type":"article","og_title":"Aparcar en San Sebasti\u00e1n de los Reyes | Telpark","og_description":"Si vas a aparcar en San Sebasti\u00e1n de los Reyes en zona azul, verde... hazlo con Telpark y olv\u00eddate del parqu\u00edmetro, te lo ponemos f\u00e1cil.","og_url":"https:\/\/www.telpark.com\/en\/cities\/san-sebastian-de-los-reyes\/","og_site_name":"Telpark","article_modified_time":"2023-10-31T10:05:57+00:00","twitter_card":"summary_large_image","twitter_site":"@telpark_es","schema":{"@context":"https:\/\/schema.org","@graph":[{"@type":"WebPage","@id":"https:\/\/www.telpark.com\/en\/cities\/san-sebastian-de-los-reyes\/","url":"https:\/\/www.telpark.com\/en\/cities\/san-sebastian-de-los-reyes\/","name":"Aparcar en San Sebasti\u00e1n de los Reyes | Telpark","isPartOf":{"@id":"https:\/\/www.telpark.com\/en\/#website"},"datePublished":"2023-04-19T13:57:36+00:00","dateModified":"2023-10-31T10:05:57+00:00","description":"Si vas a aparcar en San Sebasti\u00e1n de los Reyes en zona azul, verde... hazlo con Telpark y olv\u00eddate del parqu\u00edmetro, te lo ponemos f\u00e1cil.","breadcrumb":{"@id":"https:\/\/www.telpark.com\/en\/cities\/san-sebastian-de-los-reyes\/#breadcrumb"},"inLanguage":"en-US","potentialAction":[{"@type":"ReadAction","target":["https:\/\/www.telpark.com\/en\/cities\/san-sebastian-de-los-reyes\/"]}]},{"@type":"BreadcrumbList","@id":"https:\/\/www.telpark.com\/en\/cities\/san-sebastian-de-los-reyes\/#breadcrumb","itemListElement":[{"@type":"ListItem","position":1,"name":"Home","item":"https:\/\/www.telpark.com\/en\/"},{"@type":"ListItem","position":2,"name":"San Sebasti\u00e1n de los Reyes"}]},{"@type":"WebSite","@id":"https:\/\/www.telpark.com\/en\/#website","url":"https:\/\/www.telpark.com\/en\/","name":"Telpark","description":"Reserva tu plaza en los mejores aparcamientos. Descarga la app y olv\u00eddate de cajeros o parqu\u00edmetros en m\u00e1s de 100 ciudades en Espa\u00f1a y Portugal","publisher":{"@id":"https:\/\/www.telpark.com\/en\/#organization"},"potentialAction":[{"@type":"SearchAction","target":{"@type":"EntryPoint","urlTemplate":"https:\/\/www.telpark.com\/en\/?s={search_term_string}"},"query-input":"required name=search_term_string"}],"inLanguage":"en-US"},{"@type":"Organization","@id":"https:\/\/www.telpark.com\/en\/#organization","name":"Telpark","url":"https:\/\/www.telpark.com\/en\/","logo":{"@type":"ImageObject","inLanguage":"en-US","@id":"https:\/\/www.telpark.com\/en\/#\/schema\/logo\/image\/","url":"https:\/\/www.telpark.com\/wp-content\/uploads\/2023\/09\/telpark-logo.svg","contentUrl":"https:\/\/www.telpark.com\/wp-content\/uploads\/2023\/09\/telpark-logo.svg","width":128,"height":32,"caption":"Telpark"},"image":{"@id":"https:\/\/www.telpark.com\/en\/#\/schema\/logo\/image\/"},"sameAs":["https:\/\/twitter.com\/telpark_es","https:\/\/www.instagram.com\/telpark_app\/","https:\/\/www.youtube.com\/channel\/UCm8sjis_xlHU5VYQ6GslW-Q"]}]}},"meta_box":{"telpark_bd_id":"0","latitude":"40.5443300","longitude":"-3.6158800"},"_links":{"self":[{"href":"https:\/\/www.telpark.com\/en\/wp-json\/wp\/v2\/locations\/22631"}],"collection":[{"href":"https:\/\/www.telpark.com\/en\/wp-json\/wp\/v2\/locations"}],"about":[{"href":"https:\/\/www.telpark.com\/en\/wp-json\/wp\/v2\/types\/locations"}],"version-history":[{"count":3,"href":"https:\/\/www.telpark.com\/en\/wp-json\/wp\/v2\/locations\/22631\/revisions"}],"predecessor-version":[{"id":33925,"href":"https:\/\/www.telpark.com\/en\/wp-json\/wp\/v2\/locations\/22631\/revisions\/33925"}],"wp:attachment":[{"href":"https:\/\/www.telpark.com\/en\/wp-json\/wp\/v2\/media?parent=22631"}],"wp:term":[{"taxonomy":"country","embeddable":true,"href":"https:\/\/www.telpark.com\/en\/wp-json\/wp\/v2\/country?post=22631"}],"curies":[{"name":"wp","href":"https:\/\/api.w.org\/{rel}","templated":true}]}}