{"id":2268,"date":"2023-03-31T13:01:42","date_gmt":"2023-03-31T12:01:42","guid":{"rendered":"https:\/\/telpark.cmspro.telpark.com\/ciudades\/san-cugat-del-valles\/"},"modified":"2026-07-20T12:32:57","modified_gmt":"2026-07-20T11:32:57","slug":"san-cugat-del-valles","status":"publish","type":"locations","link":"https:\/\/www.telpark.com\/es\/ciudades\/san-cugat-del-valles\/","title":{"rendered":"Sant Cugat del Vall\u00e9s"},"content":{"rendered":"\n<section class=\"tpk-hero tpk-hero--products                lower\"\n         style=\"\">\n                            <picture >\n\n                    <source srcset=\"https:\/\/www.telpark.com\/wp-content\/uploads\/2023\/10\/ciudad_generica-480x640.jpg\" media=\"((min-width: 0rem) and (max-width: 30rem))\" width=\"480\" height=\"640\">\n                             <source srcset=\"https:\/\/www.telpark.com\/wp-content\/uploads\/2023\/10\/ciudad_generica-1024x500.jpg\" media=\"(min-width: 30rem) and (max-width: 64rem)\" width=\"1024\" height=\"500\">\n                            <source srcset=\"https:\/\/www.telpark.com\/wp-content\/uploads\/2023\/10\/ciudad_generica-1920x640.jpg\" media=\"(min-width: 64rem)\" width=\"1920\" height=\"640\">\n        \n        \n                                                                                                        \n        <img decoding=\"async\" fetchpriority=\"high\" src=\"https:\/\/www.telpark.com\/wp-content\/uploads\/2023\/10\/ciudad_generica-1920x640.jpg\" alt=\"\"  width=\"1920\" height=\"640\"  loading=\"eager\">\n    <\/picture>\n\n    \n            <div class=\"tpk-breadcrumb wrapper row\">\n    <nav aria-label=\"Breadcrumb\">\n        <ul>\n                            <li>\n                                            <span aria-current=\"page\">Sant Cugat del Vall\u00e9s<\/span>\n                                    <\/li>\n                    <\/ul>\n    <\/nav>\n<\/div>        <div class=\"tpk-hero__content wrapper row\">\n                    <div class=\"col-xs-12 col-sm-12 pr-h pl-h\">\n                                <header class=\"tpk-head  wrapper\">\n    <p class=\"tpk-head__caption\">Parking<\/p>    <h1 class=\"tpk-head__title\">Aparcar en Sant Cugat del Vall\u00e9s<\/h1>    <\/header>\n            \n                    <\/div>\n    <\/div>\n            <div class=\"tpk-hero__cards row wrapper\">\n                                                                                        <div class=\"col-xs-12 col-sm-12 col-md-4 mb-1 pl-h pr-h\">\n                                                                    <\/div>\n                    <\/div>\n    <\/section>\n<div class=\"tpk-spinner__wrapper\">\n    <div class=\"tpk-spinner\"><\/div>\n<\/div>\n\n<article class=\"tpk-page\">\n    <div class=\"row wrapper center-xs tpk-page__content\">\n        <div class=\"col-xs-12 col-sm-10 col-md-8 pt-4 pb-4\">\n            <p>Sant Cugat del Vall\u00e9s es una ciudad situada en la provincia de Barcelona, Catalu\u00f1a. Con una ubicaci\u00f3n privilegiada en el Vall\u00e8s Occidental, esta ciudad ofrece un equilibrio perfecto entre naturaleza y vida urbana. Su patrimonio hist\u00f3rico y cultural, junto con una amplia oferta de actividades al aire libre, gastronom\u00eda y tiendas, hacen de Sant Cugat un destino tur\u00edstico muy atractivo.<\/p>\n\n        <\/div>\n    <\/div>\n<\/article>\n\n<div class=\"tpk-tabs big\">\n                                    <input type=\"radio\" name=\"tabs-city\" id=\"tab-city1806809002\"\n                                            checked\n                                         \/>\n            <label for=\"tab-city1806809002\" class=\"tpk-tab__label\" role=\"tab\">\n                Parking\n            <\/label>\n                \n<div class=\"tpk-tab__content\" role=\"tabpanel\" aria-labelledby=\"description\" aria-hidden=\"false\">\n    \n<section class=\"tpk-parkings \">\n    <div class=\"wrapper row center-xs\">\n        <div class=\"col-xs-12 col-sm-10 col-md-8\">\n                <header class=\"tpk-head  wrapper\">\n    <p class=\"tpk-head__caption\">Tu plaza de aparcamiento te est\u00e1 esperando<\/p>    <h2 class=\"tpk-head__title\">Encuentra tu parking ideal en Sant Cugat del Vall\u00e9s<\/h2>    <p>Mu\u00e9vete sin complicaciones y aparca en las mejores zonas de Sant Cugat del Vall\u00e9s al mejor precio<\/p>\n<\/header>        <\/div>\n    <\/div>\n    <div class=\"tpk-parkings__list row wrapper\">\n                    <div class=\"col-xs-12 col-sm-6 col-md-6 col-lg-6 pb-1 pl-h pr-h\">\n                \n    <a href=\"https:\/\/www.telpark.com\/es\/ciudades\/sant-cugat-del-valles\/parking-quatre-cantons\/\" class=\"tpk-card-parking\">\n                                        <picture >\n\n                    <source srcset=\"https:\/\/www.telpark.com\/wp-content\/uploads\/2023\/03\/Entrada-Parking-telpark-Quatre-Cantons-San-Cugat-del-Valles-480x270.jpg\" media=\"((min-width: 0rem) and (max-width: 30rem))\" width=\"480\" height=\"270\">\n                             <source srcset=\"https:\/\/www.telpark.com\/wp-content\/uploads\/2023\/03\/Entrada-Parking-telpark-Quatre-Cantons-San-Cugat-del-Valles-480x270.jpg\" media=\"(min-width: 30rem) and (max-width: 64rem)\" width=\"480\" height=\"270\">\n                            <source srcset=\"https:\/\/www.telpark.com\/wp-content\/uploads\/2023\/03\/Entrada-Parking-telpark-Quatre-Cantons-San-Cugat-del-Valles-280x300.jpg\" media=\"(min-width: 64rem)\" width=\"280\" height=\"300\">\n        \n        \n                                                                                                                                                                    \n        <img decoding=\"async\" src=\"https:\/\/www.telpark.com\/wp-content\/uploads\/2023\/03\/Entrada-Parking-telpark-Quatre-Cantons-San-Cugat-del-Valles-280x300.jpg\" alt=\"\"  width=\"280\" height=\"300\"  loading=\"lazy\" >\n    <\/picture>\n\n                <div class=\"tpk-card-parking__content\">\n                            <h3 class=\"tpk-card-parking__title\">Parking Quatre Cantons<\/h3>\n                                        <address>Pla\u00e7a Quatre Cantons s\/n, 08172 <\/address>\n                        <div class=\"tpk-card-parking__icons\">\n                                    <span class=\"icon icon-bono icon--md\"><\/span>\n                                    <span class=\"icon icon-charger icon--md\"><\/span>\n                                    <span class=\"icon icon-car-express icon--md\"><\/span>\n                                    <span class=\"icon icon-galibo210 icon--md\"><\/span>\n                                    <span class=\"icon icon-multipass icon--md\"><\/span>\n                                    <span class=\"icon icon-reserva icon--md\"><\/span>\n                            <\/div>\n            <div class=\"tpk-card-parking__info\">\n                <div class=\"tpk-card-parking__info__price\">\n                                            a partir de\n                                                                <span><p>3 \u20ac<\/p><\/span>\n                                    <\/div>\n                <div class=\"tpk-card-parking__info__link\">\n                    <span class=\"icon icon-add icon--sm\">\n                    <\/span> \n                <\/div>\n            <\/div>\n        <\/div>\n    <\/a>\n            <\/div>\n                    <div class=\"col-xs-12 col-sm-6 col-md-6 col-lg-6 pb-1 pl-h pr-h\">\n                \n    <a href=\"https:\/\/www.telpark.com\/es\/ciudades\/sant-cugat-del-valles\/parking-placa-de-la-vila\/\" class=\"tpk-card-parking\">\n                                        <picture >\n\n                    <source srcset=\"https:\/\/www.telpark.com\/wp-content\/uploads\/2023\/03\/Entrada-Parking-telpark-Placa-de-la-Vila-San-Cugat-del-Valles-480x270.jpg\" media=\"((min-width: 0rem) and (max-width: 30rem))\" width=\"480\" height=\"270\">\n                             <source srcset=\"https:\/\/www.telpark.com\/wp-content\/uploads\/2023\/03\/Entrada-Parking-telpark-Placa-de-la-Vila-San-Cugat-del-Valles-480x270.jpg\" media=\"(min-width: 30rem) and (max-width: 64rem)\" width=\"480\" height=\"270\">\n                            <source srcset=\"https:\/\/www.telpark.com\/wp-content\/uploads\/2023\/03\/Entrada-Parking-telpark-Placa-de-la-Vila-San-Cugat-del-Valles-280x300.jpg\" media=\"(min-width: 64rem)\" width=\"280\" height=\"300\">\n        \n        \n                                                                                                                                                                    \n        <img decoding=\"async\" src=\"https:\/\/www.telpark.com\/wp-content\/uploads\/2023\/03\/Entrada-Parking-telpark-Placa-de-la-Vila-San-Cugat-del-Valles-280x300.jpg\" alt=\"\"  width=\"280\" height=\"300\"  loading=\"lazy\" >\n    <\/picture>\n\n                <div class=\"tpk-card-parking__content\">\n                            <h3 class=\"tpk-card-parking__title\">Parking Pla\u00e7a de la Vila<\/h3>\n                                        <address>Pza. de la Vila s\/n, 08172 <\/address>\n                        <div class=\"tpk-card-parking__icons\">\n                                    <span class=\"icon icon-bono icon--md\"><\/span>\n                                    <span class=\"icon icon-charger icon--md\"><\/span>\n                                    <span class=\"icon icon-car-express icon--md\"><\/span>\n                                    <span class=\"icon icon-galibo200 icon--md\"><\/span>\n                                    <span class=\"icon icon-multipass icon--md\"><\/span>\n                                    <span class=\"icon icon-reserva icon--md\"><\/span>\n                            <\/div>\n            <div class=\"tpk-card-parking__info\">\n                <div class=\"tpk-card-parking__info__price\">\n                                            a partir de\n                                                                <span><p>3 \u20ac<\/p><\/span>\n                                    <\/div>\n                <div class=\"tpk-card-parking__info__link\">\n                    <span class=\"icon icon-add icon--sm\">\n                    <\/span> \n                <\/div>\n            <\/div>\n        <\/div>\n    <\/a>\n            <\/div>\n                    <div class=\"col-xs-12 col-sm-6 col-md-6 col-lg-6 pb-1 pl-h pr-h\">\n                \n    <a href=\"https:\/\/www.telpark.com\/es\/ciudades\/sant-cugat-del-valles\/parking-torreblanca\/\" class=\"tpk-card-parking\">\n                                        <picture >\n\n                    <source srcset=\"https:\/\/www.telpark.com\/wp-content\/uploads\/2023\/03\/Entrada-Parking-telpark-Torreblanca-Sant-Cugat-del-Valles-480x270.jpg\" media=\"((min-width: 0rem) and (max-width: 30rem))\" width=\"480\" height=\"270\">\n                             <source srcset=\"https:\/\/www.telpark.com\/wp-content\/uploads\/2023\/03\/Entrada-Parking-telpark-Torreblanca-Sant-Cugat-del-Valles-480x270.jpg\" media=\"(min-width: 30rem) and (max-width: 64rem)\" width=\"480\" height=\"270\">\n                            <source srcset=\"https:\/\/www.telpark.com\/wp-content\/uploads\/2023\/03\/Entrada-Parking-telpark-Torreblanca-Sant-Cugat-del-Valles-280x300.jpg\" media=\"(min-width: 64rem)\" width=\"280\" height=\"300\">\n        \n        \n                                                                                                                                                                    \n        <img decoding=\"async\" src=\"https:\/\/www.telpark.com\/wp-content\/uploads\/2023\/03\/Entrada-Parking-telpark-Torreblanca-Sant-Cugat-del-Valles-280x300.jpg\" alt=\"\"  width=\"280\" height=\"300\"  loading=\"lazy\" >\n    <\/picture>\n\n                <div class=\"tpk-card-parking__content\">\n                            <h3 class=\"tpk-card-parking__title\">Parking Torreblanca en Sant Cugat del Vall\u00e9s<\/h3>\n                                        <address>Carrer de Josep Puig i Cadafalch 2-8, 08172<\/address>\n                        <div class=\"tpk-card-parking__icons\">\n                                    <span class=\"icon icon-bono icon--md\"><\/span>\n                                    <span class=\"icon icon-car-express icon--md\"><\/span>\n                                    <span class=\"icon icon-galibo200 icon--md\"><\/span>\n                                    <span class=\"icon icon-multipass icon--md\"><\/span>\n                                    <span class=\"icon icon-reserva icon--md\"><\/span>\n                            <\/div>\n            <div class=\"tpk-card-parking__info\">\n                <div class=\"tpk-card-parking__info__price\">\n                                            a partir de\n                                                                <span><p>3,20 \u20ac<\/p><\/span>\n                                    <\/div>\n                <div class=\"tpk-card-parking__info__link\">\n                    <span class=\"icon icon-add icon--sm\">\n                    <\/span> \n                <\/div>\n            <\/div>\n        <\/div>\n    <\/a>\n            <\/div>\n                    <div class=\"col-xs-12 col-sm-6 col-md-6 col-lg-6 pb-1 pl-h pr-h\">\n                \n    <a href=\"https:\/\/www.telpark.com\/es\/ciudades\/sant-cugat-del-valles\/parking-can-quiteria\/\" class=\"tpk-card-parking\">\n                                        <picture >\n\n                    <source srcset=\"https:\/\/www.telpark.com\/wp-content\/uploads\/2023\/03\/Entrada-Parking-telpark-Can-Quiteria-Sant-Cugat-del-Valles-480x270.jpg\" media=\"((min-width: 0rem) and (max-width: 30rem))\" width=\"480\" height=\"270\">\n                             <source srcset=\"https:\/\/www.telpark.com\/wp-content\/uploads\/2023\/03\/Entrada-Parking-telpark-Can-Quiteria-Sant-Cugat-del-Valles-480x270.jpg\" media=\"(min-width: 30rem) and (max-width: 64rem)\" width=\"480\" height=\"270\">\n                            <source srcset=\"https:\/\/www.telpark.com\/wp-content\/uploads\/2023\/03\/Entrada-Parking-telpark-Can-Quiteria-Sant-Cugat-del-Valles-280x300.jpg\" media=\"(min-width: 64rem)\" width=\"280\" height=\"300\">\n        \n        \n                                                                                                                                                                    \n        <img decoding=\"async\" src=\"https:\/\/www.telpark.com\/wp-content\/uploads\/2023\/03\/Entrada-Parking-telpark-Can-Quiteria-Sant-Cugat-del-Valles-280x300.jpg\" alt=\"\"  width=\"280\" height=\"300\"  loading=\"lazy\" >\n    <\/picture>\n\n                <div class=\"tpk-card-parking__content\">\n                            <h3 class=\"tpk-card-parking__title\">Parking Can Quiteria<\/h3>\n                                        <address>Rambla de Can Mora 23, 08172<\/address>\n                        <div class=\"tpk-card-parking__icons\">\n                                    <span class=\"icon icon-bono icon--md\"><\/span>\n                                    <span class=\"icon icon-car-express icon--md\"><\/span>\n                                    <span class=\"icon icon-galibo210 icon--md\"><\/span>\n                                    <span class=\"icon icon-multipass icon--md\"><\/span>\n                                    <span class=\"icon icon-reserva icon--md\"><\/span>\n                            <\/div>\n            <div class=\"tpk-card-parking__info\">\n                <div class=\"tpk-card-parking__info__price\">\n                                            a partir de\n                                                                <span><p>2,95 \u20ac<\/p><\/span>\n                                    <\/div>\n                <div class=\"tpk-card-parking__info__link\">\n                    <span class=\"icon icon-add icon--sm\">\n                    <\/span> \n                <\/div>\n            <\/div>\n        <\/div>\n    <\/a>\n            <\/div>\n                    <div class=\"col-xs-12 col-sm-6 col-md-6 col-lg-6 pb-1 pl-h pr-h\">\n                \n    <a href=\"https:\/\/www.telpark.com\/es\/ciudades\/sant-cugat-del-valles\/parking-lluis-millet\/\" class=\"tpk-card-parking\">\n                                        <picture >\n\n                    <source srcset=\"https:\/\/www.telpark.com\/wp-content\/uploads\/2023\/03\/Entrada-Parking-telpark-Lluis-Millet-Sant-Cugat-480x270.jpg\" media=\"((min-width: 0rem) and (max-width: 30rem))\" width=\"480\" height=\"270\">\n                             <source srcset=\"https:\/\/www.telpark.com\/wp-content\/uploads\/2023\/03\/Entrada-Parking-telpark-Lluis-Millet-Sant-Cugat-480x270.jpg\" media=\"(min-width: 30rem) and (max-width: 64rem)\" width=\"480\" height=\"270\">\n                            <source srcset=\"https:\/\/www.telpark.com\/wp-content\/uploads\/2023\/03\/Entrada-Parking-telpark-Lluis-Millet-Sant-Cugat-280x300.jpg\" media=\"(min-width: 64rem)\" width=\"280\" height=\"300\">\n        \n        \n                                                                                                                                                                    \n        <img decoding=\"async\" src=\"https:\/\/www.telpark.com\/wp-content\/uploads\/2023\/03\/Entrada-Parking-telpark-Lluis-Millet-Sant-Cugat-280x300.jpg\" alt=\"\"  width=\"280\" height=\"300\"  loading=\"lazy\" >\n    <\/picture>\n\n                <div class=\"tpk-card-parking__content\">\n                            <h3 class=\"tpk-card-parking__title\">Parking Llu\u00eds Millet<\/h3>\n                                        <address>Pza. Llu\u00eds Millet s\/n<\/address>\n                        <div class=\"tpk-card-parking__icons\">\n                                    <span class=\"icon icon-bono icon--md\"><\/span>\n                                    <span class=\"icon icon-charger icon--md\"><\/span>\n                                    <span class=\"icon icon-car-express icon--md\"><\/span>\n                                    <span class=\"icon icon-galibo210 icon--md\"><\/span>\n                                    <span class=\"icon icon-multipass icon--md\"><\/span>\n                                    <span class=\"icon icon-reserva icon--md\"><\/span>\n                            <\/div>\n            <div class=\"tpk-card-parking__info\">\n                <div class=\"tpk-card-parking__info__price\">\n                                            a partir de\n                                                                <span><p>3 \u20ac<\/p><\/span>\n                                    <\/div>\n                <div class=\"tpk-card-parking__info__link\">\n                    <span class=\"icon icon-add icon--sm\">\n                    <\/span> \n                <\/div>\n            <\/div>\n        <\/div>\n    <\/a>\n            <\/div>\n            <\/div>\n    <\/section>\n\n<section class=\"tpk-products center\">\n    <div class=\"wrapper pl-1 pr-1 pb-3\">\n                <header class=\"tpk-head  wrapper\">\n    <p class=\"tpk-head__caption\">Ventajas<\/p>    <h2 class=\"tpk-head__title\">Te contamos algunas ventajas de aparcar con nosotrxs \ud83d\ude09<\/h2>    <\/header>    <\/div>\n\n    <div class=\"wrapper tpk-products__cards grid  grid-3\">\n        <input type=\"hidden\" id=\"_wpnonce\" name=\"_wpnonce\" value=\"d0d3d3df28\" \/><input type=\"hidden\" name=\"_wp_http_referer\" value=\"\/es\/wp-json\/wp\/v2\/locations\/2268\" \/>\n                    <div class=\"tpk-card-product flat \">\n\n\t<div class=\"tpk-card-product__head\">\n\t\t\t\t\t<span class=\"icon icon-location icon--lg\"><\/span>\n\t\t\t\t\t<\/div>\n\t<div class=\"tpk-card-product__content\">\n\t\t<h3 class=\"tpk-card-product__content__title\">Aparca est\u00e9s donde est\u00e9s <\/h3>\n\t\t\t\t\t<p>Encu\u00e9ntranos en los m\u00e1s de 200 parkings repartidos en Espa\u00f1a y Portugal.<\/p>\n\n\t\t\t<\/div>\n\t\t<\/div>\n                    <div class=\"tpk-card-product flat \">\n\n\t<div class=\"tpk-card-product__head\">\n\t\t\t\t\t<span class=\"icon icon-mobile icon--lg\"><\/span>\n\t\t\t\t\t<\/div>\n\t<div class=\"tpk-card-product__content\">\n\t\t<h3 class=\"tpk-card-product__content__title\">Todo desde tu m\u00f3vil<\/h3>\n\t\t\t\t\t<p>Con la app gestiona tu parking con mayor comodidad.<\/p>\n<p>&nbsp;<\/p>\n\n\t\t\t<\/div>\n\t\t<\/div>\n                    <div class=\"tpk-card-product flat \">\n\n\t<div class=\"tpk-card-product__head\">\n\t\t\t\t\t<span class=\"icon icon-car-express icon--lg\"><\/span>\n\t\t\t\t\t<\/div>\n\t<div class=\"tpk-card-product__content\">\n\t\t<h3 class=\"tpk-card-product__content__title\">Apertura de barrera autom\u00e1tica<\/h3>\n\t\t\t\t\t<p>En nuestros parkings ticketless la barrera se abre como por arte de magia.\u00a0<\/p>\n\n\t\t\t<\/div>\n\t\t<\/div>\n                    <div class=\"tpk-card-product flat \">\n\n\t<div class=\"tpk-card-product__head\">\n\t\t\t\t\t<span class=\"icon icon-bono icon--lg\"><\/span>\n\t\t\t\t\t<\/div>\n\t<div class=\"tpk-card-product__content\">\n\t\t<h3 class=\"tpk-card-product__content__title\">Productos adaptados a ti<\/h3>\n\t\t\t\t\t<p>Elige el producto que mejor se adapte a ti y aparca sin complicaciones en nuestros parkings.<\/p>\n\n\t\t\t<\/div>\n\t\t<\/div>\n                    <div class=\"tpk-card-product flat \">\n\n\t<div class=\"tpk-card-product__head\">\n\t\t\t\t\t<span class=\"icon icon-caravan icon--lg\"><\/span>\n\t\t\t\t\t<\/div>\n\t<div class=\"tpk-card-product__content\">\n\t\t<h3 class=\"tpk-card-product__content__title\">Todo tipo de veh\u00edculos<\/h3>\n\t\t\t\t\t<p>Tenemos un espacio para ti tengas una caravana, un coche, una moto, una bicicleta, ... incluso un cami\u00f3n.\u00a0<\/p>\n\n\t\t\t<\/div>\n\t\t<\/div>\n                    <div class=\"tpk-card-product flat \">\n\n\t<div class=\"tpk-card-product__head\">\n\t\t\t\t\t<span class=\"icon icon-camera icon--lg\"><\/span>\n\t\t\t\t\t<\/div>\n\t<div class=\"tpk-card-product__content\">\n\t\t<h3 class=\"tpk-card-product__content__title\">Vigilancia 24h\/7<\/h3>\n\t\t\t\t\t<p>En nuestros parking tenemos vigilancia las 24 horas, los 7 d\u00edas de la semana.\u00a0<\/p>\n\n\t\t\t<\/div>\n\t\t<\/div>\n            <\/div>\n<\/section>\n\n<\/div>\n\n    <\/div>\n\n\n\n<section\n        class=\"tpk-banner-cta tpk-banner-cta--background center  negative\"\n        style=\" --bg-picture: url('https:\/\/www.telpark.com\/wp-content\/uploads\/2023\/03\/beautiful-nature-g8e44b1a79_1280.jpg'); --bg-size: cover; --bg-position: center center;\">\n    \n        \n    <div class=\"tpk-banner-cta__content row wrapper middle-xs \">\n        \n                    <div class=\"col-xs-12 col-md-6 tpk-banner-cta__content__text\">\n                \n                                            <header class=\"tpk-head  wrapper\">\n    <p class=\"tpk-head__caption\">ZBE Sant Cugat<\/p>    <h2 class=\"tpk-head__title\">Zona de Bajas Emisiones Sant Cugat<\/h2>    <p>La Zona de Bajas Emisiones de Sant Cugat es un \u00e1rea restringida al tr\u00e1fico de veh\u00edculos con altas emisiones de contaminantes. Esta zona busca mejorar la calidad del aire y reducir la contaminaci\u00f3n en la ciudad, estableciendo restricciones para los veh\u00edculos m\u00e1s contaminantes.\u00a0<\/p>\n<p>Descubre c\u00f3mo afecta esta zona de bajas emisiones a tu movilidad y qu\u00e9 medidas puedes tomar para contribuir a una ciudad m\u00e1s sostenible.<\/p>\n<\/header>                \n                                    <div class=\"tpk-banner-cta__buttons\">\n                                                                                <a  class=\"tpk-button tpk-button--primary tpk-button--lg \" href=\"https:\/\/zbe-barcelona.com\/zbe-sant-cugat\/\"    target=\"_blank\" >\n    <span>Consultar informaci\u00f3n<\/span>\n    <\/a>                                            <\/div>\n                                        <\/div>\n        <\/div>\n    \n    <\/section>\n\n\n<section class=\"tpk-banner-app \">\n    <div class=\"row wrapper middle-xs\">\n        <div class=\"col-xs-12 col-sm-6 col-no-gutter tpk-banner-app__picture\">\n                                                    <picture class=\"hide-xs show-sm\">\n\n                             <source srcset=\"https:\/\/www.telpark.com\/wp-content\/uploads\/2023\/08\/Bloque-descarga-ok-1-488x534.png\" media=\"(min-width: 30rem) and (max-width: 64rem)\" width=\"488\" height=\"534\">\n                            <source srcset=\"https:\/\/www.telpark.com\/wp-content\/uploads\/2023\/08\/Bloque-descarga-ok-1-680x752.png\" media=\"(min-width: 64rem)\" width=\"680\" height=\"752\">\n        \n        \n                                                                                                        \n        <img decoding=\"async\" src=\"https:\/\/www.telpark.com\/wp-content\/uploads\/2023\/08\/Bloque-descarga-ok-1-680x752.png\" alt=\"Desc\u00e1rgate la App\"  width=\"680\" height=\"752\"  loading=\"lazy\" >\n    <\/picture>\n\n                                <\/div>\n        <div class=\"col-xs-12 col-sm-6 tpk-banner-app__content\">\n                        <header class=\"tpk-head  wrapper\">\n        <h2 class=\"tpk-head__title\">Desc\u00e1rgate Telpark, la app m\u00e1s segura y fiable para gestionar tu movilidad<\/h2>    <\/header>\n                        <div class=\"tpk-banner-app__buttons\">\n                                                                                                                                                <a href=\"https:\/\/go.telpark.com\/apps.apple.com\/es\/app\/telpark\/id658204860?ecid=842ffed716b17008b8945daf873bc378&rt=true&aw=720\" class=\"tpk-button tpk-button--app dark\" target=\"_blank\">\n        <svg width=\"25\" height=\"30\" viewBox=\"0 0 25 30\" fill=\"none\" xmlns=\"http:\/\/www.w3.org\/2000\/svg\">\n            <path d=\"M23.643 10.227C23.469 10.362 20.397 12.093 20.397 15.942C20.397 20.394 24.306 21.969 24.423 22.008C24.405 22.104 23.802 24.165 22.362 26.265C21.078 28.113 19.737 29.958 17.697 29.958C15.657 29.958 15.132 28.773 12.777 28.773C10.482 28.773 9.666 29.997 7.8 29.997C5.934 29.997 4.632 28.287 3.135 26.187C1.401 23.721 0 19.89 0 16.254C0 10.422 3.792 7.329 7.524 7.329C9.507 7.329 11.16 8.631 12.405 8.631C13.59 8.631 15.438 7.251 17.694 7.251C18.549 7.251 21.621 7.329 23.643 10.227V10.227ZM16.623 4.782C17.556 3.675 18.216 2.139 18.216 0.603C18.216 0.39 18.198 0.174 18.159 0C16.641 0.057 14.835 1.011 13.746 2.274C12.891 3.246 12.093 4.782 12.093 6.339C12.093 6.573 12.132 6.807 12.15 6.882C12.246 6.9 12.402 6.921 12.558 6.921C13.92 6.921 15.633 6.009 16.623 4.782Z\" fill=\"white\"\/>\n        <\/svg>\n        <div>\n            <span>Disponible en<\/span>\n            Apple Store\n        <\/div>\n    <\/a>\n\n                                                                                                                            \n    <a href=\"https:\/\/go.telpark.com\/home?ecid=e116daffc120ef95f95caaef1599f3d7&rt=true&aw=720\" class=\"tpk-button tpk-button--app dark\" target=\"_blank\">\n        <svg width=\"23\" height=\"26\" viewBox=\"0 0 23 26\" fill=\"none\" xmlns=\"http:\/\/www.w3.org\/2000\/svg\">\n            <path fill-rule=\"evenodd\" clip-rule=\"evenodd\" d=\"M0.862422 0.87988C0.581172 1.18175 0.419922 1.64675 0.419922 2.25113V23.7411C0.419922 24.3455 0.581172 24.8105 0.873047 25.1018L0.949297 25.1661L12.9905 13.1249V12.8543L0.938672 0.815505L0.862422 0.87988Z\" fill=\"url(#paint0_linear_9_9)\"\/>\n            <path fill-rule=\"evenodd\" clip-rule=\"evenodd\" d=\"M16.9962 17.1543L12.98 13.1368V12.8556L16.9975 8.83807L17.0843 8.89182L21.8362 11.5924C23.1968 12.3593 23.1968 13.6231 21.8362 14.4006L17.0843 17.1012L16.9962 17.1543Z\" fill=\"url(#paint1_linear_9_9)\"\/>\n            <path fill-rule=\"evenodd\" clip-rule=\"evenodd\" d=\"M17.083 17.1005L12.9799 12.9961L0.862371 25.1136C1.30487 25.5892 2.04987 25.643 2.88237 25.178L17.083 17.1005Z\" fill=\"url(#paint2_linear_9_9)\"\/>\n            <path fill-rule=\"evenodd\" clip-rule=\"evenodd\" d=\"M17.083 8.89304L2.88237 0.82616C2.05112 0.350535 1.30487 0.41491 0.862371 0.890535L12.9786 12.9962L17.083 8.89304Z\" fill=\"url(#paint3_linear_9_9)\"\/>\n            <defs>\n            <linearGradient id=\"paint0_linear_9_9\" x1=\"35.6607\" y1=\"-6.74995\" x2=\"-5.23028\" y2=\"12.2052\" gradientUnits=\"userSpaceOnUse\">\n            <stop stop-color=\"#047ED6\"\/>\n            <stop offset=\"1\" stop-color=\"#50E6FF\"\/>\n            <\/linearGradient>\n            <linearGradient id=\"paint1_linear_9_9\" x1=\"24.5643\" y1=\"12.9971\" x2=\"-6.03917\" y2=\"12.9971\" gradientUnits=\"userSpaceOnUse\">\n            <stop stop-color=\"#FFDA1C\"\/>\n            <stop offset=\"1\" stop-color=\"#FEB705\"\/>\n            <\/linearGradient>\n            <linearGradient id=\"paint2_linear_9_9\" x1=\"19.7657\" y1=\"4.95934\" x2=\"-15.0772\" y2=\"45.5368\" gradientUnits=\"userSpaceOnUse\">\n            <stop stop-color=\"#D9414F\"\/>\n            <stop offset=\"1\" stop-color=\"#8C193F\"\/>\n            <\/linearGradient>\n            <linearGradient id=\"paint3_linear_9_9\" x1=\"-2.18997\" y1=\"-6.27096\" x2=\"4.71665\" y2=\"5.36978\" gradientUnits=\"userSpaceOnUse\">\n            <stop stop-color=\"#33C481\"\/>\n            <stop offset=\"1\" stop-color=\"#61E3A7\"\/>\n            <\/linearGradient>\n            <\/defs>\n            <\/svg>\n        <div>\n            <span>Disponible en<\/span>\n            Google Play\n        <\/div>\n    <\/a>\n                                                                                                <\/div>\n        <\/div>\n    <\/div>\n<\/section>\n\n\n\n<section class=\"tpk-banner-cta tpk-banner-cta--half   electric\"\n         style=\"                 \">\n    <div class=\"tpk-banner-cta--half__picture\">\n                                        <picture >\n\n                    <source srcset=\"https:\/\/www.telpark.com\/wp-content\/uploads\/2023\/04\/Carga-Rapida_Parking_Colon-e1697638934297-460x509.jpg\" media=\"((min-width: 0rem) and (max-width: 30rem))\" width=\"460\" height=\"509\">\n                             <source srcset=\"https:\/\/www.telpark.com\/wp-content\/uploads\/2023\/04\/Carga-Rapida_Parking_Colon-e1697638934297-520x509.jpg\" media=\"(min-width: 30rem) and (max-width: 64rem)\" width=\"520\" height=\"509\">\n                            <source srcset=\"https:\/\/www.telpark.com\/wp-content\/uploads\/2023\/04\/Carga-Rapida_Parking_Colon-e1697638934297.jpg\" media=\"(min-width: 64rem)\" width=\"579\" height=\"509\">\n        \n        \n                                                                                                        \n        <img decoding=\"async\" src=\"https:\/\/www.telpark.com\/wp-content\/uploads\/2023\/04\/Carga-Rapida_Parking_Colon-e1697638934297.jpg\" alt=\"\"  width=\"579\" height=\"509\"  loading=\"lazy\" >\n    <\/picture>\n\n            <\/div>\n\n    <div class=\"tpk-banner-cta__content row wrapper middle-xs\">\n        <div class=\"col-xs-12 col-md-6 tpk-banner-cta__content__text\">\n                        <header class=\"tpk-head  wrapper\">\n    <p class=\"tpk-head__caption\">Adem\u00e1s ...<\/p>    <h2 class=\"tpk-head__title\">\u00bfNecesitas cargar tu coche el\u00e9ctrico?<\/h2>    <p>Ench\u00fafate en uno de nuestros puntos de carga el\u00e9ctrica repartidos en toda la Pen\u00ednsula.\u00a0<\/p>\n<p>&nbsp;<\/p>\n<\/header>            <div class=\"tpk-banner-cta__buttons\">\n                                                        <a  class=\"tpk-button tpk-button--primary tpk-button--lg \" href=\"https:\/\/www.telpark.com\/es\/buscador-parkings\/?type=electric_charge\/\"    >\n    <span>Ver puntos de carga<\/span>\n    <\/a>                            <\/div>\n        <\/div>\n    <\/div>\n<\/section>\n\n<article class=\"tpk-page\">\n    <div class=\"row wrapper center-xs tpk-page__content\">\n        <div class=\"col-xs-12 col-sm-10 col-md-8 pt-4 pb-4\">\n            <blockquote>\n<h2><b><span data-contrast=\"auto\">\u00bfD\u00f3nde aparcar en Sant Cugat del Vall\u00e8s?<\/span><\/b><span data-ccp-props=\"{&quot;335551550&quot;:6,&quot;335551620&quot;:6}\">\u00a0<\/span><\/h2>\n<\/blockquote>\n<p><span data-contrast=\"auto\">Sant Cugat del Vall\u00e8s es uno de los municipios m\u00e1s din\u00e1micos del \u00e1rea metropolitana de Barcelona. Su combinaci\u00f3n de zonas residenciales, espacios comerciales, centros educativos y patrimonio hist\u00f3rico atrae cada d\u00eda a residentes, trabajadores y visitantes. Lugares como el Monasterio de Sant Cugat, el centro urbano, los ejes comerciales y las \u00e1reas empresariales forman parte de la actividad cotidiana de la ciudad.<\/span><span data-ccp-props=\"{&quot;335551550&quot;:6,&quot;335551620&quot;:6}\">\u00a0<\/span><\/p>\n<p><span data-contrast=\"auto\">Esta intensa actividad hace que encontrar aparcamiento pueda resultar m\u00e1s complicado en determinados puntos del municipio, especialmente en el centro, las zonas comerciales y los alrededores de los principales servicios y espacios de inter\u00e9s. Durante algunas franjas horarias, la demanda de plazas suele ser m\u00e1s elevada debido al movimiento diario de personas.<\/span><span data-ccp-props=\"{&quot;335551550&quot;:6,&quot;335551620&quot;:6}\">\u00a0<\/span><\/p>\n<p><span data-contrast=\"auto\">Si necesitas aparcar en Sant Cugat del Vall\u00e8s, con Telpark podr\u00e1s gestionar tu estacionamiento c\u00f3modamente desde el m\u00f3vil, consultar tus tickets y organizar mejor tus desplazamientos para ahorrar tiempo y disfrutar de la ciudad con mayor comodidad y tranquilidad, sin preocuparte por buscar aparcamiento.<\/span><span data-ccp-props=\"{&quot;335551550&quot;:6,&quot;335551620&quot;:6}\">\u00a0<\/span><\/p>\n<blockquote>\n<h2><b><span data-contrast=\"none\">Encuentra tu parking en <\/span><\/b><b><span data-contrast=\"auto\">Sant Cugat del Vall\u00e8s<\/span><\/b><span data-ccp-props=\"{&quot;335551550&quot;:6,&quot;335551620&quot;:6}\">\u00a0<\/span><\/h2>\n<\/blockquote>\n<h3><a href=\"https:\/\/www.telpark.com\/es\/ciudades\/sant-cugat-del-valles\/parking-quatre-cantons\/\"><b><span data-contrast=\"none\">Parking Quatre Cantons<\/span><\/b><\/a> <span data-ccp-props=\"{&quot;335551550&quot;:6,&quot;335551620&quot;:6}\">\u00a0<\/span><\/h3>\n<p><span data-contrast=\"auto\">El <\/span><b><span data-contrast=\"auto\">Parking Quatre Cantons de Telpark<\/span><\/b><span data-contrast=\"auto\"> cuenta con una ubicaci\u00f3n muy c\u00e9ntrica en Sant Cugat del Vall\u00e8s, a pocos pasos de algunas de las principales zonas comerciales, de restauraci\u00f3n y de servicios de la ciudad. Es una opci\u00f3n muy pr\u00e1ctica para quienes quieren moverse por el centro c\u00f3modamente, realizar compras o disfrutar del ambiente urbano sin preocuparse por buscar aparcamiento. Adem\u00e1s, desde el parking podr\u00e1s acceder f\u00e1cilmente a lugares emblem\u00e1ticos como el Monasterio de Sant Cugat y otras \u00e1reas de inter\u00e9s del municipio.<\/span><span data-ccp-props=\"{&quot;335551550&quot;:6,&quot;335551620&quot;:6}\">\u00a0<\/span><\/p>\n<h3><a href=\"https:\/\/www.telpark.com\/es\/ciudades\/sant-cugat-del-valles\/parking-placa-de-la-vila\/\"><b><span data-contrast=\"none\">Parking Pla\u00e7a de la Vila<\/span><\/b><\/a> <span data-ccp-props=\"{&quot;335551550&quot;:6,&quot;335551620&quot;:6}\">\u00a0<\/span><\/h3>\n<p><span data-contrast=\"auto\">El <\/span><b><span data-contrast=\"auto\">Parking Pla\u00e7a de la Vila de Telpark<\/span><\/b><span data-contrast=\"auto\"> se encuentra en una ubicaci\u00f3n privilegiada en pleno centro de Sant Cugat del Vall\u00e8s, muy cerca de la Pla\u00e7a de la Vila y de las principales zonas comerciales y de restauraci\u00f3n de la ciudad. Es una alternativa muy c\u00f3moda para quienes desean realizar gestiones, disfrutar de una jornada de compras o recorrer el centro urbano sin perder tiempo buscando aparcamiento. Adem\u00e1s, permite acceder f\u00e1cilmente a algunos de los lugares m\u00e1s emblem\u00e1ticos de Sant Cugat, como el Monasterio y su entorno hist\u00f3rico.<\/span><span data-ccp-props=\"{&quot;335551550&quot;:6,&quot;335551620&quot;:6}\">\u00a0<\/span><\/p>\n<h3><a href=\"https:\/\/www.telpark.com\/es\/ciudades\/sant-cugat-del-valles\/parking-torreblanca\/\"><b><span data-contrast=\"none\">Parking Torreblanca en Sant Cugat del Vall\u00e8s<\/span><\/b><\/a><span data-ccp-props=\"{&quot;335551550&quot;:6,&quot;335551620&quot;:6}\">\u00a0<\/span><\/h3>\n<p><span data-contrast=\"auto\">El <\/span><b><span data-contrast=\"auto\">Parking Torreblanca de Telpark<\/span><\/b><span data-contrast=\"auto\"> es una opci\u00f3n muy c\u00f3moda para quienes buscan aparcar en una de las zonas con mayor actividad de Sant Cugat del Vall\u00e8s. Situado cerca de \u00e1reas residenciales, centros educativos y distintos servicios, permite realizar desplazamientos diarios con mayor comodidad y olvidarse de las dificultades de aparcamiento. Su ubicaci\u00f3n lo convierte en una alternativa pr\u00e1ctica tanto para visitas puntuales como para quienes se mueven habitualmente por esta zona de la ciudad.<\/span><span data-ccp-props=\"{&quot;335551550&quot;:6,&quot;335551620&quot;:6}\">\u00a0<\/span><\/p>\n<h3><a href=\"https:\/\/www.telpark.com\/es\/ciudades\/sant-cugat-del-valles\/parking-can-quiteria\/\"><b><span data-contrast=\"none\">Parking Can Quiteria<\/span><\/b><\/a> <span data-ccp-props=\"{&quot;335551550&quot;:6,&quot;335551620&quot;:6}\">\u00a0<\/span><\/h3>\n<p><span data-contrast=\"auto\">El <\/span><b><span data-contrast=\"auto\">Parking Can Quit\u00e8ria de Telpark<\/span><\/b><span data-contrast=\"auto\"> es una alternativa muy recomendable para quienes buscan aparcar cerca del centro de Sant Cugat del Vall\u00e8s sin renunciar a la comodidad. Su ubicaci\u00f3n permite acceder f\u00e1cilmente a zonas comerciales, servicios y distintos puntos de inter\u00e9s de la ciudad, siendo una opci\u00f3n pr\u00e1ctica tanto para visitas puntuales como para desplazamientos habituales.<\/span><span data-ccp-props=\"{&quot;335551550&quot;:6,&quot;335551620&quot;:6}\">\u00a0<\/span><\/p>\n<h3><a href=\"https:\/\/www.telpark.com\/es\/ciudades\/sant-cugat-del-valles\/parking-lluis-millet\/\"><b><span data-contrast=\"none\">Parking Llu\u00eds Millet<\/span><\/b><\/a> <span data-ccp-props=\"{&quot;335551550&quot;:6,&quot;335551620&quot;:6}\">\u00a0<\/span><\/h3>\n<p><span data-contrast=\"auto\">Si tienes previsto moverte por el centro de Sant Cugat del Vall\u00e8s, el <\/span><b><span data-contrast=\"auto\">Parking Llu\u00eds Millet<\/span><\/b><span data-contrast=\"auto\"> de Telpark te permite aparcar cerca de tu destino y aprovechar mejor tu tiempo. Su localizaci\u00f3n facilita el acceso a distintos servicios y zonas de actividad de la ciudad, convirti\u00e9ndolo en un punto de partida muy pr\u00e1ctico para cualquier visita.<\/span><span data-ccp-props=\"{&quot;335551550&quot;:6,&quot;335551620&quot;:6}\">\u00a0<\/span><\/p>\n<blockquote>\n<h2><b><span data-contrast=\"auto\">Ventajas de aparcar con Telpark en Sant Cugat del Vall\u00e8s<\/span><\/b><span data-ccp-props=\"{&quot;335551550&quot;:6,&quot;335551620&quot;:6}\">\u00a0<\/span><\/h2>\n<\/blockquote>\n<p><span data-contrast=\"auto\">Adem\u00e1s de contar con aparcamientos ubicados en puntos estrat\u00e9gicos de la ciudad, aparcar en Sant Cugat del Vall\u00e8s con Telpark te permite acceder a una amplia variedad de servicios pensados para hacer tus desplazamientos m\u00e1s c\u00f3modos. Las prestaciones pueden variar seg\u00fan el parking, pero muchas de ellas est\u00e1n disponibles en los principales aparcamientos de la ciudad.<\/span><span data-ccp-props=\"{&quot;335551550&quot;:6,&quot;335551620&quot;:6}\">\u00a0<\/span><\/p>\n<h3><b><span data-contrast=\"auto\">Abonos mensuales y anuales<\/span><\/b><span data-ccp-props=\"{&quot;335551550&quot;:6,&quot;335551620&quot;:6}\">\u00a0<\/span><\/h3>\n<p><span data-contrast=\"auto\">Si trabajas, estudias o te desplazas con frecuencia a Sant Cugat del Vall\u00e8s, los abonos mensuales y anuales son una soluci\u00f3n muy pr\u00e1ctica para disponer de una plaza de aparcamiento de forma continua y olvidarte de buscar sitio cada d\u00eda.<\/span><span data-ccp-props=\"{&quot;335551550&quot;:6,&quot;335551620&quot;:6}\">\u00a0<\/span><\/p>\n<h3><b><span data-contrast=\"auto\">Reserva de plaza<\/span><\/b><span data-ccp-props=\"{&quot;335551550&quot;:6,&quot;335551620&quot;:6}\">\u00a0<\/span><\/h3>\n<p><span data-contrast=\"auto\">\u00bfTienes previsto visitar Sant Cugat? Con Telpark puedes reservar tu plaza con antelaci\u00f3n y llegar con la tranquilidad de tener el aparcamiento resuelto desde el primer momento, especialmente en las zonas m\u00e1s c\u00e9ntricas y concurridas.<\/span><span data-ccp-props=\"{&quot;335551550&quot;:6,&quot;335551620&quot;:6}\">\u00a0<\/span><\/p>\n<h3><b><span data-contrast=\"auto\">Servicio 24 h y videovigilancia<\/span><\/b><span data-ccp-props=\"{&quot;335551550&quot;:6,&quot;335551620&quot;:6}\">\u00a0<\/span><\/h3>\n<p><span data-contrast=\"auto\">Muchos aparcamientos de Telpark permanecen abiertos las 24 horas y cuentan con sistemas de asistencia para ayudarte ante cualquier incidencia. Adem\u00e1s, disponen de videovigilancia y otras medidas de seguridad para ofrecer una mayor tranquilidad durante tu estancia.<\/span><span data-ccp-props=\"{&quot;335551550&quot;:6,&quot;335551620&quot;:6}\">\u00a0<\/span><\/p>\n<h3><b><span data-contrast=\"auto\">Multipass<\/span><\/b><span data-ccp-props=\"{&quot;335551550&quot;:6,&quot;335551620&quot;:6}\">\u00a0<\/span><\/h3>\n<p><span data-contrast=\"auto\">Si aparcas habitualmente, pero no necesitas una plaza fija, Multipass puede ser una excelente alternativa. Este servicio te permite acceder a bonos de varios usos con condiciones ventajosas y una gran flexibilidad.<\/span><span data-ccp-props=\"{&quot;335551550&quot;:6,&quot;335551620&quot;:6}\">\u00a0<\/span><\/p>\n<h3><b><span data-contrast=\"auto\">Entrada Express<\/span><\/b><span data-ccp-props=\"{&quot;335551550&quot;:6,&quot;335551620&quot;:6}\">\u00a0<\/span><\/h3>\n<p><span data-contrast=\"auto\">Con Entrada Express podr\u00e1s acceder y salir del aparcamiento sin tickets ni esperas. El sistema reconoce autom\u00e1ticamente tu matr\u00edcula y agiliza todo el proceso de acceso y pago.<\/span><span data-ccp-props=\"{&quot;335551550&quot;:6,&quot;335551620&quot;:6}\">\u00a0<\/span><\/p>\n<h3><b><span data-contrast=\"auto\">Carga el\u00e9ctrica<\/span><\/b><span data-ccp-props=\"{&quot;335551550&quot;:6,&quot;335551620&quot;:6}\">\u00a0<\/span><\/h3>\n<p><span data-contrast=\"auto\">Algunos aparcamientos cuentan con puntos de recarga para veh\u00edculos el\u00e9ctricos, permiti\u00e9ndote aprovechar el tiempo de estacionamiento para cargar la bater\u00eda de tu coche.<\/span><span data-ccp-props=\"{&quot;335551550&quot;:6,&quot;335551620&quot;:6}\">\u00a0<\/span><\/p>\n<h3><b><span data-contrast=\"auto\">Locker<\/span><\/b><span data-ccp-props=\"{&quot;335551550&quot;:6,&quot;335551620&quot;:6}\">\u00a0<\/span><\/h3>\n<p><span data-contrast=\"auto\">Los lockers de autoservicio facilitan el env\u00edo y la recogida de paquetes de forma c\u00f3moda y segura, adapt\u00e1ndose a tus horarios.<\/span><span data-ccp-props=\"{&quot;335551550&quot;:6,&quot;335551620&quot;:6}\">\u00a0<\/span><\/p>\n<h3><b><span data-contrast=\"auto\">Plazas XXL<\/span><\/b><span data-ccp-props=\"{&quot;335551550&quot;:6,&quot;335551620&quot;:6}\">\u00a0<\/span><\/h3>\n<p><span data-contrast=\"auto\">Si conduces un veh\u00edculo de grandes dimensiones o simplemente buscas una mayor comodidad al aparcar, algunos aparcamientos disponen de plazas XXL que facilitan las maniobras.<\/span><span data-ccp-props=\"{&quot;335551550&quot;:6,&quot;335551620&quot;:6}\">\u00a0<\/span><\/p>\n<blockquote>\n<h2><b><span data-contrast=\"auto\">Usa la app de Telpark para aparcar en Sant Cugat del Vall\u00e8s<\/span><\/b><span data-ccp-props=\"{&quot;335551550&quot;:6,&quot;335551620&quot;:6}\">\u00a0<\/span><\/h2>\n<\/blockquote>\n<p><span data-contrast=\"auto\">Disfrutar de todas las ventajas de aparcar en Sant Cugat del Vall\u00e8s con Telpark es muy sencillo. Solo tienes que descargar la app para gestionar el estacionamiento regulado, reservar plaza, consultar tickets o acceder a los distintos servicios disponibles.<\/span><span data-ccp-props=\"{&quot;335551550&quot;:6,&quot;335551620&quot;:6}\">\u00a0<\/span><\/p>\n<p><span data-contrast=\"auto\">Adem\u00e1s, podr\u00e1s centralizar todas tus gestiones desde <\/span><b><span data-contrast=\"auto\">la app m\u00e1s segura y fiable para tu movilidad y aparcamiento<\/span><\/b><span data-contrast=\"auto\">, gestionando tus estacionamientos de forma r\u00e1pida y c\u00f3moda desde el m\u00f3vil.<\/span><span data-ccp-props=\"{&quot;335551550&quot;:6,&quot;335551620&quot;:6}\">\u00a0<\/span><\/p>\n<blockquote>\n<h2><b><span data-contrast=\"auto\">Otras opciones de aparcamiento en Sant Cugat del Vall\u00e8s<\/span><\/b><span data-ccp-props=\"{&quot;335551550&quot;:6,&quot;335551620&quot;:6}\">\u00a0<\/span><\/h2>\n<\/blockquote>\n<p><span data-contrast=\"auto\">Adem\u00e1s de los parkings de Telpark distribuidos por distintos puntos de la ciudad, tambi\u00e9n es posible estacionar en la v\u00eda p\u00fablica. Sin embargo, las zonas m\u00e1s c\u00e9ntricas, comerciales y pr\u00f3ximas a los principales servicios suelen registrar una elevada demanda de plazas durante buena parte del d\u00eda.<\/span><span data-ccp-props=\"{&quot;335551550&quot;:6,&quot;335551620&quot;:6}\">\u00a0<\/span><\/p>\n<p><span data-contrast=\"auto\">Por ello, resulta recomendable planificar con antelaci\u00f3n d\u00f3nde dejar el veh\u00edculo para ahorrar tiempo y evitar desplazamientos innecesarios.<\/span><span data-ccp-props=\"{&quot;335551550&quot;:6,&quot;335551620&quot;:6}\">\u00a0<\/span><\/p>\n<h3><b><span data-contrast=\"auto\">Estacionamiento regulado en Sant Cugat del Vall\u00e8s<\/span><\/b><span data-ccp-props=\"{&quot;335551550&quot;:6,&quot;335551620&quot;:6}\">\u00a0<\/span><\/h3>\n<p><span data-contrast=\"auto\">Sant Cugat del Vall\u00e8s dispone de diferentes zonas de estacionamiento regulado destinadas a favorecer la rotaci\u00f3n de veh\u00edculos y mejorar la disponibilidad de plazas en las \u00e1reas con mayor actividad.<\/span><span data-ccp-props=\"{&quot;335551550&quot;:6,&quot;335551620&quot;:6}\">\u00a0<\/span><\/p>\n<p><span data-contrast=\"auto\">Y algunas de las principales modalidades de estacionamiento en la v\u00eda p\u00fablica son:<\/span><span data-ccp-props=\"{&quot;335551550&quot;:6,&quot;335551620&quot;:6}\">\u00a0<\/span><\/p>\n<ul>\n<li data-leveltext=\"\uf0b7\" data-font=\"Symbol\" data-listid=\"5\" data-list-defn-props=\"{&quot;335552541&quot;:1,&quot;335559683&quot;:0,&quot;335559684&quot;:-2,&quot;335559685&quot;:720,&quot;335559991&quot;:360,&quot;469769226&quot;:&quot;Symbol&quot;,&quot;469769242&quot;:[8226],&quot;469777803&quot;:&quot;left&quot;,&quot;469777804&quot;:&quot;\uf0b7&quot;,&quot;469777815&quot;:&quot;hybridMultilevel&quot;}\" data-aria-posinset=\"1\" data-aria-level=\"1\"><b><span data-contrast=\"auto\">Zona azul:<\/span><\/b><span data-contrast=\"auto\"> destinada a facilitar la rotaci\u00f3n de veh\u00edculos en las zonas con mayor demanda de aparcamiento.<\/span><span data-ccp-props=\"{&quot;335551550&quot;:6,&quot;335551620&quot;:6}\">\u00a0<\/span><\/li>\n<li data-leveltext=\"\uf0b7\" data-font=\"Symbol\" data-listid=\"5\" data-list-defn-props=\"{&quot;335552541&quot;:1,&quot;335559683&quot;:0,&quot;335559684&quot;:-2,&quot;335559685&quot;:720,&quot;335559991&quot;:360,&quot;469769226&quot;:&quot;Symbol&quot;,&quot;469769242&quot;:[8226],&quot;469777803&quot;:&quot;left&quot;,&quot;469777804&quot;:&quot;\uf0b7&quot;,&quot;469777815&quot;:&quot;hybridMultilevel&quot;}\" data-aria-posinset=\"1\" data-aria-level=\"1\"><b><span data-contrast=\"auto\">Zona verde:<\/span><\/b><span data-contrast=\"auto\"> orientada principalmente a residentes autorizados, seg\u00fan las condiciones establecidas por la normativa municipal.<\/span><span data-ccp-props=\"{&quot;335551550&quot;:6,&quot;335551620&quot;:6}\">\u00a0<\/span><\/li>\n<li data-leveltext=\"\uf0b7\" data-font=\"Symbol\" data-listid=\"5\" data-list-defn-props=\"{&quot;335552541&quot;:1,&quot;335559683&quot;:0,&quot;335559684&quot;:-2,&quot;335559685&quot;:720,&quot;335559991&quot;:360,&quot;469769226&quot;:&quot;Symbol&quot;,&quot;469769242&quot;:[8226],&quot;469777803&quot;:&quot;left&quot;,&quot;469777804&quot;:&quot;\uf0b7&quot;,&quot;469777815&quot;:&quot;hybridMultilevel&quot;}\" data-aria-posinset=\"1\" data-aria-level=\"1\"><b><span data-contrast=\"auto\">Zona roja:<\/span><\/b><span data-contrast=\"auto\"> dise\u00f1ada para favorecer una rotaci\u00f3n m\u00e1s r\u00e1pida de veh\u00edculos en \u00e1reas con una elevada demanda de estacionamiento.<\/span><span data-ccp-props=\"{&quot;335551550&quot;:6,&quot;335551620&quot;:6}\">\u00a0<\/span><\/li>\n<li data-leveltext=\"\uf0b7\" data-font=\"Symbol\" data-listid=\"5\" data-list-defn-props=\"{&quot;335552541&quot;:1,&quot;335559683&quot;:0,&quot;335559684&quot;:-2,&quot;335559685&quot;:720,&quot;335559991&quot;:360,&quot;469769226&quot;:&quot;Symbol&quot;,&quot;469769242&quot;:[8226],&quot;469777803&quot;:&quot;left&quot;,&quot;469777804&quot;:&quot;\uf0b7&quot;,&quot;469777815&quot;:&quot;hybridMultilevel&quot;}\" data-aria-posinset=\"1\" data-aria-level=\"1\"><b><span data-contrast=\"auto\">Zonas de carga y descarga:<\/span><\/b><span data-contrast=\"auto\"> reservadas para operaciones comerciales y labores de reparto dentro de los horarios establecidos.<\/span><span data-ccp-props=\"{&quot;335551550&quot;:6,&quot;335551620&quot;:6}\">\u00a0<\/span><\/li>\n<li data-leveltext=\"\uf0b7\" data-font=\"Symbol\" data-listid=\"5\" data-list-defn-props=\"{&quot;335552541&quot;:1,&quot;335559683&quot;:0,&quot;335559684&quot;:-2,&quot;335559685&quot;:720,&quot;335559991&quot;:360,&quot;469769226&quot;:&quot;Symbol&quot;,&quot;469769242&quot;:[8226],&quot;469777803&quot;:&quot;left&quot;,&quot;469777804&quot;:&quot;\uf0b7&quot;,&quot;469777815&quot;:&quot;hybridMultilevel&quot;}\" data-aria-posinset=\"1\" data-aria-level=\"1\"><b><span data-contrast=\"auto\">Plazas para personas con movilidad reducida:<\/span><\/b><span data-contrast=\"auto\"> espacios se\u00f1alizados espec\u00edficamente para estos usos y sujetos a la normativa vigente.<\/span><span data-ccp-props=\"{&quot;335551550&quot;:6,&quot;335551620&quot;:6}\">\u00a0<\/span><\/li>\n<\/ul>\n<blockquote>\n<h2><b><span data-contrast=\"auto\">Consejos para circular por Sant Cugat del Vall\u00e8s<\/span><\/b><span data-ccp-props=\"{&quot;335551550&quot;:6,&quot;335551620&quot;:6}\">\u00a0<\/span><\/h2>\n<\/blockquote>\n<p><span data-contrast=\"auto\">Sant Cugat del Vall\u00e8s cuenta con una intensa actividad comercial, educativa y de servicios que genera un tr\u00e1fico constante durante gran parte del d\u00eda. Algunas zonas pueden registrar una mayor afluencia de veh\u00edculos, especialmente en horarios laborales y escolares.<\/span><span data-ccp-props=\"{&quot;335551550&quot;:6,&quot;335551620&quot;:6}\">\u00a0<\/span><\/p>\n<p><span data-contrast=\"auto\">Conocer las opciones de aparcamiento disponibles antes de desplazarte te ayudar\u00e1 a moverte con mayor comodidad por la ciudad.<\/span><span data-ccp-props=\"{&quot;335551550&quot;:6,&quot;335551620&quot;:6}\">\u00a0<\/span><\/p>\n<h3><b><span data-contrast=\"auto\">Zonas con tr\u00e1fico restringido o intenso en Sant Cugat del Vall\u00e8s<\/span><\/b><span data-ccp-props=\"{&quot;335551550&quot;:6,&quot;335551620&quot;:6}\">\u00a0<\/span><\/h3>\n<ul>\n<li data-leveltext=\"\uf0b7\" data-font=\"Symbol\" data-listid=\"2\" data-list-defn-props=\"{&quot;335552541&quot;:1,&quot;335559683&quot;:0,&quot;335559684&quot;:-2,&quot;335559685&quot;:720,&quot;335559991&quot;:360,&quot;469769226&quot;:&quot;Symbol&quot;,&quot;469769242&quot;:[8226],&quot;469777803&quot;:&quot;left&quot;,&quot;469777804&quot;:&quot;\uf0b7&quot;,&quot;469777815&quot;:&quot;hybridMultilevel&quot;}\" data-aria-posinset=\"1\" data-aria-level=\"1\"><b><span data-contrast=\"auto\">Centro hist\u00f3rico y entorno del Monasterio:<\/span><\/b><span data-contrast=\"auto\"> uno de los puntos con mayor actividad de la ciudad.<\/span><span data-ccp-props=\"{&quot;335551550&quot;:6,&quot;335551620&quot;:6}\">\u00a0<\/span><\/li>\n<li data-leveltext=\"\uf0b7\" data-font=\"Symbol\" data-listid=\"2\" data-list-defn-props=\"{&quot;335552541&quot;:1,&quot;335559683&quot;:0,&quot;335559684&quot;:-2,&quot;335559685&quot;:720,&quot;335559991&quot;:360,&quot;469769226&quot;:&quot;Symbol&quot;,&quot;469769242&quot;:[8226],&quot;469777803&quot;:&quot;left&quot;,&quot;469777804&quot;:&quot;\uf0b7&quot;,&quot;469777815&quot;:&quot;hybridMultilevel&quot;}\" data-aria-posinset=\"1\" data-aria-level=\"1\"><b><span data-contrast=\"auto\">Pla\u00e7a de la Vila y calles del centro urbano:<\/span><\/b><span data-contrast=\"auto\"> especialmente concurridas durante el horario comercial.<\/span><span data-ccp-props=\"{&quot;335551550&quot;:6,&quot;335551620&quot;:6}\">\u00a0<\/span><\/li>\n<li data-leveltext=\"\uf0b7\" data-font=\"Symbol\" data-listid=\"2\" data-list-defn-props=\"{&quot;335552541&quot;:1,&quot;335559683&quot;:0,&quot;335559684&quot;:-2,&quot;335559685&quot;:720,&quot;335559991&quot;:360,&quot;469769226&quot;:&quot;Symbol&quot;,&quot;469769242&quot;:[8226],&quot;469777803&quot;:&quot;left&quot;,&quot;469777804&quot;:&quot;\uf0b7&quot;,&quot;469777815&quot;:&quot;hybridMultilevel&quot;}\" data-aria-posinset=\"1\" data-aria-level=\"1\"><b><span data-contrast=\"auto\">Avinguda Cerdanyola y principales v\u00edas de acceso:<\/span><\/b><span data-contrast=\"auto\"> registran un importante volumen de tr\u00e1fico diario.<\/span><span data-ccp-props=\"{&quot;335551550&quot;:6,&quot;335551620&quot;:6}\">\u00a0<\/span><\/li>\n<li data-leveltext=\"\uf0b7\" data-font=\"Symbol\" data-listid=\"2\" data-list-defn-props=\"{&quot;335552541&quot;:1,&quot;335559683&quot;:0,&quot;335559684&quot;:-2,&quot;335559685&quot;:720,&quot;335559991&quot;:360,&quot;469769226&quot;:&quot;Symbol&quot;,&quot;469769242&quot;:[8226],&quot;469777803&quot;:&quot;left&quot;,&quot;469777804&quot;:&quot;\uf0b7&quot;,&quot;469777815&quot;:&quot;hybridMultilevel&quot;}\" data-aria-posinset=\"1\" data-aria-level=\"1\"><b><span data-contrast=\"auto\">Entorno de centros educativos y universitarios:<\/span><\/b><span data-contrast=\"auto\"> con elevada circulaci\u00f3n en horas de entrada y salida.<\/span><span data-ccp-props=\"{&quot;335551550&quot;:6,&quot;335551620&quot;:6}\">\u00a0<\/span><\/li>\n<li data-leveltext=\"\uf0b7\" data-font=\"Symbol\" data-listid=\"2\" data-list-defn-props=\"{&quot;335552541&quot;:1,&quot;335559683&quot;:0,&quot;335559684&quot;:-2,&quot;335559685&quot;:720,&quot;335559991&quot;:360,&quot;469769226&quot;:&quot;Symbol&quot;,&quot;469769242&quot;:[8226],&quot;469777803&quot;:&quot;left&quot;,&quot;469777804&quot;:&quot;\uf0b7&quot;,&quot;469777815&quot;:&quot;hybridMultilevel&quot;}\" data-aria-posinset=\"1\" data-aria-level=\"1\"><b><span data-contrast=\"auto\">Zona de estaciones de FGC y \u00e1reas comerciales cercanas:<\/span><\/b><span data-contrast=\"auto\"> muy frecuentadas por residentes y visitantes.<\/span><span data-ccp-props=\"{&quot;335551550&quot;:6,&quot;335551620&quot;:6}\">\u00a0<\/span><\/li>\n<\/ul>\n<blockquote>\n<h2><b><span data-contrast=\"auto\">Otras formas de desplazarse por Sant Cugat del Vall\u00e8s<\/span><\/b><span data-ccp-props=\"{&quot;335551550&quot;:6,&quot;335551620&quot;:6}\">\u00a0<\/span><\/h2>\n<\/blockquote>\n<p><span data-contrast=\"auto\">Adem\u00e1s del coche, Sant Cugat dispone de una amplia oferta de transporte p\u00fablico que facilita los desplazamientos dentro del municipio y hacia Barcelona y otras localidades cercanas.<\/span><span data-ccp-props=\"{&quot;335551550&quot;:6,&quot;335551620&quot;:6}\">\u00a0<\/span><\/p>\n<h3><b><span data-contrast=\"auto\">Moverse por Sant Cugat del Vall\u00e8s en autob\u00fas<\/span><\/b><span data-ccp-props=\"{&quot;335551550&quot;:6,&quot;335551620&quot;:6}\">\u00a0<\/span><\/h3>\n<p><span data-contrast=\"auto\">Las l\u00edneas urbanas e interurbanas conectan distintos barrios de la ciudad y facilitan los desplazamientos hacia municipios pr\u00f3ximos.<\/span><span data-ccp-props=\"{&quot;335551550&quot;:6,&quot;335551620&quot;:6}\">\u00a0<\/span><\/p>\n<ul>\n<li data-leveltext=\"\uf0b7\" data-font=\"Symbol\" data-listid=\"3\" data-list-defn-props=\"{&quot;335552541&quot;:1,&quot;335559683&quot;:0,&quot;335559684&quot;:-2,&quot;335559685&quot;:720,&quot;335559991&quot;:360,&quot;469769226&quot;:&quot;Symbol&quot;,&quot;469769242&quot;:[8226],&quot;469777803&quot;:&quot;left&quot;,&quot;469777804&quot;:&quot;\uf0b7&quot;,&quot;469777815&quot;:&quot;hybridMultilevel&quot;}\" data-aria-posinset=\"1\" data-aria-level=\"1\"><b><span data-contrast=\"auto\">Horario:<\/span><\/b><span data-contrast=\"auto\"> variable seg\u00fan la l\u00ednea.<\/span><span data-ccp-props=\"{&quot;335551550&quot;:6,&quot;335551620&quot;:6}\">\u00a0<\/span><\/li>\n<li data-leveltext=\"\uf0b7\" data-font=\"Symbol\" data-listid=\"3\" data-list-defn-props=\"{&quot;335552541&quot;:1,&quot;335559683&quot;:0,&quot;335559684&quot;:-2,&quot;335559685&quot;:720,&quot;335559991&quot;:360,&quot;469769226&quot;:&quot;Symbol&quot;,&quot;469769242&quot;:[8226],&quot;469777803&quot;:&quot;left&quot;,&quot;469777804&quot;:&quot;\uf0b7&quot;,&quot;469777815&quot;:&quot;hybridMultilevel&quot;}\" data-aria-posinset=\"1\" data-aria-level=\"1\"><b><span data-contrast=\"auto\">Frecuencia:<\/span><\/b><span data-contrast=\"auto\"> depende del recorrido y de la franja horaria.<\/span><span data-ccp-props=\"{&quot;335551550&quot;:6,&quot;335551620&quot;:6}\">\u00a0<\/span><\/li>\n<\/ul>\n<h3><b><span data-contrast=\"auto\">Moverse por Sant Cugat del Vall\u00e8s en transporte interurbano<\/span><\/b><span data-ccp-props=\"{&quot;335551550&quot;:6,&quot;335551620&quot;:6}\">\u00a0<\/span><\/h3>\n<p><span data-contrast=\"auto\">La ciudad cuenta con excelentes conexiones mediante los Ferrocarrils de la Generalitat de Catalunya (FGC) y por carretera con Barcelona y el resto del Vall\u00e8s.<\/span><span data-ccp-props=\"{&quot;335551550&quot;:6,&quot;335551620&quot;:6}\">\u00a0<\/span><\/p>\n<ul>\n<li data-leveltext=\"\uf0b7\" data-font=\"Symbol\" data-listid=\"4\" data-list-defn-props=\"{&quot;335552541&quot;:1,&quot;335559683&quot;:0,&quot;335559684&quot;:-2,&quot;335559685&quot;:720,&quot;335559991&quot;:360,&quot;469769226&quot;:&quot;Symbol&quot;,&quot;469769242&quot;:[8226],&quot;469777803&quot;:&quot;left&quot;,&quot;469777804&quot;:&quot;\uf0b7&quot;,&quot;469777815&quot;:&quot;hybridMultilevel&quot;}\" data-aria-posinset=\"1\" data-aria-level=\"1\"><b><span data-contrast=\"auto\">Horario:<\/span><\/b><span data-contrast=\"auto\"> servicios disponibles durante gran parte del d\u00eda.<\/span><span data-ccp-props=\"{&quot;335551550&quot;:6,&quot;335551620&quot;:6}\">\u00a0<\/span><\/li>\n<li data-leveltext=\"\uf0b7\" data-font=\"Symbol\" data-listid=\"4\" data-list-defn-props=\"{&quot;335552541&quot;:1,&quot;335559683&quot;:0,&quot;335559684&quot;:-2,&quot;335559685&quot;:720,&quot;335559991&quot;:360,&quot;469769226&quot;:&quot;Symbol&quot;,&quot;469769242&quot;:[8226],&quot;469777803&quot;:&quot;left&quot;,&quot;469777804&quot;:&quot;\uf0b7&quot;,&quot;469777815&quot;:&quot;hybridMultilevel&quot;}\" data-aria-posinset=\"1\" data-aria-level=\"1\"><b><span data-contrast=\"auto\">Frecuencia:<\/span><\/b><span data-contrast=\"auto\"> variable seg\u00fan la l\u00ednea y el destino.<\/span><span data-ccp-props=\"{&quot;335551550&quot;:6,&quot;335551620&quot;:6}\">\u00a0<\/span><\/li>\n<\/ul>\n<h3><b><span data-contrast=\"auto\">Moverse por Sant Cugat del Vall\u00e8s a pie<\/span><\/b><span data-ccp-props=\"{&quot;335551550&quot;:6,&quot;335551620&quot;:6}\">\u00a0<\/span><\/h3>\n<p><span data-contrast=\"auto\">Muchas de las principales zonas de inter\u00e9s de Sant Cugat pueden recorrerse c\u00f3modamente caminando. Pasear por el centro hist\u00f3rico, las zonas comerciales o los alrededores del Monasterio es una forma ideal de descubrir el ambiente de la ciudad.<\/span><span data-ccp-props=\"{&quot;335551550&quot;:6,&quot;335551620&quot;:6}\">\u00a0<\/span><\/p>\n<blockquote>\n<h2><b><span data-contrast=\"auto\">Qu\u00e9 hacer en Sant Cugat del Vall\u00e8s: visitas imprescindibles<\/span><\/b><span data-ccp-props=\"{&quot;335551550&quot;:6,&quot;335551620&quot;:6}\">\u00a0<\/span><\/h2>\n<\/blockquote>\n<p><span data-contrast=\"auto\">Una vez organizado el aparcamiento, llega el momento de descubrir algunos de los lugares m\u00e1s emblem\u00e1ticos de Sant Cugat del Vall\u00e8s. Historia, cultura y naturaleza se combinan en una de las ciudades con m\u00e1s calidad de vida del \u00e1rea metropolitana de Barcelona.<\/span><span data-ccp-props=\"{&quot;335551550&quot;:6,&quot;335551620&quot;:6}\">\u00a0<\/span><\/p>\n<h3><b><span data-contrast=\"auto\">Monumentos o sitios de inter\u00e9s de Sant Cugat del Vall\u00e8s<\/span><\/b><span data-ccp-props=\"{&quot;335551550&quot;:6,&quot;335551620&quot;:6}\">\u00a0<\/span><\/h3>\n<p><b><span data-contrast=\"auto\">Monasterio de Sant Cugat<\/span><\/b>\u00a0<br \/><span data-contrast=\"auto\">Uno de los conjuntos mon\u00e1sticos m\u00e1s importantes de Catalu\u00f1a y el principal s\u00edmbolo de la ciudad.<\/span><span data-ccp-props=\"{&quot;335551550&quot;:6,&quot;335551620&quot;:6}\">\u00a0<\/span><\/p>\n<p><b><span data-contrast=\"auto\">Pla\u00e7a Octavi\u00e0<\/span><\/b>\u00a0<br \/><span data-contrast=\"auto\">Un animado espacio situado junto al Monasterio y uno de los puntos de encuentro m\u00e1s frecuentados.<\/span><span data-ccp-props=\"{&quot;335551550&quot;:6,&quot;335551620&quot;:6}\">\u00a0<\/span><\/p>\n<p><b><span data-contrast=\"auto\">Mercat Vell<\/span><\/b>\u00a0<br \/><span data-contrast=\"auto\">Un edificio hist\u00f3rico que forma parte de la identidad urbana de Sant Cugat.<\/span><span data-ccp-props=\"{&quot;335551550&quot;:6,&quot;335551620&quot;:6}\">\u00a0<\/span><\/p>\n<p><b><span data-contrast=\"auto\">Parc Central<\/span><\/b>\u00a0<br \/><span data-contrast=\"auto\">Una de las principales zonas verdes de la ciudad, ideal para pasear y disfrutar al aire libre.<\/span><span data-ccp-props=\"{&quot;335551550&quot;:6,&quot;335551620&quot;:6}\">\u00a0<\/span><\/p>\n<p><b><span data-contrast=\"auto\">Teatre-Auditori Sant Cugat<\/span><\/b>\u00a0<br \/><span data-contrast=\"auto\">Uno de los referentes culturales del municipio, con una amplia programaci\u00f3n durante todo el a\u00f1o.<\/span><span data-ccp-props=\"{&quot;335551550&quot;:6,&quot;335551620&quot;:6}\">\u00a0<\/span><\/p>\n<p><b><span data-contrast=\"auto\">Torre Negra<\/span><\/b>\u00a0<br \/><span data-contrast=\"auto\">Un espacio natural y patrimonial muy apreciado por quienes buscan rutas y paseos en plena naturaleza.<\/span><span data-ccp-props=\"{&quot;335551550&quot;:6,&quot;335551620&quot;:6}\">\u00a0<\/span><\/p>\n<p><b><span data-contrast=\"auto\">Centro hist\u00f3rico de Sant Cugat del Vall\u00e8s<\/span><\/b>\u00a0<br \/><span data-contrast=\"auto\">Sus calles, plazas y comercios reflejan el car\u00e1cter din\u00e1mico y acogedor de una de las ciudades m\u00e1s atractivas del Vall\u00e8s.<\/span><span data-ccp-props=\"{&quot;335551550&quot;:6,&quot;335551620&quot;:6}\">\u00a0<\/span><\/p>\n<p><span data-contrast=\"auto\">Con Telpark podr\u00e1s gestionar c\u00f3modamente tu aparcamiento y dedicar m\u00e1s tiempo a descubrir el patrimonio, la oferta cultural y los espacios naturales que hacen de Sant Cugat del Vall\u00e8s un destino ideal para cualquier visita.<\/span><span data-ccp-props=\"{&quot;335551550&quot;:6,&quot;335551620&quot;:6}\">\u00a0<\/span><\/p>\n\n        <\/div>\n    <\/div>\n<\/article>","protected":false},"featured_media":0,"template":"","country":[178],"yoast_head":"<!-- This site is optimized with the Yoast SEO plugin v20.12 - https:\/\/yoast.com\/wordpress\/plugins\/seo\/ -->\n<title>Parking Sant Cugat del Vall\u00e8s - Reserva tu plaza | Telpark<\/title>\n<meta name=\"description\" content=\"Aparcar en San Cugat del Vall\u00e8s es m\u00e1s f\u00e1cil con Telpark. \u00a1Descubre nuestros parkings y reserva aparcamiento desde la app!\" \/>\n<meta name=\"robots\" content=\"index, follow, max-snippet:-1, max-image-preview:large, max-video-preview:-1\" \/>\n<link rel=\"canonical\" href=\"https:\/\/www.telpark.com\/es\/ciudades\/san-cugat-del-valles\/\" \/>\n<meta property=\"og:locale\" content=\"es_ES\" \/>\n<meta property=\"og:type\" content=\"article\" \/>\n<meta property=\"og:title\" content=\"Parking Sant Cugat del Vall\u00e8s - Reserva tu plaza | Telpark\" \/>\n<meta property=\"og:description\" content=\"Aparcar en San Cugat del Vall\u00e8s es m\u00e1s f\u00e1cil con Telpark. \u00a1Descubre nuestros parkings y reserva aparcamiento desde la app!\" \/>\n<meta property=\"og:url\" content=\"https:\/\/www.telpark.com\/es\/ciudades\/san-cugat-del-valles\/\" \/>\n<meta property=\"og:site_name\" content=\"Telpark\" \/>\n<meta property=\"article:modified_time\" content=\"2026-07-20T11:32:57+00:00\" \/>\n<meta name=\"twitter:card\" content=\"summary_large_image\" \/>\n<meta name=\"twitter:site\" content=\"@telpark_es\" \/>\n<script type=\"application\/ld+json\" class=\"yoast-schema-graph\">{\"@context\":\"https:\/\/schema.org\",\"@graph\":[{\"@type\":\"WebPage\",\"@id\":\"https:\/\/www.telpark.com\/es\/ciudades\/san-cugat-del-valles\/\",\"url\":\"https:\/\/www.telpark.com\/es\/ciudades\/san-cugat-del-valles\/\",\"name\":\"Parking Sant Cugat del Vall\u00e8s - Reserva tu plaza | Telpark\",\"isPartOf\":{\"@id\":\"https:\/\/www.telpark.com\/es\/#website\"},\"datePublished\":\"2023-03-31T12:01:42+00:00\",\"dateModified\":\"2026-07-20T11:32:57+00:00\",\"description\":\"Aparcar en San Cugat del Vall\u00e8s es m\u00e1s f\u00e1cil con Telpark. \u00a1Descubre nuestros parkings y reserva aparcamiento desde la app!\",\"breadcrumb\":{\"@id\":\"https:\/\/www.telpark.com\/es\/ciudades\/san-cugat-del-valles\/#breadcrumb\"},\"inLanguage\":\"es-ES\",\"potentialAction\":[{\"@type\":\"ReadAction\",\"target\":[\"https:\/\/www.telpark.com\/es\/ciudades\/san-cugat-del-valles\/\"]}]},{\"@type\":\"BreadcrumbList\",\"@id\":\"https:\/\/www.telpark.com\/es\/ciudades\/san-cugat-del-valles\/#breadcrumb\",\"itemListElement\":[{\"@type\":\"ListItem\",\"position\":1,\"name\":\"Home\",\"item\":\"https:\/\/www.telpark.com\/es\/\"},{\"@type\":\"ListItem\",\"position\":2,\"name\":\"Sant Cugat del Vall\u00e9s\"}]},{\"@type\":\"WebSite\",\"@id\":\"https:\/\/www.telpark.com\/es\/#website\",\"url\":\"https:\/\/www.telpark.com\/es\/\",\"name\":\"Telpark\",\"description\":\"Reserva tu plaza en los mejores aparcamientos. Descarga la app y olv\u00eddate de cajeros o parqu\u00edmetros en m\u00e1s de 100 ciudades en Espa\u00f1a y Portugal\",\"publisher\":{\"@id\":\"https:\/\/www.telpark.com\/es\/#organization\"},\"potentialAction\":[{\"@type\":\"SearchAction\",\"target\":{\"@type\":\"EntryPoint\",\"urlTemplate\":\"https:\/\/www.telpark.com\/es\/?s={search_term_string}\"},\"query-input\":\"required name=search_term_string\"}],\"inLanguage\":\"es-ES\"},{\"@type\":\"Organization\",\"@id\":\"https:\/\/www.telpark.com\/es\/#organization\",\"name\":\"Telpark\",\"url\":\"https:\/\/www.telpark.com\/es\/\",\"logo\":{\"@type\":\"ImageObject\",\"inLanguage\":\"es-ES\",\"@id\":\"https:\/\/www.telpark.com\/es\/#\/schema\/logo\/image\/\",\"url\":\"https:\/\/www.telpark.com\/wp-content\/uploads\/2023\/09\/telpark-logo.svg\",\"contentUrl\":\"https:\/\/www.telpark.com\/wp-content\/uploads\/2023\/09\/telpark-logo.svg\",\"width\":128,\"height\":32,\"caption\":\"Telpark\"},\"image\":{\"@id\":\"https:\/\/www.telpark.com\/es\/#\/schema\/logo\/image\/\"},\"sameAs\":[\"https:\/\/twitter.com\/telpark_es\",\"https:\/\/www.instagram.com\/telpark_app\/\",\"https:\/\/www.youtube.com\/channel\/UCm8sjis_xlHU5VYQ6GslW-Q\"]}]}<\/script>\n<!-- \/ Yoast SEO plugin. -->","yoast_head_json":{"title":"Parking Sant Cugat del Vall\u00e8s - Reserva tu plaza | Telpark","description":"Aparcar en San Cugat del Vall\u00e8s es m\u00e1s f\u00e1cil con Telpark. \u00a1Descubre nuestros parkings y reserva aparcamiento desde la app!","robots":{"index":"index","follow":"follow","max-snippet":"max-snippet:-1","max-image-preview":"max-image-preview:large","max-video-preview":"max-video-preview:-1"},"canonical":"https:\/\/www.telpark.com\/es\/ciudades\/san-cugat-del-valles\/","og_locale":"es_ES","og_type":"article","og_title":"Parking Sant Cugat del Vall\u00e8s - Reserva tu plaza | Telpark","og_description":"Aparcar en San Cugat del Vall\u00e8s es m\u00e1s f\u00e1cil con Telpark. \u00a1Descubre nuestros parkings y reserva aparcamiento desde la app!","og_url":"https:\/\/www.telpark.com\/es\/ciudades\/san-cugat-del-valles\/","og_site_name":"Telpark","article_modified_time":"2026-07-20T11:32:57+00:00","twitter_card":"summary_large_image","twitter_site":"@telpark_es","schema":{"@context":"https:\/\/schema.org","@graph":[{"@type":"WebPage","@id":"https:\/\/www.telpark.com\/es\/ciudades\/san-cugat-del-valles\/","url":"https:\/\/www.telpark.com\/es\/ciudades\/san-cugat-del-valles\/","name":"Parking Sant Cugat del Vall\u00e8s - Reserva tu plaza | Telpark","isPartOf":{"@id":"https:\/\/www.telpark.com\/es\/#website"},"datePublished":"2023-03-31T12:01:42+00:00","dateModified":"2026-07-20T11:32:57+00:00","description":"Aparcar en San Cugat del Vall\u00e8s es m\u00e1s f\u00e1cil con Telpark. \u00a1Descubre nuestros parkings y reserva aparcamiento desde la app!","breadcrumb":{"@id":"https:\/\/www.telpark.com\/es\/ciudades\/san-cugat-del-valles\/#breadcrumb"},"inLanguage":"es-ES","potentialAction":[{"@type":"ReadAction","target":["https:\/\/www.telpark.com\/es\/ciudades\/san-cugat-del-valles\/"]}]},{"@type":"BreadcrumbList","@id":"https:\/\/www.telpark.com\/es\/ciudades\/san-cugat-del-valles\/#breadcrumb","itemListElement":[{"@type":"ListItem","position":1,"name":"Home","item":"https:\/\/www.telpark.com\/es\/"},{"@type":"ListItem","position":2,"name":"Sant Cugat del Vall\u00e9s"}]},{"@type":"WebSite","@id":"https:\/\/www.telpark.com\/es\/#website","url":"https:\/\/www.telpark.com\/es\/","name":"Telpark","description":"Reserva tu plaza en los mejores aparcamientos. Descarga la app y olv\u00eddate de cajeros o parqu\u00edmetros en m\u00e1s de 100 ciudades en Espa\u00f1a y Portugal","publisher":{"@id":"https:\/\/www.telpark.com\/es\/#organization"},"potentialAction":[{"@type":"SearchAction","target":{"@type":"EntryPoint","urlTemplate":"https:\/\/www.telpark.com\/es\/?s={search_term_string}"},"query-input":"required name=search_term_string"}],"inLanguage":"es-ES"},{"@type":"Organization","@id":"https:\/\/www.telpark.com\/es\/#organization","name":"Telpark","url":"https:\/\/www.telpark.com\/es\/","logo":{"@type":"ImageObject","inLanguage":"es-ES","@id":"https:\/\/www.telpark.com\/es\/#\/schema\/logo\/image\/","url":"https:\/\/www.telpark.com\/wp-content\/uploads\/2023\/09\/telpark-logo.svg","contentUrl":"https:\/\/www.telpark.com\/wp-content\/uploads\/2023\/09\/telpark-logo.svg","width":128,"height":32,"caption":"Telpark"},"image":{"@id":"https:\/\/www.telpark.com\/es\/#\/schema\/logo\/image\/"},"sameAs":["https:\/\/twitter.com\/telpark_es","https:\/\/www.instagram.com\/telpark_app\/","https:\/\/www.youtube.com\/channel\/UCm8sjis_xlHU5VYQ6GslW-Q"]}]}},"meta_box":{"telpark_bd_id":"0","latitude":"41.472049","longitude":"2.0164753"},"_links":{"self":[{"href":"https:\/\/www.telpark.com\/es\/wp-json\/wp\/v2\/locations\/2268"}],"collection":[{"href":"https:\/\/www.telpark.com\/es\/wp-json\/wp\/v2\/locations"}],"about":[{"href":"https:\/\/www.telpark.com\/es\/wp-json\/wp\/v2\/types\/locations"}],"version-history":[{"count":2,"href":"https:\/\/www.telpark.com\/es\/wp-json\/wp\/v2\/locations\/2268\/revisions"}],"predecessor-version":[{"id":58037,"href":"https:\/\/www.telpark.com\/es\/wp-json\/wp\/v2\/locations\/2268\/revisions\/58037"}],"wp:attachment":[{"href":"https:\/\/www.telpark.com\/es\/wp-json\/wp\/v2\/media?parent=2268"}],"wp:term":[{"taxonomy":"country","embeddable":true,"href":"https:\/\/www.telpark.com\/es\/wp-json\/wp\/v2\/country?post=2268"}],"curies":[{"name":"wp","href":"https:\/\/api.w.org\/{rel}","templated":true}]}}