{"id":2481,"date":"2023-03-31T13:02:23","date_gmt":"2023-03-31T13:02:23","guid":{"rendered":"https:\/\/telpark.cmspro.telpark.com\/ciudades\/aveiro\/"},"modified":"2026-07-22T12:41:28","modified_gmt":"2026-07-22T11:41:28","slug":"aveiro","status":"publish","type":"locations","link":"https:\/\/www.telpark.com\/es\/ciudades\/aveiro\/","title":{"rendered":"Aveiro"},"content":{"rendered":"\n<section class=\"tpk-hero tpk-hero--products                lower\"\n         style=\"\">\n                            <picture >\n\n                    <source srcset=\"https:\/\/www.telpark.com\/wp-content\/uploads\/2023\/10\/ciudad_generica-480x640.jpg\" media=\"((min-width: 0rem) and (max-width: 30rem))\" width=\"480\" height=\"640\">\n                             <source srcset=\"https:\/\/www.telpark.com\/wp-content\/uploads\/2023\/10\/ciudad_generica-1024x500.jpg\" media=\"(min-width: 30rem) and (max-width: 64rem)\" width=\"1024\" height=\"500\">\n                            <source srcset=\"https:\/\/www.telpark.com\/wp-content\/uploads\/2023\/10\/ciudad_generica-1920x640.jpg\" media=\"(min-width: 64rem)\" width=\"1920\" height=\"640\">\n        \n        \n                                                                                                        \n        <img decoding=\"async\" fetchpriority=\"high\" src=\"https:\/\/www.telpark.com\/wp-content\/uploads\/2023\/10\/ciudad_generica-1920x640.jpg\" alt=\"\"  width=\"1920\" height=\"640\"  loading=\"eager\">\n    <\/picture>\n\n    \n            <div class=\"tpk-breadcrumb wrapper row\">\n    <nav aria-label=\"Breadcrumb\">\n        <ul>\n                            <li>\n                                            <span aria-current=\"page\">Aveiro<\/span>\n                                    <\/li>\n                    <\/ul>\n    <\/nav>\n<\/div>        <div class=\"tpk-hero__content wrapper row\">\n                    <div class=\"col-xs-12 col-sm-12 pr-h pl-h\">\n                                <header class=\"tpk-head  wrapper\">\n    <p class=\"tpk-head__caption\">Parking<\/p>    <h1 class=\"tpk-head__title\">Aparcar en Aveiro<\/h1>    <\/header>\n            \n                    <\/div>\n    <\/div>\n            <div class=\"tpk-hero__cards row wrapper\">\n                                                                                        <div class=\"col-xs-12 col-sm-12 col-md-4 mb-1 pl-h pr-h\">\n                                                                    <\/div>\n                    <\/div>\n    <\/section>\n<div class=\"tpk-spinner__wrapper\">\n    <div class=\"tpk-spinner\"><\/div>\n<\/div>\n\n<article class=\"tpk-page\">\n    <div class=\"row wrapper center-xs tpk-page__content\">\n        <div class=\"col-xs-12 col-sm-10 col-md-8 pt-4 pb-4\">\n            <p>Aveiro es una ciudad costera de Portugal, conocida como la \"Venecia portuguesa\" por sus canales y puentes que la atraviesan. Adem\u00e1s de sus hermosos paisajes, Aveiro es famosa por su gastronom\u00eda, su universidad y su patrimonio hist\u00f3rico. Los visitantes pueden disfrutar de paseos en barco por los canales, degustar los famosos \"ovos moles\" y visitar la Catedral de Aveiro.<\/p>\n\n        <\/div>\n    <\/div>\n<\/article>\n\n<div class=\"tpk-tabs big\">\n                                    <input type=\"radio\" name=\"tabs-city\" id=\"tab-city1192361462\"\n                                            checked\n                                         \/>\n            <label for=\"tab-city1192361462\" class=\"tpk-tab__label\" role=\"tab\">\n                Parking\n            <\/label>\n                \n<div class=\"tpk-tab__content\" role=\"tabpanel\" aria-labelledby=\"description\" aria-hidden=\"false\">\n    \n<section class=\"tpk-parkings \">\n    <div class=\"wrapper row center-xs\">\n        <div class=\"col-xs-12 col-sm-10 col-md-8\">\n                <header class=\"tpk-head  wrapper\">\n    <p class=\"tpk-head__caption\">Tu plaza de aparcamiento te est\u00e1 esperando<\/p>    <h2 class=\"tpk-head__title\">Encuentra tu parking ideal en Aveiro<\/h2>    <p>Mu\u00e9vete sin complicaciones y aparca en el parking Mercado Manuel Firmino al mejor precio.<\/p>\n<\/header>        <\/div>\n    <\/div>\n    <div class=\"tpk-parkings__list row wrapper\">\n                    <div class=\"col-xs-12 col-sm-6 col-md-6 col-lg-6 pb-1 pl-h pr-h\">\n                \n    <a href=\"https:\/\/www.telpark.com\/es\/ciudades\/aveiro\/largo-do-rossio\/\" class=\"tpk-card-parking\">\n                                        <picture >\n\n                    <source srcset=\"https:\/\/www.telpark.com\/wp-content\/uploads\/2024\/02\/IMG_4540-480x270.jpg\" media=\"((min-width: 0rem) and (max-width: 30rem))\" width=\"480\" height=\"270\">\n                             <source srcset=\"https:\/\/www.telpark.com\/wp-content\/uploads\/2024\/02\/IMG_4540-480x270.jpg\" media=\"(min-width: 30rem) and (max-width: 64rem)\" width=\"480\" height=\"270\">\n                            <source srcset=\"https:\/\/www.telpark.com\/wp-content\/uploads\/2024\/02\/IMG_4540-280x300.jpg\" media=\"(min-width: 64rem)\" width=\"280\" height=\"300\">\n        \n        \n                                                                                                                                                                    \n        <img decoding=\"async\" src=\"https:\/\/www.telpark.com\/wp-content\/uploads\/2024\/02\/IMG_4540-280x300.jpg\" alt=\"\"  width=\"280\" height=\"300\"  loading=\"lazy\" >\n    <\/picture>\n\n                <div class=\"tpk-card-parking__content\">\n                            <h3 class=\"tpk-card-parking__title\">Parking Largo do Rossio en Aveiro<\/h3>\n                                        <address>Largo do Rossio, s\/n, 3800-198<\/address>\n                        <div class=\"tpk-card-parking__icons\">\n                                    <span class=\"icon icon-car-express icon--md\"><\/span>\n                                    <span class=\"icon icon-multipass icon--md\"><\/span>\n                                    <span class=\"icon icon-reserva icon--md\"><\/span>\n                            <\/div>\n            <div class=\"tpk-card-parking__info\">\n                <div class=\"tpk-card-parking__info__price\">\n                                            a partir de \n                                                                <span><p>1,20 \u20ac<\/p><\/span>\n                                    <\/div>\n                <div class=\"tpk-card-parking__info__link\">\n                    <span class=\"icon icon-add icon--sm\">\n                    <\/span> \n                <\/div>\n            <\/div>\n        <\/div>\n    <\/a>\n            <\/div>\n                    <div class=\"col-xs-12 col-sm-6 col-md-6 col-lg-6 pb-1 pl-h pr-h\">\n                \n    <a href=\"https:\/\/www.telpark.com\/es\/ciudades\/aveiro\/parking-mercado-manuel-firmino\/\" class=\"tpk-card-parking\">\n                                        <picture >\n\n                    <source srcset=\"https:\/\/www.telpark.com\/wp-content\/uploads\/2023\/03\/6c7ffc2bf5bfe9e6cd46cf05986e5e43-480x270.jpg\" media=\"((min-width: 0rem) and (max-width: 30rem))\" width=\"480\" height=\"270\">\n                             <source srcset=\"https:\/\/www.telpark.com\/wp-content\/uploads\/2023\/03\/6c7ffc2bf5bfe9e6cd46cf05986e5e43-480x270.jpg\" media=\"(min-width: 30rem) and (max-width: 64rem)\" width=\"480\" height=\"270\">\n                            <source srcset=\"https:\/\/www.telpark.com\/wp-content\/uploads\/2023\/03\/6c7ffc2bf5bfe9e6cd46cf05986e5e43-280x300.jpg\" media=\"(min-width: 64rem)\" width=\"280\" height=\"300\">\n        \n        \n                                                                                                                                                                    \n        <img decoding=\"async\" src=\"https:\/\/www.telpark.com\/wp-content\/uploads\/2023\/03\/6c7ffc2bf5bfe9e6cd46cf05986e5e43-280x300.jpg\" alt=\"\"  width=\"280\" height=\"300\"  loading=\"lazy\" >\n    <\/picture>\n\n                <div class=\"tpk-card-parking__content\">\n                            <h3 class=\"tpk-card-parking__title\">Parking Mercado Manuel Firmino<\/h3>\n                                        <address>Pra\u00e7a do Mercado 82, 3800-223<\/address>\n                        <div class=\"tpk-card-parking__icons\">\n                                    <span class=\"icon icon-bono icon--md\"><\/span>\n                                    <span class=\"icon icon-car-express icon--md\"><\/span>\n                                    <span class=\"icon icon-galibo200 icon--md\"><\/span>\n                                    <span class=\"icon icon-multipass icon--md\"><\/span>\n                                    <span class=\"icon icon-reserva icon--md\"><\/span>\n                            <\/div>\n            <div class=\"tpk-card-parking__info\">\n                <div class=\"tpk-card-parking__info__price\">\n                                            a partir de\n                                                                <span><p>1,20 \u20ac<\/p><\/span>\n                                    <\/div>\n                <div class=\"tpk-card-parking__info__link\">\n                    <span class=\"icon icon-add icon--sm\">\n                    <\/span> \n                <\/div>\n            <\/div>\n        <\/div>\n    <\/a>\n            <\/div>\n            <\/div>\n    <\/section>\n\n<section class=\"tpk-products center\">\n    <div class=\"wrapper pl-1 pr-1 pb-3\">\n                <header class=\"tpk-head  wrapper\">\n    <p class=\"tpk-head__caption\">Ventajas<\/p>    <h2 class=\"tpk-head__title\">Te contamos algunas ventajas de aparcar con nosotrxs \ud83d\ude09<\/h2>    <\/header>    <\/div>\n\n    <div class=\"wrapper tpk-products__cards grid  grid-3\">\n        <input type=\"hidden\" id=\"_wpnonce\" name=\"_wpnonce\" value=\"d0d3d3df28\" \/><input type=\"hidden\" name=\"_wp_http_referer\" value=\"\/es\/wp-json\/wp\/v2\/locations\/2481\" \/>\n                    <div class=\"tpk-card-product flat \">\n\n\t<div class=\"tpk-card-product__head\">\n\t\t\t\t\t<span class=\"icon icon-location icon--lg\"><\/span>\n\t\t\t\t\t<\/div>\n\t<div class=\"tpk-card-product__content\">\n\t\t<h3 class=\"tpk-card-product__content__title\">Aparca est\u00e9s donde est\u00e9s <\/h3>\n\t\t\t\t\t<p>Encu\u00e9ntranos en los m\u00e1s de 200 parkings repartidos en Espa\u00f1a y Portugal.<\/p>\n\n\t\t\t<\/div>\n\t\t<\/div>\n                    <div class=\"tpk-card-product flat \">\n\n\t<div class=\"tpk-card-product__head\">\n\t\t\t\t\t<span class=\"icon icon-mobile icon--lg\"><\/span>\n\t\t\t\t\t<\/div>\n\t<div class=\"tpk-card-product__content\">\n\t\t<h3 class=\"tpk-card-product__content__title\">Todo desde tu m\u00f3vil<\/h3>\n\t\t\t\t\t<p>Con la app gestiona tu parking con mayor comodidad.<\/p>\n<p>&nbsp;<\/p>\n\n\t\t\t<\/div>\n\t\t<\/div>\n                    <div class=\"tpk-card-product flat \">\n\n\t<div class=\"tpk-card-product__head\">\n\t\t\t\t\t<span class=\"icon icon-car-express icon--lg\"><\/span>\n\t\t\t\t\t<\/div>\n\t<div class=\"tpk-card-product__content\">\n\t\t<h3 class=\"tpk-card-product__content__title\">Apertura de barrera autom\u00e1tica<\/h3>\n\t\t\t\t\t<p>En nuestros parkings ticketless la barrera se abre como por arte de magia.\u00a0<\/p>\n\n\t\t\t<\/div>\n\t\t<\/div>\n                    <div class=\"tpk-card-product flat \">\n\n\t<div class=\"tpk-card-product__head\">\n\t\t\t\t\t<span class=\"icon icon-bono icon--lg\"><\/span>\n\t\t\t\t\t<\/div>\n\t<div class=\"tpk-card-product__content\">\n\t\t<h3 class=\"tpk-card-product__content__title\">Productos adaptados a ti<\/h3>\n\t\t\t\t\t<p>Elige el producto que mejor se adapte a ti y aparca sin complicaciones en nuestros parkings.<\/p>\n\n\t\t\t<\/div>\n\t\t<\/div>\n                    <div class=\"tpk-card-product flat \">\n\n\t<div class=\"tpk-card-product__head\">\n\t\t\t\t\t<span class=\"icon icon-caravan icon--lg\"><\/span>\n\t\t\t\t\t<\/div>\n\t<div class=\"tpk-card-product__content\">\n\t\t<h3 class=\"tpk-card-product__content__title\">Todo tipo de veh\u00edculos<\/h3>\n\t\t\t\t\t<p>Tenemos un espacio para ti tengas una caravana, un coche, una moto, una bicicleta, ... incluso un cami\u00f3n.\u00a0<\/p>\n\n\t\t\t<\/div>\n\t\t<\/div>\n                    <div class=\"tpk-card-product flat \">\n\n\t<div class=\"tpk-card-product__head\">\n\t\t\t\t\t<span class=\"icon icon-camera icon--lg\"><\/span>\n\t\t\t\t\t<\/div>\n\t<div class=\"tpk-card-product__content\">\n\t\t<h3 class=\"tpk-card-product__content__title\">Vigilancia 24h\/7<\/h3>\n\t\t\t\t\t<p>En nuestros parking tenemos vigilancia las 24 horas, los 7 d\u00edas de la semana.\u00a0<\/p>\n\n\t\t\t<\/div>\n\t\t<\/div>\n            <\/div>\n<\/section>\n\n<\/div>\n\n    <\/div>\n\n\n<section class=\"tpk-banner-app \">\n    <div class=\"row wrapper middle-xs\">\n        <div class=\"col-xs-12 col-sm-6 col-no-gutter tpk-banner-app__picture\">\n                                                    <picture class=\"hide-xs show-sm\">\n\n                             <source srcset=\"https:\/\/www.telpark.com\/wp-content\/uploads\/2023\/08\/Bloque-descarga-ok-1-488x534.png\" media=\"(min-width: 30rem) and (max-width: 64rem)\" width=\"488\" height=\"534\">\n                            <source srcset=\"https:\/\/www.telpark.com\/wp-content\/uploads\/2023\/08\/Bloque-descarga-ok-1-680x752.png\" media=\"(min-width: 64rem)\" width=\"680\" height=\"752\">\n        \n        \n                                                                                                        \n        <img decoding=\"async\" src=\"https:\/\/www.telpark.com\/wp-content\/uploads\/2023\/08\/Bloque-descarga-ok-1-680x752.png\" alt=\"Desc\u00e1rgate la App\"  width=\"680\" height=\"752\"  loading=\"lazy\" >\n    <\/picture>\n\n                                <\/div>\n        <div class=\"col-xs-12 col-sm-6 tpk-banner-app__content\">\n                        <header class=\"tpk-head  wrapper\">\n        <h2 class=\"tpk-head__title\">Desc\u00e1rgate Telpark, la app m\u00e1s segura y fiable para gestionar tu movilidad<\/h2>    <\/header>\n                        <div class=\"tpk-banner-app__buttons\">\n                                                                                                                                                <a href=\"https:\/\/go.telpark.com\/apps.apple.com\/es\/app\/telpark\/id658204860?ecid=842ffed716b17008b8945daf873bc378&rt=true&aw=720\" class=\"tpk-button tpk-button--app dark\" target=\"_blank\">\n        <svg width=\"25\" height=\"30\" viewBox=\"0 0 25 30\" fill=\"none\" xmlns=\"http:\/\/www.w3.org\/2000\/svg\">\n            <path d=\"M23.643 10.227C23.469 10.362 20.397 12.093 20.397 15.942C20.397 20.394 24.306 21.969 24.423 22.008C24.405 22.104 23.802 24.165 22.362 26.265C21.078 28.113 19.737 29.958 17.697 29.958C15.657 29.958 15.132 28.773 12.777 28.773C10.482 28.773 9.666 29.997 7.8 29.997C5.934 29.997 4.632 28.287 3.135 26.187C1.401 23.721 0 19.89 0 16.254C0 10.422 3.792 7.329 7.524 7.329C9.507 7.329 11.16 8.631 12.405 8.631C13.59 8.631 15.438 7.251 17.694 7.251C18.549 7.251 21.621 7.329 23.643 10.227V10.227ZM16.623 4.782C17.556 3.675 18.216 2.139 18.216 0.603C18.216 0.39 18.198 0.174 18.159 0C16.641 0.057 14.835 1.011 13.746 2.274C12.891 3.246 12.093 4.782 12.093 6.339C12.093 6.573 12.132 6.807 12.15 6.882C12.246 6.9 12.402 6.921 12.558 6.921C13.92 6.921 15.633 6.009 16.623 4.782Z\" fill=\"white\"\/>\n        <\/svg>\n        <div>\n            <span>Disponible en<\/span>\n            Apple Store\n        <\/div>\n    <\/a>\n\n                                                                                                                            \n    <a href=\"https:\/\/go.telpark.com\/home?ecid=e116daffc120ef95f95caaef1599f3d7&rt=true&aw=720\" class=\"tpk-button tpk-button--app dark\" target=\"_blank\">\n        <svg width=\"23\" height=\"26\" viewBox=\"0 0 23 26\" fill=\"none\" xmlns=\"http:\/\/www.w3.org\/2000\/svg\">\n            <path fill-rule=\"evenodd\" clip-rule=\"evenodd\" d=\"M0.862422 0.87988C0.581172 1.18175 0.419922 1.64675 0.419922 2.25113V23.7411C0.419922 24.3455 0.581172 24.8105 0.873047 25.1018L0.949297 25.1661L12.9905 13.1249V12.8543L0.938672 0.815505L0.862422 0.87988Z\" fill=\"url(#paint0_linear_9_9)\"\/>\n            <path fill-rule=\"evenodd\" clip-rule=\"evenodd\" d=\"M16.9962 17.1543L12.98 13.1368V12.8556L16.9975 8.83807L17.0843 8.89182L21.8362 11.5924C23.1968 12.3593 23.1968 13.6231 21.8362 14.4006L17.0843 17.1012L16.9962 17.1543Z\" fill=\"url(#paint1_linear_9_9)\"\/>\n            <path fill-rule=\"evenodd\" clip-rule=\"evenodd\" d=\"M17.083 17.1005L12.9799 12.9961L0.862371 25.1136C1.30487 25.5892 2.04987 25.643 2.88237 25.178L17.083 17.1005Z\" fill=\"url(#paint2_linear_9_9)\"\/>\n            <path fill-rule=\"evenodd\" clip-rule=\"evenodd\" d=\"M17.083 8.89304L2.88237 0.82616C2.05112 0.350535 1.30487 0.41491 0.862371 0.890535L12.9786 12.9962L17.083 8.89304Z\" fill=\"url(#paint3_linear_9_9)\"\/>\n            <defs>\n            <linearGradient id=\"paint0_linear_9_9\" x1=\"35.6607\" y1=\"-6.74995\" x2=\"-5.23028\" y2=\"12.2052\" gradientUnits=\"userSpaceOnUse\">\n            <stop stop-color=\"#047ED6\"\/>\n            <stop offset=\"1\" stop-color=\"#50E6FF\"\/>\n            <\/linearGradient>\n            <linearGradient id=\"paint1_linear_9_9\" x1=\"24.5643\" y1=\"12.9971\" x2=\"-6.03917\" y2=\"12.9971\" gradientUnits=\"userSpaceOnUse\">\n            <stop stop-color=\"#FFDA1C\"\/>\n            <stop offset=\"1\" stop-color=\"#FEB705\"\/>\n            <\/linearGradient>\n            <linearGradient id=\"paint2_linear_9_9\" x1=\"19.7657\" y1=\"4.95934\" x2=\"-15.0772\" y2=\"45.5368\" gradientUnits=\"userSpaceOnUse\">\n            <stop stop-color=\"#D9414F\"\/>\n            <stop offset=\"1\" stop-color=\"#8C193F\"\/>\n            <\/linearGradient>\n            <linearGradient id=\"paint3_linear_9_9\" x1=\"-2.18997\" y1=\"-6.27096\" x2=\"4.71665\" y2=\"5.36978\" gradientUnits=\"userSpaceOnUse\">\n            <stop stop-color=\"#33C481\"\/>\n            <stop offset=\"1\" stop-color=\"#61E3A7\"\/>\n            <\/linearGradient>\n            <\/defs>\n            <\/svg>\n        <div>\n            <span>Disponible en<\/span>\n            Google Play\n        <\/div>\n    <\/a>\n                                                                                                <\/div>\n        <\/div>\n    <\/div>\n<\/section>\n\n\n\n<section class=\"tpk-banner-cta tpk-banner-cta--half   electric\"\n         style=\"                 \">\n    <div class=\"tpk-banner-cta--half__picture\">\n                                        <picture >\n\n                    <source srcset=\"https:\/\/www.telpark.com\/wp-content\/uploads\/2023\/04\/Carga-Rapida_Parking_Colon-e1697638934297-460x509.jpg\" media=\"((min-width: 0rem) and (max-width: 30rem))\" width=\"460\" height=\"509\">\n                             <source srcset=\"https:\/\/www.telpark.com\/wp-content\/uploads\/2023\/04\/Carga-Rapida_Parking_Colon-e1697638934297-520x509.jpg\" media=\"(min-width: 30rem) and (max-width: 64rem)\" width=\"520\" height=\"509\">\n                            <source srcset=\"https:\/\/www.telpark.com\/wp-content\/uploads\/2023\/04\/Carga-Rapida_Parking_Colon-e1697638934297.jpg\" media=\"(min-width: 64rem)\" width=\"579\" height=\"509\">\n        \n        \n                                                                                                        \n        <img decoding=\"async\" src=\"https:\/\/www.telpark.com\/wp-content\/uploads\/2023\/04\/Carga-Rapida_Parking_Colon-e1697638934297.jpg\" alt=\"\"  width=\"579\" height=\"509\"  loading=\"lazy\" >\n    <\/picture>\n\n            <\/div>\n\n    <div class=\"tpk-banner-cta__content row wrapper middle-xs\">\n        <div class=\"col-xs-12 col-md-6 tpk-banner-cta__content__text\">\n                        <header class=\"tpk-head  wrapper\">\n    <p class=\"tpk-head__caption\">Adem\u00e1s ...<\/p>    <h2 class=\"tpk-head__title\">\u00bfNecesitas cargar tu coche el\u00e9ctrico?<\/h2>    <p>Ench\u00fafate en uno de nuestros puntos de carga el\u00e9ctrica repartidos en toda la Pen\u00ednsula.\u00a0<\/p>\n<p>&nbsp;<\/p>\n<\/header>            <div class=\"tpk-banner-cta__buttons\">\n                                                        <a  class=\"tpk-button tpk-button--primary tpk-button--lg \" href=\"https:\/\/www.telpark.com\/es\/buscador-parkings\/?type=electric_charge\/\"    >\n    <span>Ver puntos de carga<\/span>\n    <\/a>                            <\/div>\n        <\/div>\n    <\/div>\n<\/section>\n\n<article class=\"tpk-page\">\n    <div class=\"row wrapper center-xs tpk-page__content\">\n        <div class=\"col-xs-12 col-sm-10 col-md-8 pt-4 pb-4\">\n            <blockquote>\n<h2><b><span data-contrast=\"auto\">\u00bfD\u00f3nde aparcar en Aveiro? <\/span><\/b><span data-ccp-props=\"{&quot;335551550&quot;:6,&quot;335551620&quot;:6}\">\u00a0<\/span><\/h2>\n<\/blockquote>\n<p><span data-contrast=\"auto\">Aveiro es una de las ciudades m\u00e1s atractivas y visitadas del centro de Portugal. Conocida por sus canales, los tradicionales moliceiros y su caracter\u00edstico patrimonio modernista, combina una intensa actividad comercial, universitaria y tur\u00edstica durante todo el a\u00f1o. Lugares como el Canal Central, el barrio de Beira-Mar, la Pra\u00e7a do Peixe o las zonas pr\u00f3ximas a la Universidad de Aveiro re\u00fanen a diario a residentes, estudiantes y visitantes.<\/span><span data-ccp-props=\"{&quot;335551550&quot;:6,&quot;335551620&quot;:6}\">\u00a0<\/span><\/p>\n<p><span data-contrast=\"auto\">La popularidad de la ciudad hace que encontrar aparcamiento en algunas zonas no siempre resulte sencillo. Las \u00e1reas m\u00e1s c\u00e9ntricas, los alrededores de los canales y los principales puntos de inter\u00e9s suelen concentrar una elevada demanda de plazas, especialmente durante los fines de semana, los periodos vacacionales y las temporadas de mayor afluencia tur\u00edstica.<\/span><span data-ccp-props=\"{&quot;335551550&quot;:6,&quot;335551620&quot;:6}\">\u00a0<\/span><\/p>\n<p><span data-contrast=\"auto\">Si necesitas aparcar en Aveiro, c<\/span><b><span data-contrast=\"auto\">on Telpark podr\u00e1s gestionar tu estacionamiento c\u00f3modamente desde el m\u00f3vil, consultar tus tickets y controlar tus aparcamientos<\/span><\/b><span data-contrast=\"auto\"> en cualquier momento. As\u00ed podr\u00e1s dedicar m\u00e1s tiempo a recorrer los canales, disfrutar de la gastronom\u00eda local y descubrir los rincones con m\u00e1s encanto de la conocida como la \"Venecia portuguesa\", sin preocuparte por buscar d\u00f3nde dejar el coche.<\/span><span data-ccp-props=\"{&quot;335551550&quot;:6,&quot;335551620&quot;:6}\">\u00a0<\/span><\/p>\n<blockquote>\n<h2><b><span data-contrast=\"none\">Encuentra tu parking en Aveiro <\/span><\/b><span data-ccp-props=\"{&quot;335551550&quot;:6,&quot;335551620&quot;:6}\">\u00a0<\/span><\/h2>\n<\/blockquote>\n<h3><a href=\"https:\/\/www.telpark.com\/es\/ciudades\/aveiro\/largo-do-rossio\/\"><b><span data-contrast=\"none\">Parking Largo do Rossio en Aveiro<\/span><\/b><\/a> <span data-ccp-props=\"{&quot;335551550&quot;:6,&quot;335551620&quot;:6}\">\u00a0<\/span><\/h3>\n<p><span data-contrast=\"auto\">El <\/span><b><span data-contrast=\"auto\">Parking Largo do Rossio de Telpark<\/span><\/b><span data-contrast=\"auto\"> es una opci\u00f3n muy c\u00f3moda para quienes quieren aparcar en pleno coraz\u00f3n de Aveiro y disfrutar de la ciudad sin preocuparse por buscar una plaza libre. Su ubicaci\u00f3n, junto a una de las zonas m\u00e1s emblem\u00e1ticas de la ciudad, permite acceder f\u00e1cilmente a los canales, a los tradicionales moliceiros, a comercios, restaurantes y a algunos de los principales puntos de inter\u00e9s del centro hist\u00f3rico. Una alternativa muy pr\u00e1ctica tanto para quienes visitan Aveiro por turismo como para quienes necesitan desplazarse por el centro de la ciudad con total comodidad.<\/span><span data-ccp-props=\"{&quot;335551550&quot;:6,&quot;335551620&quot;:6}\">\u00a0<\/span><\/p>\n<h3><a href=\"https:\/\/www.telpark.com\/es\/ciudades\/aveiro\/parking-mercado-manuel-firmino\/\"><b><span data-contrast=\"none\">Parking Mercado Manuel Firmino<\/span><\/b><\/a> <span data-ccp-props=\"{&quot;335551550&quot;:6,&quot;335551620&quot;:6}\">\u00a0<\/span><\/h3>\n<p><span data-contrast=\"auto\">El <\/span><b><span data-contrast=\"auto\">Parking Mercado Manuel Firmino de Telpark<\/span><\/b><span data-contrast=\"auto\"> es una alternativa muy pr\u00e1ctica para quienes desean aparcar cerca de una de las zonas m\u00e1s din\u00e1micas de Aveiro. Su ubicaci\u00f3n permite acceder c\u00f3modamente al Mercado Manuel Firmino, a comercios, restaurantes y a varios de los principales atractivos del centro urbano, facilitando los desplazamientos tanto de residentes como de visitantes. Adem\u00e1s, es un excelente punto de partida para recorrer la ciudad a pie, pasear junto a los canales y disfrutar del ambiente caracter\u00edstico de Aveiro con total tranquilidad.<\/span><span data-ccp-props=\"{&quot;335551550&quot;:6,&quot;335551620&quot;:6}\">\u00a0<\/span><\/p>\n<blockquote>\n<h2><b><span data-contrast=\"auto\">Ventajas de aparcar con Telpark en Aveiro<\/span><\/b><span data-ccp-props=\"{&quot;335551550&quot;:6,&quot;335551620&quot;:6}\">\u00a0<\/span><\/h2>\n<\/blockquote>\n<p><span data-contrast=\"auto\">Aparcar en Aveiro con Telpark es una forma muy c\u00f3moda de acceder al centro de la ciudad, a las zonas comerciales y a algunos de sus lugares m\u00e1s emblem\u00e1ticos sin tener que preocuparte por encontrar una plaza libre. Ya sea para recorrer los canales, visitar el casco hist\u00f3rico o realizar gestiones diarias, los aparcamientos Telpark ponen a tu disposici\u00f3n distintos servicios pensados para que tu experiencia sea m\u00e1s pr\u00e1ctica y sencilla. La disponibilidad de cada servicio puede variar seg\u00fan el parking.<\/span><span data-ccp-props=\"{&quot;335551550&quot;:6,&quot;335551620&quot;:6}\">\u00a0<\/span><\/p>\n<h3><b><span data-contrast=\"auto\">Abonos mensuales y anuales<\/span><\/b><span data-ccp-props=\"{&quot;335551550&quot;:6,&quot;335551620&quot;:6}\">\u00a0<\/span><\/h3>\n<p><span data-contrast=\"auto\">Si trabajas, estudias o te desplazas con frecuencia por Aveiro, los abonos mensuales y anuales te permiten disponer de una plaza de aparcamiento de forma continuada y olvidarte de buscar estacionamiento cada d\u00eda.<\/span><span data-ccp-props=\"{&quot;335551550&quot;:6,&quot;335551620&quot;:6}\">\u00a0<\/span><\/p>\n<h3><b><span data-contrast=\"auto\">Reserva de plaza<\/span><\/b><span data-ccp-props=\"{&quot;335551550&quot;:6,&quot;335551620&quot;:6}\">\u00a0<\/span><\/h3>\n<p><span data-contrast=\"auto\">\u00bfTienes previsto visitar Aveiro? Con Telpark puedes reservar tu plaza con antelaci\u00f3n para llegar con la tranquilidad de saber que tu aparcamiento est\u00e1 resuelto desde el primer momento.<\/span><span data-ccp-props=\"{&quot;335551550&quot;:6,&quot;335551620&quot;:6}\">\u00a0<\/span><\/p>\n<h3><b><span data-contrast=\"auto\">Servicio 24 h y videovigilancia<\/span><\/b><span data-ccp-props=\"{&quot;335551550&quot;:6,&quot;335551620&quot;:6}\">\u00a0<\/span><\/h3>\n<p><span data-contrast=\"auto\">Muchos aparcamientos Telpark permanecen abiertos las 24 horas y cuentan con sistemas de asistencia para ayudarte ante cualquier incidencia. Adem\u00e1s, disponen de videovigilancia y otras medidas de seguridad para ofrecer una mayor tranquilidad durante tu estancia.<\/span><span data-ccp-props=\"{&quot;335551550&quot;:6,&quot;335551620&quot;:6}\">\u00a0<\/span><\/p>\n<h3><b><span data-contrast=\"auto\">Multipass<\/span><\/b><span data-ccp-props=\"{&quot;335551550&quot;:6,&quot;335551620&quot;:6}\">\u00a0<\/span><\/h3>\n<p><span data-contrast=\"auto\">Si utilizas el aparcamiento de forma habitual, pero no necesitas una plaza fija, Multipass te permite acceder a bonos de varios usos en condiciones ventajosas y disfrutar de una mayor flexibilidad.<\/span><span data-ccp-props=\"{&quot;335551550&quot;:6,&quot;335551620&quot;:6}\">\u00a0<\/span><\/p>\n<h3><b><span data-contrast=\"auto\">Entrada Express<\/span><\/b><span data-ccp-props=\"{&quot;335551550&quot;:6,&quot;335551620&quot;:6}\">\u00a0<\/span><\/h3>\n<p><span data-contrast=\"auto\">Con Entrada Express podr\u00e1s entrar y salir del parking de forma r\u00e1pida y c\u00f3moda. El sistema reconoce autom\u00e1ticamente la matr\u00edcula de tu veh\u00edculo, evitando tickets y agilizando el acceso.<\/span><span data-ccp-props=\"{&quot;335551550&quot;:6,&quot;335551620&quot;:6}\">\u00a0<\/span><\/p>\n<h3><b><span data-contrast=\"auto\">Plazas XXL<\/span><\/b><span data-ccp-props=\"{&quot;335551550&quot;:6,&quot;335551620&quot;:6}\">\u00a0<\/span><\/h3>\n<p><span data-contrast=\"auto\">Si conduces un veh\u00edculo de mayores dimensiones o prefieres disponer de m\u00e1s espacio al aparcar, algunos aparcamientos cuentan con plazas XXL dise\u00f1adas para ofrecer una mayor comodidad.<\/span><span data-ccp-props=\"{&quot;335551550&quot;:6,&quot;335551620&quot;:6}\">\u00a0<\/span><\/p>\n<blockquote>\n<h2><b><span data-contrast=\"auto\">Usa la app de Telpark para aparcar en Aveiro<\/span><\/b><span data-ccp-props=\"{&quot;335551550&quot;:6,&quot;335551620&quot;:6}\">\u00a0<\/span><\/h2>\n<\/blockquote>\n<p><span data-contrast=\"auto\">\u00bfTe imaginas gestionar tu aparcamiento en Aveiro desde el m\u00f3vil en cuesti\u00f3n de segundos? Con la app de Telpark podr\u00e1s reservar plaza, contratar abonos, localizar aparcamientos y acceder a diferentes servicios de forma r\u00e1pida y sencilla.<\/span><span data-ccp-props=\"{&quot;335551550&quot;:6,&quot;335551620&quot;:6}\">\u00a0<\/span><\/p>\n<p><span data-contrast=\"auto\">Adem\u00e1s, tendr\u00e1s todas tus reservas y estacionamientos reunidos en un \u00fanico lugar, utilizando <\/span><b><span data-contrast=\"auto\">la app m\u00e1s segura y fiable para tu movilidad y aparcamiento<\/span><\/b><span data-contrast=\"auto\">. As\u00ed podr\u00e1s dedicar menos tiempo a gestionar el coche y m\u00e1s a disfrutar de la ciudad.<\/span><span data-ccp-props=\"{&quot;335551550&quot;:6,&quot;335551620&quot;:6}\">\u00a0<\/span><\/p>\n<blockquote>\n<h2><b><span data-contrast=\"auto\">Otras opciones de aparcamiento en Aveiro<\/span><\/b><span data-ccp-props=\"{&quot;335551550&quot;:6,&quot;335551620&quot;:6}\">\u00a0<\/span><\/h2>\n<\/blockquote>\n<p><span data-contrast=\"auto\">Adem\u00e1s de los aparcamientos Telpark, Aveiro dispone de numerosas plazas de estacionamiento en la v\u00eda p\u00fablica. Sin embargo, las zonas m\u00e1s c\u00e9ntricas, los alrededores de los canales, el barrio de Beira-Mar y las \u00e1reas comerciales suelen registrar una elevada ocupaci\u00f3n durante gran parte del d\u00eda.<\/span><span data-ccp-props=\"{&quot;335551550&quot;:6,&quot;335551620&quot;:6}\">\u00a0<\/span><\/p>\n<p><span data-contrast=\"auto\">Por ello, conocer previamente d\u00f3nde aparcar puede ayudarte a ahorrar tiempo y recorrer la ciudad con mayor comodidad.<\/span><span data-ccp-props=\"{&quot;335551550&quot;:6,&quot;335551620&quot;:6}\">\u00a0<\/span><\/p>\n<h3><b><span data-contrast=\"auto\">Estacionamiento regulado en Aveiro<\/span><\/b><span data-ccp-props=\"{&quot;335551550&quot;:6,&quot;335551620&quot;:6}\">\u00a0<\/span><\/h3>\n<p><span data-contrast=\"auto\">Para mejorar la disponibilidad de plazas y facilitar la rotaci\u00f3n de veh\u00edculos en las zonas con m\u00e1s actividad de la ciudad, Aveiro dispone de diferentes \u00e1reas de estacionamiento regulado distribuidas por el municipio. Estas zonas se organizan en funci\u00f3n de la demanda de aparcamiento y de las necesidades de residentes y visitantes.<\/span><span data-ccp-props=\"{&quot;335551550&quot;:6,&quot;335551620&quot;:6}\">\u00a0<\/span><\/p>\n<p><span data-contrast=\"auto\">Y algunas de las principales modalidades de estacionamiento en la v\u00eda p\u00fablica son:<\/span><span data-ccp-props=\"{&quot;335551550&quot;:6,&quot;335551620&quot;:6}\">\u00a0<\/span><\/p>\n<ul>\n<li data-leveltext=\"\uf0b7\" data-font=\"Symbol\" data-listid=\"9\" data-list-defn-props=\"{&quot;335552541&quot;:1,&quot;335559683&quot;:0,&quot;335559684&quot;:-2,&quot;335559685&quot;:720,&quot;335559991&quot;:360,&quot;469769226&quot;:&quot;Symbol&quot;,&quot;469769242&quot;:[8226],&quot;469777803&quot;:&quot;left&quot;,&quot;469777804&quot;:&quot;\uf0b7&quot;,&quot;469777815&quot;:&quot;hybridMultilevel&quot;}\" data-aria-posinset=\"1\" data-aria-level=\"1\"><b><span data-contrast=\"auto\">Zona AM:<\/span><\/b><span data-contrast=\"auto\"> corresponde principalmente al \u00e1rea hist\u00f3rica de la ciudad y est\u00e1 destinada a residentes y moradores autorizados.<\/span><span data-ccp-props=\"{&quot;335551550&quot;:6,&quot;335551620&quot;:6}\">\u00a0<\/span><\/li>\n<li data-leveltext=\"\uf0b7\" data-font=\"Symbol\" data-listid=\"9\" data-list-defn-props=\"{&quot;335552541&quot;:1,&quot;335559683&quot;:0,&quot;335559684&quot;:-2,&quot;335559685&quot;:720,&quot;335559991&quot;:360,&quot;469769226&quot;:&quot;Symbol&quot;,&quot;469769242&quot;:[8226],&quot;469777803&quot;:&quot;left&quot;,&quot;469777804&quot;:&quot;\uf0b7&quot;,&quot;469777815&quot;:&quot;hybridMultilevel&quot;}\" data-aria-posinset=\"1\" data-aria-level=\"1\"><b><span data-contrast=\"auto\">Zona A:<\/span><\/b><span data-contrast=\"auto\"> engloba las zonas m\u00e1s c\u00e9ntricas de Aveiro y est\u00e1 pensada para favorecer una mayor rotaci\u00f3n de veh\u00edculos en las \u00e1reas con m\u00e1s demanda.<\/span><span data-ccp-props=\"{&quot;335551550&quot;:6,&quot;335551620&quot;:6}\">\u00a0<\/span><\/li>\n<li data-leveltext=\"\uf0b7\" data-font=\"Symbol\" data-listid=\"9\" data-list-defn-props=\"{&quot;335552541&quot;:1,&quot;335559683&quot;:0,&quot;335559684&quot;:-2,&quot;335559685&quot;:720,&quot;335559991&quot;:360,&quot;469769226&quot;:&quot;Symbol&quot;,&quot;469769242&quot;:[8226],&quot;469777803&quot;:&quot;left&quot;,&quot;469777804&quot;:&quot;\uf0b7&quot;,&quot;469777815&quot;:&quot;hybridMultilevel&quot;}\" data-aria-posinset=\"1\" data-aria-level=\"1\"><b><span data-contrast=\"auto\">Zona B:<\/span><\/b><span data-contrast=\"auto\"> situada en \u00e1reas pr\u00f3ximas al centro, ofrece una alternativa m\u00e1s econ\u00f3mica y permite estancias m\u00e1s prolongadas.<\/span><span data-ccp-props=\"{&quot;335551550&quot;:6,&quot;335551620&quot;:6}\">\u00a0<\/span><\/li>\n<li data-leveltext=\"\uf0b7\" data-font=\"Symbol\" data-listid=\"9\" data-list-defn-props=\"{&quot;335552541&quot;:1,&quot;335559683&quot;:0,&quot;335559684&quot;:-2,&quot;335559685&quot;:720,&quot;335559991&quot;:360,&quot;469769226&quot;:&quot;Symbol&quot;,&quot;469769242&quot;:[8226],&quot;469777803&quot;:&quot;left&quot;,&quot;469777804&quot;:&quot;\uf0b7&quot;,&quot;469777815&quot;:&quot;hybridMultilevel&quot;}\" data-aria-posinset=\"1\" data-aria-level=\"1\"><b><span data-contrast=\"auto\">Zonas de carga y descarga:<\/span><\/b><span data-contrast=\"auto\"> reservadas para operaciones comerciales y labores de reparto dentro de los horarios establecidos.<\/span><span data-ccp-props=\"{&quot;335551550&quot;:6,&quot;335551620&quot;:6}\">\u00a0<\/span><\/li>\n<li data-leveltext=\"\uf0b7\" data-font=\"Symbol\" data-listid=\"9\" data-list-defn-props=\"{&quot;335552541&quot;:1,&quot;335559683&quot;:0,&quot;335559684&quot;:-2,&quot;335559685&quot;:720,&quot;335559991&quot;:360,&quot;469769226&quot;:&quot;Symbol&quot;,&quot;469769242&quot;:[8226],&quot;469777803&quot;:&quot;left&quot;,&quot;469777804&quot;:&quot;\uf0b7&quot;,&quot;469777815&quot;:&quot;hybridMultilevel&quot;}\" data-aria-posinset=\"1\" data-aria-level=\"1\"><b><span data-contrast=\"auto\">Plazas para personas con movilidad reducida:<\/span><\/b><span data-contrast=\"auto\"> espacios adaptados y se\u00f1alizados conforme a la normativa vigente.<\/span><span data-ccp-props=\"{&quot;335551550&quot;:6,&quot;335551620&quot;:6}\">\u00a0<\/span><\/li>\n<\/ul>\n<blockquote>\n<h2><b><span data-contrast=\"auto\">Consejos para circular por Aveiro<\/span><\/b><span data-ccp-props=\"{&quot;335551550&quot;:6,&quot;335551620&quot;:6}\">\u00a0<\/span><\/h2>\n<\/blockquote>\n<p><span data-contrast=\"auto\">La actividad comercial, universitaria y tur\u00edstica de Aveiro hace que determinadas zonas de la ciudad registren una importante afluencia de veh\u00edculos durante ciertos momentos del d\u00eda.<\/span><span data-ccp-props=\"{&quot;335551550&quot;:6,&quot;335551620&quot;:6}\">\u00a0<\/span><\/p>\n<p><span data-contrast=\"auto\">Antes de iniciar tu recorrido, puede ser \u00fatil conocer las distintas alternativas de aparcamiento disponibles para evitar desplazamientos innecesarios y aprovechar mejor tu tiempo.<\/span><span data-ccp-props=\"{&quot;335551550&quot;:6,&quot;335551620&quot;:6}\">\u00a0<\/span><\/p>\n<h3><b><span data-contrast=\"auto\">Zonas con tr\u00e1fico restringido o intenso en Aveiro<\/span><\/b><span data-ccp-props=\"{&quot;335551550&quot;:6,&quot;335551620&quot;:6}\">\u00a0<\/span><\/h3>\n<ul>\n<li data-leveltext=\"\uf0b7\" data-font=\"Symbol\" data-listid=\"6\" data-list-defn-props=\"{&quot;335552541&quot;:1,&quot;335559683&quot;:0,&quot;335559684&quot;:-2,&quot;335559685&quot;:720,&quot;335559991&quot;:360,&quot;469769226&quot;:&quot;Symbol&quot;,&quot;469769242&quot;:[8226],&quot;469777803&quot;:&quot;left&quot;,&quot;469777804&quot;:&quot;\uf0b7&quot;,&quot;469777815&quot;:&quot;hybridMultilevel&quot;}\" data-aria-posinset=\"1\" data-aria-level=\"1\"><b><span data-contrast=\"auto\">Canal Central y alrededores<\/span><\/b><span data-contrast=\"auto\">: una de las zonas m\u00e1s visitadas de la ciudad.<\/span><span data-ccp-props=\"{&quot;335551550&quot;:6,&quot;335551620&quot;:6}\">\u00a0<\/span><\/li>\n<li data-leveltext=\"\uf0b7\" data-font=\"Symbol\" data-listid=\"6\" data-list-defn-props=\"{&quot;335552541&quot;:1,&quot;335559683&quot;:0,&quot;335559684&quot;:-2,&quot;335559685&quot;:720,&quot;335559991&quot;:360,&quot;469769226&quot;:&quot;Symbol&quot;,&quot;469769242&quot;:[8226],&quot;469777803&quot;:&quot;left&quot;,&quot;469777804&quot;:&quot;\uf0b7&quot;,&quot;469777815&quot;:&quot;hybridMultilevel&quot;}\" data-aria-posinset=\"1\" data-aria-level=\"1\"><b><span data-contrast=\"auto\">Barrio de Beira-Mar:<\/span><\/b><span data-contrast=\"auto\"> especialmente concurrido por su oferta gastron\u00f3mica y tur\u00edstica.<\/span><span data-ccp-props=\"{&quot;335551550&quot;:6,&quot;335551620&quot;:6}\">\u00a0<\/span><\/li>\n<li data-leveltext=\"\uf0b7\" data-font=\"Symbol\" data-listid=\"6\" data-list-defn-props=\"{&quot;335552541&quot;:1,&quot;335559683&quot;:0,&quot;335559684&quot;:-2,&quot;335559685&quot;:720,&quot;335559991&quot;:360,&quot;469769226&quot;:&quot;Symbol&quot;,&quot;469769242&quot;:[8226],&quot;469777803&quot;:&quot;left&quot;,&quot;469777804&quot;:&quot;\uf0b7&quot;,&quot;469777815&quot;:&quot;hybridMultilevel&quot;}\" data-aria-posinset=\"1\" data-aria-level=\"1\"><b><span data-contrast=\"auto\">Entorno de la Pra\u00e7a do Peixe<\/span><\/b><span data-contrast=\"auto\">: con una importante afluencia de visitantes durante todo el a\u00f1o.<\/span><span data-ccp-props=\"{&quot;335551550&quot;:6,&quot;335551620&quot;:6}\">\u00a0<\/span><\/li>\n<li data-leveltext=\"\uf0b7\" data-font=\"Symbol\" data-listid=\"6\" data-list-defn-props=\"{&quot;335552541&quot;:1,&quot;335559683&quot;:0,&quot;335559684&quot;:-2,&quot;335559685&quot;:720,&quot;335559991&quot;:360,&quot;469769226&quot;:&quot;Symbol&quot;,&quot;469769242&quot;:[8226],&quot;469777803&quot;:&quot;left&quot;,&quot;469777804&quot;:&quot;\uf0b7&quot;,&quot;469777815&quot;:&quot;hybridMultilevel&quot;}\" data-aria-posinset=\"1\" data-aria-level=\"1\"><b><span data-contrast=\"auto\">Zona de la Universidad de Aveiro<\/span><\/b><span data-contrast=\"auto\">: registra una elevada actividad durante el periodo acad\u00e9mico.<\/span><span data-ccp-props=\"{&quot;335551550&quot;:6,&quot;335551620&quot;:6}\">\u00a0<\/span><\/li>\n<li data-leveltext=\"\uf0b7\" data-font=\"Symbol\" data-listid=\"6\" data-list-defn-props=\"{&quot;335552541&quot;:1,&quot;335559683&quot;:0,&quot;335559684&quot;:-2,&quot;335559685&quot;:720,&quot;335559991&quot;:360,&quot;469769226&quot;:&quot;Symbol&quot;,&quot;469769242&quot;:[8226],&quot;469777803&quot;:&quot;left&quot;,&quot;469777804&quot;:&quot;\uf0b7&quot;,&quot;469777815&quot;:&quot;hybridMultilevel&quot;}\" data-aria-posinset=\"1\" data-aria-level=\"1\"><b><span data-contrast=\"auto\">Principales accesos al centro urbano<\/span><\/b><span data-contrast=\"auto\">: pueden presentar una mayor intensidad de tr\u00e1fico en determinadas franjas horarias.<\/span><span data-ccp-props=\"{&quot;335551550&quot;:6,&quot;335551620&quot;:6}\">\u00a0<\/span><\/li>\n<\/ul>\n<blockquote>\n<h2><b><span data-contrast=\"auto\">Otras formas de desplazarse por Aveiro<\/span><\/b><span data-ccp-props=\"{&quot;335551550&quot;:6,&quot;335551620&quot;:6}\">\u00a0<\/span><\/h2>\n<\/blockquote>\n<p><span data-contrast=\"auto\">Adem\u00e1s del coche, Aveiro dispone de diferentes alternativas de transporte para moverse por la ciudad y conectar con otros municipios de la regi\u00f3n.<\/span><span data-ccp-props=\"{&quot;335551550&quot;:6,&quot;335551620&quot;:6}\">\u00a0<\/span><\/p>\n<h3><b><span data-contrast=\"auto\">Moverse por Aveiro en autob\u00fas<\/span><\/b><span data-ccp-props=\"{&quot;335551550&quot;:6,&quot;335551620&quot;:6}\">\u00a0<\/span><\/h3>\n<p><span data-contrast=\"auto\">La red de autobuses conecta distintos barrios de la ciudad y facilita los desplazamientos hacia zonas comerciales, residenciales y universitarias.<\/span><span data-ccp-props=\"{&quot;335551550&quot;:6,&quot;335551620&quot;:6}\">\u00a0<\/span><\/p>\n<ul>\n<li data-leveltext=\"\uf0b7\" data-font=\"Symbol\" data-listid=\"7\" data-list-defn-props=\"{&quot;335552541&quot;:1,&quot;335559683&quot;:0,&quot;335559684&quot;:-2,&quot;335559685&quot;:720,&quot;335559991&quot;:360,&quot;469769226&quot;:&quot;Symbol&quot;,&quot;469769242&quot;:[8226],&quot;469777803&quot;:&quot;left&quot;,&quot;469777804&quot;:&quot;\uf0b7&quot;,&quot;469777815&quot;:&quot;hybridMultilevel&quot;}\" data-aria-posinset=\"1\" data-aria-level=\"1\"><b><span data-contrast=\"auto\">Horario<\/span><\/b><span data-contrast=\"auto\">: variable seg\u00fan la l\u00ednea.<\/span><span data-ccp-props=\"{&quot;335551550&quot;:6,&quot;335551620&quot;:6}\">\u00a0<\/span><\/li>\n<li data-leveltext=\"\uf0b7\" data-font=\"Symbol\" data-listid=\"7\" data-list-defn-props=\"{&quot;335552541&quot;:1,&quot;335559683&quot;:0,&quot;335559684&quot;:-2,&quot;335559685&quot;:720,&quot;335559991&quot;:360,&quot;469769226&quot;:&quot;Symbol&quot;,&quot;469769242&quot;:[8226],&quot;469777803&quot;:&quot;left&quot;,&quot;469777804&quot;:&quot;\uf0b7&quot;,&quot;469777815&quot;:&quot;hybridMultilevel&quot;}\" data-aria-posinset=\"1\" data-aria-level=\"1\"><b><span data-contrast=\"auto\">Frecuencia<\/span><\/b><span data-contrast=\"auto\">: depende del recorrido y de la franja horaria.<\/span><span data-ccp-props=\"{&quot;335551550&quot;:6,&quot;335551620&quot;:6}\">\u00a0<\/span><\/li>\n<\/ul>\n<h3><b><span data-contrast=\"auto\">Moverse por Aveiro en transporte interurbano<\/span><\/b><span data-ccp-props=\"{&quot;335551550&quot;:6,&quot;335551620&quot;:6}\">\u00a0<\/span><\/h3>\n<p><span data-contrast=\"auto\">Aveiro cuenta con buenas conexiones por carretera y ferrocarril con ciudades como Oporto, Coimbra o Lisboa.<\/span><span data-ccp-props=\"{&quot;335551550&quot;:6,&quot;335551620&quot;:6}\">\u00a0<\/span><\/p>\n<ul>\n<li data-leveltext=\"\uf0b7\" data-font=\"Symbol\" data-listid=\"8\" data-list-defn-props=\"{&quot;335552541&quot;:1,&quot;335559683&quot;:0,&quot;335559684&quot;:-2,&quot;335559685&quot;:720,&quot;335559991&quot;:360,&quot;469769226&quot;:&quot;Symbol&quot;,&quot;469769242&quot;:[8226],&quot;469777803&quot;:&quot;left&quot;,&quot;469777804&quot;:&quot;\uf0b7&quot;,&quot;469777815&quot;:&quot;hybridMultilevel&quot;}\" data-aria-posinset=\"1\" data-aria-level=\"1\"><b><span data-contrast=\"auto\">Horario:<\/span><\/b><span data-contrast=\"auto\"> servicios disponibles durante gran parte del d\u00eda.<\/span><span data-ccp-props=\"{&quot;335551550&quot;:6,&quot;335551620&quot;:6}\">\u00a0<\/span><\/li>\n<li data-leveltext=\"\uf0b7\" data-font=\"Symbol\" data-listid=\"8\" data-list-defn-props=\"{&quot;335552541&quot;:1,&quot;335559683&quot;:0,&quot;335559684&quot;:-2,&quot;335559685&quot;:720,&quot;335559991&quot;:360,&quot;469769226&quot;:&quot;Symbol&quot;,&quot;469769242&quot;:[8226],&quot;469777803&quot;:&quot;left&quot;,&quot;469777804&quot;:&quot;\uf0b7&quot;,&quot;469777815&quot;:&quot;hybridMultilevel&quot;}\" data-aria-posinset=\"1\" data-aria-level=\"1\"><b><span data-contrast=\"auto\">Frecuencia:<\/span><\/b><span data-contrast=\"auto\"> variable seg\u00fan la ruta y el destino.<\/span><span data-ccp-props=\"{&quot;335551550&quot;:6,&quot;335551620&quot;:6}\">\u00a0<\/span><\/li>\n<\/ul>\n<h3><b><span data-contrast=\"auto\">Moverse por Aveiro a pie<\/span><\/b><span data-ccp-props=\"{&quot;335551550&quot;:6,&quot;335551620&quot;:6}\">\u00a0<\/span><\/h3>\n<p><span data-contrast=\"auto\">Gran parte de los principales atractivos de Aveiro se encuentran relativamente cerca unos de otros. Pasear junto a los canales, recorrer Beira-Mar o descubrir sus edificios modernistas es una de las mejores formas de conocer la ciudad.<\/span><span data-ccp-props=\"{&quot;335551550&quot;:6,&quot;335551620&quot;:6}\">\u00a0<\/span><\/p>\n<blockquote>\n<h2><b><span data-contrast=\"auto\">Qu\u00e9 hacer en Aveiro: visitas imprescindibles<\/span><\/b><span data-ccp-props=\"{&quot;335551550&quot;:6,&quot;335551620&quot;:6}\">\u00a0<\/span><\/h2>\n<\/blockquote>\n<p><span data-contrast=\"auto\">Una vez resuelto el aparcamiento, es el momento de descubrir algunos de los lugares m\u00e1s representativos de Aveiro. Canales, arquitectura, gastronom\u00eda y tradici\u00f3n convierten a esta ciudad en uno de los destinos m\u00e1s atractivos de Portugal.<\/span><span data-ccp-props=\"{&quot;335551550&quot;:6,&quot;335551620&quot;:6}\">\u00a0<\/span><\/p>\n<h3><b><span data-contrast=\"auto\">Monumentos o sitios de inter\u00e9s de Aveiro<\/span><\/b><span data-ccp-props=\"{&quot;335551550&quot;:6,&quot;335551620&quot;:6}\">\u00a0<\/span><\/h3>\n<p><b><span data-contrast=\"auto\">Canales de Aveiro<\/span><\/b>\u00a0<br \/><span data-contrast=\"auto\">El gran s\u00edmbolo de la ciudad y el lugar perfecto para disfrutar de un paseo en moliceiro.<\/span><span data-ccp-props=\"{&quot;335551550&quot;:6,&quot;335551620&quot;:6}\">\u00a0<\/span><\/p>\n<p><b><span data-contrast=\"auto\">Barrio de Beira-Mar<\/span><\/b>\u00a0<br \/><span data-contrast=\"auto\">Uno de los barrios m\u00e1s tradicionales y pintorescos de Aveiro.<\/span><span data-ccp-props=\"{&quot;335551550&quot;:6,&quot;335551620&quot;:6}\">\u00a0<\/span><\/p>\n<p><b><span data-contrast=\"auto\">Pra\u00e7a do Peixe<\/span><\/b>\u00a0<br \/><span data-contrast=\"auto\">Una de las zonas con m\u00e1s ambiente de la ciudad, rodeada de restaurantes y terrazas.<\/span><span data-ccp-props=\"{&quot;335551550&quot;:6,&quot;335551620&quot;:6}\">\u00a0<\/span><\/p>\n<p><b><span data-contrast=\"auto\">Museo de Aveiro<\/span><\/b>\u00a0<br \/><span data-contrast=\"auto\">Ubicado en el antiguo Convento de Jes\u00fas, permite conocer parte de la historia local.<\/span><span data-ccp-props=\"{&quot;335551550&quot;:6,&quot;335551620&quot;:6}\">\u00a0<\/span><\/p>\n<p><b><span data-contrast=\"auto\">Universidad de Aveiro<\/span><\/b>\u00a0<br \/><span data-contrast=\"auto\">Uno de los principales referentes acad\u00e9micos de Portugal y un destacado ejemplo de arquitectura contempor\u00e1nea.<\/span><span data-ccp-props=\"{&quot;335551550&quot;:6,&quot;335551620&quot;:6}\">\u00a0<\/span><\/p>\n<p><b><span data-contrast=\"auto\">Edificios modernistas de Aveiro<\/span><\/b>\u00a0<br \/><span data-contrast=\"auto\">Repartidos por distintos puntos de la ciudad, forman parte de una de sus se\u00f1as de identidad.<\/span><span data-ccp-props=\"{&quot;335551550&quot;:6,&quot;335551620&quot;:6}\">\u00a0<\/span><\/p>\n<p><b><span data-contrast=\"auto\">Costa Nova<\/span><\/b>\u00a0<br \/><span data-contrast=\"auto\">Famosa por sus coloridas casas a rayas y situada a pocos kil\u00f3metros del centro.<\/span><span data-ccp-props=\"{&quot;335551550&quot;:6,&quot;335551620&quot;:6}\">\u00a0<\/span><\/p>\n<p><span data-contrast=\"auto\">Si quieres moverte por Aveiro con mayor comodidad, puedes reservar tu plaza en los parkings<\/span> <a href=\"https:\/\/www.telpark.com\/es\/ciudades\/aveiro\/largo-do-rossio\/\"><b><span data-contrast=\"none\">Largo do Rossio<\/span><\/b><\/a> \u00a0<span data-contrast=\"auto\">o <\/span><a href=\"https:\/\/www.telpark.com\/es\/ciudades\/aveiro\/parking-mercado-manuel-firmino\/\"><b><span data-contrast=\"none\">Mercado Manuel Firmino<\/span><\/b> <b><span data-contrast=\"none\">de Telpark<\/span><\/b><\/a> \u00a0<span data-contrast=\"auto\">y dedicar m\u00e1s tiempo a disfrutar de los canales, la gastronom\u00eda local y el encanto de una de las ciudades m\u00e1s especiales de Portugal.<\/span><span data-ccp-props=\"{&quot;335551550&quot;:6,&quot;335551620&quot;:6}\">\u00a0<\/span><\/p>\n\n        <\/div>\n    <\/div>\n<\/article>","protected":false},"featured_media":0,"template":"","country":[184],"yoast_head":"<!-- This site is optimized with the Yoast SEO plugin v20.12 - https:\/\/yoast.com\/wordpress\/plugins\/seo\/ -->\n<title>Parking Aveiro - Reserva tu plaza de aparcamiento | Telpark<\/title>\n<meta name=\"description\" content=\"Aparcar en Aveiro es m\u00e1s f\u00e1cil con Telpark. Descubre nuestros parkings y reserva aparcamiento desde nuestra app. \u00a1Descubre nuestras tarifas!\" \/>\n<meta name=\"robots\" content=\"index, follow, max-snippet:-1, max-image-preview:large, max-video-preview:-1\" \/>\n<link rel=\"canonical\" href=\"https:\/\/www.telpark.com\/es\/ciudades\/aveiro\/\" \/>\n<meta property=\"og:locale\" content=\"es_ES\" \/>\n<meta property=\"og:type\" content=\"article\" \/>\n<meta property=\"og:title\" content=\"Parking Aveiro - Reserva tu plaza de aparcamiento | Telpark\" \/>\n<meta property=\"og:description\" content=\"Aparcar en Aveiro es m\u00e1s f\u00e1cil con Telpark. Descubre nuestros parkings y reserva aparcamiento desde nuestra app. \u00a1Descubre nuestras tarifas!\" \/>\n<meta property=\"og:url\" content=\"https:\/\/www.telpark.com\/es\/ciudades\/aveiro\/\" \/>\n<meta property=\"og:site_name\" content=\"Telpark\" \/>\n<meta property=\"article:modified_time\" content=\"2026-07-22T11:41:28+00:00\" \/>\n<meta name=\"twitter:card\" content=\"summary_large_image\" \/>\n<meta name=\"twitter:site\" content=\"@telpark_es\" \/>\n<script type=\"application\/ld+json\" class=\"yoast-schema-graph\">{\"@context\":\"https:\/\/schema.org\",\"@graph\":[{\"@type\":\"WebPage\",\"@id\":\"https:\/\/www.telpark.com\/es\/ciudades\/aveiro\/\",\"url\":\"https:\/\/www.telpark.com\/es\/ciudades\/aveiro\/\",\"name\":\"Parking Aveiro - Reserva tu plaza de aparcamiento | Telpark\",\"isPartOf\":{\"@id\":\"https:\/\/www.telpark.com\/es\/#website\"},\"datePublished\":\"2023-03-31T13:02:23+00:00\",\"dateModified\":\"2026-07-22T11:41:28+00:00\",\"description\":\"Aparcar en Aveiro es m\u00e1s f\u00e1cil con Telpark. Descubre nuestros parkings y reserva aparcamiento desde nuestra app. \u00a1Descubre nuestras tarifas!\",\"breadcrumb\":{\"@id\":\"https:\/\/www.telpark.com\/es\/ciudades\/aveiro\/#breadcrumb\"},\"inLanguage\":\"es-ES\",\"potentialAction\":[{\"@type\":\"ReadAction\",\"target\":[\"https:\/\/www.telpark.com\/es\/ciudades\/aveiro\/\"]}]},{\"@type\":\"BreadcrumbList\",\"@id\":\"https:\/\/www.telpark.com\/es\/ciudades\/aveiro\/#breadcrumb\",\"itemListElement\":[{\"@type\":\"ListItem\",\"position\":1,\"name\":\"Home\",\"item\":\"https:\/\/www.telpark.com\/es\/\"},{\"@type\":\"ListItem\",\"position\":2,\"name\":\"Aveiro\"}]},{\"@type\":\"WebSite\",\"@id\":\"https:\/\/www.telpark.com\/es\/#website\",\"url\":\"https:\/\/www.telpark.com\/es\/\",\"name\":\"Telpark\",\"description\":\"Reserva tu plaza en los mejores aparcamientos. Descarga la app y olv\u00eddate de cajeros o parqu\u00edmetros en m\u00e1s de 100 ciudades en Espa\u00f1a y Portugal\",\"publisher\":{\"@id\":\"https:\/\/www.telpark.com\/es\/#organization\"},\"potentialAction\":[{\"@type\":\"SearchAction\",\"target\":{\"@type\":\"EntryPoint\",\"urlTemplate\":\"https:\/\/www.telpark.com\/es\/?s={search_term_string}\"},\"query-input\":\"required name=search_term_string\"}],\"inLanguage\":\"es-ES\"},{\"@type\":\"Organization\",\"@id\":\"https:\/\/www.telpark.com\/es\/#organization\",\"name\":\"Telpark\",\"url\":\"https:\/\/www.telpark.com\/es\/\",\"logo\":{\"@type\":\"ImageObject\",\"inLanguage\":\"es-ES\",\"@id\":\"https:\/\/www.telpark.com\/es\/#\/schema\/logo\/image\/\",\"url\":\"https:\/\/www.telpark.com\/wp-content\/uploads\/2023\/09\/telpark-logo.svg\",\"contentUrl\":\"https:\/\/www.telpark.com\/wp-content\/uploads\/2023\/09\/telpark-logo.svg\",\"width\":128,\"height\":32,\"caption\":\"Telpark\"},\"image\":{\"@id\":\"https:\/\/www.telpark.com\/es\/#\/schema\/logo\/image\/\"},\"sameAs\":[\"https:\/\/twitter.com\/telpark_es\",\"https:\/\/www.instagram.com\/telpark_app\/\",\"https:\/\/www.youtube.com\/channel\/UCm8sjis_xlHU5VYQ6GslW-Q\"]}]}<\/script>\n<!-- \/ Yoast SEO plugin. -->","yoast_head_json":{"title":"Parking Aveiro - Reserva tu plaza de aparcamiento | Telpark","description":"Aparcar en Aveiro es m\u00e1s f\u00e1cil con Telpark. Descubre nuestros parkings y reserva aparcamiento desde nuestra app. \u00a1Descubre nuestras tarifas!","robots":{"index":"index","follow":"follow","max-snippet":"max-snippet:-1","max-image-preview":"max-image-preview:large","max-video-preview":"max-video-preview:-1"},"canonical":"https:\/\/www.telpark.com\/es\/ciudades\/aveiro\/","og_locale":"es_ES","og_type":"article","og_title":"Parking Aveiro - Reserva tu plaza de aparcamiento | Telpark","og_description":"Aparcar en Aveiro es m\u00e1s f\u00e1cil con Telpark. Descubre nuestros parkings y reserva aparcamiento desde nuestra app. \u00a1Descubre nuestras tarifas!","og_url":"https:\/\/www.telpark.com\/es\/ciudades\/aveiro\/","og_site_name":"Telpark","article_modified_time":"2026-07-22T11:41:28+00:00","twitter_card":"summary_large_image","twitter_site":"@telpark_es","schema":{"@context":"https:\/\/schema.org","@graph":[{"@type":"WebPage","@id":"https:\/\/www.telpark.com\/es\/ciudades\/aveiro\/","url":"https:\/\/www.telpark.com\/es\/ciudades\/aveiro\/","name":"Parking Aveiro - Reserva tu plaza de aparcamiento | Telpark","isPartOf":{"@id":"https:\/\/www.telpark.com\/es\/#website"},"datePublished":"2023-03-31T13:02:23+00:00","dateModified":"2026-07-22T11:41:28+00:00","description":"Aparcar en Aveiro es m\u00e1s f\u00e1cil con Telpark. Descubre nuestros parkings y reserva aparcamiento desde nuestra app. \u00a1Descubre nuestras tarifas!","breadcrumb":{"@id":"https:\/\/www.telpark.com\/es\/ciudades\/aveiro\/#breadcrumb"},"inLanguage":"es-ES","potentialAction":[{"@type":"ReadAction","target":["https:\/\/www.telpark.com\/es\/ciudades\/aveiro\/"]}]},{"@type":"BreadcrumbList","@id":"https:\/\/www.telpark.com\/es\/ciudades\/aveiro\/#breadcrumb","itemListElement":[{"@type":"ListItem","position":1,"name":"Home","item":"https:\/\/www.telpark.com\/es\/"},{"@type":"ListItem","position":2,"name":"Aveiro"}]},{"@type":"WebSite","@id":"https:\/\/www.telpark.com\/es\/#website","url":"https:\/\/www.telpark.com\/es\/","name":"Telpark","description":"Reserva tu plaza en los mejores aparcamientos. Descarga la app y olv\u00eddate de cajeros o parqu\u00edmetros en m\u00e1s de 100 ciudades en Espa\u00f1a y Portugal","publisher":{"@id":"https:\/\/www.telpark.com\/es\/#organization"},"potentialAction":[{"@type":"SearchAction","target":{"@type":"EntryPoint","urlTemplate":"https:\/\/www.telpark.com\/es\/?s={search_term_string}"},"query-input":"required name=search_term_string"}],"inLanguage":"es-ES"},{"@type":"Organization","@id":"https:\/\/www.telpark.com\/es\/#organization","name":"Telpark","url":"https:\/\/www.telpark.com\/es\/","logo":{"@type":"ImageObject","inLanguage":"es-ES","@id":"https:\/\/www.telpark.com\/es\/#\/schema\/logo\/image\/","url":"https:\/\/www.telpark.com\/wp-content\/uploads\/2023\/09\/telpark-logo.svg","contentUrl":"https:\/\/www.telpark.com\/wp-content\/uploads\/2023\/09\/telpark-logo.svg","width":128,"height":32,"caption":"Telpark"},"image":{"@id":"https:\/\/www.telpark.com\/es\/#\/schema\/logo\/image\/"},"sameAs":["https:\/\/twitter.com\/telpark_es","https:\/\/www.instagram.com\/telpark_app\/","https:\/\/www.youtube.com\/channel\/UCm8sjis_xlHU5VYQ6GslW-Q"]}]}},"meta_box":{"telpark_bd_id":"0","latitude":"40.6404843","longitude":"-8.723794"},"_links":{"self":[{"href":"https:\/\/www.telpark.com\/es\/wp-json\/wp\/v2\/locations\/2481"}],"collection":[{"href":"https:\/\/www.telpark.com\/es\/wp-json\/wp\/v2\/locations"}],"about":[{"href":"https:\/\/www.telpark.com\/es\/wp-json\/wp\/v2\/types\/locations"}],"version-history":[{"count":2,"href":"https:\/\/www.telpark.com\/es\/wp-json\/wp\/v2\/locations\/2481\/revisions"}],"predecessor-version":[{"id":58088,"href":"https:\/\/www.telpark.com\/es\/wp-json\/wp\/v2\/locations\/2481\/revisions\/58088"}],"wp:attachment":[{"href":"https:\/\/www.telpark.com\/es\/wp-json\/wp\/v2\/media?parent=2481"}],"wp:term":[{"taxonomy":"country","embeddable":true,"href":"https:\/\/www.telpark.com\/es\/wp-json\/wp\/v2\/country?post=2481"}],"curies":[{"name":"wp","href":"https:\/\/api.w.org\/{rel}","templated":true}]}}