{"id":2505,"date":"2023-03-31T13:02:28","date_gmt":"2023-03-31T13:02:28","guid":{"rendered":"https:\/\/telpark.cmspro.telpark.com\/ciudades\/lisboa\/"},"modified":"2026-07-28T10:09:23","modified_gmt":"2026-07-28T09:09:23","slug":"lisboa","status":"publish","type":"locations","link":"https:\/\/www.telpark.com\/es\/ciudades\/lisboa\/","title":{"rendered":"Lisboa"},"content":{"rendered":"\n<section class=\"tpk-hero tpk-hero--products                lower\"\n         style=\"\">\n                            <picture >\n\n                    <source srcset=\"https:\/\/www.telpark.com\/wp-content\/uploads\/2023\/09\/Lisboa-480x640.jpg\" media=\"((min-width: 0rem) and (max-width: 30rem))\" width=\"480\" height=\"640\">\n                             <source srcset=\"https:\/\/www.telpark.com\/wp-content\/uploads\/2023\/09\/Lisboa-1024x500.jpg\" media=\"(min-width: 30rem) and (max-width: 64rem)\" width=\"1024\" height=\"500\">\n                            <source srcset=\"https:\/\/www.telpark.com\/wp-content\/uploads\/2023\/09\/Lisboa-1920x640.jpg\" media=\"(min-width: 64rem)\" width=\"1920\" height=\"640\">\n        \n        \n                                                                                                        \n        <img decoding=\"async\" fetchpriority=\"high\" src=\"https:\/\/www.telpark.com\/wp-content\/uploads\/2023\/09\/Lisboa-1920x640.jpg\" alt=\"\"  width=\"1920\" height=\"640\"  loading=\"eager\">\n    <\/picture>\n\n    \n            <div class=\"tpk-breadcrumb wrapper row\">\n    <nav aria-label=\"Breadcrumb\">\n        <ul>\n                            <li>\n                                            <span aria-current=\"page\">Lisboa<\/span>\n                                    <\/li>\n                    <\/ul>\n    <\/nav>\n<\/div>        <div class=\"tpk-hero__content wrapper row\">\n                    <div class=\"col-xs-12 col-sm-12 pr-h pl-h\">\n                                <header class=\"tpk-head  wrapper\">\n    <p class=\"tpk-head__caption\">Parking y parqu\u00edmetro<\/p>    <h1 class=\"tpk-head__title\">Aparcar en Lisboa<\/h1>    <\/header>\n            \n                    <\/div>\n    <\/div>\n            <div class=\"tpk-hero__cards row wrapper\">\n                                                                                        <div class=\"col-xs-12 col-sm-12 col-md-4 mb-1 pl-h pr-h\">\n                                                                    <\/div>\n                    <\/div>\n    <\/section>\n<div class=\"tpk-spinner__wrapper\">\n    <div class=\"tpk-spinner\"><\/div>\n<\/div>\n\n<article class=\"tpk-page\">\n    <div class=\"row wrapper center-xs tpk-page__content\">\n        <div class=\"col-xs-12 col-sm-10 col-md-8 pt-4 pb-4\">\n            <p>Explora Lisboa, la vibrante capital de Portugal que combina a la perfecci\u00f3n la rica historia con la modernidad. Con su impresionante arquitectura, calles empedradas y vistas panor\u00e1micas del r\u00edo Tajo, Lisboa te cautivar\u00e1 desde el primer momento. Paseaa por los barrios hist\u00f3ricos de Alfama y Bairro Alto y no te pierdas los emblem\u00e1ticos monumentos como la Torre de Bel\u00e9m y el Monasterio de los Jer\u00f3nimos.\u00a0<\/p>\n\n        <\/div>\n    <\/div>\n<\/article>\n\n<div class=\"tpk-tabs big\">\n                                    <input type=\"radio\" name=\"tabs-city\" id=\"tab-city457008859\"\n                                            checked\n                                         \/>\n            <label for=\"tab-city457008859\" class=\"tpk-tab__label\" role=\"tab\">\n                Parking\n            <\/label>\n                                <input type=\"radio\" name=\"tabs-city\" id=\"tab-city1241886986\"\n                                         \/>\n            <label for=\"tab-city1241886986\" class=\"tpk-tab__label\" role=\"tab\">\n                Parqu\u00edmetro\n            <\/label>\n                \n<div class=\"tpk-tab__content\" role=\"tabpanel\" aria-labelledby=\"description\" aria-hidden=\"false\">\n    \n<section class=\"tpk-parkings \">\n    <div class=\"wrapper row center-xs\">\n        <div class=\"col-xs-12 col-sm-10 col-md-8\">\n                <header class=\"tpk-head  wrapper\">\n    <p class=\"tpk-head__caption\">Tu plaza de aparcamiento te est\u00e1 esperando<\/p>    <h2 class=\"tpk-head__title\">Encuentra tu parking ideal en Lisboa<\/h2>    <p>Mu\u00e9vete sin complicaciones y aparca en las mejores zonas de Lisboa al mejor precio.<\/p>\n<\/header>        <\/div>\n    <\/div>\n    <div class=\"tpk-parkings__list row wrapper\">\n                    <div class=\"col-xs-12 col-sm-6 col-md-6 col-lg-6 pb-1 pl-h pr-h\">\n                \n    <a href=\"https:\/\/www.telpark.com\/es\/ciudades\/lisboa\/parking-mercado-de-alvalade\/\" class=\"tpk-card-parking\">\n                                        <picture >\n\n                    <source srcset=\"https:\/\/www.telpark.com\/wp-content\/uploads\/2025\/09\/IMG_7330-480x270.jpeg\" media=\"((min-width: 0rem) and (max-width: 30rem))\" width=\"480\" height=\"270\">\n                             <source srcset=\"https:\/\/www.telpark.com\/wp-content\/uploads\/2025\/09\/IMG_7330-480x270.jpeg\" media=\"(min-width: 30rem) and (max-width: 64rem)\" width=\"480\" height=\"270\">\n                            <source srcset=\"https:\/\/www.telpark.com\/wp-content\/uploads\/2025\/09\/IMG_7330-280x300.jpeg\" media=\"(min-width: 64rem)\" width=\"280\" height=\"300\">\n        \n        \n                                                                                                                                                                    \n        <img decoding=\"async\" src=\"https:\/\/www.telpark.com\/wp-content\/uploads\/2025\/09\/IMG_7330-280x300.jpeg\" alt=\"Portico-alvalade-telpark\"  width=\"280\" height=\"300\"  loading=\"lazy\" >\n    <\/picture>\n\n                <div class=\"tpk-card-parking__content\">\n                            <h3 class=\"tpk-card-parking__title\">Parking Mercado de Alvalade<\/h3>\n                                        <address> Mercado de Alvalade, Av. Rio de Janeiro 26<\/address>\n                        <div class=\"tpk-card-parking__icons\">\n                                    <span class=\"icon Array icon--md\"><\/span>\n                                    <span class=\"icon Array icon--md\"><\/span>\n                                    <span class=\"icon Array icon--md\"><\/span>\n                                    <span class=\"icon Array icon--md\"><\/span>\n                                    <span class=\"icon Array icon--md\"><\/span>\n                            <\/div>\n            <div class=\"tpk-card-parking__info\">\n                <div class=\"tpk-card-parking__info__price\">\n                                            a partir de\n                                                                <span><p>2,25 \u20ac<\/p><\/span>\n                                    <\/div>\n                <div class=\"tpk-card-parking__info__link\">\n                    <span class=\"icon icon-add icon--sm\">\n                    <\/span> \n                <\/div>\n            <\/div>\n        <\/div>\n    <\/a>\n            <\/div>\n                    <div class=\"col-xs-12 col-sm-6 col-md-6 col-lg-6 pb-1 pl-h pr-h\">\n                \n    <a href=\"https:\/\/www.telpark.com\/es\/ciudades\/lisboa\/parking-valbom\/\" class=\"tpk-card-parking\">\n                                        <picture >\n\n                    <source srcset=\"https:\/\/www.telpark.com\/wp-content\/uploads\/2023\/03\/Entrada-Parking-telpark-Valbom-Lisboa-480x270.jpg\" media=\"((min-width: 0rem) and (max-width: 30rem))\" width=\"480\" height=\"270\">\n                             <source srcset=\"https:\/\/www.telpark.com\/wp-content\/uploads\/2023\/03\/Entrada-Parking-telpark-Valbom-Lisboa-480x270.jpg\" media=\"(min-width: 30rem) and (max-width: 64rem)\" width=\"480\" height=\"270\">\n                            <source srcset=\"https:\/\/www.telpark.com\/wp-content\/uploads\/2023\/03\/Entrada-Parking-telpark-Valbom-Lisboa-280x300.jpg\" media=\"(min-width: 64rem)\" width=\"280\" height=\"300\">\n        \n        \n                                                                                                                                                                    \n        <img decoding=\"async\" src=\"https:\/\/www.telpark.com\/wp-content\/uploads\/2023\/03\/Entrada-Parking-telpark-Valbom-Lisboa-280x300.jpg\" alt=\"\"  width=\"280\" height=\"300\"  loading=\"lazy\" >\n    <\/picture>\n\n                <div class=\"tpk-card-parking__content\">\n                            <h3 class=\"tpk-card-parking__title\">Parking Valbom en Lisboa<\/h3>\n                                        <address>Av. Miguel Bombarda s\/n, 1050-161  <\/address>\n                        <div class=\"tpk-card-parking__icons\">\n                                    <span class=\"icon icon-bono icon--md\"><\/span>\n                                    <span class=\"icon icon-charger icon--md\"><\/span>\n                                    <span class=\"icon icon-car-express icon--md\"><\/span>\n                                    <span class=\"icon icon-galibo200 icon--md\"><\/span>\n                                    <span class=\"icon icon-multipass icon--md\"><\/span>\n                                    <span class=\"icon icon-reserva icon--md\"><\/span>\n                            <\/div>\n            <div class=\"tpk-card-parking__info\">\n                <div class=\"tpk-card-parking__info__price\">\n                                            a partir de\n                                                                <span><p>2,85 \u20ac<\/p><\/span>\n                                    <\/div>\n                <div class=\"tpk-card-parking__info__link\">\n                    <span class=\"icon icon-add icon--sm\">\n                    <\/span> \n                <\/div>\n            <\/div>\n        <\/div>\n    <\/a>\n            <\/div>\n                    <div class=\"col-xs-12 col-sm-6 col-md-6 col-lg-6 pb-1 pl-h pr-h\">\n                \n    <a href=\"https:\/\/www.telpark.com\/es\/ciudades\/lisboa\/parking-sete-rios-zoo\/\" class=\"tpk-card-parking\">\n                                        <picture >\n\n                    <source srcset=\"https:\/\/www.telpark.com\/wp-content\/uploads\/2023\/03\/parking-sete-rios-zoo-480x270.webp\" media=\"((min-width: 0rem) and (max-width: 30rem))\" width=\"480\" height=\"270\">\n                             <source srcset=\"https:\/\/www.telpark.com\/wp-content\/uploads\/2023\/03\/parking-sete-rios-zoo-480x270.webp\" media=\"(min-width: 30rem) and (max-width: 64rem)\" width=\"480\" height=\"270\">\n                            <source srcset=\"https:\/\/www.telpark.com\/wp-content\/uploads\/2023\/03\/parking-sete-rios-zoo-280x300.webp\" media=\"(min-width: 64rem)\" width=\"280\" height=\"300\">\n        \n        \n                                                                                                                                                                    \n        <img decoding=\"async\" src=\"https:\/\/www.telpark.com\/wp-content\/uploads\/2023\/03\/parking-sete-rios-zoo-280x300.webp\" alt=\"\"  width=\"280\" height=\"300\"  loading=\"lazy\" >\n    <\/picture>\n\n                <div class=\"tpk-card-parking__content\">\n                            <h3 class=\"tpk-card-parking__title\">Parking Sete Rios - Zoo<\/h3>\n                                        <address>Pra\u00e7a Humberto Delgado s\/n, 1500-423<\/address>\n                        <div class=\"tpk-card-parking__icons\">\n                                    <span class=\"icon icon-bono icon--md\"><\/span>\n                                    <span class=\"icon icon-charger icon--md\"><\/span>\n                                    <span class=\"icon icon-car-express icon--md\"><\/span>\n                                    <span class=\"icon icon-galibo190 icon--md\"><\/span>\n                                    <span class=\"icon icon-multipass icon--md\"><\/span>\n                                    <span class=\"icon icon-reserva icon--md\"><\/span>\n                            <\/div>\n            <div class=\"tpk-card-parking__info\">\n                <div class=\"tpk-card-parking__info__price\">\n                                            a partir de\n                                                                <span><p>1,90 \u20ac \/ 3,05 \u20ac<\/p><\/span>\n                                    <\/div>\n                <div class=\"tpk-card-parking__info__link\">\n                    <span class=\"icon icon-add icon--sm\">\n                    <\/span> \n                <\/div>\n            <\/div>\n        <\/div>\n    <\/a>\n            <\/div>\n                    <div class=\"col-xs-12 col-sm-6 col-md-6 col-lg-6 pb-1 pl-h pr-h\">\n                \n    <a href=\"https:\/\/www.telpark.com\/es\/ciudades\/lisboa\/parking-sao-bento-c-n-n\/\" class=\"tpk-card-parking\">\n                                        <picture >\n\n                    <source srcset=\"https:\/\/www.telpark.com\/wp-content\/uploads\/2023\/03\/be876a425be549fd609c994a8d1ec041.JPG\" media=\"((min-width: 0rem) and (max-width: 30rem))\" width=\"255\" height=\"176\">\n                             <source srcset=\"https:\/\/www.telpark.com\/wp-content\/uploads\/2023\/03\/be876a425be549fd609c994a8d1ec041.JPG\" media=\"(min-width: 30rem) and (max-width: 64rem)\" width=\"255\" height=\"176\">\n                            <source srcset=\"https:\/\/www.telpark.com\/wp-content\/uploads\/2023\/03\/be876a425be549fd609c994a8d1ec041.JPG\" media=\"(min-width: 64rem)\" width=\"255\" height=\"176\">\n        \n        \n                                                                                                                                                                    \n        <img decoding=\"async\" src=\"https:\/\/www.telpark.com\/wp-content\/uploads\/2023\/03\/be876a425be549fd609c994a8d1ec041.JPG\" alt=\"\"  width=\"255\" height=\"176\"  loading=\"lazy\" >\n    <\/picture>\n\n                <div class=\"tpk-card-parking__content\">\n                            <h3 class=\"tpk-card-parking__title\">Parking S\u00e3o Bento - C.N.N en Lisboa<\/h3>\n                                        <address>Rua de S\u00e3o Bento 209 a 215, 1250-219<\/address>\n                        <div class=\"tpk-card-parking__icons\">\n                                    <span class=\"icon icon-bono icon--md\"><\/span>\n                                    <span class=\"icon icon-charger icon--md\"><\/span>\n                                    <span class=\"icon icon-car-express icon--md\"><\/span>\n                                    <span class=\"icon icon-galibo190 icon--md\"><\/span>\n                                    <span class=\"icon icon-multipass icon--md\"><\/span>\n                                    <span class=\"icon icon-reserva icon--md\"><\/span>\n                            <\/div>\n            <div class=\"tpk-card-parking__info\">\n                <div class=\"tpk-card-parking__info__price\">\n                                            a partir de\n                                                                <span><p>2,10 \u20ac<\/p><\/span>\n                                    <\/div>\n                <div class=\"tpk-card-parking__info__link\">\n                    <span class=\"icon icon-add icon--sm\">\n                    <\/span> \n                <\/div>\n            <\/div>\n        <\/div>\n    <\/a>\n            <\/div>\n                    <div class=\"col-xs-12 col-sm-6 col-md-6 col-lg-6 pb-1 pl-h pr-h\">\n                \n    <a href=\"https:\/\/www.telpark.com\/es\/ciudades\/lisboa\/parking-santa-apolonia\/\" class=\"tpk-card-parking\">\n                                        <picture >\n\n                    <source srcset=\"https:\/\/www.telpark.com\/wp-content\/uploads\/2023\/03\/santa-apolonia-telpark-480x270.jpg\" media=\"((min-width: 0rem) and (max-width: 30rem))\" width=\"480\" height=\"270\">\n                             <source srcset=\"https:\/\/www.telpark.com\/wp-content\/uploads\/2023\/03\/santa-apolonia-telpark-480x270.jpg\" media=\"(min-width: 30rem) and (max-width: 64rem)\" width=\"480\" height=\"270\">\n                            <source srcset=\"https:\/\/www.telpark.com\/wp-content\/uploads\/2023\/03\/santa-apolonia-telpark-280x300.jpg\" media=\"(min-width: 64rem)\" width=\"280\" height=\"300\">\n        \n        \n                                                                                                                                                                    \n        <img decoding=\"async\" src=\"https:\/\/www.telpark.com\/wp-content\/uploads\/2023\/03\/santa-apolonia-telpark-280x300.jpg\" alt=\"\"  width=\"280\" height=\"300\"  loading=\"lazy\" >\n    <\/picture>\n\n                <div class=\"tpk-card-parking__content\">\n                            <h3 class=\"tpk-card-parking__title\">Parking Santa Apol\u00f3nia en Lisboa<\/h3>\n                                        <address>Gare Mar\u00edtima de Santa Apol\u00f3nia s\/n, Cais da Pedra, 1900-264<\/address>\n                        <div class=\"tpk-card-parking__icons\">\n                                    <span class=\"icon icon-bono icon--md\"><\/span>\n                                    <span class=\"icon icon-car-express icon--md\"><\/span>\n                                    <span class=\"icon icon-reserva icon--md\"><\/span>\n                            <\/div>\n            <div class=\"tpk-card-parking__info\">\n                <div class=\"tpk-card-parking__info__price\">\n                                            a partir de\n                                                                <span><p>2,15 \u20ac<\/p><\/span>\n                                    <\/div>\n                <div class=\"tpk-card-parking__info__link\">\n                    <span class=\"icon icon-add icon--sm\">\n                    <\/span> \n                <\/div>\n            <\/div>\n        <\/div>\n    <\/a>\n            <\/div>\n                    <div class=\"col-xs-12 col-sm-6 col-md-6 col-lg-6 pb-1 pl-h pr-h\">\n                \n    <a href=\"https:\/\/www.telpark.com\/es\/ciudades\/lisboa\/parking-saldanha-residence\/\" class=\"tpk-card-parking\">\n                                        <picture >\n\n                    <source srcset=\"https:\/\/www.telpark.com\/wp-content\/uploads\/2023\/03\/eb1996a3f470aa828add9b18b304f710.JPG\" media=\"((min-width: 0rem) and (max-width: 30rem))\" width=\"300\" height=\"206\">\n                             <source srcset=\"https:\/\/www.telpark.com\/wp-content\/uploads\/2023\/03\/eb1996a3f470aa828add9b18b304f710.JPG\" media=\"(min-width: 30rem) and (max-width: 64rem)\" width=\"300\" height=\"206\">\n                            <source srcset=\"https:\/\/www.telpark.com\/wp-content\/uploads\/2023\/03\/eb1996a3f470aa828add9b18b304f710.JPG\" media=\"(min-width: 64rem)\" width=\"280\" height=\"206\">\n        \n        \n                                                                                                                                                                    \n        <img decoding=\"async\" src=\"https:\/\/www.telpark.com\/wp-content\/uploads\/2023\/03\/eb1996a3f470aa828add9b18b304f710.JPG\" alt=\"\"  width=\"280\" height=\"206\"  loading=\"lazy\" >\n    <\/picture>\n\n                <div class=\"tpk-card-parking__content\">\n                            <h3 class=\"tpk-card-parking__title\">Parking Saldanha Residence en Lisboa<\/h3>\n                                        <address>Av. Fontes Pereira de Melo s\/n, 1050-000<\/address>\n                        <div class=\"tpk-card-parking__icons\">\n                                    <span class=\"icon icon-bono icon--md\"><\/span>\n                                    <span class=\"icon icon-charger icon--md\"><\/span>\n                                    <span class=\"icon icon-car-express icon--md\"><\/span>\n                                    <span class=\"icon icon-galibo190 icon--md\"><\/span>\n                                    <span class=\"icon icon-multipass icon--md\"><\/span>\n                                    <span class=\"icon icon-reserva icon--md\"><\/span>\n                            <\/div>\n            <div class=\"tpk-card-parking__info\">\n                <div class=\"tpk-card-parking__info__price\">\n                                            a partir de\n                                                                <span><p>4.00 \u20ac<\/p><\/span>\n                                    <\/div>\n                <div class=\"tpk-card-parking__info__link\">\n                    <span class=\"icon icon-add icon--sm\">\n                    <\/span> \n                <\/div>\n            <\/div>\n        <\/div>\n    <\/a>\n            <\/div>\n                    <div class=\"col-xs-12 col-sm-6 col-md-6 col-lg-6 pb-1 pl-h pr-h\">\n                \n    <a href=\"https:\/\/www.telpark.com\/es\/ciudades\/lisboa\/parking-saldanha\/\" class=\"tpk-card-parking\">\n                                        <picture >\n\n                    <source srcset=\"https:\/\/www.telpark.com\/wp-content\/uploads\/2023\/03\/Plazas-Parking-telpark-Saldanha-Lisboa-480x270.jpg\" media=\"((min-width: 0rem) and (max-width: 30rem))\" width=\"480\" height=\"270\">\n                             <source srcset=\"https:\/\/www.telpark.com\/wp-content\/uploads\/2023\/03\/Plazas-Parking-telpark-Saldanha-Lisboa-480x270.jpg\" media=\"(min-width: 30rem) and (max-width: 64rem)\" width=\"480\" height=\"270\">\n                            <source srcset=\"https:\/\/www.telpark.com\/wp-content\/uploads\/2023\/03\/Plazas-Parking-telpark-Saldanha-Lisboa-280x300.jpg\" media=\"(min-width: 64rem)\" width=\"280\" height=\"300\">\n        \n        \n                                                                                                                                                                    \n        <img decoding=\"async\" src=\"https:\/\/www.telpark.com\/wp-content\/uploads\/2023\/03\/Plazas-Parking-telpark-Saldanha-Lisboa-280x300.jpg\" alt=\"\"  width=\"280\" height=\"300\"  loading=\"lazy\" >\n    <\/picture>\n\n                <div class=\"tpk-card-parking__content\">\n                            <h3 class=\"tpk-card-parking__title\">Parking Saldanha en Lisboa<\/h3>\n                                        <address>Rua Latino Coelho s\/n, 1050-135<\/address>\n                        <div class=\"tpk-card-parking__icons\">\n                                    <span class=\"icon icon-bono icon--md\"><\/span>\n                                    <span class=\"icon icon-charger icon--md\"><\/span>\n                                    <span class=\"icon icon-car-express icon--md\"><\/span>\n                                    <span class=\"icon icon-galibo190 icon--md\"><\/span>\n                                    <span class=\"icon icon-multipass icon--md\"><\/span>\n                                    <span class=\"icon icon-solidarity icon--md\"><\/span>\n                                    <span class=\"icon icon-reserva icon--md\"><\/span>\n                            <\/div>\n            <div class=\"tpk-card-parking__info\">\n                <div class=\"tpk-card-parking__info__price\">\n                                            a partir de\n                                                                <span><p>2,85 \u20ac<\/p><\/span>\n                                    <\/div>\n                <div class=\"tpk-card-parking__info__link\">\n                    <span class=\"icon icon-add icon--sm\">\n                    <\/span> \n                <\/div>\n            <\/div>\n        <\/div>\n    <\/a>\n            <\/div>\n                    <div class=\"col-xs-12 col-sm-6 col-md-6 col-lg-6 pb-1 pl-h pr-h\">\n                \n    <a href=\"https:\/\/www.telpark.com\/es\/ciudades\/lisboa\/parking-roma\/\" class=\"tpk-card-parking\">\n                                        <picture >\n\n                    <source srcset=\"https:\/\/www.telpark.com\/wp-content\/uploads\/2023\/03\/Entrada-Parking-telpark-Roma-Lisboa-480x270.jpg\" media=\"((min-width: 0rem) and (max-width: 30rem))\" width=\"480\" height=\"270\">\n                             <source srcset=\"https:\/\/www.telpark.com\/wp-content\/uploads\/2023\/03\/Entrada-Parking-telpark-Roma-Lisboa-480x270.jpg\" media=\"(min-width: 30rem) and (max-width: 64rem)\" width=\"480\" height=\"270\">\n                            <source srcset=\"https:\/\/www.telpark.com\/wp-content\/uploads\/2023\/03\/Entrada-Parking-telpark-Roma-Lisboa-280x300.jpg\" media=\"(min-width: 64rem)\" width=\"280\" height=\"300\">\n        \n        \n                                                                                                                                                                    \n        <img decoding=\"async\" src=\"https:\/\/www.telpark.com\/wp-content\/uploads\/2023\/03\/Entrada-Parking-telpark-Roma-Lisboa-280x300.jpg\" alt=\"\"  width=\"280\" height=\"300\"  loading=\"lazy\" >\n    <\/picture>\n\n                <div class=\"tpk-card-parking__content\">\n                            <h3 class=\"tpk-card-parking__title\">Parking Roma<\/h3>\n                                        <address>Jardim Fernando Pessa s\/n, 1000-265<\/address>\n                        <div class=\"tpk-card-parking__icons\">\n                                    <span class=\"icon icon-bono icon--md\"><\/span>\n                                    <span class=\"icon icon-charger icon--md\"><\/span>\n                                    <span class=\"icon icon-car-express icon--md\"><\/span>\n                                    <span class=\"icon icon-galibo200 icon--md\"><\/span>\n                                    <span class=\"icon icon-multipass icon--md\"><\/span>\n                                    <span class=\"icon icon-reserva icon--md\"><\/span>\n                            <\/div>\n            <div class=\"tpk-card-parking__info\">\n                <div class=\"tpk-card-parking__info__price\">\n                                            a partir de\n                                                                <span><p>2,15 \u20ac<\/p><\/span>\n                                    <\/div>\n                <div class=\"tpk-card-parking__info__link\">\n                    <span class=\"icon icon-add icon--sm\">\n                    <\/span> \n                <\/div>\n            <\/div>\n        <\/div>\n    <\/a>\n            <\/div>\n                    <div class=\"col-xs-12 col-sm-6 col-md-6 col-lg-6 pb-1 pl-h pr-h\">\n                \n    <a href=\"https:\/\/www.telpark.com\/es\/ciudades\/lisboa\/parking-restauradores\/\" class=\"tpk-card-parking\">\n                                        <picture >\n\n                    <source srcset=\"https:\/\/www.telpark.com\/wp-content\/uploads\/2023\/03\/Ascensor-Parking-telpark-Restauradores-Lisboa-480x270.jpg\" media=\"((min-width: 0rem) and (max-width: 30rem))\" width=\"480\" height=\"270\">\n                             <source srcset=\"https:\/\/www.telpark.com\/wp-content\/uploads\/2023\/03\/Ascensor-Parking-telpark-Restauradores-Lisboa-480x270.jpg\" media=\"(min-width: 30rem) and (max-width: 64rem)\" width=\"480\" height=\"270\">\n                            <source srcset=\"https:\/\/www.telpark.com\/wp-content\/uploads\/2023\/03\/Ascensor-Parking-telpark-Restauradores-Lisboa-280x300.jpg\" media=\"(min-width: 64rem)\" width=\"280\" height=\"300\">\n        \n        \n                                                                                                                                                                    \n        <img decoding=\"async\" src=\"https:\/\/www.telpark.com\/wp-content\/uploads\/2023\/03\/Ascensor-Parking-telpark-Restauradores-Lisboa-280x300.jpg\" alt=\"\"  width=\"280\" height=\"300\"  loading=\"lazy\" >\n    <\/picture>\n\n                <div class=\"tpk-card-parking__content\">\n                            <h3 class=\"tpk-card-parking__title\">Parking Restauradores en Lisboa<\/h3>\n                                        <address>Pra\u00e7a dos Restauradores s\/n, 1250-188<\/address>\n                        <div class=\"tpk-card-parking__icons\">\n                                    <span class=\"icon icon-bono icon--md\"><\/span>\n                                    <span class=\"icon icon-charger icon--md\"><\/span>\n                                    <span class=\"icon icon-car-express icon--md\"><\/span>\n                                    <span class=\"icon icon-galibo200 icon--md\"><\/span>\n                                    <span class=\"icon icon-multipass icon--md\"><\/span>\n                                    <span class=\"icon icon-reserva icon--md\"><\/span>\n                            <\/div>\n            <div class=\"tpk-card-parking__info\">\n                <div class=\"tpk-card-parking__info__price\">\n                                            a partir de\n                                                                <span><p>3,30 \u20ac<\/p><\/span>\n                                    <\/div>\n                <div class=\"tpk-card-parking__info__link\">\n                    <span class=\"icon icon-add icon--sm\">\n                    <\/span> \n                <\/div>\n            <\/div>\n        <\/div>\n    <\/a>\n            <\/div>\n                    <div class=\"col-xs-12 col-sm-6 col-md-6 col-lg-6 pb-1 pl-h pr-h\">\n                \n    <a href=\"https:\/\/www.telpark.com\/es\/ciudades\/lisboa\/parking-praca-de-londres\/\" class=\"tpk-card-parking\">\n                                        <picture >\n\n                    <source srcset=\"https:\/\/www.telpark.com\/wp-content\/uploads\/2023\/03\/Entrada-Parking-telpark-Praca-Londres-Lisboa-480x270.jpg\" media=\"((min-width: 0rem) and (max-width: 30rem))\" width=\"480\" height=\"270\">\n                             <source srcset=\"https:\/\/www.telpark.com\/wp-content\/uploads\/2023\/03\/Entrada-Parking-telpark-Praca-Londres-Lisboa-480x270.jpg\" media=\"(min-width: 30rem) and (max-width: 64rem)\" width=\"480\" height=\"270\">\n                            <source srcset=\"https:\/\/www.telpark.com\/wp-content\/uploads\/2023\/03\/Entrada-Parking-telpark-Praca-Londres-Lisboa-280x300.jpg\" media=\"(min-width: 64rem)\" width=\"280\" height=\"300\">\n        \n        \n                                                                                                                                                                    \n        <img decoding=\"async\" src=\"https:\/\/www.telpark.com\/wp-content\/uploads\/2023\/03\/Entrada-Parking-telpark-Praca-Londres-Lisboa-280x300.jpg\" alt=\"\"  width=\"280\" height=\"300\"  loading=\"lazy\" >\n    <\/picture>\n\n                <div class=\"tpk-card-parking__content\">\n                            <h3 class=\"tpk-card-parking__title\">Parking Pra\u00e7a de Londres<\/h3>\n                                        <address>Pra\u00e7a de Londres s\/n, 1000-000<\/address>\n                        <div class=\"tpk-card-parking__icons\">\n                                    <span class=\"icon icon-bono icon--md\"><\/span>\n                                    <span class=\"icon icon-charger icon--md\"><\/span>\n                                    <span class=\"icon icon-car-express icon--md\"><\/span>\n                                    <span class=\"icon icon-galibo190 icon--md\"><\/span>\n                                    <span class=\"icon icon-multipass icon--md\"><\/span>\n                                    <span class=\"icon icon-reserva icon--md\"><\/span>\n                            <\/div>\n            <div class=\"tpk-card-parking__info\">\n                <div class=\"tpk-card-parking__info__price\">\n                                            a partir de\n                                                                <span><p>2,20 \u20ac<\/p><\/span>\n                                    <\/div>\n                <div class=\"tpk-card-parking__info__link\">\n                    <span class=\"icon icon-add icon--sm\">\n                    <\/span> \n                <\/div>\n            <\/div>\n        <\/div>\n    <\/a>\n            <\/div>\n                    <div class=\"col-xs-12 col-sm-6 col-md-6 col-lg-6 pb-1 pl-h pr-h\">\n                \n    <a href=\"https:\/\/www.telpark.com\/es\/ciudades\/lisboa\/parking-parque-saude\/\" class=\"tpk-card-parking\">\n                                        <picture >\n\n                    <source srcset=\"https:\/\/www.telpark.com\/wp-content\/uploads\/2023\/03\/a0e76b683e1afb00ef782fb1d266d2e7.PNG\" media=\"((min-width: 0rem) and (max-width: 30rem))\" width=\"255\" height=\"176\">\n                             <source srcset=\"https:\/\/www.telpark.com\/wp-content\/uploads\/2023\/03\/a0e76b683e1afb00ef782fb1d266d2e7.PNG\" media=\"(min-width: 30rem) and (max-width: 64rem)\" width=\"255\" height=\"176\">\n                            <source srcset=\"https:\/\/www.telpark.com\/wp-content\/uploads\/2023\/03\/a0e76b683e1afb00ef782fb1d266d2e7.PNG\" media=\"(min-width: 64rem)\" width=\"255\" height=\"176\">\n        \n        \n                                                                                                                                                                    \n        <img decoding=\"async\" src=\"https:\/\/www.telpark.com\/wp-content\/uploads\/2023\/03\/a0e76b683e1afb00ef782fb1d266d2e7.PNG\" alt=\"\"  width=\"255\" height=\"176\"  loading=\"lazy\" >\n    <\/picture>\n\n                <div class=\"tpk-card-parking__content\">\n                            <h3 class=\"tpk-card-parking__title\">Parking Parque Sa\u00fade<\/h3>\n                                        <address>Avenida D. Jo\u00e3o II, 1990<\/address>\n                        <div class=\"tpk-card-parking__icons\">\n                                    <span class=\"icon Array icon--md\"><\/span>\n                                    <span class=\"icon Array icon--md\"><\/span>\n                                    <span class=\"icon Array icon--md\"><\/span>\n                            <\/div>\n            <div class=\"tpk-card-parking__info\">\n                <div class=\"tpk-card-parking__info__price\">\n                                            a partir de\n                                                                <span><p>1,20 \u20ac<\/p><\/span>\n                                    <\/div>\n                <div class=\"tpk-card-parking__info__link\">\n                    <span class=\"icon icon-add icon--sm\">\n                    <\/span> \n                <\/div>\n            <\/div>\n        <\/div>\n    <\/a>\n            <\/div>\n                    <div class=\"col-xs-12 col-sm-6 col-md-6 col-lg-6 pb-1 pl-h pr-h\">\n                \n    <a href=\"https:\/\/www.telpark.com\/es\/ciudades\/lisboa\/parking-terminal-de-cruzeiros\/\" class=\"tpk-card-parking\">\n                                        <picture >\n\n                    <source srcset=\"https:\/\/www.telpark.com\/wp-content\/uploads\/2023\/03\/parking-cruzeiros-1-telpark-480x270.jpg\" media=\"((min-width: 0rem) and (max-width: 30rem))\" width=\"480\" height=\"270\">\n                             <source srcset=\"https:\/\/www.telpark.com\/wp-content\/uploads\/2023\/03\/parking-cruzeiros-1-telpark-480x270.jpg\" media=\"(min-width: 30rem) and (max-width: 64rem)\" width=\"480\" height=\"270\">\n                            <source srcset=\"https:\/\/www.telpark.com\/wp-content\/uploads\/2023\/03\/parking-cruzeiros-1-telpark-280x300.jpg\" media=\"(min-width: 64rem)\" width=\"280\" height=\"300\">\n        \n        \n                                                                                                                                                                    \n        <img decoding=\"async\" src=\"https:\/\/www.telpark.com\/wp-content\/uploads\/2023\/03\/parking-cruzeiros-1-telpark-280x300.jpg\" alt=\"\"  width=\"280\" height=\"300\"  loading=\"lazy\" >\n    <\/picture>\n\n                <div class=\"tpk-card-parking__content\">\n                            <h3 class=\"tpk-card-parking__title\">Parking Terminal de Cruzeiros en Lisboa<\/h3>\n                                        <address>Avenida Infante Dom Henrique s\/n, 1100-366<\/address>\n                        <div class=\"tpk-card-parking__icons\">\n                                    <span class=\"icon icon-bono icon--md\"><\/span>\n                                    <span class=\"icon icon-car-express icon--md\"><\/span>\n                                    <span class=\"icon icon-galibo210 icon--md\"><\/span>\n                                    <span class=\"icon icon-reserva icon--md\"><\/span>\n                            <\/div>\n            <div class=\"tpk-card-parking__info\">\n                <div class=\"tpk-card-parking__info__price\">\n                                            a partir de\n                                                                <span><p>2,15 \u20ac<\/p><\/span>\n                                    <\/div>\n                <div class=\"tpk-card-parking__info__link\">\n                    <span class=\"icon icon-add icon--sm\">\n                    <\/span> \n                <\/div>\n            <\/div>\n        <\/div>\n    <\/a>\n            <\/div>\n                    <div class=\"col-xs-12 col-sm-6 col-md-6 col-lg-6 pb-1 pl-h pr-h\">\n                \n    <a href=\"https:\/\/www.telpark.com\/es\/ciudades\/lisboa\/parking-oceanario\/\" class=\"tpk-card-parking\">\n                                        <picture >\n\n                    <source srcset=\"https:\/\/www.telpark.com\/wp-content\/uploads\/2023\/03\/2fc3f3214bfd392298964e038c632095.jpg\" media=\"((min-width: 0rem) and (max-width: 30rem))\" width=\"255\" height=\"176\">\n                             <source srcset=\"https:\/\/www.telpark.com\/wp-content\/uploads\/2023\/03\/2fc3f3214bfd392298964e038c632095.jpg\" media=\"(min-width: 30rem) and (max-width: 64rem)\" width=\"255\" height=\"176\">\n                            <source srcset=\"https:\/\/www.telpark.com\/wp-content\/uploads\/2023\/03\/2fc3f3214bfd392298964e038c632095.jpg\" media=\"(min-width: 64rem)\" width=\"255\" height=\"176\">\n        \n        \n                                                                                                                                                                    \n        <img decoding=\"async\" src=\"https:\/\/www.telpark.com\/wp-content\/uploads\/2023\/03\/2fc3f3214bfd392298964e038c632095.jpg\" alt=\"\"  width=\"255\" height=\"176\"  loading=\"lazy\" >\n    <\/picture>\n\n                <div class=\"tpk-card-parking__content\">\n                            <h3 class=\"tpk-card-parking__title\">Parking Ocean\u00e1rio<\/h3>\n                                        <address>Rua dos Cruzados, 1990-074<\/address>\n                        <div class=\"tpk-card-parking__icons\">\n                                    <span class=\"icon icon-bono icon--md\"><\/span>\n                                    <span class=\"icon icon-car-express icon--md\"><\/span>\n                                    <span class=\"icon icon-galibo190 icon--md\"><\/span>\n                                    <span class=\"icon icon-multipass icon--md\"><\/span>\n                                    <span class=\"icon icon-reserva icon--md\"><\/span>\n                            <\/div>\n            <div class=\"tpk-card-parking__info\">\n                <div class=\"tpk-card-parking__info__price\">\n                                            a partir de\n                                                                <span><p>2,40 \u20ac<\/p><\/span>\n                                    <\/div>\n                <div class=\"tpk-card-parking__info__link\">\n                    <span class=\"icon icon-add icon--sm\">\n                    <\/span> \n                <\/div>\n            <\/div>\n        <\/div>\n    <\/a>\n            <\/div>\n                    <div class=\"col-xs-12 col-sm-6 col-md-6 col-lg-6 pb-1 pl-h pr-h\">\n                \n    <a href=\"https:\/\/www.telpark.com\/es\/ciudades\/lisboa\/parking-meridiano\/\" class=\"tpk-card-parking\">\n                                        <picture >\n\n                    <source srcset=\"https:\/\/www.telpark.com\/wp-content\/uploads\/2023\/03\/6f87cfd0b2d0b640f664f5cf78769569.png\" media=\"((min-width: 0rem) and (max-width: 30rem))\" width=\"255\" height=\"176\">\n                             <source srcset=\"https:\/\/www.telpark.com\/wp-content\/uploads\/2023\/03\/6f87cfd0b2d0b640f664f5cf78769569.png\" media=\"(min-width: 30rem) and (max-width: 64rem)\" width=\"255\" height=\"176\">\n                            <source srcset=\"https:\/\/www.telpark.com\/wp-content\/uploads\/2023\/03\/6f87cfd0b2d0b640f664f5cf78769569.png\" media=\"(min-width: 64rem)\" width=\"255\" height=\"176\">\n        \n        \n                                                                                                                                                                    \n        <img decoding=\"async\" src=\"https:\/\/www.telpark.com\/wp-content\/uploads\/2023\/03\/6f87cfd0b2d0b640f664f5cf78769569.png\" alt=\"\"  width=\"255\" height=\"176\"  loading=\"lazy\" >\n    <\/picture>\n\n                <div class=\"tpk-card-parking__content\">\n                            <h3 class=\"tpk-card-parking__title\">Parking Meridiano en Lisboa<\/h3>\n                                        <address>Rua do P\u00f3lo Sul 13, 1990-272<\/address>\n                        <div class=\"tpk-card-parking__icons\">\n                                    <span class=\"icon icon-galibo190 icon--md\"><\/span>\n                            <\/div>\n            <div class=\"tpk-card-parking__info\">\n                <div class=\"tpk-card-parking__info__price\">\n                                            a partir de\n                                                                <span><p>2,15 \u20ac<\/p><\/span>\n                                    <\/div>\n                <div class=\"tpk-card-parking__info__link\">\n                    <span class=\"icon icon-add icon--sm\">\n                    <\/span> \n                <\/div>\n            <\/div>\n        <\/div>\n    <\/a>\n            <\/div>\n                    <div class=\"col-xs-12 col-sm-6 col-md-6 col-lg-6 pb-1 pl-h pr-h\">\n                \n    <a href=\"https:\/\/www.telpark.com\/es\/ciudades\/lisboa\/parking-estacao-ferroviaria-gare-oriente\/\" class=\"tpk-card-parking\">\n                                        <picture >\n\n                    <source srcset=\"https:\/\/www.telpark.com\/wp-content\/uploads\/2023\/03\/Parque-Estacao-Ferroviaria-Gare-Oriente-480x270.jpg\" media=\"((min-width: 0rem) and (max-width: 30rem))\" width=\"480\" height=\"270\">\n                             <source srcset=\"https:\/\/www.telpark.com\/wp-content\/uploads\/2023\/03\/Parque-Estacao-Ferroviaria-Gare-Oriente-480x270.jpg\" media=\"(min-width: 30rem) and (max-width: 64rem)\" width=\"480\" height=\"270\">\n                            <source srcset=\"https:\/\/www.telpark.com\/wp-content\/uploads\/2023\/03\/Parque-Estacao-Ferroviaria-Gare-Oriente-280x300.jpg\" media=\"(min-width: 64rem)\" width=\"280\" height=\"300\">\n        \n        \n                                                                                                                                                                    \n        <img decoding=\"async\" src=\"https:\/\/www.telpark.com\/wp-content\/uploads\/2023\/03\/Parque-Estacao-Ferroviaria-Gare-Oriente-280x300.jpg\" alt=\"\"  width=\"280\" height=\"300\"  loading=\"lazy\" >\n    <\/picture>\n\n                <div class=\"tpk-card-parking__content\">\n                            <h3 class=\"tpk-card-parking__title\">Parking Esta\u00e7\u00e3o Ferrovi\u00e1ria Gare Oriente<\/h3>\n                                        <address>Rua Antonio Mega Ferreira, 1990-093<\/address>\n                        <div class=\"tpk-card-parking__icons\">\n                                    <span class=\"icon icon-galibo190 icon--md\"><\/span>\n                            <\/div>\n            <div class=\"tpk-card-parking__info\">\n                <div class=\"tpk-card-parking__info__price\">\n                                            a partir de\n                                                                <span><p>1,55 \u20ac<\/p><\/span>\n                                    <\/div>\n                <div class=\"tpk-card-parking__info__link\">\n                    <span class=\"icon icon-add icon--sm\">\n                    <\/span> \n                <\/div>\n            <\/div>\n        <\/div>\n    <\/a>\n            <\/div>\n                    <div class=\"col-xs-12 col-sm-6 col-md-6 col-lg-6 pb-1 pl-h pr-h\">\n                \n    <a href=\"https:\/\/www.telpark.com\/es\/ciudades\/lisboa\/parking-doca-alcantara-rocha\/\" class=\"tpk-card-parking\">\n                                        <picture >\n\n                    <source srcset=\"https:\/\/www.telpark.com\/wp-content\/uploads\/2023\/03\/ba978ab65d78f29746c474bd60f8e210.jpg\" media=\"((min-width: 0rem) and (max-width: 30rem))\" width=\"257\" height=\"176\">\n                             <source srcset=\"https:\/\/www.telpark.com\/wp-content\/uploads\/2023\/03\/ba978ab65d78f29746c474bd60f8e210.jpg\" media=\"(min-width: 30rem) and (max-width: 64rem)\" width=\"257\" height=\"176\">\n                            <source srcset=\"https:\/\/www.telpark.com\/wp-content\/uploads\/2023\/03\/ba978ab65d78f29746c474bd60f8e210.jpg\" media=\"(min-width: 64rem)\" width=\"257\" height=\"176\">\n        \n        \n                                                                                                                                                                    \n        <img decoding=\"async\" src=\"https:\/\/www.telpark.com\/wp-content\/uploads\/2023\/03\/ba978ab65d78f29746c474bd60f8e210.jpg\" alt=\"\"  width=\"257\" height=\"176\"  loading=\"lazy\" >\n    <\/picture>\n\n                <div class=\"tpk-card-parking__content\">\n                            <h3 class=\"tpk-card-parking__title\">Parking Doca Alcantara Rocha<\/h3>\n                                        <address>Rua da Cintura do Porto de Lisboa, 1350-352<\/address>\n                        <div class=\"tpk-card-parking__icons\">\n                                    <span class=\"icon Array icon--md\"><\/span>\n                                    <span class=\"icon Array icon--md\"><\/span>\n                                    <span class=\"icon Array icon--md\"><\/span>\n                                    <span class=\"icon Array icon--md\"><\/span>\n                            <\/div>\n            <div class=\"tpk-card-parking__info\">\n                <div class=\"tpk-card-parking__info__price\">\n                                            a partir de\n                                                                <span><p>1,65 \u20ac<\/p><\/span>\n                                    <\/div>\n                <div class=\"tpk-card-parking__info__link\">\n                    <span class=\"icon icon-add icon--sm\">\n                    <\/span> \n                <\/div>\n            <\/div>\n        <\/div>\n    <\/a>\n            <\/div>\n                    <div class=\"col-xs-12 col-sm-6 col-md-6 col-lg-6 pb-1 pl-h pr-h\">\n                \n    <a href=\"https:\/\/www.telpark.com\/es\/ciudades\/lisboa\/parking-panoramic\/\" class=\"tpk-card-parking\">\n                                        <picture >\n\n                    <source srcset=\"https:\/\/www.telpark.com\/wp-content\/uploads\/2023\/03\/parking-panoramic-telpark-2-480x270.jpg\" media=\"((min-width: 0rem) and (max-width: 30rem))\" width=\"480\" height=\"270\">\n                             <source srcset=\"https:\/\/www.telpark.com\/wp-content\/uploads\/2023\/03\/parking-panoramic-telpark-2-480x270.jpg\" media=\"(min-width: 30rem) and (max-width: 64rem)\" width=\"480\" height=\"270\">\n                            <source srcset=\"https:\/\/www.telpark.com\/wp-content\/uploads\/2023\/03\/parking-panoramic-telpark-2-280x300.jpg\" media=\"(min-width: 64rem)\" width=\"280\" height=\"300\">\n        \n        \n                                                                                                                                                                    \n        <img decoding=\"async\" src=\"https:\/\/www.telpark.com\/wp-content\/uploads\/2023\/03\/parking-panoramic-telpark-2-280x300.jpg\" alt=\"\"  width=\"280\" height=\"300\"  loading=\"lazy\" >\n    <\/picture>\n\n                <div class=\"tpk-card-parking__content\">\n                            <h3 class=\"tpk-card-parking__title\">Parking Panoramic<\/h3>\n                                        <address>Av. D. Jo\u00e3o II, 1990-085<\/address>\n                        <div class=\"tpk-card-parking__icons\">\n                                    <span class=\"icon icon-charger icon--md\"><\/span>\n                                    <span class=\"icon icon-car-express icon--md\"><\/span>\n                                    <span class=\"icon icon-galibo190 icon--md\"><\/span>\n                            <\/div>\n            <div class=\"tpk-card-parking__info\">\n                <div class=\"tpk-card-parking__info__price\">\n                                            a partir de\n                                                                <span><p>1,00 \u20ac<\/p><\/span>\n                                    <\/div>\n                <div class=\"tpk-card-parking__info__link\">\n                    <span class=\"icon icon-add icon--sm\">\n                    <\/span> \n                <\/div>\n            <\/div>\n        <\/div>\n    <\/a>\n            <\/div>\n                    <div class=\"col-xs-12 col-sm-6 col-md-6 col-lg-6 pb-1 pl-h pr-h\">\n                \n    <a href=\"https:\/\/www.telpark.com\/es\/ciudades\/lisboa\/parking-mercado-da-ribeira-cais-do-sodre\/\" class=\"tpk-card-parking\">\n                                        <picture >\n\n                    <source srcset=\"https:\/\/www.telpark.com\/wp-content\/uploads\/2023\/03\/Entrada-Parking-telpark-Mercado-Da-Ribeira-Lisboa-480x270.jpg\" media=\"((min-width: 0rem) and (max-width: 30rem))\" width=\"480\" height=\"270\">\n                             <source srcset=\"https:\/\/www.telpark.com\/wp-content\/uploads\/2023\/03\/Entrada-Parking-telpark-Mercado-Da-Ribeira-Lisboa-480x270.jpg\" media=\"(min-width: 30rem) and (max-width: 64rem)\" width=\"480\" height=\"270\">\n                            <source srcset=\"https:\/\/www.telpark.com\/wp-content\/uploads\/2023\/03\/Entrada-Parking-telpark-Mercado-Da-Ribeira-Lisboa-280x300.jpg\" media=\"(min-width: 64rem)\" width=\"280\" height=\"300\">\n        \n        \n                                                                                                                                                                    \n        <img decoding=\"async\" src=\"https:\/\/www.telpark.com\/wp-content\/uploads\/2023\/03\/Entrada-Parking-telpark-Mercado-Da-Ribeira-Lisboa-280x300.jpg\" alt=\"\"  width=\"280\" height=\"300\"  loading=\"lazy\" >\n    <\/picture>\n\n                <div class=\"tpk-card-parking__content\">\n                            <h3 class=\"tpk-card-parking__title\">Parking Mercado da Ribeira - Cais do Sodr\u00e9<\/h3>\n                                        <address>Pra\u00e7a D. Lu\u00eds I s\/n, 1200-148<\/address>\n                        <div class=\"tpk-card-parking__icons\">\n                                    <span class=\"icon icon-bono icon--md\"><\/span>\n                                    <span class=\"icon icon-charger icon--md\"><\/span>\n                                    <span class=\"icon icon-car-express icon--md\"><\/span>\n                                    <span class=\"icon icon-galibo190 icon--md\"><\/span>\n                                    <span class=\"icon icon-multipass icon--md\"><\/span>\n                                    <span class=\"icon icon-reserva icon--md\"><\/span>\n                            <\/div>\n            <div class=\"tpk-card-parking__info\">\n                <div class=\"tpk-card-parking__info__price\">\n                                            a partir de\n                                                                <span><p>2,85 \u20ac<\/p><\/span>\n                                    <\/div>\n                <div class=\"tpk-card-parking__info__link\">\n                    <span class=\"icon icon-add icon--sm\">\n                    <\/span> \n                <\/div>\n            <\/div>\n        <\/div>\n    <\/a>\n            <\/div>\n                    <div class=\"col-xs-12 col-sm-6 col-md-6 col-lg-6 pb-1 pl-h pr-h\">\n                \n    <a href=\"https:\/\/www.telpark.com\/es\/ciudades\/lisboa\/parking-marques-de-pombal\/\" class=\"tpk-card-parking\">\n                                        <picture >\n\n                    <source srcset=\"https:\/\/www.telpark.com\/wp-content\/uploads\/2023\/03\/ab12942969da583a44a7b88d6dfec833.PNG\" media=\"((min-width: 0rem) and (max-width: 30rem))\" width=\"255\" height=\"176\">\n                             <source srcset=\"https:\/\/www.telpark.com\/wp-content\/uploads\/2023\/03\/ab12942969da583a44a7b88d6dfec833.PNG\" media=\"(min-width: 30rem) and (max-width: 64rem)\" width=\"255\" height=\"176\">\n                            <source srcset=\"https:\/\/www.telpark.com\/wp-content\/uploads\/2023\/03\/ab12942969da583a44a7b88d6dfec833.PNG\" media=\"(min-width: 64rem)\" width=\"255\" height=\"176\">\n        \n        \n                                                                                                                                                                    \n        <img decoding=\"async\" src=\"https:\/\/www.telpark.com\/wp-content\/uploads\/2023\/03\/ab12942969da583a44a7b88d6dfec833.PNG\" alt=\"\"  width=\"255\" height=\"176\"  loading=\"lazy\" >\n    <\/picture>\n\n                <div class=\"tpk-card-parking__content\">\n                            <h3 class=\"tpk-card-parking__title\">Parking Marqu\u00eas de Pombal<\/h3>\n                                        <address>Pra\u00e7a Marqu\u00eas de Pombal s\/n, 1250-000<\/address>\n                        <div class=\"tpk-card-parking__icons\">\n                                    <span class=\"icon icon-bono icon--md\"><\/span>\n                                    <span class=\"icon icon-charger icon--md\"><\/span>\n                                    <span class=\"icon icon-car-express icon--md\"><\/span>\n                                    <span class=\"icon icon-galibo190 icon--md\"><\/span>\n                                    <span class=\"icon icon-multipass icon--md\"><\/span>\n                                    <span class=\"icon icon-reserva icon--md\"><\/span>\n                            <\/div>\n            <div class=\"tpk-card-parking__info\">\n                <div class=\"tpk-card-parking__info__price\">\n                                            a partir de\n                                                                <span><p>3,40 \u20ac<\/p><\/span>\n                                    <\/div>\n                <div class=\"tpk-card-parking__info__link\">\n                    <span class=\"icon icon-add icon--sm\">\n                    <\/span> \n                <\/div>\n            <\/div>\n        <\/div>\n    <\/a>\n            <\/div>\n                    <div class=\"col-xs-12 col-sm-6 col-md-6 col-lg-6 pb-1 pl-h pr-h\">\n                \n    <a href=\"https:\/\/www.telpark.com\/es\/ciudades\/lisboa\/parking-maria-cristina\/\" class=\"tpk-card-parking\">\n                                        <picture >\n\n                    <source srcset=\"https:\/\/www.telpark.com\/wp-content\/uploads\/2023\/03\/entrada-parking-maria-cristina-telpark-480x270.jpg\" media=\"((min-width: 0rem) and (max-width: 30rem))\" width=\"480\" height=\"270\">\n                             <source srcset=\"https:\/\/www.telpark.com\/wp-content\/uploads\/2023\/03\/entrada-parking-maria-cristina-telpark-480x270.jpg\" media=\"(min-width: 30rem) and (max-width: 64rem)\" width=\"480\" height=\"270\">\n                            <source srcset=\"https:\/\/www.telpark.com\/wp-content\/uploads\/2023\/03\/entrada-parking-maria-cristina-telpark-280x300.jpg\" media=\"(min-width: 64rem)\" width=\"280\" height=\"300\">\n        \n        \n                                                                                                                                                                    \n        <img decoding=\"async\" src=\"https:\/\/www.telpark.com\/wp-content\/uploads\/2023\/03\/entrada-parking-maria-cristina-telpark-280x300.jpg\" alt=\"\"  width=\"280\" height=\"300\"  loading=\"lazy\" >\n    <\/picture>\n\n                <div class=\"tpk-card-parking__content\">\n                            <h3 class=\"tpk-card-parking__title\">Parking Maria Cristina en Lisboa<\/h3>\n                                        <address>Rua de Sebasti\u00e3o da Pedreira 55-A, 1050-206<\/address>\n                        <div class=\"tpk-card-parking__icons\">\n                                    <span class=\"icon icon-car-express icon--md\"><\/span>\n                                    <span class=\"icon icon-galibo200 icon--md\"><\/span>\n                                    <span class=\"icon icon-multipass icon--md\"><\/span>\n                                    <span class=\"icon icon-reserva icon--md\"><\/span>\n                            <\/div>\n            <div class=\"tpk-card-parking__info\">\n                <div class=\"tpk-card-parking__info__price\">\n                                            a partir de\n                                                                <span><p>2,55 \u20ac<\/p><\/span>\n                                    <\/div>\n                <div class=\"tpk-card-parking__info__link\">\n                    <span class=\"icon icon-add icon--sm\">\n                    <\/span> \n                <\/div>\n            <\/div>\n        <\/div>\n    <\/a>\n            <\/div>\n                    <div class=\"col-xs-12 col-sm-6 col-md-6 col-lg-6 pb-1 pl-h pr-h\">\n                \n    <a href=\"https:\/\/www.telpark.com\/es\/ciudades\/lisboa\/parking-largo-do-rato\/\" class=\"tpk-card-parking\">\n                                        <picture >\n\n                    <source srcset=\"https:\/\/www.telpark.com\/wp-content\/uploads\/2023\/03\/baec674962e31df52898c79be69290ad.jpg\" media=\"((min-width: 0rem) and (max-width: 30rem))\" width=\"300\" height=\"206\">\n                             <source srcset=\"https:\/\/www.telpark.com\/wp-content\/uploads\/2023\/03\/baec674962e31df52898c79be69290ad.jpg\" media=\"(min-width: 30rem) and (max-width: 64rem)\" width=\"300\" height=\"206\">\n                            <source srcset=\"https:\/\/www.telpark.com\/wp-content\/uploads\/2023\/03\/baec674962e31df52898c79be69290ad-280x206.jpg\" media=\"(min-width: 64rem)\" width=\"280\" height=\"206\">\n        \n        \n                                                                                                                                                                    \n        <img decoding=\"async\" src=\"https:\/\/www.telpark.com\/wp-content\/uploads\/2023\/03\/baec674962e31df52898c79be69290ad-280x206.jpg\" alt=\"\"  width=\"280\" height=\"206\"  loading=\"lazy\" >\n    <\/picture>\n\n                <div class=\"tpk-card-parking__content\">\n                            <h3 class=\"tpk-card-parking__title\">Parking Largo do Rato<\/h3>\n                                        <address>Rua da Escola Polit\u00e9cnica 217, 1250-101<\/address>\n                        <div class=\"tpk-card-parking__icons\">\n                                    <span class=\"icon icon-bono icon--md\"><\/span>\n                                    <span class=\"icon icon-galibo220 icon--md\"><\/span>\n                            <\/div>\n            <div class=\"tpk-card-parking__info\">\n                <div class=\"tpk-card-parking__info__price\">\n                                            a partir de\n                                                                <span><p>3,20 \u20ac<\/p><\/span>\n                                    <\/div>\n                <div class=\"tpk-card-parking__info__link\">\n                    <span class=\"icon icon-add icon--sm\">\n                    <\/span> \n                <\/div>\n            <\/div>\n        <\/div>\n    <\/a>\n            <\/div>\n                    <div class=\"col-xs-12 col-sm-6 col-md-6 col-lg-6 pb-1 pl-h pr-h\">\n                \n    <a href=\"https:\/\/www.telpark.com\/es\/ciudades\/lisboa\/parking-largo-de-jesus\/\" class=\"tpk-card-parking\">\n                                        <picture >\n\n                    <source srcset=\"https:\/\/www.telpark.com\/wp-content\/uploads\/2023\/03\/59591aa2d14861f352a9aacfe48d80c0.jpg\" media=\"((min-width: 0rem) and (max-width: 30rem))\" width=\"255\" height=\"176\">\n                             <source srcset=\"https:\/\/www.telpark.com\/wp-content\/uploads\/2023\/03\/59591aa2d14861f352a9aacfe48d80c0.jpg\" media=\"(min-width: 30rem) and (max-width: 64rem)\" width=\"255\" height=\"176\">\n                            <source srcset=\"https:\/\/www.telpark.com\/wp-content\/uploads\/2023\/03\/59591aa2d14861f352a9aacfe48d80c0.jpg\" media=\"(min-width: 64rem)\" width=\"255\" height=\"176\">\n        \n        \n                                                                                                                                                                    \n        <img decoding=\"async\" src=\"https:\/\/www.telpark.com\/wp-content\/uploads\/2023\/03\/59591aa2d14861f352a9aacfe48d80c0.jpg\" alt=\"\"  width=\"255\" height=\"176\"  loading=\"lazy\" >\n    <\/picture>\n\n                <div class=\"tpk-card-parking__content\">\n                            <h3 class=\"tpk-card-parking__title\">Parking Largo de Jesus<\/h3>\n                                        <address>Largo de Jesus s\/n, 1200-231<\/address>\n                        <div class=\"tpk-card-parking__icons\">\n                                    <span class=\"icon icon-bono icon--md\"><\/span>\n                                    <span class=\"icon icon-charger icon--md\"><\/span>\n                                    <span class=\"icon icon-car-express icon--md\"><\/span>\n                                    <span class=\"icon icon-galibo190 icon--md\"><\/span>\n                                    <span class=\"icon icon-multipass icon--md\"><\/span>\n                                    <span class=\"icon icon-reserva icon--md\"><\/span>\n                            <\/div>\n            <div class=\"tpk-card-parking__info\">\n                <div class=\"tpk-card-parking__info__price\">\n                                            a partir de\n                                                                <span><p>2 \u20ac<\/p><\/span>\n                                    <\/div>\n                <div class=\"tpk-card-parking__info__link\">\n                    <span class=\"icon icon-add icon--sm\">\n                    <\/span> \n                <\/div>\n            <\/div>\n        <\/div>\n    <\/a>\n            <\/div>\n                    <div class=\"col-xs-12 col-sm-6 col-md-6 col-lg-6 pb-1 pl-h pr-h\">\n                \n    <a href=\"https:\/\/www.telpark.com\/es\/ciudades\/lisboa\/parking-infante-santo\/\" class=\"tpk-card-parking\">\n                                        <picture >\n\n                    <source srcset=\"https:\/\/www.telpark.com\/wp-content\/uploads\/2023\/03\/3aaac619c17d900ce1daed14ec740d88.jpg\" media=\"((min-width: 0rem) and (max-width: 30rem))\" width=\"255\" height=\"176\">\n                             <source srcset=\"https:\/\/www.telpark.com\/wp-content\/uploads\/2023\/03\/3aaac619c17d900ce1daed14ec740d88.jpg\" media=\"(min-width: 30rem) and (max-width: 64rem)\" width=\"255\" height=\"176\">\n                            <source srcset=\"https:\/\/www.telpark.com\/wp-content\/uploads\/2023\/03\/3aaac619c17d900ce1daed14ec740d88.jpg\" media=\"(min-width: 64rem)\" width=\"255\" height=\"176\">\n        \n        \n                                                                                                                                                                    \n        <img decoding=\"async\" src=\"https:\/\/www.telpark.com\/wp-content\/uploads\/2023\/03\/3aaac619c17d900ce1daed14ec740d88.jpg\" alt=\"\"  width=\"255\" height=\"176\"  loading=\"lazy\" >\n    <\/picture>\n\n                <div class=\"tpk-card-parking__content\">\n                            <h3 class=\"tpk-card-parking__title\">Parking Infante Santo en Lisboa<\/h3>\n                                        <address>Rua Embaixador Teixeira de Sampaio 2, 1350-000<\/address>\n                        <div class=\"tpk-card-parking__icons\">\n                                    <span class=\"icon icon-bono icon--md\"><\/span>\n                                    <span class=\"icon icon-charger icon--md\"><\/span>\n                                    <span class=\"icon icon-car-express icon--md\"><\/span>\n                                    <span class=\"icon icon-galibo200 icon--md\"><\/span>\n                                    <span class=\"icon icon-multipass icon--md\"><\/span>\n                                    <span class=\"icon icon-reserva icon--md\"><\/span>\n                            <\/div>\n            <div class=\"tpk-card-parking__info\">\n                <div class=\"tpk-card-parking__info__price\">\n                                            a partir de\n                                                                <span><p>2,15 \u20ac<\/p><\/span>\n                                    <\/div>\n                <div class=\"tpk-card-parking__info__link\">\n                    <span class=\"icon icon-add icon--sm\">\n                    <\/span> \n                <\/div>\n            <\/div>\n        <\/div>\n    <\/a>\n            <\/div>\n                    <div class=\"col-xs-12 col-sm-6 col-md-6 col-lg-6 pb-1 pl-h pr-h\">\n                \n    <a href=\"https:\/\/www.telpark.com\/es\/ciudades\/lisboa\/parking-docas-ponte\/\" class=\"tpk-card-parking\">\n                                        <picture >\n\n                    <source srcset=\"https:\/\/www.telpark.com\/wp-content\/uploads\/2023\/03\/3e0eb77eee7149bad1aab395540dfc63.JPG\" media=\"((min-width: 0rem) and (max-width: 30rem))\" width=\"255\" height=\"176\">\n                             <source srcset=\"https:\/\/www.telpark.com\/wp-content\/uploads\/2023\/03\/3e0eb77eee7149bad1aab395540dfc63.JPG\" media=\"(min-width: 30rem) and (max-width: 64rem)\" width=\"255\" height=\"176\">\n                            <source srcset=\"https:\/\/www.telpark.com\/wp-content\/uploads\/2023\/03\/3e0eb77eee7149bad1aab395540dfc63.JPG\" media=\"(min-width: 64rem)\" width=\"255\" height=\"176\">\n        \n        \n                                                                                                                                                                    \n        <img decoding=\"async\" src=\"https:\/\/www.telpark.com\/wp-content\/uploads\/2023\/03\/3e0eb77eee7149bad1aab395540dfc63.JPG\" alt=\"\"  width=\"255\" height=\"176\"  loading=\"lazy\" >\n    <\/picture>\n\n                <div class=\"tpk-card-parking__content\">\n                            <h3 class=\"tpk-card-parking__title\">Parking Docas Ponte<\/h3>\n                                        <address>Docas Santo Amaro s\/n, 1300-353<\/address>\n                        <div class=\"tpk-card-parking__icons\">\n                                    <span class=\"icon Array icon--md\"><\/span>\n                                    <span class=\"icon Array icon--md\"><\/span>\n                                    <span class=\"icon Array icon--md\"><\/span>\n                                    <span class=\"icon Array icon--md\"><\/span>\n                            <\/div>\n            <div class=\"tpk-card-parking__info\">\n                <div class=\"tpk-card-parking__info__price\">\n                                            a partir de\n                                                                <span><p>1,65 \u20ac<\/p><\/span>\n                                    <\/div>\n                <div class=\"tpk-card-parking__info__link\">\n                    <span class=\"icon icon-add icon--sm\">\n                    <\/span> \n                <\/div>\n            <\/div>\n        <\/div>\n    <\/a>\n            <\/div>\n                    <div class=\"col-xs-12 col-sm-6 col-md-6 col-lg-6 pb-1 pl-h pr-h\">\n                \n    <a href=\"https:\/\/www.telpark.com\/es\/ciudades\/lisboa\/parking-docas\/\" class=\"tpk-card-parking\">\n                                        <picture >\n\n                    <source srcset=\"https:\/\/www.telpark.com\/wp-content\/uploads\/2023\/03\/Entrada-Parking-telpark-Docas-Lisboa-480x270.jpg\" media=\"((min-width: 0rem) and (max-width: 30rem))\" width=\"480\" height=\"270\">\n                             <source srcset=\"https:\/\/www.telpark.com\/wp-content\/uploads\/2023\/03\/Entrada-Parking-telpark-Docas-Lisboa-480x270.jpg\" media=\"(min-width: 30rem) and (max-width: 64rem)\" width=\"480\" height=\"270\">\n                            <source srcset=\"https:\/\/www.telpark.com\/wp-content\/uploads\/2023\/03\/Entrada-Parking-telpark-Docas-Lisboa-280x300.jpg\" media=\"(min-width: 64rem)\" width=\"280\" height=\"300\">\n        \n        \n                                                                                                                                                                    \n        <img decoding=\"async\" src=\"https:\/\/www.telpark.com\/wp-content\/uploads\/2023\/03\/Entrada-Parking-telpark-Docas-Lisboa-280x300.jpg\" alt=\"\"  width=\"280\" height=\"300\"  loading=\"lazy\" >\n    <\/picture>\n\n                <div class=\"tpk-card-parking__content\">\n                            <h3 class=\"tpk-card-parking__title\">Parking Docas<\/h3>\n                                        <address>Docas de Santo Amaro s\/n, 1300-353<\/address>\n                        <div class=\"tpk-card-parking__icons\">\n                                    <span class=\"icon icon-24h icon--md\"><\/span>\n                                    <span class=\"icon icon-cajero-automatico icon--md\"><\/span>\n                                    <span class=\"icon icon-cctv icon--md\"><\/span>\n                                    <span class=\"icon icon-minusvalido icon--md\"><\/span>\n                            <\/div>\n            <div class=\"tpk-card-parking__info\">\n                <div class=\"tpk-card-parking__info__price\">\n                                            a partir de\n                                                                <span><p>1,65 \u20ac<\/p><\/span>\n                                    <\/div>\n                <div class=\"tpk-card-parking__info__link\">\n                    <span class=\"icon icon-add icon--sm\">\n                    <\/span> \n                <\/div>\n            <\/div>\n        <\/div>\n    <\/a>\n            <\/div>\n                    <div class=\"col-xs-12 col-sm-6 col-md-6 col-lg-6 pb-1 pl-h pr-h\">\n                \n    <a href=\"https:\/\/www.telpark.com\/es\/ciudades\/lisboa\/parking-castil\/\" class=\"tpk-card-parking\">\n                                        <picture >\n\n                    <source srcset=\"https:\/\/www.telpark.com\/wp-content\/uploads\/2023\/03\/5bb8bfd29abafbff4072130c9ca48bd1.jpg\" media=\"((min-width: 0rem) and (max-width: 30rem))\" width=\"255\" height=\"176\">\n                             <source srcset=\"https:\/\/www.telpark.com\/wp-content\/uploads\/2023\/03\/5bb8bfd29abafbff4072130c9ca48bd1.jpg\" media=\"(min-width: 30rem) and (max-width: 64rem)\" width=\"255\" height=\"176\">\n                            <source srcset=\"https:\/\/www.telpark.com\/wp-content\/uploads\/2023\/03\/5bb8bfd29abafbff4072130c9ca48bd1.jpg\" media=\"(min-width: 64rem)\" width=\"255\" height=\"176\">\n        \n        \n                                                                                                                                                                    \n        <img decoding=\"async\" src=\"https:\/\/www.telpark.com\/wp-content\/uploads\/2023\/03\/5bb8bfd29abafbff4072130c9ca48bd1.jpg\" alt=\"\"  width=\"255\" height=\"176\"  loading=\"lazy\" >\n    <\/picture>\n\n                <div class=\"tpk-card-parking__content\">\n                            <h3 class=\"tpk-card-parking__title\">Parking Castil<\/h3>\n                                        <address>Rua Castilho 39, 1250-068<\/address>\n                        <div class=\"tpk-card-parking__icons\">\n                                    <span class=\"icon icon-charger icon--md\"><\/span>\n                                    <span class=\"icon icon-car-express icon--md\"><\/span>\n                                    <span class=\"icon icon-galibo190 icon--md\"><\/span>\n                                    <span class=\"icon icon-multipass icon--md\"><\/span>\n                                    <span class=\"icon icon-reserva icon--md\"><\/span>\n                            <\/div>\n            <div class=\"tpk-card-parking__info\">\n                <div class=\"tpk-card-parking__info__price\">\n                                            a partir de\n                                                                <span><p>3,30 \u20ac<\/p><\/span>\n                                    <\/div>\n                <div class=\"tpk-card-parking__info__link\">\n                    <span class=\"icon icon-add icon--sm\">\n                    <\/span> \n                <\/div>\n            <\/div>\n        <\/div>\n    <\/a>\n            <\/div>\n                    <div class=\"col-xs-12 col-sm-6 col-md-6 col-lg-6 pb-1 pl-h pr-h\">\n                \n    <a href=\"https:\/\/www.telpark.com\/es\/ciudades\/lisboa\/parking-campolide\/\" class=\"tpk-card-parking\">\n                                        <picture >\n\n                    <source srcset=\"https:\/\/www.telpark.com\/wp-content\/uploads\/2023\/03\/cbc21bc91b5ccb64e228e65ee5c46e9d.jpg\" media=\"((min-width: 0rem) and (max-width: 30rem))\" width=\"300\" height=\"206\">\n                             <source srcset=\"https:\/\/www.telpark.com\/wp-content\/uploads\/2023\/03\/cbc21bc91b5ccb64e228e65ee5c46e9d.jpg\" media=\"(min-width: 30rem) and (max-width: 64rem)\" width=\"300\" height=\"206\">\n                            <source srcset=\"https:\/\/www.telpark.com\/wp-content\/uploads\/2023\/03\/cbc21bc91b5ccb64e228e65ee5c46e9d-280x206.jpg\" media=\"(min-width: 64rem)\" width=\"280\" height=\"206\">\n        \n        \n                                                                                                                                                                    \n        <img decoding=\"async\" src=\"https:\/\/www.telpark.com\/wp-content\/uploads\/2023\/03\/cbc21bc91b5ccb64e228e65ee5c46e9d-280x206.jpg\" alt=\"\"  width=\"280\" height=\"206\"  loading=\"lazy\" >\n    <\/picture>\n\n                <div class=\"tpk-card-parking__content\">\n                            <h3 class=\"tpk-card-parking__title\">Parking Campolide<\/h3>\n                                        <address>Av Conselheiro F. de Sousa s\/n, 1070-000<\/address>\n                        <div class=\"tpk-card-parking__icons\">\n                                    <span class=\"icon icon-bono icon--md\"><\/span>\n                                    <span class=\"icon icon-charger icon--md\"><\/span>\n                                    <span class=\"icon icon-car-express icon--md\"><\/span>\n                                    <span class=\"icon icon-galibo190 icon--md\"><\/span>\n                                    <span class=\"icon icon-multipass icon--md\"><\/span>\n                                    <span class=\"icon icon-reserva icon--md\"><\/span>\n                            <\/div>\n            <div class=\"tpk-card-parking__info\">\n                <div class=\"tpk-card-parking__info__price\">\n                                            a partir de\n                                                                <span><p>2,15 \u20ac<\/p><\/span>\n                                    <\/div>\n                <div class=\"tpk-card-parking__info__link\">\n                    <span class=\"icon icon-add icon--sm\">\n                    <\/span> \n                <\/div>\n            <\/div>\n        <\/div>\n    <\/a>\n            <\/div>\n                    <div class=\"col-xs-12 col-sm-6 col-md-6 col-lg-6 pb-1 pl-h pr-h\">\n                \n    <a href=\"https:\/\/www.telpark.com\/es\/ciudades\/lisboa\/parking-campo-martires-da-patria\/\" class=\"tpk-card-parking\">\n                                        <picture >\n\n                    <source srcset=\"https:\/\/www.telpark.com\/wp-content\/uploads\/2023\/03\/bd799a9f4a559cb11d4c039ce88df713.jpg\" media=\"((min-width: 0rem) and (max-width: 30rem))\" width=\"255\" height=\"176\">\n                             <source srcset=\"https:\/\/www.telpark.com\/wp-content\/uploads\/2023\/03\/bd799a9f4a559cb11d4c039ce88df713.jpg\" media=\"(min-width: 30rem) and (max-width: 64rem)\" width=\"255\" height=\"176\">\n                            <source srcset=\"https:\/\/www.telpark.com\/wp-content\/uploads\/2023\/03\/bd799a9f4a559cb11d4c039ce88df713.jpg\" media=\"(min-width: 64rem)\" width=\"255\" height=\"176\">\n        \n        \n                                                                                                                                                                    \n        <img decoding=\"async\" src=\"https:\/\/www.telpark.com\/wp-content\/uploads\/2023\/03\/bd799a9f4a559cb11d4c039ce88df713.jpg\" alt=\"\"  width=\"255\" height=\"176\"  loading=\"lazy\" >\n    <\/picture>\n\n                <div class=\"tpk-card-parking__content\">\n                            <h3 class=\"tpk-card-parking__title\">Parking Campo M\u00e1rtires da P\u00e1tria<\/h3>\n                                        <address>Campo M\u00e1rtires da P\u00e1tria s\/n, 1169-017<\/address>\n                        <div class=\"tpk-card-parking__icons\">\n                                    <span class=\"icon icon-bono icon--md\"><\/span>\n                                    <span class=\"icon icon-charger icon--md\"><\/span>\n                                    <span class=\"icon icon-car-express icon--md\"><\/span>\n                                    <span class=\"icon icon-galibo190 icon--md\"><\/span>\n                                    <span class=\"icon icon-multipass icon--md\"><\/span>\n                                    <span class=\"icon icon-reserva icon--md\"><\/span>\n                            <\/div>\n            <div class=\"tpk-card-parking__info\">\n                <div class=\"tpk-card-parking__info__price\">\n                                            a partir de\n                                                                <span><p>2,85 \u20ac<\/p><\/span>\n                                    <\/div>\n                <div class=\"tpk-card-parking__info__link\">\n                    <span class=\"icon icon-add icon--sm\">\n                    <\/span> \n                <\/div>\n            <\/div>\n        <\/div>\n    <\/a>\n            <\/div>\n                    <div class=\"col-xs-12 col-sm-6 col-md-6 col-lg-6 pb-1 pl-h pr-h\">\n                \n    <a href=\"https:\/\/www.telpark.com\/es\/ciudades\/lisboa\/parking-campo-grande-viaduto\/\" class=\"tpk-card-parking\">\n                                        <picture >\n\n                    <source srcset=\"https:\/\/www.telpark.com\/wp-content\/uploads\/2023\/03\/parking-viaduto-telpark-480x270.jpg\" media=\"((min-width: 0rem) and (max-width: 30rem))\" width=\"480\" height=\"270\">\n                             <source srcset=\"https:\/\/www.telpark.com\/wp-content\/uploads\/2023\/03\/parking-viaduto-telpark-480x270.jpg\" media=\"(min-width: 30rem) and (max-width: 64rem)\" width=\"480\" height=\"270\">\n                            <source srcset=\"https:\/\/www.telpark.com\/wp-content\/uploads\/2023\/03\/parking-viaduto-telpark-280x300.jpg\" media=\"(min-width: 64rem)\" width=\"280\" height=\"300\">\n        \n        \n                                                                                                                                                                    \n        <img decoding=\"async\" src=\"https:\/\/www.telpark.com\/wp-content\/uploads\/2023\/03\/parking-viaduto-telpark-280x300.jpg\" alt=\"\"  width=\"280\" height=\"300\"  loading=\"lazy\" >\n    <\/picture>\n\n                <div class=\"tpk-card-parking__content\">\n                            <h3 class=\"tpk-card-parking__title\">Parking Campo Grande Viaduto<\/h3>\n                                        <address>Av. Marechal Craveiro Lopes, Campo Grande, 1749-009<\/address>\n                        <div class=\"tpk-card-parking__icons\">\n                                    <span class=\"icon icon-bono icon--md\"><\/span>\n                                    <span class=\"icon icon-reserva icon--md\"><\/span>\n                            <\/div>\n            <div class=\"tpk-card-parking__info\">\n                <div class=\"tpk-card-parking__info__price\">\n                                            a partir de\n                                                                <span><p>1,90 \u20ac<\/p><\/span>\n                                    <\/div>\n                <div class=\"tpk-card-parking__info__link\">\n                    <span class=\"icon icon-add icon--sm\">\n                    <\/span> \n                <\/div>\n            <\/div>\n        <\/div>\n    <\/a>\n            <\/div>\n                    <div class=\"col-xs-12 col-sm-6 col-md-6 col-lg-6 pb-1 pl-h pr-h\">\n                \n    <a href=\"https:\/\/www.telpark.com\/es\/ciudades\/lisboa\/parking-campo-grande-estacao\/\" class=\"tpk-card-parking\">\n                                        <picture >\n\n                    <source srcset=\"https:\/\/www.telpark.com\/wp-content\/uploads\/2023\/03\/1fa8fd97410ecfbadfd6b582c3dc19fe.jpg\" media=\"((min-width: 0rem) and (max-width: 30rem))\" width=\"300\" height=\"206\">\n                             <source srcset=\"https:\/\/www.telpark.com\/wp-content\/uploads\/2023\/03\/1fa8fd97410ecfbadfd6b582c3dc19fe.jpg\" media=\"(min-width: 30rem) and (max-width: 64rem)\" width=\"300\" height=\"206\">\n                            <source srcset=\"https:\/\/www.telpark.com\/wp-content\/uploads\/2023\/03\/1fa8fd97410ecfbadfd6b582c3dc19fe-280x206.jpg\" media=\"(min-width: 64rem)\" width=\"280\" height=\"206\">\n        \n        \n                                                                                                                                                                    \n        <img decoding=\"async\" src=\"https:\/\/www.telpark.com\/wp-content\/uploads\/2023\/03\/1fa8fd97410ecfbadfd6b582c3dc19fe-280x206.jpg\" alt=\"\"  width=\"280\" height=\"206\"  loading=\"lazy\" >\n    <\/picture>\n\n                <div class=\"tpk-card-parking__content\">\n                            <h3 class=\"tpk-card-parking__title\">Parking Campo Grande Esta\u00e7\u00e3o<\/h3>\n                                        <address>Rua Ator Ant\u00f3nio Silva s\/n, 1600-405<\/address>\n                        <div class=\"tpk-card-parking__icons\">\n                                    <span class=\"icon icon-bono icon--md\"><\/span>\n                                    <span class=\"icon icon-charger icon--md\"><\/span>\n                            <\/div>\n            <div class=\"tpk-card-parking__info\">\n                <div class=\"tpk-card-parking__info__price\">\n                                            a partir de\n                                                                <span><p>1,50 \u20ac<\/p><\/span>\n                                    <\/div>\n                <div class=\"tpk-card-parking__info__link\">\n                    <span class=\"icon icon-add icon--sm\">\n                    <\/span> \n                <\/div>\n            <\/div>\n        <\/div>\n    <\/a>\n            <\/div>\n                    <div class=\"col-xs-12 col-sm-6 col-md-6 col-lg-6 pb-1 pl-h pr-h\">\n                \n    <a href=\"https:\/\/www.telpark.com\/es\/ciudades\/lisboa\/parking-campo-grande-churrasqueira\/\" class=\"tpk-card-parking\">\n                                        <picture >\n\n                    <source srcset=\"https:\/\/www.telpark.com\/wp-content\/uploads\/2023\/03\/parking-churrasqueira-telpark-480x270.jpg\" media=\"((min-width: 0rem) and (max-width: 30rem))\" width=\"480\" height=\"270\">\n                             <source srcset=\"https:\/\/www.telpark.com\/wp-content\/uploads\/2023\/03\/parking-churrasqueira-telpark-480x270.jpg\" media=\"(min-width: 30rem) and (max-width: 64rem)\" width=\"480\" height=\"270\">\n                            <source srcset=\"https:\/\/www.telpark.com\/wp-content\/uploads\/2023\/03\/parking-churrasqueira-telpark-280x300.jpg\" media=\"(min-width: 64rem)\" width=\"280\" height=\"300\">\n        \n        \n                                                                                                                                                                    \n        <img decoding=\"async\" src=\"https:\/\/www.telpark.com\/wp-content\/uploads\/2023\/03\/parking-churrasqueira-telpark-280x300.jpg\" alt=\"\"  width=\"280\" height=\"300\"  loading=\"lazy\" >\n    <\/picture>\n\n                <div class=\"tpk-card-parking__content\">\n                            <h3 class=\"tpk-card-parking__title\">Parking Campo Grande Churrasqueira<\/h3>\n                                        <address>Rua Campo Grande s\/n, 1700-098<\/address>\n                        <div class=\"tpk-card-parking__icons\">\n                                    <span class=\"icon icon-bono icon--md\"><\/span>\n                                    <span class=\"icon icon-reserva icon--md\"><\/span>\n                            <\/div>\n            <div class=\"tpk-card-parking__info\">\n                <div class=\"tpk-card-parking__info__price\">\n                                            a partir de\n                                                                <span><p>1,90 \u20ac<\/p><\/span>\n                                    <\/div>\n                <div class=\"tpk-card-parking__info__link\">\n                    <span class=\"icon icon-add icon--sm\">\n                    <\/span> \n                <\/div>\n            <\/div>\n        <\/div>\n    <\/a>\n            <\/div>\n                    <div class=\"col-xs-12 col-sm-6 col-md-6 col-lg-6 pb-1 pl-h pr-h\">\n                \n    <a href=\"https:\/\/www.telpark.com\/es\/ciudades\/lisboa\/parking-campo-de-ourique\/\" class=\"tpk-card-parking\">\n                                        <picture >\n\n                    <source srcset=\"https:\/\/www.telpark.com\/wp-content\/uploads\/2023\/03\/Entrada-Parking-telpark-Campo-de-Ourique-Lisboa-480x270.jpg\" media=\"((min-width: 0rem) and (max-width: 30rem))\" width=\"480\" height=\"270\">\n                             <source srcset=\"https:\/\/www.telpark.com\/wp-content\/uploads\/2023\/03\/Entrada-Parking-telpark-Campo-de-Ourique-Lisboa-480x270.jpg\" media=\"(min-width: 30rem) and (max-width: 64rem)\" width=\"480\" height=\"270\">\n                            <source srcset=\"https:\/\/www.telpark.com\/wp-content\/uploads\/2023\/03\/Entrada-Parking-telpark-Campo-de-Ourique-Lisboa-280x300.jpg\" media=\"(min-width: 64rem)\" width=\"280\" height=\"300\">\n        \n        \n                                                                                                                                                                    \n        <img decoding=\"async\" src=\"https:\/\/www.telpark.com\/wp-content\/uploads\/2023\/03\/Entrada-Parking-telpark-Campo-de-Ourique-Lisboa-280x300.jpg\" alt=\"\"  width=\"280\" height=\"300\"  loading=\"lazy\" >\n    <\/picture>\n\n                <div class=\"tpk-card-parking__content\">\n                            <h3 class=\"tpk-card-parking__title\">Parking Campo de Ourique<\/h3>\n                                        <address>Rua Padre Francisco s\/n, 1350-223<\/address>\n                        <div class=\"tpk-card-parking__icons\">\n                                    <span class=\"icon icon-bono icon--md\"><\/span>\n                                    <span class=\"icon icon-charger icon--md\"><\/span>\n                                    <span class=\"icon icon-car-express icon--md\"><\/span>\n                                    <span class=\"icon icon-galibo190 icon--md\"><\/span>\n                                    <span class=\"icon icon-multipass icon--md\"><\/span>\n                                    <span class=\"icon icon-reserva icon--md\"><\/span>\n                            <\/div>\n            <div class=\"tpk-card-parking__info\">\n                <div class=\"tpk-card-parking__info__price\">\n                                            a partir de\n                                                                <span><p>1,90 \u20ac<\/p><\/span>\n                                    <\/div>\n                <div class=\"tpk-card-parking__info__link\">\n                    <span class=\"icon icon-add icon--sm\">\n                    <\/span> \n                <\/div>\n            <\/div>\n        <\/div>\n    <\/a>\n            <\/div>\n                    <div class=\"col-xs-12 col-sm-6 col-md-6 col-lg-6 pb-1 pl-h pr-h\">\n                \n    <a href=\"https:\/\/www.telpark.com\/es\/ciudades\/lisboa\/parking-camoes\/\" class=\"tpk-card-parking\">\n                                        <picture >\n\n                    <source srcset=\"https:\/\/www.telpark.com\/wp-content\/uploads\/2023\/03\/Entrada-parking-telpark-Camoes-Lisboa-480x270.jpg\" media=\"((min-width: 0rem) and (max-width: 30rem))\" width=\"480\" height=\"270\">\n                             <source srcset=\"https:\/\/www.telpark.com\/wp-content\/uploads\/2023\/03\/Entrada-parking-telpark-Camoes-Lisboa-480x270.jpg\" media=\"(min-width: 30rem) and (max-width: 64rem)\" width=\"480\" height=\"270\">\n                            <source srcset=\"https:\/\/www.telpark.com\/wp-content\/uploads\/2023\/03\/Entrada-parking-telpark-Camoes-Lisboa-280x300.jpg\" media=\"(min-width: 64rem)\" width=\"280\" height=\"300\">\n        \n        \n                                                                                                                                                                    \n        <img decoding=\"async\" src=\"https:\/\/www.telpark.com\/wp-content\/uploads\/2023\/03\/Entrada-parking-telpark-Camoes-Lisboa-280x300.jpg\" alt=\"\"  width=\"280\" height=\"300\"  loading=\"lazy\" >\n    <\/picture>\n\n                <div class=\"tpk-card-parking__content\">\n                            <h3 class=\"tpk-card-parking__title\">Parking Cam\u00f5es<\/h3>\n                                        <address>Pra\u00e7a Lu\u00eds de Cam\u00f5es s\/n, 1200-243<\/address>\n                        <div class=\"tpk-card-parking__icons\">\n                                    <span class=\"icon icon-bono icon--md\"><\/span>\n                                    <span class=\"icon icon-charger icon--md\"><\/span>\n                                    <span class=\"icon icon-car-express icon--md\"><\/span>\n                                    <span class=\"icon icon-galibo200 icon--md\"><\/span>\n                                    <span class=\"icon icon-multipass icon--md\"><\/span>\n                                    <span class=\"icon icon-reserva icon--md\"><\/span>\n                            <\/div>\n            <div class=\"tpk-card-parking__info\">\n                <div class=\"tpk-card-parking__info__price\">\n                                            a partir de\n                                                                <span><p>2,85 \u20ac<\/p><\/span>\n                                    <\/div>\n                <div class=\"tpk-card-parking__info__link\">\n                    <span class=\"icon icon-add icon--sm\">\n                    <\/span> \n                <\/div>\n            <\/div>\n        <\/div>\n    <\/a>\n            <\/div>\n                    <div class=\"col-xs-12 col-sm-6 col-md-6 col-lg-6 pb-1 pl-h pr-h\">\n                \n    <a href=\"https:\/\/www.telpark.com\/es\/ciudades\/lisboa\/parking-berna\/\" class=\"tpk-card-parking\">\n                                        <picture >\n\n                    <source srcset=\"https:\/\/www.telpark.com\/wp-content\/uploads\/2023\/03\/Entrada-Parking-telpark-Berna-Lisboa-480x270.jpg\" media=\"((min-width: 0rem) and (max-width: 30rem))\" width=\"480\" height=\"270\">\n                             <source srcset=\"https:\/\/www.telpark.com\/wp-content\/uploads\/2023\/03\/Entrada-Parking-telpark-Berna-Lisboa-480x270.jpg\" media=\"(min-width: 30rem) and (max-width: 64rem)\" width=\"480\" height=\"270\">\n                            <source srcset=\"https:\/\/www.telpark.com\/wp-content\/uploads\/2023\/03\/Entrada-Parking-telpark-Berna-Lisboa-280x300.jpg\" media=\"(min-width: 64rem)\" width=\"280\" height=\"300\">\n        \n        \n                                                                                                                                                                    \n        <img decoding=\"async\" src=\"https:\/\/www.telpark.com\/wp-content\/uploads\/2023\/03\/Entrada-Parking-telpark-Berna-Lisboa-280x300.jpg\" alt=\"\"  width=\"280\" height=\"300\"  loading=\"lazy\" >\n    <\/picture>\n\n                <div class=\"tpk-card-parking__content\">\n                            <h3 class=\"tpk-card-parking__title\">Parking Berna en Lisboa<\/h3>\n                                        <address>Rua Marqu\u00eas S\u00e1 da Bandeira s\/n, 1050-151<\/address>\n                        <div class=\"tpk-card-parking__icons\">\n                                    <span class=\"icon icon-bono icon--md\"><\/span>\n                                    <span class=\"icon icon-charger icon--md\"><\/span>\n                                    <span class=\"icon icon-car-express icon--md\"><\/span>\n                                    <span class=\"icon icon-galibo190 icon--md\"><\/span>\n                                    <span class=\"icon icon-multipass icon--md\"><\/span>\n                                    <span class=\"icon icon-reserva icon--md\"><\/span>\n                            <\/div>\n            <div class=\"tpk-card-parking__info\">\n                <div class=\"tpk-card-parking__info__price\">\n                                            a partir de\n                                                                <span><p>3,25 \u20ac<\/p><\/span>\n                                    <\/div>\n                <div class=\"tpk-card-parking__info__link\">\n                    <span class=\"icon icon-add icon--sm\">\n                    <\/span> \n                <\/div>\n            <\/div>\n        <\/div>\n    <\/a>\n            <\/div>\n                    <div class=\"col-xs-12 col-sm-6 col-md-6 col-lg-6 pb-1 pl-h pr-h\">\n                \n    <a href=\"https:\/\/www.telpark.com\/es\/ciudades\/lisboa\/parking-baixa-chiado\/\" class=\"tpk-card-parking\">\n                                        <picture >\n\n                    <source srcset=\"https:\/\/www.telpark.com\/wp-content\/uploads\/2023\/03\/Barrera-parking-telpark-Baixa-Chiado-Lisboa-480x270.jpg\" media=\"((min-width: 0rem) and (max-width: 30rem))\" width=\"480\" height=\"270\">\n                             <source srcset=\"https:\/\/www.telpark.com\/wp-content\/uploads\/2023\/03\/Barrera-parking-telpark-Baixa-Chiado-Lisboa-480x270.jpg\" media=\"(min-width: 30rem) and (max-width: 64rem)\" width=\"480\" height=\"270\">\n                            <source srcset=\"https:\/\/www.telpark.com\/wp-content\/uploads\/2023\/03\/Barrera-parking-telpark-Baixa-Chiado-Lisboa-280x300.jpg\" media=\"(min-width: 64rem)\" width=\"280\" height=\"300\">\n        \n        \n                                                                                                                                                                    \n        <img decoding=\"async\" src=\"https:\/\/www.telpark.com\/wp-content\/uploads\/2023\/03\/Barrera-parking-telpark-Baixa-Chiado-Lisboa-280x300.jpg\" alt=\"\"  width=\"280\" height=\"300\"  loading=\"lazy\" >\n    <\/picture>\n\n                <div class=\"tpk-card-parking__content\">\n                            <h3 class=\"tpk-card-parking__title\">Parking Baixa-Chiado en Lisboa<\/h3>\n                                        <address>Largo da Boa Hora 1, 1200-162<\/address>\n                        <div class=\"tpk-card-parking__icons\">\n                                    <span class=\"icon icon-bono icon--md\"><\/span>\n                                    <span class=\"icon icon-charger icon--md\"><\/span>\n                                    <span class=\"icon icon-car-express icon--md\"><\/span>\n                                    <span class=\"icon icon-galibo210 icon--md\"><\/span>\n                                    <span class=\"icon icon-multipass icon--md\"><\/span>\n                                    <span class=\"icon icon-reserva icon--md\"><\/span>\n                            <\/div>\n            <div class=\"tpk-card-parking__info\">\n                <div class=\"tpk-card-parking__info__price\">\n                                            a partir de\n                                                                <span><p>3,45\u20ac<\/p><\/span>\n                                    <\/div>\n                <div class=\"tpk-card-parking__info__link\">\n                    <span class=\"icon icon-add icon--sm\">\n                    <\/span> \n                <\/div>\n            <\/div>\n        <\/div>\n    <\/a>\n            <\/div>\n                    <div class=\"col-xs-12 col-sm-6 col-md-6 col-lg-6 pb-1 pl-h pr-h\">\n                \n    <a href=\"https:\/\/www.telpark.com\/es\/ciudades\/lisboa\/parking-arco-do-cego-subterraneo\/\" class=\"tpk-card-parking\">\n                                        <picture >\n\n                    <source srcset=\"https:\/\/www.telpark.com\/wp-content\/uploads\/2023\/03\/Entrada-Parking-telpark-Arco-do-cego-Lisboa-480x270.jpg\" media=\"((min-width: 0rem) and (max-width: 30rem))\" width=\"480\" height=\"270\">\n                             <source srcset=\"https:\/\/www.telpark.com\/wp-content\/uploads\/2023\/03\/Entrada-Parking-telpark-Arco-do-cego-Lisboa-480x270.jpg\" media=\"(min-width: 30rem) and (max-width: 64rem)\" width=\"480\" height=\"270\">\n                            <source srcset=\"https:\/\/www.telpark.com\/wp-content\/uploads\/2023\/03\/Entrada-Parking-telpark-Arco-do-cego-Lisboa-280x300.jpg\" media=\"(min-width: 64rem)\" width=\"280\" height=\"300\">\n        \n        \n                                                                                                                                                                    \n        <img decoding=\"async\" src=\"https:\/\/www.telpark.com\/wp-content\/uploads\/2023\/03\/Entrada-Parking-telpark-Arco-do-cego-Lisboa-280x300.jpg\" alt=\"\"  width=\"280\" height=\"300\"  loading=\"lazy\" >\n    <\/picture>\n\n                <div class=\"tpk-card-parking__content\">\n                            <h3 class=\"tpk-card-parking__title\">Parking Arco do Cego Subterr\u00e1neo<\/h3>\n                                        <address>Av. Jo\u00e3o Cris\u00f3stomo s\/n, 1000-178<\/address>\n                        <div class=\"tpk-card-parking__icons\">\n                                    <span class=\"icon icon-bono icon--md\"><\/span>\n                                    <span class=\"icon icon-charger icon--md\"><\/span>\n                                    <span class=\"icon icon-car-express icon--md\"><\/span>\n                                    <span class=\"icon icon-galibo190 icon--md\"><\/span>\n                                    <span class=\"icon icon-multipass icon--md\"><\/span>\n                                    <span class=\"icon icon-reserva icon--md\"><\/span>\n                            <\/div>\n            <div class=\"tpk-card-parking__info\">\n                <div class=\"tpk-card-parking__info__price\">\n                                            a partir de\n                                                                <span><p>2,15 \u20ac<\/p><\/span>\n                                    <\/div>\n                <div class=\"tpk-card-parking__info__link\">\n                    <span class=\"icon icon-add icon--sm\">\n                    <\/span> \n                <\/div>\n            <\/div>\n        <\/div>\n    <\/a>\n            <\/div>\n                    <div class=\"col-xs-12 col-sm-6 col-md-6 col-lg-6 pb-1 pl-h pr-h\">\n                \n    <a href=\"https:\/\/www.telpark.com\/es\/ciudades\/lisboa\/parking-alves-redol-tecnico\/\" class=\"tpk-card-parking\">\n                                        <picture >\n\n                    <source srcset=\"https:\/\/www.telpark.com\/wp-content\/uploads\/2023\/03\/Barrera-parking-telpark-Alves-Redol-Lisboa-480x270.jpg\" media=\"((min-width: 0rem) and (max-width: 30rem))\" width=\"480\" height=\"270\">\n                             <source srcset=\"https:\/\/www.telpark.com\/wp-content\/uploads\/2023\/03\/Barrera-parking-telpark-Alves-Redol-Lisboa-480x270.jpg\" media=\"(min-width: 30rem) and (max-width: 64rem)\" width=\"480\" height=\"270\">\n                            <source srcset=\"https:\/\/www.telpark.com\/wp-content\/uploads\/2023\/03\/Barrera-parking-telpark-Alves-Redol-Lisboa-280x300.jpg\" media=\"(min-width: 64rem)\" width=\"280\" height=\"300\">\n        \n        \n                                                                                                                                                                    \n        <img decoding=\"async\" src=\"https:\/\/www.telpark.com\/wp-content\/uploads\/2023\/03\/Barrera-parking-telpark-Alves-Redol-Lisboa-280x300.jpg\" alt=\"\"  width=\"280\" height=\"300\"  loading=\"lazy\" >\n    <\/picture>\n\n                <div class=\"tpk-card-parking__content\">\n                            <h3 class=\"tpk-card-parking__title\">Parking Alves Redol - T\u00e9cnico<\/h3>\n                                        <address>Rua Alves Redol s\/n, 1000-029<\/address>\n                        <div class=\"tpk-card-parking__icons\">\n                                    <span class=\"icon icon-bono icon--md\"><\/span>\n                                    <span class=\"icon icon-charger icon--md\"><\/span>\n                                    <span class=\"icon icon-car-express icon--md\"><\/span>\n                                    <span class=\"icon icon-galibo190 icon--md\"><\/span>\n                                    <span class=\"icon icon-multipass icon--md\"><\/span>\n                                    <span class=\"icon icon-reserva icon--md\"><\/span>\n                            <\/div>\n            <div class=\"tpk-card-parking__info\">\n                <div class=\"tpk-card-parking__info__price\">\n                                            a partir de\n                                                                <span><p>2,50 \u20ac<\/p><\/span>\n                                    <\/div>\n                <div class=\"tpk-card-parking__info__link\">\n                    <span class=\"icon icon-add icon--sm\">\n                    <\/span> \n                <\/div>\n            <\/div>\n        <\/div>\n    <\/a>\n            <\/div>\n                    <div class=\"col-xs-12 col-sm-6 col-md-6 col-lg-6 pb-1 pl-h pr-h\">\n                \n    <a href=\"https:\/\/www.telpark.com\/es\/ciudades\/lisboa\/parking-alvalade-xxi\/\" class=\"tpk-card-parking\">\n                                        <picture >\n\n                    <source srcset=\"https:\/\/www.telpark.com\/wp-content\/uploads\/2023\/03\/4b6c03a2cbeaa4e40efa44b8def82a66.JPG\" media=\"((min-width: 0rem) and (max-width: 30rem))\" width=\"255\" height=\"176\">\n                             <source srcset=\"https:\/\/www.telpark.com\/wp-content\/uploads\/2023\/03\/4b6c03a2cbeaa4e40efa44b8def82a66.JPG\" media=\"(min-width: 30rem) and (max-width: 64rem)\" width=\"255\" height=\"176\">\n                            <source srcset=\"https:\/\/www.telpark.com\/wp-content\/uploads\/2023\/03\/4b6c03a2cbeaa4e40efa44b8def82a66.JPG\" media=\"(min-width: 64rem)\" width=\"255\" height=\"176\">\n        \n        \n                                                                                                                                                                    \n        <img decoding=\"async\" src=\"https:\/\/www.telpark.com\/wp-content\/uploads\/2023\/03\/4b6c03a2cbeaa4e40efa44b8def82a66.JPG\" alt=\"\"  width=\"255\" height=\"176\"  loading=\"lazy\" >\n    <\/picture>\n\n                <div class=\"tpk-card-parking__content\">\n                            <h3 class=\"tpk-card-parking__title\">Parking Alvalade XXI<\/h3>\n                                        <address>Rua Francisco Stromp \/ Est\u00e1dio de Alvalade XXI, 1600-616<\/address>\n                        <div class=\"tpk-card-parking__icons\">\n                                    <span class=\"icon icon-bono icon--md\"><\/span>\n                                    <span class=\"icon icon-charger icon--md\"><\/span>\n                                    <span class=\"icon icon-car-express icon--md\"><\/span>\n                                    <span class=\"icon icon-galibo190 icon--md\"><\/span>\n                                    <span class=\"icon icon-reserva icon--md\"><\/span>\n                            <\/div>\n            <div class=\"tpk-card-parking__info\">\n                <div class=\"tpk-card-parking__info__price\">\n                                            a partir de\n                                                                <span><p>1,65 \u20ac<\/p><\/span>\n                                    <\/div>\n                <div class=\"tpk-card-parking__info__link\">\n                    <span class=\"icon icon-add icon--sm\">\n                    <\/span> \n                <\/div>\n            <\/div>\n        <\/div>\n    <\/a>\n            <\/div>\n                    <div class=\"col-xs-12 col-sm-6 col-md-6 col-lg-6 pb-1 pl-h pr-h\">\n                \n    <a href=\"https:\/\/www.telpark.com\/es\/ciudades\/lisboa\/parking-alexandre-herculano\/\" class=\"tpk-card-parking\">\n                                        <picture >\n\n                    <source srcset=\"https:\/\/www.telpark.com\/wp-content\/uploads\/2023\/03\/3c83277296d584ed4e34dc3b1ceeaf1b.jpg\" media=\"((min-width: 0rem) and (max-width: 30rem))\" width=\"300\" height=\"206\">\n                             <source srcset=\"https:\/\/www.telpark.com\/wp-content\/uploads\/2023\/03\/3c83277296d584ed4e34dc3b1ceeaf1b.jpg\" media=\"(min-width: 30rem) and (max-width: 64rem)\" width=\"300\" height=\"206\">\n                            <source srcset=\"https:\/\/www.telpark.com\/wp-content\/uploads\/2023\/03\/3c83277296d584ed4e34dc3b1ceeaf1b-280x206.jpg\" media=\"(min-width: 64rem)\" width=\"280\" height=\"206\">\n        \n        \n                                                                                                                                                                    \n        <img decoding=\"async\" src=\"https:\/\/www.telpark.com\/wp-content\/uploads\/2023\/03\/3c83277296d584ed4e34dc3b1ceeaf1b-280x206.jpg\" alt=\"\"  width=\"280\" height=\"206\"  loading=\"lazy\" >\n    <\/picture>\n\n                <div class=\"tpk-card-parking__content\">\n                            <h3 class=\"tpk-card-parking__title\">Parking Alexandre Herculano<\/h3>\n                                        <address>Rua Mouzinho da Silveira s\/n, 1250-096<\/address>\n                        <div class=\"tpk-card-parking__icons\">\n                                    <span class=\"icon icon-bono icon--md\"><\/span>\n                                    <span class=\"icon icon-charger icon--md\"><\/span>\n                                    <span class=\"icon icon-car-express icon--md\"><\/span>\n                                    <span class=\"icon icon-galibo190 icon--md\"><\/span>\n                                    <span class=\"icon icon-multipass icon--md\"><\/span>\n                                    <span class=\"icon icon-reserva icon--md\"><\/span>\n                            <\/div>\n            <div class=\"tpk-card-parking__info\">\n                <div class=\"tpk-card-parking__info__price\">\n                                            a partir de\n                                                                <span><p>2,60 \u20ac<\/p><\/span>\n                                    <\/div>\n                <div class=\"tpk-card-parking__info__link\">\n                    <span class=\"icon icon-add icon--sm\">\n                    <\/span> \n                <\/div>\n            <\/div>\n        <\/div>\n    <\/a>\n            <\/div>\n                    <div class=\"col-xs-12 col-sm-6 col-md-6 col-lg-6 pb-1 pl-h pr-h\">\n                \n    <a href=\"https:\/\/www.telpark.com\/es\/ciudades\/lisboa\/parking-alameda\/\" class=\"tpk-card-parking\">\n                                        <picture >\n\n                    <source srcset=\"https:\/\/www.telpark.com\/wp-content\/uploads\/2023\/03\/Entrada-Parking-telpark-Alameda-Lisboa-1-480x270.jpg\" media=\"((min-width: 0rem) and (max-width: 30rem))\" width=\"480\" height=\"270\">\n                             <source srcset=\"https:\/\/www.telpark.com\/wp-content\/uploads\/2023\/03\/Entrada-Parking-telpark-Alameda-Lisboa-1-480x270.jpg\" media=\"(min-width: 30rem) and (max-width: 64rem)\" width=\"480\" height=\"270\">\n                            <source srcset=\"https:\/\/www.telpark.com\/wp-content\/uploads\/2023\/03\/Entrada-Parking-telpark-Alameda-Lisboa-1-280x300.jpg\" media=\"(min-width: 64rem)\" width=\"280\" height=\"300\">\n        \n        \n                                                                                                                                                                    \n        <img decoding=\"async\" src=\"https:\/\/www.telpark.com\/wp-content\/uploads\/2023\/03\/Entrada-Parking-telpark-Alameda-Lisboa-1-280x300.jpg\" alt=\"\"  width=\"280\" height=\"300\"  loading=\"lazy\" >\n    <\/picture>\n\n                <div class=\"tpk-card-parking__content\">\n                            <h3 class=\"tpk-card-parking__title\">Parking Alameda<\/h3>\n                                        <address>Alameda D. Afonso Henriques s\/n, 1000-125<\/address>\n                        <div class=\"tpk-card-parking__icons\">\n                                    <span class=\"icon icon-bono icon--md\"><\/span>\n                                    <span class=\"icon icon-charger icon--md\"><\/span>\n                                    <span class=\"icon icon-car-express icon--md\"><\/span>\n                                    <span class=\"icon icon-galibo190 icon--md\"><\/span>\n                                    <span class=\"icon icon-multipass icon--md\"><\/span>\n                                    <span class=\"icon icon-reserva icon--md\"><\/span>\n                            <\/div>\n            <div class=\"tpk-card-parking__info\">\n                <div class=\"tpk-card-parking__info__price\">\n                                            a partir de\n                                                                <span><p>2,35\u20ac<\/p><\/span>\n                                    <\/div>\n                <div class=\"tpk-card-parking__info__link\">\n                    <span class=\"icon icon-add icon--sm\">\n                    <\/span> \n                <\/div>\n            <\/div>\n        <\/div>\n    <\/a>\n            <\/div>\n            <\/div>\n    <\/section>\n\n<section class=\"tpk-products center\">\n    <div class=\"wrapper pl-1 pr-1 pb-3\">\n                <header class=\"tpk-head  wrapper\">\n    <p class=\"tpk-head__caption\">Ventajas<\/p>    <h2 class=\"tpk-head__title\">Te contamos algunas ventajas de aparcar con nosotrxs \ud83d\ude09<\/h2>    <\/header>    <\/div>\n\n    <div class=\"wrapper tpk-products__cards grid  grid-3\">\n        <input type=\"hidden\" id=\"_wpnonce\" name=\"_wpnonce\" value=\"c7a272e8f4\" \/><input type=\"hidden\" name=\"_wp_http_referer\" value=\"\/es\/wp-json\/wp\/v2\/locations\/2505\" \/>\n                    <div class=\"tpk-card-product flat \">\n\n\t<div class=\"tpk-card-product__head\">\n\t\t\t\t\t<span class=\"icon icon-location icon--lg\"><\/span>\n\t\t\t\t\t<\/div>\n\t<div class=\"tpk-card-product__content\">\n\t\t<h3 class=\"tpk-card-product__content__title\">Aparca est\u00e9s donde est\u00e9s <\/h3>\n\t\t\t\t\t<p>Encu\u00e9ntranos en los m\u00e1s de 200 parkings repartidos en Espa\u00f1a y Portugal.<\/p>\n\n\t\t\t<\/div>\n\t\t<\/div>\n                    <div class=\"tpk-card-product flat \">\n\n\t<div class=\"tpk-card-product__head\">\n\t\t\t\t\t<span class=\"icon icon-mobile icon--lg\"><\/span>\n\t\t\t\t\t<\/div>\n\t<div class=\"tpk-card-product__content\">\n\t\t<h3 class=\"tpk-card-product__content__title\">Todo desde tu m\u00f3vil<\/h3>\n\t\t\t\t\t<p>Con la app gestiona tu parking con mayor comodidad.<\/p>\n<p>&nbsp;<\/p>\n\n\t\t\t<\/div>\n\t\t<\/div>\n                    <div class=\"tpk-card-product flat \">\n\n\t<div class=\"tpk-card-product__head\">\n\t\t\t\t\t<span class=\"icon icon-car-express icon--lg\"><\/span>\n\t\t\t\t\t<\/div>\n\t<div class=\"tpk-card-product__content\">\n\t\t<h3 class=\"tpk-card-product__content__title\">Apertura de barrera autom\u00e1tica<\/h3>\n\t\t\t\t\t<p>En nuestros parkings ticketless la barrera se abre como por arte de magia.\u00a0<\/p>\n\n\t\t\t<\/div>\n\t\t<\/div>\n                    <div class=\"tpk-card-product flat \">\n\n\t<div class=\"tpk-card-product__head\">\n\t\t\t\t\t<span class=\"icon icon-bono icon--lg\"><\/span>\n\t\t\t\t\t<\/div>\n\t<div class=\"tpk-card-product__content\">\n\t\t<h3 class=\"tpk-card-product__content__title\">Productos adaptados a ti<\/h3>\n\t\t\t\t\t<p>Elige el producto que mejor se adapte a ti y aparca sin complicaciones en nuestros parkings.<\/p>\n\n\t\t\t<\/div>\n\t\t<\/div>\n                    <div class=\"tpk-card-product flat \">\n\n\t<div class=\"tpk-card-product__head\">\n\t\t\t\t\t<span class=\"icon icon-caravan icon--lg\"><\/span>\n\t\t\t\t\t<\/div>\n\t<div class=\"tpk-card-product__content\">\n\t\t<h3 class=\"tpk-card-product__content__title\">Todo tipo de veh\u00edculos<\/h3>\n\t\t\t\t\t<p>Tenemos un espacio para ti tengas una caravana, un coche, una moto, una bicicleta, ... incluso un cami\u00f3n.\u00a0<\/p>\n\n\t\t\t<\/div>\n\t\t<\/div>\n                    <div class=\"tpk-card-product flat \">\n\n\t<div class=\"tpk-card-product__head\">\n\t\t\t\t\t<span class=\"icon icon-camera icon--lg\"><\/span>\n\t\t\t\t\t<\/div>\n\t<div class=\"tpk-card-product__content\">\n\t\t<h3 class=\"tpk-card-product__content__title\">Vigilancia 24h\/7<\/h3>\n\t\t\t\t\t<p>En nuestros parking tenemos vigilancia las 24 horas, los 7 d\u00edas de la semana.\u00a0<\/p>\n\n\t\t\t<\/div>\n\t\t<\/div>\n            <\/div>\n<\/section>\n\n<\/div>\n\n<div class=\"tpk-tab__content\" role=\"tabpanel\" aria-labelledby=\"description\" aria-hidden=\"false\">\n    \n\n<section class=\"tpk-city-map\">\n            <div class=\"wrapper row center-xs\">\n            <div class=\"col-xs-12 col-sm-10 col-md-8 pt-4 pb-4\">\n                                <header class=\"tpk-head center wrapper\">\n        <h3 class=\"tpk-head__title\">Aparcar en zona verde, zona amarilla... en Lisboa<\/h3>    <p>Con el servicio de estacionamiento regulado facilitamos a visitantes y residentes de las ciudades un lugar para aparcar en zonas donde, por problemas de saturaci\u00f3n, es dif\u00edcil encontrar una plaza libre.<\/p>\n<\/header>            <\/div>\n        <\/div>\n        <div class=\"row pb-4 middle-xs\">\n        <div class=\"col-xs-12 col-sm-6 col-md-6 col-no-gutter tpk-city-map__picture\">\n                    <div id=\"mapCityMap\" class=\"tpk-map-block__gmap\"\n                 data-kml=\"https:\/\/www.telpark.com\/wp-content\/uploads\/2023\/03\/lisbon.kml.kml\">\n            <\/div>\n                <\/div>\n        <div class=\"col-xs-12 col-sm-6 col-lg-4 tpk-city-map__content \">\n                            <h3 class=\"tpk-city-map__title\">Zonas de estacionamiento regulado en Lisboa<\/h3>\n                        <div class=\"tpk-tabs\">\n                                                            <input type=\"radio\" name=\"tabs\" id=\"tab1\" checked\/>\n                        <label for=\"tab1\"\n                               class=\"tpk-tab__label\"\n                               role=\"tab\">\n                            Zona verde\n                        <\/label>\n                                                                                <input type=\"radio\" name=\"tabs\" id=\"tab2\" \/>\n                        <label for=\"tab2\"\n                               class=\"tpk-tab__label\"\n                               role=\"tab\">\n                            Zona amarilla\n                        <\/label>\n                                                                                <input type=\"radio\" name=\"tabs\" id=\"tab3\" \/>\n                        <label for=\"tab3\"\n                               class=\"tpk-tab__label\"\n                               role=\"tab\">\n                            Zona roja\n                        <\/label>\n                                                                                <input type=\"radio\" name=\"tabs\" id=\"tab4\" \/>\n                        <label for=\"tab4\"\n                               class=\"tpk-tab__label\"\n                               role=\"tab\">\n                            Zona marr\u00f3n\n                        <\/label>\n                                    \n                                                    <div class=\"tpk-tab__content\"\n                         role=\"tabpanel\"\n                         aria-labelledby=\"description\"\n                         aria-hidden=\"false\">\n                                                    <p><strong>Horario<\/strong><\/p>\r\n<ul>\r\n<li>De lunes a viernes de 08:00 a 18:00 horas<\/li>\r\n<li>S\u00e1bados de 08:00 a 12:00 horas<\/li>\r\n<li>Domingos y festivos sin servicio<\/li>\r\n<\/ul>\r\n<p><strong>Tarifa<\/strong><\/p>\r\n<ul>\r\n<li>15 minutos (m\u00ednimo): 0,25 \u20ac<\/li>\r\n<li>1 hora: 0,80 \u20ac<\/li>\r\n<li>2 horas: 1,60 \u20ac<\/li>\r\n<li>4 horas (m\u00e1ximo): 3,20 \u20ac<\/li>\r\n<\/ul>\n                        \n                                                \n                        \n                                            <\/div>\n                                    <div class=\"tpk-tab__content\"\n                         role=\"tabpanel\"\n                         aria-labelledby=\"description\"\n                         aria-hidden=\"false\">\n                                                    <p><strong>Horario<\/strong><\/p>\r\n<ul>\r\n<li>De lunes a viernes de 08:00 a 18:00 horas<\/li>\r\n<li>S\u00e1bados de 08:00 a 12:00 horas<\/li>\r\n<li>Domingos y festivos sin servicio<\/li>\r\n<\/ul>\r\n<p><strong>Tarifa<\/strong><\/p>\r\n<ul>\r\n<li>15 minutos (m\u00ednimo): 0,35 \u20ac<\/li>\r\n<li>1 hora: 1,20 \u20ac<\/li>\r\n<li>2 horas: 3,00 \u20ac<\/li>\r\n<li>4 horas (m\u00e1ximo): 4,80 \u20ac<\/li>\r\n<\/ul>\n                        \n                                                \n                        \n                                            <\/div>\n                                    <div class=\"tpk-tab__content\"\n                         role=\"tabpanel\"\n                         aria-labelledby=\"description\"\n                         aria-hidden=\"false\">\n                                                    <p><strong>Horario<\/strong><\/p>\r\n<ul>\r\n<li>De lunes a viernes de 08:00 a 18:00 horas<\/li>\r\n<li>S\u00e1bados de 08:00 a 12:00 horas<\/li>\r\n<li>Domingos y festivos sin servicio<\/li>\r\n<\/ul>\r\n<p><strong>Tarifa<\/strong><\/p>\r\n<ul>\r\n<li>15 minutos (m\u00ednimo): 0,45 \u20ac<\/li>\r\n<li>30 minutos: 0,80 \u20ac<\/li>\r\n<li>1 hora: 1,60 \u20ac<\/li>\r\n<li>2 horas (m\u00e1ximo): 3,20 \u20ac<\/li>\r\n<\/ul>\n                        \n                                                \n                        \n                                            <\/div>\n                                    <div class=\"tpk-tab__content\"\n                         role=\"tabpanel\"\n                         aria-labelledby=\"description\"\n                         aria-hidden=\"false\">\n                                                    <p><strong>Horario<\/strong><\/p>\r\n<ul>\r\n<li>De lunes a viernes de 08:00 a 18:00 horas<\/li>\r\n<li>S\u00e1bados de 08:00 a 12:00 horas<\/li>\r\n<li>Domingos y festivos sin servicio<\/li>\r\n<\/ul>\r\n<p><strong>Tarifa<\/strong><\/p>\r\n<ul>\r\n<li>15 minutos (m\u00ednimo): 0,55 \u20ac<\/li>\r\n<li>30 minutos: 1,00 \u20ac<\/li>\r\n<li>1 hora: 2,00 \u20ac<\/li>\r\n<li>2 horas (m\u00e1ximo): 4,00 \u20ac<\/li>\r\n<\/ul>\n                        \n                                                \n                        \n                                            <\/div>\n                \n                <div class=\"tpk-city-map__buttons\">\n                                    <\/div>\n            <\/div>\n        <\/div>\n    <\/div>\n    <script type=\"text\/plain\" class=\"optanon-category-C0001\">\n        const elementMapKML = document.querySelector('#mapCityMap');\n        if(elementMapKML) {\n            const map2 = new google.maps.Map(elementMapKML);\n            const kml2 = elementMapKML.dataset.kml\n\n            if (kml2) {\n                const layer2 = new google.maps.KmlLayer({\n                    url: kml2,\n                    map: map2\n                })\n            }\n        }\n    <\/script>\n<\/section>\n\n\n\n<section\n        class=\"tpk-banner-cta tpk-banner-cta--background center  \"\n        style=\" --bg-picture: url('https:\/\/www.telpark.com\/wp-content\/uploads\/2023\/03\/imagen-cesped-scaled.jpg'); --bg-size: cover; --bg-position: center center;\">\n    \n        \n    <div class=\"tpk-banner-cta__content row wrapper middle-xs \">\n        \n                    <div class=\"col-xs-12 col-md-6 tpk-banner-cta__content__text\">\n                \n                                            <header class=\"tpk-head  wrapper\">\n    <p class=\"tpk-head__caption\">ZBE Lisboa<\/p>    <h2 class=\"tpk-head__title\">Zona de Bajas Emisiones Lisboa<\/h2>    <p>La Zona de Bajas Emisiones de Lisboa es un \u00e1rea restringida al tr\u00e1fico de veh\u00edculos con altas emisiones contaminantes. Esto busca mejorar la calidad del aire y reducir la contaminaci\u00f3n en la ciudad, estableciendo ciertas restricciones.<\/p>\n<p>Descubre c\u00f3mo afecta esta zona de bajas emisiones a tu movilidad y qu\u00e9 medidas puedes tomar para contribuir a una ciudad m\u00e1s sostenible.<\/p>\n<\/header>                \n                                    <div class=\"tpk-banner-cta__buttons\">\n                                                                                <a  class=\"tpk-button tpk-button--primary tpk-button--lg \" href=\"https:\/\/www.green-zones.eu\/es\/zonas-medioambientales\/portugal\/lisboa\"    target=\"_blank\" >\n    <span>Consultar informaci\u00f3n<\/span>\n    <\/a>                                            <\/div>\n                                        <\/div>\n        <\/div>\n    \n    <\/section>\n\n<\/div>\n\n    <\/div>\n\n\n<section class=\"tpk-banner-app \">\n    <div class=\"row wrapper middle-xs\">\n        <div class=\"col-xs-12 col-sm-6 col-no-gutter tpk-banner-app__picture\">\n                                                    <picture class=\"hide-xs show-sm\">\n\n                             <source srcset=\"https:\/\/www.telpark.com\/wp-content\/uploads\/2023\/08\/Bloque-descarga-ok-1-488x534.png\" media=\"(min-width: 30rem) and (max-width: 64rem)\" width=\"488\" height=\"534\">\n                            <source srcset=\"https:\/\/www.telpark.com\/wp-content\/uploads\/2023\/08\/Bloque-descarga-ok-1-680x752.png\" media=\"(min-width: 64rem)\" width=\"680\" height=\"752\">\n        \n        \n                                                                                                        \n        <img decoding=\"async\" src=\"https:\/\/www.telpark.com\/wp-content\/uploads\/2023\/08\/Bloque-descarga-ok-1-680x752.png\" alt=\"Desc\u00e1rgate la App\"  width=\"680\" height=\"752\"  loading=\"lazy\" >\n    <\/picture>\n\n                                <\/div>\n        <div class=\"col-xs-12 col-sm-6 tpk-banner-app__content\">\n                        <header class=\"tpk-head  wrapper\">\n        <h2 class=\"tpk-head__title\">Desc\u00e1rgate Telpark, la app m\u00e1s segura y fiable para gestionar tu movilidad<\/h2>    <\/header>\n                        <div class=\"tpk-banner-app__buttons\">\n                                                                                                                                                <a href=\"https:\/\/go.telpark.com\/apps.apple.com\/es\/app\/telpark\/id658204860?ecid=842ffed716b17008b8945daf873bc378&rt=true&aw=720\" class=\"tpk-button tpk-button--app dark\" target=\"_blank\">\n        <svg width=\"25\" height=\"30\" viewBox=\"0 0 25 30\" fill=\"none\" xmlns=\"http:\/\/www.w3.org\/2000\/svg\">\n            <path d=\"M23.643 10.227C23.469 10.362 20.397 12.093 20.397 15.942C20.397 20.394 24.306 21.969 24.423 22.008C24.405 22.104 23.802 24.165 22.362 26.265C21.078 28.113 19.737 29.958 17.697 29.958C15.657 29.958 15.132 28.773 12.777 28.773C10.482 28.773 9.666 29.997 7.8 29.997C5.934 29.997 4.632 28.287 3.135 26.187C1.401 23.721 0 19.89 0 16.254C0 10.422 3.792 7.329 7.524 7.329C9.507 7.329 11.16 8.631 12.405 8.631C13.59 8.631 15.438 7.251 17.694 7.251C18.549 7.251 21.621 7.329 23.643 10.227V10.227ZM16.623 4.782C17.556 3.675 18.216 2.139 18.216 0.603C18.216 0.39 18.198 0.174 18.159 0C16.641 0.057 14.835 1.011 13.746 2.274C12.891 3.246 12.093 4.782 12.093 6.339C12.093 6.573 12.132 6.807 12.15 6.882C12.246 6.9 12.402 6.921 12.558 6.921C13.92 6.921 15.633 6.009 16.623 4.782Z\" fill=\"white\"\/>\n        <\/svg>\n        <div>\n            <span>Disponible en<\/span>\n            Apple Store\n        <\/div>\n    <\/a>\n\n                                                                                                                            \n    <a href=\"https:\/\/go.telpark.com\/home?ecid=e116daffc120ef95f95caaef1599f3d7&rt=true&aw=720\" class=\"tpk-button tpk-button--app dark\" target=\"_blank\">\n        <svg width=\"23\" height=\"26\" viewBox=\"0 0 23 26\" fill=\"none\" xmlns=\"http:\/\/www.w3.org\/2000\/svg\">\n            <path fill-rule=\"evenodd\" clip-rule=\"evenodd\" d=\"M0.862422 0.87988C0.581172 1.18175 0.419922 1.64675 0.419922 2.25113V23.7411C0.419922 24.3455 0.581172 24.8105 0.873047 25.1018L0.949297 25.1661L12.9905 13.1249V12.8543L0.938672 0.815505L0.862422 0.87988Z\" fill=\"url(#paint0_linear_9_9)\"\/>\n            <path fill-rule=\"evenodd\" clip-rule=\"evenodd\" d=\"M16.9962 17.1543L12.98 13.1368V12.8556L16.9975 8.83807L17.0843 8.89182L21.8362 11.5924C23.1968 12.3593 23.1968 13.6231 21.8362 14.4006L17.0843 17.1012L16.9962 17.1543Z\" fill=\"url(#paint1_linear_9_9)\"\/>\n            <path fill-rule=\"evenodd\" clip-rule=\"evenodd\" d=\"M17.083 17.1005L12.9799 12.9961L0.862371 25.1136C1.30487 25.5892 2.04987 25.643 2.88237 25.178L17.083 17.1005Z\" fill=\"url(#paint2_linear_9_9)\"\/>\n            <path fill-rule=\"evenodd\" clip-rule=\"evenodd\" d=\"M17.083 8.89304L2.88237 0.82616C2.05112 0.350535 1.30487 0.41491 0.862371 0.890535L12.9786 12.9962L17.083 8.89304Z\" fill=\"url(#paint3_linear_9_9)\"\/>\n            <defs>\n            <linearGradient id=\"paint0_linear_9_9\" x1=\"35.6607\" y1=\"-6.74995\" x2=\"-5.23028\" y2=\"12.2052\" gradientUnits=\"userSpaceOnUse\">\n            <stop stop-color=\"#047ED6\"\/>\n            <stop offset=\"1\" stop-color=\"#50E6FF\"\/>\n            <\/linearGradient>\n            <linearGradient id=\"paint1_linear_9_9\" x1=\"24.5643\" y1=\"12.9971\" x2=\"-6.03917\" y2=\"12.9971\" gradientUnits=\"userSpaceOnUse\">\n            <stop stop-color=\"#FFDA1C\"\/>\n            <stop offset=\"1\" stop-color=\"#FEB705\"\/>\n            <\/linearGradient>\n            <linearGradient id=\"paint2_linear_9_9\" x1=\"19.7657\" y1=\"4.95934\" x2=\"-15.0772\" y2=\"45.5368\" gradientUnits=\"userSpaceOnUse\">\n            <stop stop-color=\"#D9414F\"\/>\n            <stop offset=\"1\" stop-color=\"#8C193F\"\/>\n            <\/linearGradient>\n            <linearGradient id=\"paint3_linear_9_9\" x1=\"-2.18997\" y1=\"-6.27096\" x2=\"4.71665\" y2=\"5.36978\" gradientUnits=\"userSpaceOnUse\">\n            <stop stop-color=\"#33C481\"\/>\n            <stop offset=\"1\" stop-color=\"#61E3A7\"\/>\n            <\/linearGradient>\n            <\/defs>\n            <\/svg>\n        <div>\n            <span>Disponible en<\/span>\n            Google Play\n        <\/div>\n    <\/a>\n                                                                                                <\/div>\n        <\/div>\n    <\/div>\n<\/section>\n\n\n\n<section class=\"tpk-banner-cta tpk-banner-cta--half   electric\"\n         style=\"                 \">\n    <div class=\"tpk-banner-cta--half__picture\">\n                                        <picture >\n\n                    <source srcset=\"https:\/\/www.telpark.com\/wp-content\/uploads\/2023\/04\/Carga-Rapida_Parking_Colon-e1697638934297-460x509.jpg\" media=\"((min-width: 0rem) and (max-width: 30rem))\" width=\"460\" height=\"509\">\n                             <source srcset=\"https:\/\/www.telpark.com\/wp-content\/uploads\/2023\/04\/Carga-Rapida_Parking_Colon-e1697638934297-520x509.jpg\" media=\"(min-width: 30rem) and (max-width: 64rem)\" width=\"520\" height=\"509\">\n                            <source srcset=\"https:\/\/www.telpark.com\/wp-content\/uploads\/2023\/04\/Carga-Rapida_Parking_Colon-e1697638934297.jpg\" media=\"(min-width: 64rem)\" width=\"579\" height=\"509\">\n        \n        \n                                                                                                        \n        <img decoding=\"async\" src=\"https:\/\/www.telpark.com\/wp-content\/uploads\/2023\/04\/Carga-Rapida_Parking_Colon-e1697638934297.jpg\" alt=\"\"  width=\"579\" height=\"509\"  loading=\"lazy\" >\n    <\/picture>\n\n            <\/div>\n\n    <div class=\"tpk-banner-cta__content row wrapper middle-xs\">\n        <div class=\"col-xs-12 col-md-6 tpk-banner-cta__content__text\">\n                        <header class=\"tpk-head  wrapper\">\n    <p class=\"tpk-head__caption\">Adem\u00e1s ...<\/p>    <h2 class=\"tpk-head__title\">\u00bfNecesitas cargar tu coche el\u00e9ctrico?<\/h2>    <p>Ench\u00fafate en uno de nuestros puntos de carga el\u00e9ctrica repartidos en toda la Pen\u00ednsula.\u00a0<\/p>\n<p>&nbsp;<\/p>\n<\/header>            <div class=\"tpk-banner-cta__buttons\">\n                                                        <a  class=\"tpk-button tpk-button--primary tpk-button--lg \" href=\"https:\/\/www.telpark.com\/es\/buscador-parkings\/?type=electric_charge\/\"    >\n    <span>Ver puntos de carga<\/span>\n    <\/a>                            <\/div>\n        <\/div>\n    <\/div>\n<\/section>\n\n<article class=\"tpk-page\">\n    <div class=\"row wrapper center-xs tpk-page__content\">\n        <div class=\"col-xs-12 col-sm-10 col-md-8 pt-4 pb-4\">\n            <blockquote>\n<h2><b><span data-contrast=\"auto\">\u00bfD\u00f3nde aparcar en Lisboa? <\/span><\/b><span data-ccp-props=\"{&quot;335551550&quot;:6,&quot;335551620&quot;:6}\">\u00a0<\/span><\/h2>\n<\/blockquote>\n<p><span data-contrast=\"auto\">Lisboa es una ciudad vibrante que combina historia, cultura, comercio y ocio. Barrios como Alfama, Chiado, Baixa, Bairro Alto o Parque das Na\u00e7\u00f5es atraen diariamente a miles de residentes y visitantes, convirti\u00e9ndola en uno de los principales destinos urbanos de Portugal.<\/span><span data-ccp-props=\"{&quot;335551550&quot;:6,&quot;335551620&quot;:6}\">\u00a0<\/span><\/p>\n<p><span data-contrast=\"auto\">La actividad constante de la ciudad hace que encontrar aparcamiento en algunas zonas no siempre sea sencillo, especialmente en el centro hist\u00f3rico, los distritos comerciales y los principales puntos de inter\u00e9s tur\u00edstico.<\/span><span data-ccp-props=\"{&quot;335551550&quot;:6,&quot;335551620&quot;:6}\">\u00a0<\/span><\/p>\n<p><span data-contrast=\"auto\">Si necesitas aparcar en Lisboa, <\/span><b><span data-contrast=\"auto\">con Telpark podr\u00e1s gestionar tu estacionamiento c\u00f3modamente desde el m\u00f3vil, consultar tus tickets y controlar tus aparcamientos en cualquier momento<\/span><\/b><span data-contrast=\"auto\">. As\u00ed podr\u00e1s dedicar m\u00e1s tiempo a disfrutar de la ciudad y menos a buscar d\u00f3nde dejar el coche.<\/span><span data-ccp-props=\"{&quot;335551550&quot;:6,&quot;335551620&quot;:6}\">\u00a0<\/span><\/p>\n<blockquote>\n<h2><b><span data-contrast=\"auto\">Encuentra tu parking en Lisboa <\/span><\/b><span data-ccp-props=\"{&quot;335551550&quot;:6,&quot;335551620&quot;:6}\">\u00a0<\/span><\/h2>\n<\/blockquote>\n<h3><a href=\"https:\/\/www.telpark.com\/es\/ciudades\/lisboa\/parking-mercado-de-alvalade\/\"><b><span data-contrast=\"none\">Parking Mercado de Alvalade<\/span><\/b><\/a><span data-ccp-props=\"{&quot;335551550&quot;:6,&quot;335551620&quot;:6}\">\u00a0<\/span><\/h3>\n<p><span data-contrast=\"auto\">Si necesitas aparcar en el barrio de Alvalade, es una opci\u00f3n muy pr\u00e1ctica. Su ubicaci\u00f3n permite acceder c\u00f3modamente al mercado, a los comercios de la zona y a distintos servicios del entorno, facilitando los desplazamientos diarios tanto de residentes como de visitantes. <\/span><span data-ccp-props=\"{&quot;335551550&quot;:6,&quot;335551620&quot;:6}\">\u00a0<\/span><\/p>\n<h3><a href=\"https:\/\/www.telpark.com\/es\/ciudades\/lisboa\/parking-valbom\/\"><b><span data-contrast=\"none\">Parking Valbom<\/span><\/b><\/a><span data-ccp-props=\"{&quot;335551550&quot;:6,&quot;335551620&quot;:6}\">\u00a0<\/span><\/h3>\n<p><span data-contrast=\"auto\">Situado en una zona c\u00e9ntrica y bien comunicada de Lisboa. Resulta una alternativa c\u00f3moda para acceder a oficinas, comercios y servicios, permitiendo moverse por la ciudad con mayor tranquilidad. <\/span><span data-ccp-props=\"{&quot;335551550&quot;:6,&quot;335551620&quot;:6}\">\u00a0<\/span><\/p>\n<h3><a href=\"https:\/\/www.telpark.com\/es\/ciudades\/lisboa\/parking-sete-rios-zoo\/\"><b><span data-contrast=\"none\">Parking Sete Rios - Zoo<\/span><\/b><\/a><span data-ccp-props=\"{&quot;335551550&quot;:6,&quot;335551620&quot;:6}\">\u00a0<\/span><\/h3>\n<p><span data-contrast=\"auto\">Ubicado junto a Sete Rios, este parking es ideal para quienes visitan el Zoo de Lisboa o necesitan acceder a uno de los principales nodos de transporte de la ciudad. Una opci\u00f3n muy c\u00f3moda para combinar ocio y movilidad. <\/span><span data-ccp-props=\"{&quot;335551550&quot;:6,&quot;335551620&quot;:6}\">\u00a0<\/span><\/p>\n<h3><a href=\"https:\/\/www.telpark.com\/es\/ciudades\/lisboa\/parking-sao-bento-c-n-n\/\"><b><span data-contrast=\"none\">Parking S\u00e3o Bento - C.N.N.<\/span><\/b><\/a><span data-ccp-props=\"{&quot;335551550&quot;:6,&quot;335551620&quot;:6}\">\u00a0<\/span><\/h3>\n<p><span data-contrast=\"auto\">Permite acceder f\u00e1cilmente a una de las zonas m\u00e1s tradicionales de Lisboa. Su situaci\u00f3n resulta especialmente pr\u00e1ctica para realizar gestiones, desplazarse por el centro o disfrutar de la oferta cultural y gastron\u00f3mica del entorno. <\/span><span data-ccp-props=\"{&quot;335551550&quot;:6,&quot;335551620&quot;:6}\">\u00a0<\/span><\/p>\n<h3><a href=\"https:\/\/www.telpark.com\/es\/ciudades\/lisboa\/parking-santa-apolonia\/\"><b><span data-contrast=\"none\">Parking Santa Apol\u00f3nia<\/span><\/b><\/a><span data-ccp-props=\"{&quot;335551550&quot;:6,&quot;335551620&quot;:6}\">\u00a0<\/span><\/h3>\n<p><span data-contrast=\"auto\">Gracias a su ubicaci\u00f3n junto a la estaci\u00f3n de Santa Apol\u00f3nia, este parking es una excelente alternativa para viajeros y visitantes. Adem\u00e1s, permite acceder c\u00f3modamente a la zona ribere\u00f1a y a algunos de los barrios hist\u00f3ricos m\u00e1s conocidos de Lisboa. <\/span><span data-ccp-props=\"{&quot;335551550&quot;:6,&quot;335551620&quot;:6}\">\u00a0<\/span><\/p>\n<h3><a href=\"https:\/\/www.telpark.com\/es\/ciudades\/lisboa\/parking-saldanha-residence\/\"><b><span data-contrast=\"none\">Parking Saldanha Residence<\/span><\/b><\/a><span data-ccp-props=\"{&quot;335551550&quot;:6,&quot;335551620&quot;:6}\">\u00a0<\/span><\/h3>\n<p><span data-contrast=\"auto\">Se encuentra en una de las \u00e1reas financieras y comerciales m\u00e1s importantes de Lisboa. Una opci\u00f3n ideal para quienes trabajan en la zona o necesitan desplazarse por este din\u00e1mico distrito urbano. <\/span><span data-ccp-props=\"{&quot;134233117&quot;:false,&quot;134233118&quot;:false,&quot;201341983&quot;:0,&quot;335551550&quot;:6,&quot;335551620&quot;:6,&quot;335559685&quot;:0,&quot;335559737&quot;:0,&quot;335559738&quot;:0,&quot;335559739&quot;:160,&quot;335559740&quot;:279}\">\u00a0<\/span><\/p>\n<h3><a href=\"https:\/\/www.telpark.com\/es\/ciudades\/lisboa\/parking-saldanha\/\"><b><span data-contrast=\"none\">Parking Saldanha<\/span><\/b><\/a><span data-ccp-props=\"{&quot;335551550&quot;:6,&quot;335551620&quot;:6}\">\u00a0<\/span><\/h3>\n<p><span data-contrast=\"auto\">Situado en pleno coraz\u00f3n de Saldanha, este parking facilita el acceso a oficinas, comercios, restaurantes y servicios. Una alternativa muy pr\u00e1ctica para moverse por una de las zonas m\u00e1s activas de la ciudad. <\/span><span data-ccp-props=\"{&quot;335551550&quot;:6,&quot;335551620&quot;:6}\">\u00a0<\/span><\/p>\n<h3><a href=\"https:\/\/www.telpark.com\/es\/ciudades\/lisboa\/parking-roma\/\"><b><span data-contrast=\"none\">Parking Roma<\/span><\/b><\/a><span data-ccp-props=\"{&quot;335551550&quot;:6,&quot;335551620&quot;:6}\">\u00a0<\/span><\/h3>\n<p><span data-contrast=\"auto\">Es una soluci\u00f3n c\u00f3moda para estacionar en uno de los barrios residenciales m\u00e1s conocidos de Lisboa. Permite acceder f\u00e1cilmente a zonas comerciales y servicios de proximidad. <\/span><span data-ccp-props=\"{&quot;335551550&quot;:6,&quot;335551620&quot;:6}\">\u00a0<\/span><\/p>\n<h3><a href=\"https:\/\/www.telpark.com\/es\/ciudades\/lisboa\/parking-restauradores\/\"><b><span data-contrast=\"none\">Parking Restauradores<\/span><\/b><\/a><span data-ccp-props=\"{&quot;335551550&quot;:6,&quot;335551620&quot;:6}\">\u00a0<\/span><\/h3>\n<p><span data-contrast=\"auto\">Si quieres recorrer el centro de Lisboa, es una excelente opci\u00f3n. Se encuentra junto a la emblem\u00e1tica plaza del mismo nombre y muy cerca de la Avenida da Liberdade, una de las principales arterias de la ciudad. <\/span><span data-ccp-props=\"{&quot;335551550&quot;:6,&quot;335551620&quot;:6}\">\u00a0<\/span><\/p>\n<h3><a href=\"https:\/\/www.telpark.com\/es\/ciudades\/lisboa\/parking-praca-de-londres\/\"><b><span data-contrast=\"none\">Parking Pra\u00e7a de Londres<\/span><\/b><\/a><span data-ccp-props=\"{&quot;335551550&quot;:6,&quot;335551620&quot;:6}\">\u00a0<\/span><\/h3>\n<p><span data-contrast=\"auto\">Ubicado en una de las plazas m\u00e1s conocidas de Lisboa, este parking facilita el acceso a barrios residenciales, comercios y servicios de la zona este del centro urbano. <\/span><span data-ccp-props=\"{&quot;335551550&quot;:6,&quot;335551620&quot;:6}\">\u00a0<\/span><\/p>\n<h3><a href=\"https:\/\/www.telpark.com\/es\/ciudades\/lisboa\/parking-parque-saude\/\"><b><span data-contrast=\"none\">Parking Parque Sa\u00fade<\/span><\/b><\/a><span data-ccp-props=\"{&quot;335551550&quot;:6,&quot;335551620&quot;:6}\">\u00a0<\/span><\/h3>\n<p><span data-contrast=\"auto\">El Parking Parque Sa\u00fade resulta especialmente pr\u00e1ctico para quienes necesitan desplazarse a centros sanitarios, edificios de servicios y \u00e1reas empresariales del entorno.<\/span><span data-ccp-props=\"{&quot;335551550&quot;:6,&quot;335551620&quot;:6}\">\u00a0<\/span><\/p>\n<h3><a href=\"https:\/\/www.telpark.com\/es\/ciudades\/lisboa\/parking-terminal-de-cruzeiros\/\"><b><span data-contrast=\"none\">Parking Terminal de Cruzeiros<\/span><\/b><\/a><span data-ccp-props=\"{&quot;335551550&quot;:6,&quot;335551620&quot;:6}\">\u00a0<\/span><\/h3>\n<p><span data-contrast=\"auto\">Situado junto al Terminal de Cruceros de Lisboa, este parking es una opci\u00f3n muy c\u00f3moda para pasajeros, acompa\u00f1antes y visitantes que desean descubrir la ciudad desde el frente mar\u00edtimo.<\/span><span data-ccp-props=\"{&quot;335551550&quot;:6,&quot;335551620&quot;:6}\">\u00a0<\/span><\/p>\n<h3><a href=\"https:\/\/www.telpark.com\/es\/ciudades\/lisboa\/parking-oceanario\/\"><b><span data-contrast=\"none\">Parking Ocean\u00e1rio<\/span><\/b><\/a><span data-ccp-props=\"{&quot;335551550&quot;:6,&quot;335551620&quot;:6}\">\u00a0<\/span><\/h3>\n<p><span data-contrast=\"auto\">Permite acceder c\u00f3modamente al Ocean\u00e1rio de Lisboa y a los numerosos espacios de ocio del Parque das Na\u00e7\u00f5es. Una ubicaci\u00f3n ideal para disfrutar de esta moderna zona de la ciudad. <\/span><span data-ccp-props=\"{&quot;134233117&quot;:false,&quot;134233118&quot;:false,&quot;201341983&quot;:0,&quot;335551550&quot;:6,&quot;335551620&quot;:6,&quot;335559685&quot;:0,&quot;335559737&quot;:0,&quot;335559738&quot;:0,&quot;335559739&quot;:160,&quot;335559740&quot;:279}\">\u00a0<\/span><\/p>\n<h3><a href=\"https:\/\/www.telpark.com\/es\/ciudades\/lisboa\/parking-meridiano\/\"><b><span data-contrast=\"none\">Parking Meridiano<\/span><\/b><\/a><span data-ccp-props=\"{&quot;335551550&quot;:6,&quot;335551620&quot;:6}\">\u00a0<\/span><\/h3>\n<p><span data-contrast=\"auto\">Ubicado en el Parque das Na\u00e7\u00f5es, este parking\u00a0ofrece una excelente ubicaci\u00f3n para acceder a oficinas, hoteles, restaurantes y espacios culturales de esta parte de Lisboa. <\/span><span data-ccp-props=\"{&quot;134233117&quot;:false,&quot;134233118&quot;:false,&quot;201341983&quot;:0,&quot;335551550&quot;:6,&quot;335551620&quot;:6,&quot;335559685&quot;:0,&quot;335559737&quot;:0,&quot;335559738&quot;:0,&quot;335559739&quot;:160,&quot;335559740&quot;:279}\">\u00a0<\/span><\/p>\n<h3><a href=\"https:\/\/www.telpark.com\/es\/ciudades\/lisboa\/parking-estacao-ferroviaria-gare-oriente\/\"><b><span data-contrast=\"none\">Parking Esta\u00e7\u00e3o Ferrovi\u00e1ria Gare Oriente<\/span><\/b><\/a><span data-ccp-props=\"{&quot;335551550&quot;:6,&quot;335551620&quot;:6}\">\u00a0<\/span><\/h3>\n<p><span data-contrast=\"auto\">Este parking resulta especialmente pr\u00e1ctico para quienes utilizan la estaci\u00f3n de Oriente. Su excelente localizaci\u00f3n facilita las conexiones ferroviarias, de autob\u00fas y metro.<\/span><span data-ccp-props=\"{&quot;335551550&quot;:6,&quot;335551620&quot;:6}\">\u00a0<\/span><\/p>\n<h3><a href=\"https:\/\/www.telpark.com\/es\/ciudades\/lisboa\/parking-doca-alcantara-rocha\/\"><b><span data-contrast=\"none\">Parking Doca Alc\u00e2ntara Rocha<\/span><\/b><\/a><span data-ccp-props=\"{&quot;335551550&quot;:6,&quot;335551620&quot;:6}\">\u00a0<\/span><\/h3>\n<p><span data-contrast=\"auto\">Es una buena opci\u00f3n para acceder a la zona portuaria de Alc\u00e2ntara y a algunos de los espacios de ocio m\u00e1s populares situados junto al Tajo. <\/span><span data-ccp-props=\"{&quot;335551550&quot;:6,&quot;335551620&quot;:6}\">\u00a0<\/span><\/p>\n<h3><a href=\"https:\/\/www.telpark.com\/es\/ciudades\/lisboa\/parking-panoramic\/\"><b><span data-contrast=\"none\">Parking Panoramic<\/span><\/b><\/a><span data-ccp-props=\"{&quot;335551550&quot;:6,&quot;335551620&quot;:6}\">\u00a0<\/span><\/h3>\n<p><span data-contrast=\"auto\">Situado en el Parque das Na\u00e7\u00f5es, este parking permite moverse c\u00f3modamente por una de las \u00e1reas m\u00e1s modernas y visitadas de Lisboa, conocida por su arquitectura contempor\u00e1nea y sus espacios de ocio. <\/span><span data-ccp-props=\"{&quot;335551550&quot;:6,&quot;335551620&quot;:6}\">\u00a0<\/span><\/p>\n<h3><a href=\"https:\/\/www.telpark.com\/es\/ciudades\/lisboa\/parking-mercado-da-ribeira-cais-do-sodre\/\"><b><span data-contrast=\"none\">Parking Mercado da Ribeira - Cais do Sodr\u00e9<\/span><\/b><\/a><span data-ccp-props=\"{&quot;335551550&quot;:6,&quot;335551620&quot;:6}\">\u00a0<\/span><\/h3>\n<p><span data-contrast=\"auto\">Gracias a su ubicaci\u00f3n junto al Mercado da Ribeira y Cais do Sodr\u00e9, este parking es perfecto para disfrutar de una de las zonas gastron\u00f3micas y de ocio m\u00e1s animadas de Lisboa. <\/span><span data-ccp-props=\"{&quot;335551550&quot;:6,&quot;335551620&quot;:6}\">\u00a0<\/span><\/p>\n<h3><a href=\"https:\/\/www.telpark.com\/es\/ciudades\/lisboa\/parking-marques-de-pombal\/\"><b><span data-contrast=\"none\">Parking Marqu\u00eas de Pombal<\/span><\/b><\/a><span data-ccp-props=\"{&quot;335551550&quot;:6,&quot;335551620&quot;:6}\">\u00a0<\/span><\/h3>\n<p><span data-contrast=\"auto\">Ubicado junto a la Plaza Marqu\u00eas de Pombal, permite acceder f\u00e1cilmente a la Avenida da Liberdade y a algunas de las principales zonas comerciales y empresariales de la ciudad. <\/span><span data-ccp-props=\"{&quot;335551550&quot;:6,&quot;335551620&quot;:6}\">\u00a0<\/span><\/p>\n<h3><a href=\"https:\/\/www.telpark.com\/es\/ciudades\/lisboa\/parking-maria-cristina\/\"><b><span data-contrast=\"none\">Parking Maria Cristina<\/span><\/b><\/a><span data-ccp-props=\"{&quot;335551550&quot;:6,&quot;335551620&quot;:6}\">\u00a0<\/span><\/h3>\n<p><span data-contrast=\"auto\">Este parking se encuentra muy pr\u00f3ximo a Saldanha y Avenidas Novas, dos \u00e1reas que concentran oficinas, servicios y una importante actividad comercial. <\/span><span data-ccp-props=\"{&quot;335551550&quot;:6,&quot;335551620&quot;:6}\">\u00a0<\/span><\/p>\n<h3><a href=\"https:\/\/www.telpark.com\/es\/ciudades\/lisboa\/parking-largo-do-rato\/\"><b><span data-contrast=\"none\">Parking Largo do Rato<\/span><\/b><\/a><span data-ccp-props=\"{&quot;335551550&quot;:6,&quot;335551620&quot;:6}\">\u00a0<\/span><\/h3>\n<p><span data-contrast=\"auto\">Es una alternativa muy c\u00f3moda para quienes necesitan desplazarse por esta c\u00e9ntrica zona de Lisboa, pr\u00f3xima a importantes edificios institucionales y \u00e1reas residenciales.<\/span><span data-ccp-props=\"{&quot;335551550&quot;:6,&quot;335551620&quot;:6}\">\u00a0<\/span><\/p>\n<h3><a href=\"https:\/\/www.telpark.com\/es\/ciudades\/lisboa\/parking-largo-de-jesus\/\"><b><span data-contrast=\"none\">Parking Largo de Jesus<\/span><\/b><\/a><span data-ccp-props=\"{&quot;335551550&quot;:6,&quot;335551620&quot;:6}\">\u00a0<\/span><\/h3>\n<p><span data-contrast=\"auto\">Gracias a su ubicaci\u00f3n, permite acceder c\u00f3modamente a barrios tan populares como Pr\u00edncipe Real o Bairro Alto. Una excelente opci\u00f3n para disfrutar del centro de Lisboa.<\/span><span data-ccp-props=\"{&quot;335551550&quot;:6,&quot;335551620&quot;:6}\">\u00a0<\/span><\/p>\n<h3><a href=\"https:\/\/www.telpark.com\/es\/ciudades\/lisboa\/parking-infante-santo\/\"><b><span data-contrast=\"none\">Parking Infante Santo<\/span><\/b><\/a><span data-ccp-props=\"{&quot;335551550&quot;:6,&quot;335551620&quot;:6}\">\u00a0<\/span><\/h3>\n<p><span data-contrast=\"auto\">Situado en una zona residencial y de servicios, el Parking Infante Santo es una alternativa pr\u00e1ctica para quienes necesitan moverse por esta \u00e1rea de la ciudad.<\/span><span data-ccp-props=\"{&quot;335551550&quot;:6,&quot;335551620&quot;:6}\">\u00a0<\/span><\/p>\n<h3><a href=\"https:\/\/www.telpark.com\/es\/ciudades\/lisboa\/parking-docas-ponte\/\"><b><span data-contrast=\"none\">Parking Docas Ponte<\/span><\/b><\/a><span data-ccp-props=\"{&quot;335551550&quot;:6,&quot;335551620&quot;:6}\">\u00a0<\/span><\/h3>\n<p><span data-contrast=\"auto\">Este parking facilita el acceso a las Docas de Santo Amaro, una de las zonas m\u00e1s populares para disfrutar de restaurantes, terrazas y vistas al r\u00edo Tajo.<\/span><span data-ccp-props=\"{&quot;335551550&quot;:6,&quot;335551620&quot;:6}\">\u00a0<\/span><\/p>\n<h3><a href=\"https:\/\/www.telpark.com\/es\/ciudades\/lisboa\/parking-docas\/\"><b><span data-contrast=\"none\">Parking Docas<\/span><\/b><\/a><span data-ccp-props=\"{&quot;335551550&quot;:6,&quot;335551620&quot;:6}\">\u00a0<\/span><\/h3>\n<p><span data-contrast=\"auto\">Ubicado junto a las Docas de Lisboa, es una excelente opci\u00f3n para quienes buscan una ubicaci\u00f3n c\u00f3moda cerca de algunos de los espacios de ocio y restauraci\u00f3n m\u00e1s conocidos de la ciudad.<\/span><span data-ccp-props=\"{&quot;335551550&quot;:6,&quot;335551620&quot;:6}\">\u00a0<\/span><\/p>\n<h3><a href=\"https:\/\/www.telpark.com\/es\/ciudades\/lisboa\/parking-castil\/\"><b><span data-contrast=\"none\">Parking Castil<\/span><\/b><\/a><span data-ccp-props=\"{&quot;335551550&quot;:6,&quot;335551620&quot;:6}\">\u00a0<\/span><\/h3>\n<p><span data-contrast=\"auto\">Se encuentra muy cerca de la Avenida da Liberdade, facilitando el acceso a comercios, hoteles y algunos de los principales atractivos del centro de Lisboa.<\/span><span data-ccp-props=\"{&quot;134233117&quot;:false,&quot;134233118&quot;:false,&quot;201341983&quot;:0,&quot;335551550&quot;:6,&quot;335551620&quot;:6,&quot;335559685&quot;:0,&quot;335559737&quot;:0,&quot;335559738&quot;:0,&quot;335559739&quot;:160,&quot;335559740&quot;:279}\">\u00a0<\/span><\/p>\n<h3><a href=\"https:\/\/www.telpark.com\/es\/ciudades\/lisboa\/parking-campolide\/\"><b><span data-contrast=\"none\">Parking Campolide<\/span><\/b><\/a><span data-ccp-props=\"{&quot;335551550&quot;:6,&quot;335551620&quot;:6}\">\u00a0<\/span><\/h3>\n<p><span data-contrast=\"auto\">Una opci\u00f3n muy pr\u00e1ctica para quienes necesitan desplazarse por Campolide o acceder r\u00e1pidamente a algunos de los principales ejes viarios de Lisboa.<\/span><span data-ccp-props=\"{&quot;335551550&quot;:6,&quot;335551620&quot;:6}\">\u00a0<\/span><\/p>\n<h3><a href=\"https:\/\/www.telpark.com\/es\/ciudades\/lisboa\/parking-campo-martires-da-patria\/\"><b><span data-contrast=\"none\">Parking Campo M\u00e1rtires da P\u00e1tria<\/span><\/b><\/a><span data-ccp-props=\"{&quot;335551550&quot;:6,&quot;335551620&quot;:6}\">\u00a0<\/span><\/h3>\n<p><span data-contrast=\"auto\">Situado junto a uno de los jardines hist\u00f3ricos m\u00e1s conocidos de la ciudad, permite llegar f\u00e1cilmente al centro y a diversas \u00e1reas culturales y educativas del entorno.<\/span><span data-ccp-props=\"{&quot;134233117&quot;:false,&quot;134233118&quot;:false,&quot;201341983&quot;:0,&quot;335551550&quot;:6,&quot;335551620&quot;:6,&quot;335559685&quot;:0,&quot;335559737&quot;:0,&quot;335559738&quot;:0,&quot;335559739&quot;:160,&quot;335559740&quot;:279}\">\u00a0<\/span><\/p>\n<h3><a href=\"https:\/\/www.telpark.com\/es\/ciudades\/lisboa\/parking-campo-grande-viaduto\/\"><b><span data-contrast=\"none\">Parking Campo Grande Viaduto<\/span><\/b><\/a><span data-ccp-props=\"{&quot;335551550&quot;:6,&quot;335551620&quot;:6}\">\u00a0<\/span><\/h3>\n<p><span data-contrast=\"auto\">Ubicado en la zona de Campo Grande, resulta ideal para quienes necesitan desplazarse por \u00e1reas universitarias, residenciales y de servicios.<\/span><span data-ccp-props=\"{&quot;335551550&quot;:6,&quot;335551620&quot;:6}\">\u00a0<\/span><\/p>\n<h3><a href=\"https:\/\/www.telpark.com\/es\/ciudades\/lisboa\/parking-campo-grande-estacao\/\"><b><span data-contrast=\"none\">Parking Campo Grande Esta\u00e7\u00e3o<\/span><\/b><\/a><span data-ccp-props=\"{&quot;335551550&quot;:6,&quot;335551620&quot;:6}\">\u00a0<\/span><\/h3>\n<p><span data-contrast=\"auto\">Gracias a su proximidad a la estaci\u00f3n de Campo Grande, este parking es una excelente alternativa para combinar coche y transporte p\u00fablico.<\/span><span data-ccp-props=\"{&quot;335551550&quot;:6,&quot;335551620&quot;:6}\">\u00a0<\/span><\/p>\n<h3><a href=\"https:\/\/www.telpark.com\/es\/ciudades\/lisboa\/parking-campo-grande-churrasqueira\/\"><b><span data-contrast=\"none\">Parking Campo Grande Churrasqueira<\/span><\/b><\/a><span data-ccp-props=\"{&quot;335551550&quot;:6,&quot;335551620&quot;:6}\">\u00a0<\/span><\/h3>\n<p><span data-contrast=\"auto\">Este parking ofrece una ubicaci\u00f3n estrat\u00e9gica en una de las principales avenidas de Lisboa, permitiendo acceder c\u00f3modamente a diferentes zonas del norte de la ciudad.<\/span><span data-ccp-props=\"{&quot;335551550&quot;:6,&quot;335551620&quot;:6}\">\u00a0<\/span><\/p>\n<h3><a href=\"https:\/\/www.telpark.com\/es\/ciudades\/lisboa\/parking-campo-de-ourique\/\"><b><span data-contrast=\"none\">Parking Campo de Ourique<\/span><\/b><\/a><span data-ccp-props=\"{&quot;335551550&quot;:6,&quot;335551620&quot;:6}\">\u00a0<\/span><\/h3>\n<p><span data-contrast=\"auto\">Situado en uno de los barrios m\u00e1s apreciados de Lisboa, este parking permite disfrutar c\u00f3modamente de sus comercios tradicionales, restaurantes y ambiente local.<\/span><span data-ccp-props=\"{&quot;335551550&quot;:6,&quot;335551620&quot;:6}\">\u00a0<\/span><\/p>\n<h3><a href=\"https:\/\/www.telpark.com\/es\/ciudades\/lisboa\/parking-camoes\/\"><b><span data-contrast=\"none\">Parking Cam\u00f5es<\/span><\/b><\/a><span data-ccp-props=\"{&quot;335551550&quot;:6,&quot;335551620&quot;:6}\">\u00a0<\/span><\/h3>\n<p><span data-contrast=\"auto\">Ubicado junto a la Plaza Lu\u00eds de Cam\u00f5es, permite acceder f\u00e1cilmente al Chiado, Bairro Alto y otras de las zonas m\u00e1s emblem\u00e1ticas de la capital portuguesa. <\/span><span data-ccp-props=\"{&quot;335551550&quot;:6,&quot;335551620&quot;:6}\">\u00a0<\/span><\/p>\n<h3><a href=\"https:\/\/www.telpark.com\/es\/ciudades\/lisboa\/parking-berna\/\"><b><span data-contrast=\"none\">Parking Berna<\/span><\/b><\/a><span data-ccp-props=\"{&quot;335551550&quot;:6,&quot;335551620&quot;:6}\">\u00a0<\/span><\/h3>\n<p><span data-contrast=\"auto\">Una alternativa muy pr\u00e1ctica para quienes necesitan desplazarse por Avenidas Novas, una de las \u00e1reas de negocios y servicios m\u00e1s importantes de Lisboa. <\/span><span data-ccp-props=\"{&quot;335551550&quot;:6,&quot;335551620&quot;:6}\">\u00a0<\/span><\/p>\n<h3><a href=\"https:\/\/www.telpark.com\/es\/ciudades\/lisboa\/parking-baixa-chiado\/\"><b><span data-contrast=\"none\">Parking Baixa-Chiado<\/span><\/b><\/a><span data-ccp-props=\"{&quot;335551550&quot;:6,&quot;335551620&quot;:6}\">\u00a0<\/span><\/h3>\n<p><span data-contrast=\"auto\">Si quieres descubrir el centro hist\u00f3rico de Lisboa, el Parking Baixa-Chiado es una de las opciones m\u00e1s c\u00f3modas. Su ubicaci\u00f3n permite acceder f\u00e1cilmente a monumentos, comercios y espacios culturales de la ciudad.<\/span><span data-ccp-props=\"{&quot;335551550&quot;:6,&quot;335551620&quot;:6}\">\u00a0<\/span><\/p>\n<h3><a href=\"https:\/\/www.telpark.com\/es\/ciudades\/lisboa\/parking-arco-do-cego-subterraneo\/\"><b><span data-contrast=\"none\">Parking Arco do Cego Subterr\u00e1neo<\/span><\/b><\/a><span data-ccp-props=\"{&quot;335551550&quot;:6,&quot;335551620&quot;:6}\">\u00a0<\/span><\/h3>\n<p><span data-contrast=\"auto\">Este parking se encuentra en una zona c\u00e9ntrica con una importante presencia de oficinas, comercios y edificios residenciales, siendo una opci\u00f3n muy pr\u00e1ctica para desplazamientos diarios.<\/span><span data-ccp-props=\"{&quot;335551550&quot;:6,&quot;335551620&quot;:6}\">\u00a0<\/span><\/p>\n<h3><a href=\"https:\/\/www.telpark.com\/es\/ciudades\/lisboa\/parking-alves-redol-tecnico\/\"><b><span data-contrast=\"none\">Parking Alves Redol - T\u00e9cnico<\/span><\/b><\/a><span data-ccp-props=\"{&quot;335551550&quot;:6,&quot;335551620&quot;:6}\">\u00a0<\/span><\/h3>\n<p><span data-contrast=\"auto\">Situado junto al Instituto Superior T\u00e9cnico, resulta especialmente \u00fatil para estudiantes, profesores y visitantes de esta reconocida instituci\u00f3n acad\u00e9mica. <\/span><span data-ccp-props=\"{&quot;335551550&quot;:6,&quot;335551620&quot;:6}\">\u00a0<\/span><\/p>\n<h3><a href=\"https:\/\/www.telpark.com\/es\/ciudades\/lisboa\/parking-alvalade-xxi\/\"><b><span data-contrast=\"none\">Parking Alvalade XXI<\/span><\/b><\/a><span data-ccp-props=\"{&quot;335551550&quot;:6,&quot;335551620&quot;:6}\">\u00a0<\/span><\/h3>\n<p><span data-contrast=\"auto\">Ubicado junto al Est\u00e1dio Jos\u00e9 Alvalade, es una excelente opci\u00f3n para quienes acuden a eventos deportivos o necesitan desplazarse por el barrio de Alvalade.<\/span><span data-ccp-props=\"{&quot;335551550&quot;:6,&quot;335551620&quot;:6}\">\u00a0<\/span><\/p>\n<h3><a href=\"https:\/\/www.telpark.com\/es\/ciudades\/lisboa\/parking-alexandre-herculano\/\"><b><span data-contrast=\"none\">Parking Alexandre Herculano<\/span><\/b><\/a><span data-ccp-props=\"{&quot;335551550&quot;:6,&quot;335551620&quot;:6}\">\u00a0<\/span><\/h3>\n<p><span data-contrast=\"auto\">Gracias a su proximidad a Marqu\u00eas de Pombal y Avenida da Liberdade, este parking permite acceder c\u00f3modamente a algunas de las zonas m\u00e1s importantes del centro de Lisboa. <\/span><span data-ccp-props=\"{&quot;335551550&quot;:6,&quot;335551620&quot;:6}\">\u00a0<\/span><\/p>\n<h3><a href=\"https:\/\/www.telpark.com\/es\/ciudades\/lisboa\/parking-alameda\/\"><b><span data-contrast=\"none\">Parking Alameda<\/span><\/b><\/a><span data-ccp-props=\"{&quot;335551550&quot;:6,&quot;335551620&quot;:6}\">\u00a0<\/span><\/h3>\n<p><span data-contrast=\"auto\">Es una opci\u00f3n muy c\u00f3moda para quienes necesitan moverse por una de las \u00e1reas residenciales y comerciales m\u00e1s conocidas de Lisboa, con excelentes conexiones de transporte p\u00fablico. <\/span><span data-ccp-props=\"{&quot;335551550&quot;:6,&quot;335551620&quot;:6}\">\u00a0<\/span><\/p>\n<blockquote>\n<h2><b><span data-contrast=\"auto\">Ventajas de aparcar con Telpark en Lisboa<\/span><\/b><span data-ccp-props=\"{&quot;335551550&quot;:6,&quot;335551620&quot;:6}\">\u00a0<\/span><\/h2>\n<\/blockquote>\n<p><span data-contrast=\"auto\">Moverse por Lisboa puede resultar mucho m\u00e1s c\u00f3modo cuando ya tienes resuelto d\u00f3nde dejar el coche. Tanto si visitas el centro hist\u00f3rico como si te desplazas por zonas comerciales, empresariales o tur\u00edsticas, Telpark pone a tu disposici\u00f3n una amplia red de aparcamientos repartidos por distintos puntos de la ciudad. As\u00ed podr\u00e1s optimizar tus desplazamientos y dedicar m\u00e1s tiempo a disfrutar de todo lo que ofrece la capital portuguesa.<\/span><span data-ccp-props=\"{&quot;335551550&quot;:6,&quot;335551620&quot;:6}\">\u00a0<\/span><\/p>\n<blockquote>\n<h2><b><span data-contrast=\"auto\">Usa la app de Telpark para aparcar en Lisboa<\/span><\/b><span data-ccp-props=\"{&quot;335551550&quot;:6,&quot;335551620&quot;:6}\">\u00a0<\/span><\/h2>\n<\/blockquote>\n<p><span data-contrast=\"auto\">Gestionar el aparcamiento en una ciudad tan din\u00e1mica como Lisboa es mucho m\u00e1s sencillo con la app de Telpark. Desde el m\u00f3vil podr\u00e1s localizar aparcamientos, consultar tickets, acceder a diferentes servicios y controlar tus estacionamientos de forma r\u00e1pida y c\u00f3moda.<\/span><span data-ccp-props=\"{&quot;335551550&quot;:6,&quot;335551620&quot;:6}\">\u00a0<\/span><\/p>\n<p><span data-contrast=\"auto\">Adem\u00e1s, tendr\u00e1s toda la informaci\u00f3n relacionada con tu aparcamiento reunida en un \u00fanico lugar, utilizando <\/span><b><span data-contrast=\"auto\">la app m\u00e1s segura y fiable para gestionar tu movilidad.<\/span><\/b><span data-contrast=\"auto\"> As\u00ed, podr\u00e1s organizar tus desplazamientos con mayor facilidad y dedicar menos tiempo a gestionar el estacionamiento y m\u00e1s a disfrutar de la ciudad.<\/span><span data-ccp-props=\"{&quot;335551550&quot;:6,&quot;335551620&quot;:6}\">\u00a0<\/span><\/p>\n<blockquote>\n<h2><b><span data-contrast=\"auto\">Otras opciones de aparcamiento en Lisboa<\/span><\/b><span data-ccp-props=\"{&quot;335551550&quot;:6,&quot;335551620&quot;:6}\">\u00a0<\/span><\/h2>\n<\/blockquote>\n<p><span data-contrast=\"auto\">Adem\u00e1s de los aparcamientos Telpark, Lisboa dispone de amplias zonas de estacionamiento regulado distribuidas por diferentes barrios y distritos de la ciudad. Sin embargo, \u00e1reas como Baixa, Chiado, Alfama, Avenida da Liberdade, Marqu\u00eas de Pombal, Saldanha o Parque das Na\u00e7\u00f5es suelen registrar una elevada demanda de plazas durante gran parte del d\u00eda.<\/span><span data-ccp-props=\"{&quot;335551550&quot;:6,&quot;335551620&quot;:6}\">\u00a0<\/span><\/p>\n<p><span data-contrast=\"auto\">Por ello, planificar con antelaci\u00f3n d\u00f3nde aparcar puede ayudarte a ahorrar tiempo y a desplazarte con mayor tranquilidad por la ciudad.<\/span><span data-ccp-props=\"{&quot;335551550&quot;:6,&quot;335551620&quot;:6}\">\u00a0<\/span><\/p>\n<h3><b><span data-contrast=\"auto\">Estacionamiento regulado en Lisboa<\/span><\/b><span data-ccp-props=\"{&quot;335551550&quot;:6,&quot;335551620&quot;:6}\">\u00a0<\/span><\/h3>\n<p><span data-contrast=\"auto\">Con el objetivo de mejorar la rotaci\u00f3n de veh\u00edculos y favorecer la disponibilidad de plazas, Lisboa dispone de un sistema de estacionamiento regulado gestionado mediante distintas zonas distribuidas por la ciudad.<\/span><span data-ccp-props=\"{&quot;335551550&quot;:6,&quot;335551620&quot;:6}\">\u00a0<\/span><\/p>\n<p><span data-contrast=\"auto\">Y algunas de las principales modalidades de estacionamiento en la v\u00eda p\u00fablica son:<\/span><span data-ccp-props=\"{&quot;335551550&quot;:6,&quot;335551620&quot;:6}\">\u00a0<\/span><\/p>\n<ul>\n<li data-leveltext=\"\uf0b7\" data-font=\"Symbol\" data-listid=\"1\" data-list-defn-props=\"{&quot;335552541&quot;:1,&quot;335559683&quot;:0,&quot;335559684&quot;:-2,&quot;335559685&quot;:720,&quot;335559991&quot;:360,&quot;469769226&quot;:&quot;Symbol&quot;,&quot;469769242&quot;:[8226],&quot;469777803&quot;:&quot;left&quot;,&quot;469777804&quot;:&quot;\uf0b7&quot;,&quot;469777815&quot;:&quot;hybridMultilevel&quot;}\" data-aria-posinset=\"1\" data-aria-level=\"1\"><b><span data-contrast=\"auto\">Zona verde:<\/span><\/b><span data-contrast=\"auto\"> destinada principalmente a estancias m\u00e1s prolongadas y ubicada en \u00e1reas con menor presi\u00f3n de aparcamiento.<\/span><span data-ccp-props=\"{&quot;335551550&quot;:6,&quot;335551620&quot;:6}\">\u00a0<\/span><\/li>\n<li data-leveltext=\"\uf0b7\" data-font=\"Symbol\" data-listid=\"1\" data-list-defn-props=\"{&quot;335552541&quot;:1,&quot;335559683&quot;:0,&quot;335559684&quot;:-2,&quot;335559685&quot;:720,&quot;335559991&quot;:360,&quot;469769226&quot;:&quot;Symbol&quot;,&quot;469769242&quot;:[8226],&quot;469777803&quot;:&quot;left&quot;,&quot;469777804&quot;:&quot;\uf0b7&quot;,&quot;469777815&quot;:&quot;hybridMultilevel&quot;}\" data-aria-posinset=\"1\" data-aria-level=\"1\"><b><span data-contrast=\"auto\">Zona amarilla:<\/span><\/b><span data-contrast=\"auto\"> situada en zonas con una demanda intermedia de plazas y orientada a favorecer la rotaci\u00f3n de veh\u00edculos.<\/span><span data-ccp-props=\"{&quot;335551550&quot;:6,&quot;335551620&quot;:6}\">\u00a0<\/span><\/li>\n<li data-leveltext=\"\uf0b7\" data-font=\"Symbol\" data-listid=\"1\" data-list-defn-props=\"{&quot;335552541&quot;:1,&quot;335559683&quot;:0,&quot;335559684&quot;:-2,&quot;335559685&quot;:720,&quot;335559991&quot;:360,&quot;469769226&quot;:&quot;Symbol&quot;,&quot;469769242&quot;:[8226],&quot;469777803&quot;:&quot;left&quot;,&quot;469777804&quot;:&quot;\uf0b7&quot;,&quot;469777815&quot;:&quot;hybridMultilevel&quot;}\" data-aria-posinset=\"1\" data-aria-level=\"1\"><b><span data-contrast=\"auto\">Zona roja:<\/span><\/b><span data-contrast=\"auto\"> ubicada en las \u00e1reas con mayor actividad y demanda de estacionamiento, especialmente en zonas c\u00e9ntricas y comerciales.<\/span><span data-ccp-props=\"{&quot;335551550&quot;:6,&quot;335551620&quot;:6}\">\u00a0<\/span><\/li>\n<li data-leveltext=\"\uf0b7\" data-font=\"Symbol\" data-listid=\"1\" data-list-defn-props=\"{&quot;335552541&quot;:1,&quot;335559683&quot;:0,&quot;335559684&quot;:-2,&quot;335559685&quot;:720,&quot;335559991&quot;:360,&quot;469769226&quot;:&quot;Symbol&quot;,&quot;469769242&quot;:[8226],&quot;469777803&quot;:&quot;left&quot;,&quot;469777804&quot;:&quot;\uf0b7&quot;,&quot;469777815&quot;:&quot;hybridMultilevel&quot;}\" data-aria-posinset=\"1\" data-aria-level=\"1\"><b><span data-contrast=\"auto\">Plazas para residentes:<\/span><\/b><span data-contrast=\"auto\"> determinadas zonas cuentan con condiciones espec\u00edficas para residentes autorizados.<\/span><span data-ccp-props=\"{&quot;335551550&quot;:6,&quot;335551620&quot;:6}\">\u00a0<\/span><\/li>\n<li data-leveltext=\"\uf0b7\" data-font=\"Symbol\" data-listid=\"1\" data-list-defn-props=\"{&quot;335552541&quot;:1,&quot;335559683&quot;:0,&quot;335559684&quot;:-2,&quot;335559685&quot;:720,&quot;335559991&quot;:360,&quot;469769226&quot;:&quot;Symbol&quot;,&quot;469769242&quot;:[8226],&quot;469777803&quot;:&quot;left&quot;,&quot;469777804&quot;:&quot;\uf0b7&quot;,&quot;469777815&quot;:&quot;hybridMultilevel&quot;}\" data-aria-posinset=\"1\" data-aria-level=\"1\"><b><span data-contrast=\"auto\">Zonas de carga y descarga:<\/span><\/b><span data-contrast=\"auto\"> reservadas para operaciones comerciales y servicios de reparto dentro de los horarios establecidos.<\/span><span data-ccp-props=\"{&quot;335551550&quot;:6,&quot;335551620&quot;:6}\">\u00a0<\/span><\/li>\n<li data-leveltext=\"\uf0b7\" data-font=\"Symbol\" data-listid=\"1\" data-list-defn-props=\"{&quot;335552541&quot;:1,&quot;335559683&quot;:0,&quot;335559684&quot;:-2,&quot;335559685&quot;:720,&quot;335559991&quot;:360,&quot;469769226&quot;:&quot;Symbol&quot;,&quot;469769242&quot;:[8226],&quot;469777803&quot;:&quot;left&quot;,&quot;469777804&quot;:&quot;\uf0b7&quot;,&quot;469777815&quot;:&quot;hybridMultilevel&quot;}\" data-aria-posinset=\"1\" data-aria-level=\"1\"><b><span data-contrast=\"auto\">Plazas para personas con movilidad reducida:<\/span><\/b><span data-contrast=\"auto\"> espacios adaptados y se\u00f1alizados conforme a la normativa vigente.<\/span><span data-ccp-props=\"{&quot;335551550&quot;:6,&quot;335551620&quot;:6}\">\u00a0<\/span><\/li>\n<\/ul>\n<blockquote>\n<h2><b><span data-contrast=\"auto\">Consejos para circular por Lisboa<\/span><\/b><span data-ccp-props=\"{&quot;335551550&quot;:6,&quot;335551620&quot;:6}\">\u00a0<\/span><\/h2>\n<\/blockquote>\n<p><span data-contrast=\"auto\">Lisboa es una ciudad con una intensa actividad tur\u00edstica, comercial y administrativa durante todo el a\u00f1o. La combinaci\u00f3n de residentes, visitantes y trabajadores hace que determinadas zonas puedan registrar una elevada intensidad de tr\u00e1fico, especialmente durante las horas punta y los fines de semana.<\/span><span data-ccp-props=\"{&quot;335551550&quot;:6,&quot;335551620&quot;:6}\">\u00a0<\/span><\/p>\n<p><span data-contrast=\"auto\">Antes de iniciar tu recorrido, puede ser \u00fatil conocer las opciones de aparcamiento disponibles y las zonas donde la circulaci\u00f3n suele ser m\u00e1s intensa.<\/span><span data-ccp-props=\"{&quot;335551550&quot;:6,&quot;335551620&quot;:6}\">\u00a0<\/span><\/p>\n<h3><b><span data-contrast=\"auto\">Zonas con tr\u00e1fico restringido o intenso en Lisboa<\/span><\/b><span data-ccp-props=\"{&quot;335551550&quot;:6,&quot;335551620&quot;:6}\">\u00a0<\/span><\/h3>\n<ul>\n<li data-leveltext=\"\uf0b7\" data-font=\"Symbol\" data-listid=\"2\" data-list-defn-props=\"{&quot;335552541&quot;:1,&quot;335559683&quot;:0,&quot;335559684&quot;:-2,&quot;335559685&quot;:720,&quot;335559991&quot;:360,&quot;469769226&quot;:&quot;Symbol&quot;,&quot;469769242&quot;:[8226],&quot;469777803&quot;:&quot;left&quot;,&quot;469777804&quot;:&quot;\uf0b7&quot;,&quot;469777815&quot;:&quot;hybridMultilevel&quot;}\" data-aria-posinset=\"1\" data-aria-level=\"1\"><b><span data-contrast=\"auto\">Baixa y Chiado:<\/span><\/b><span data-contrast=\"auto\"> una de las \u00e1reas m\u00e1s visitadas de Lisboa, con importante presencia peatonal y restricciones de acceso en determinadas calles.<\/span><span data-ccp-props=\"{&quot;335551550&quot;:6,&quot;335551620&quot;:6}\">\u00a0<\/span><\/li>\n<li data-leveltext=\"\uf0b7\" data-font=\"Symbol\" data-listid=\"2\" data-list-defn-props=\"{&quot;335552541&quot;:1,&quot;335559683&quot;:0,&quot;335559684&quot;:-2,&quot;335559685&quot;:720,&quot;335559991&quot;:360,&quot;469769226&quot;:&quot;Symbol&quot;,&quot;469769242&quot;:[8226],&quot;469777803&quot;:&quot;left&quot;,&quot;469777804&quot;:&quot;\uf0b7&quot;,&quot;469777815&quot;:&quot;hybridMultilevel&quot;}\" data-aria-posinset=\"1\" data-aria-level=\"1\"><b><span data-contrast=\"auto\">Alfama:<\/span><\/b><span data-contrast=\"auto\"> sus calles estrechas y la elevada afluencia tur\u00edstica pueden dificultar la circulaci\u00f3n y el aparcamiento.<\/span><span data-ccp-props=\"{&quot;335551550&quot;:6,&quot;335551620&quot;:6}\">\u00a0<\/span><\/li>\n<li data-leveltext=\"\uf0b7\" data-font=\"Symbol\" data-listid=\"2\" data-list-defn-props=\"{&quot;335552541&quot;:1,&quot;335559683&quot;:0,&quot;335559684&quot;:-2,&quot;335559685&quot;:720,&quot;335559991&quot;:360,&quot;469769226&quot;:&quot;Symbol&quot;,&quot;469769242&quot;:[8226],&quot;469777803&quot;:&quot;left&quot;,&quot;469777804&quot;:&quot;\uf0b7&quot;,&quot;469777815&quot;:&quot;hybridMultilevel&quot;}\" data-aria-posinset=\"1\" data-aria-level=\"1\"><b><span data-contrast=\"auto\">Avenida da Liberdade y Marqu\u00eas de Pombal:<\/span><\/b><span data-contrast=\"auto\"> concentran una intensa actividad comercial, empresarial y hotelera.<\/span><span data-ccp-props=\"{&quot;335551550&quot;:6,&quot;335551620&quot;:6}\">\u00a0<\/span><\/li>\n<li data-leveltext=\"\uf0b7\" data-font=\"Symbol\" data-listid=\"2\" data-list-defn-props=\"{&quot;335552541&quot;:1,&quot;335559683&quot;:0,&quot;335559684&quot;:-2,&quot;335559685&quot;:720,&quot;335559991&quot;:360,&quot;469769226&quot;:&quot;Symbol&quot;,&quot;469769242&quot;:[8226],&quot;469777803&quot;:&quot;left&quot;,&quot;469777804&quot;:&quot;\uf0b7&quot;,&quot;469777815&quot;:&quot;hybridMultilevel&quot;}\" data-aria-posinset=\"1\" data-aria-level=\"1\"><b><span data-contrast=\"auto\">Parque das Na\u00e7\u00f5es:<\/span><\/b><span data-contrast=\"auto\"> una de las zonas m\u00e1s modernas de Lisboa, con gran afluencia de visitantes, oficinas y espacios de ocio.<\/span><span data-ccp-props=\"{&quot;335551550&quot;:6,&quot;335551620&quot;:6}\">\u00a0<\/span><\/li>\n<li data-leveltext=\"\uf0b7\" data-font=\"Symbol\" data-listid=\"2\" data-list-defn-props=\"{&quot;335552541&quot;:1,&quot;335559683&quot;:0,&quot;335559684&quot;:-2,&quot;335559685&quot;:720,&quot;335559991&quot;:360,&quot;469769226&quot;:&quot;Symbol&quot;,&quot;469769242&quot;:[8226],&quot;469777803&quot;:&quot;left&quot;,&quot;469777804&quot;:&quot;\uf0b7&quot;,&quot;469777815&quot;:&quot;hybridMultilevel&quot;}\" data-aria-posinset=\"1\" data-aria-level=\"1\"><b><span data-contrast=\"auto\">Entorno de Cais do Sodr\u00e9, Restauradores y Rossio:<\/span><\/b><span data-contrast=\"auto\"> importantes puntos de conexi\u00f3n y actividad tur\u00edstica que suelen registrar un elevado movimiento de veh\u00edculos y peatones.<\/span><span data-ccp-props=\"{&quot;335551550&quot;:6,&quot;335551620&quot;:6}\">\u00a0<\/span><\/li>\n<\/ul>\n<blockquote>\n<h2><b><span data-contrast=\"auto\">Otras formas de desplazarse por Lisboa<\/span><\/b><span data-ccp-props=\"{&quot;335551550&quot;:6,&quot;335551620&quot;:6}\">\u00a0<\/span><\/h2>\n<\/blockquote>\n<p><span data-contrast=\"auto\">Adem\u00e1s del coche, Lisboa cuenta con una extensa red de transporte p\u00fablico que facilita los desplazamientos tanto dentro de la ciudad como hacia otros municipios del \u00e1rea metropolitana.<\/span><span data-ccp-props=\"{&quot;335551550&quot;:6,&quot;335551620&quot;:6}\">\u00a0<\/span><\/p>\n<h3><b><span data-contrast=\"auto\">Moverse por Lisboa en autob\u00fas<\/span><\/b><span data-ccp-props=\"{&quot;335551550&quot;:6,&quot;335551620&quot;:6}\">\u00a0<\/span><\/h3>\n<p><span data-contrast=\"auto\">La red de autobuses conecta pr\u00e1cticamente todos los barrios de Lisboa y permite acceder f\u00e1cilmente a las principales zonas comerciales, residenciales y tur\u00edsticas.<\/span><span data-ccp-props=\"{&quot;335551550&quot;:6,&quot;335551620&quot;:6}\">\u00a0<\/span><\/p>\n<ul>\n<li data-leveltext=\"\uf0b7\" data-font=\"Symbol\" data-listid=\"3\" data-list-defn-props=\"{&quot;335552541&quot;:1,&quot;335559683&quot;:0,&quot;335559684&quot;:-2,&quot;335559685&quot;:720,&quot;335559991&quot;:360,&quot;469769226&quot;:&quot;Symbol&quot;,&quot;469769242&quot;:[8226],&quot;469777803&quot;:&quot;left&quot;,&quot;469777804&quot;:&quot;\uf0b7&quot;,&quot;469777815&quot;:&quot;hybridMultilevel&quot;}\" data-aria-posinset=\"1\" data-aria-level=\"1\"><b><span data-contrast=\"auto\">Horario:<\/span><\/b><span data-contrast=\"auto\"> variable seg\u00fan la l\u00ednea.<\/span><span data-ccp-props=\"{&quot;335551550&quot;:6,&quot;335551620&quot;:6}\">\u00a0<\/span><\/li>\n<li data-leveltext=\"\uf0b7\" data-font=\"Symbol\" data-listid=\"3\" data-list-defn-props=\"{&quot;335552541&quot;:1,&quot;335559683&quot;:0,&quot;335559684&quot;:-2,&quot;335559685&quot;:720,&quot;335559991&quot;:360,&quot;469769226&quot;:&quot;Symbol&quot;,&quot;469769242&quot;:[8226],&quot;469777803&quot;:&quot;left&quot;,&quot;469777804&quot;:&quot;\uf0b7&quot;,&quot;469777815&quot;:&quot;hybridMultilevel&quot;}\" data-aria-posinset=\"1\" data-aria-level=\"1\"><b><span data-contrast=\"auto\">Frecuencia:<\/span><\/b><span data-contrast=\"auto\"> depende del recorrido y de la franja horaria.<\/span><span data-ccp-props=\"{&quot;335551550&quot;:6,&quot;335551620&quot;:6}\">\u00a0<\/span><\/li>\n<\/ul>\n<h3><b><span data-contrast=\"auto\">Moverse por Lisboa en metro y transporte regional<\/span><\/b><span data-ccp-props=\"{&quot;335551550&quot;:6,&quot;335551620&quot;:6}\">\u00a0<\/span><\/h3>\n<p><span data-contrast=\"auto\">El Metro de Lisboa es una de las formas m\u00e1s r\u00e1pidas de desplazarse por la ciudad. Adem\u00e1s, Lisboa cuenta con conexiones ferroviarias y por carretera que facilitan los desplazamientos hacia otros destinos de Portugal.<\/span><span data-ccp-props=\"{&quot;335551550&quot;:6,&quot;335551620&quot;:6}\">\u00a0<\/span><\/p>\n<ul>\n<li data-leveltext=\"\uf0b7\" data-font=\"Symbol\" data-listid=\"4\" data-list-defn-props=\"{&quot;335552541&quot;:1,&quot;335559683&quot;:0,&quot;335559684&quot;:-2,&quot;335559685&quot;:720,&quot;335559991&quot;:360,&quot;469769226&quot;:&quot;Symbol&quot;,&quot;469769242&quot;:[8226],&quot;469777803&quot;:&quot;left&quot;,&quot;469777804&quot;:&quot;\uf0b7&quot;,&quot;469777815&quot;:&quot;hybridMultilevel&quot;}\" data-aria-posinset=\"1\" data-aria-level=\"1\"><b><span data-contrast=\"auto\">Horario:<\/span><\/b><span data-contrast=\"auto\"> servicios disponibles durante gran parte del d\u00eda.<\/span><span data-ccp-props=\"{&quot;335551550&quot;:6,&quot;335551620&quot;:6}\">\u00a0<\/span><\/li>\n<li data-leveltext=\"\uf0b7\" data-font=\"Symbol\" data-listid=\"4\" data-list-defn-props=\"{&quot;335552541&quot;:1,&quot;335559683&quot;:0,&quot;335559684&quot;:-2,&quot;335559685&quot;:720,&quot;335559991&quot;:360,&quot;469769226&quot;:&quot;Symbol&quot;,&quot;469769242&quot;:[8226],&quot;469777803&quot;:&quot;left&quot;,&quot;469777804&quot;:&quot;\uf0b7&quot;,&quot;469777815&quot;:&quot;hybridMultilevel&quot;}\" data-aria-posinset=\"1\" data-aria-level=\"1\"><b><span data-contrast=\"auto\">Frecuencia:<\/span><\/b><span data-contrast=\"auto\"> variable seg\u00fan la l\u00ednea y el destino.<\/span><span data-ccp-props=\"{&quot;335551550&quot;:6,&quot;335551620&quot;:6}\">\u00a0<\/span><\/li>\n<\/ul>\n<h3><b><span data-contrast=\"auto\">Moverse por Lisboa a pie<\/span><\/b><span data-ccp-props=\"{&quot;335551550&quot;:6,&quot;335551620&quot;:6}\">\u00a0<\/span><\/h3>\n<p><span data-contrast=\"auto\">Muchos de los principales atractivos tur\u00edsticos de Lisboa pueden descubrirse caminando. Pasear por barrios como Chiado, Alfama, Baixa o Bairro Alto es una de las mejores formas de disfrutar del ambiente y del patrimonio de la ciudad.<\/span><span data-ccp-props=\"{&quot;335551550&quot;:6,&quot;335551620&quot;:6}\">\u00a0<\/span><\/p>\n<blockquote>\n<h2><b><span data-contrast=\"auto\">Qu\u00e9 hacer en Lisboa: visitas imprescindibles<\/span><\/b><span data-ccp-props=\"{&quot;335551550&quot;:6,&quot;335551620&quot;:6}\">\u00a0<\/span><\/h2>\n<\/blockquote>\n<p><span data-contrast=\"auto\">Lisboa es una ciudad llena de historia, cultura y rincones con encanto. Desde monumentos hist\u00f3ricos hasta modernos espacios junto al r\u00edo Tajo, la capital portuguesa ofrece planes para todos los gustos.<\/span><span data-ccp-props=\"{&quot;335551550&quot;:6,&quot;335551620&quot;:6}\">\u00a0<\/span><\/p>\n<h3><b><span data-contrast=\"auto\">Monumentos o sitios de inter\u00e9s de Lisboa<\/span><\/b><span data-ccp-props=\"{&quot;335551550&quot;:6,&quot;335551620&quot;:6}\">\u00a0<\/span><\/h3>\n<p><b><span data-contrast=\"auto\">Torre de Bel\u00e9m<\/span><\/b>\u00a0<br \/><span data-contrast=\"auto\">Uno de los monumentos m\u00e1s emblem\u00e1ticos de Portugal y s\u00edmbolo de la \u00e9poca de los descubrimientos.<\/span><span data-ccp-props=\"{&quot;335551550&quot;:6,&quot;335551620&quot;:6}\">\u00a0<\/span><\/p>\n<p><b><span data-contrast=\"auto\">Monasterio de los Jer\u00f3nimos<\/span><\/b>\u00a0<br \/><span data-contrast=\"auto\">Una joya de la arquitectura manuelina y uno de los principales atractivos culturales de Lisboa.<\/span><span data-ccp-props=\"{&quot;335551550&quot;:6,&quot;335551620&quot;:6}\">\u00a0<\/span><\/p>\n<p><b><span data-contrast=\"auto\">Castelo de S\u00e3o Jorge<\/span><\/b>\u00a0<br \/><span data-contrast=\"auto\">Situado sobre una de las colinas de la ciudad, ofrece algunas de las mejores vistas panor\u00e1micas de Lisboa.<\/span><span data-ccp-props=\"{&quot;335551550&quot;:6,&quot;335551620&quot;:6}\">\u00a0<\/span><\/p>\n<p><b><span data-contrast=\"auto\">Alfama<\/span><\/b>\u00a0<br \/><span data-contrast=\"auto\">El barrio m\u00e1s antiguo de Lisboa, famoso por sus calles estrechas, miradores y tradici\u00f3n del fado.<\/span><span data-ccp-props=\"{&quot;335551550&quot;:6,&quot;335551620&quot;:6}\">\u00a0<\/span><\/p>\n<p><b><span data-contrast=\"auto\">Pra\u00e7a do Com\u00e9rcio<\/span><\/b>\u00a0<br \/><span data-contrast=\"auto\">Una de las plazas m\u00e1s representativas de la capital, abierta al r\u00edo Tajo y rodeada de edificios hist\u00f3ricos.<\/span><span data-ccp-props=\"{&quot;335551550&quot;:6,&quot;335551620&quot;:6}\">\u00a0<\/span><\/p>\n<p><b><span data-contrast=\"auto\">Chiado y Bairro Alto<\/span><\/b>\u00a0<br \/><span data-contrast=\"auto\">Dos de las zonas m\u00e1s populares para disfrutar de la cultura, las compras y la gastronom\u00eda lisboeta.<\/span><span data-ccp-props=\"{&quot;335551550&quot;:6,&quot;335551620&quot;:6}\">\u00a0<\/span><\/p>\n<p><b><span data-contrast=\"auto\">Parque das Na\u00e7\u00f5es<\/span><\/b>\u00a0<br \/><span data-contrast=\"auto\">El distrito m\u00e1s moderno de la ciudad, donde se encuentran el Ocean\u00e1rio, espacios de ocio y amplias zonas junto al r\u00edo.<\/span><span data-ccp-props=\"{&quot;335551550&quot;:6,&quot;335551620&quot;:6}\">\u00a0<\/span><\/p>\n<p><span data-contrast=\"auto\">Lisboa combina historia, cultura y algunos de los rincones m\u00e1s emblem\u00e1ticos de Portugal. Gracias a la<strong> red de aparcamientos Telpark<\/strong> repartidos por toda la ciudad, podr\u00e1s moverte con mayor comodidad y dedicar m\u00e1s tiempo a disfrutar de la capital portuguesa.<\/span><span data-ccp-props=\"{&quot;335551550&quot;:6,&quot;335551620&quot;:6}\">\u00a0<\/span><\/p>\n\n        <\/div>\n    <\/div>\n<\/article>","protected":false},"featured_media":5165,"template":"","country":[184],"yoast_head":"<!-- This site is optimized with the Yoast SEO plugin v20.12 - https:\/\/yoast.com\/wordpress\/plugins\/seo\/ -->\n<title>Aparcar en Lisboa - Parkings y zonas reguladas | Telpark<\/title>\n<meta name=\"description\" content=\"Aparcar en Lisboa es m\u00e1s f\u00e1cil con Telpark. Reserva tu parking o paga en zona azul o zona verde con nuestra app. \u00a1Descubre nuestras tarifas!\" \/>\n<meta name=\"robots\" content=\"index, follow, max-snippet:-1, max-image-preview:large, max-video-preview:-1\" \/>\n<link rel=\"canonical\" href=\"https:\/\/www.telpark.com\/es\/ciudades\/lisboa\/\" \/>\n<meta property=\"og:locale\" content=\"es_ES\" \/>\n<meta property=\"og:type\" content=\"article\" \/>\n<meta property=\"og:title\" content=\"Aparcar en Lisboa - Parkings y zonas reguladas | Telpark\" \/>\n<meta property=\"og:description\" content=\"Aparcar en Lisboa es m\u00e1s f\u00e1cil con Telpark. Reserva tu parking o paga en zona azul o zona verde con nuestra app. \u00a1Descubre nuestras tarifas!\" \/>\n<meta property=\"og:url\" content=\"https:\/\/www.telpark.com\/es\/ciudades\/lisboa\/\" \/>\n<meta property=\"og:site_name\" content=\"Telpark\" \/>\n<meta property=\"article:modified_time\" content=\"2026-07-28T09:09:23+00:00\" \/>\n<meta property=\"og:image\" content=\"https:\/\/www.telpark.com\/wp-content\/uploads\/2023\/03\/Lisboa.jpg\" \/>\n\t<meta property=\"og:image:width\" content=\"1920\" \/>\n\t<meta property=\"og:image:height\" content=\"653\" \/>\n\t<meta property=\"og:image:type\" content=\"image\/jpeg\" \/>\n<meta name=\"twitter:card\" content=\"summary_large_image\" \/>\n<meta name=\"twitter:site\" content=\"@telpark_es\" \/>\n<script type=\"application\/ld+json\" class=\"yoast-schema-graph\">{\"@context\":\"https:\/\/schema.org\",\"@graph\":[{\"@type\":\"WebPage\",\"@id\":\"https:\/\/www.telpark.com\/es\/ciudades\/lisboa\/\",\"url\":\"https:\/\/www.telpark.com\/es\/ciudades\/lisboa\/\",\"name\":\"Aparcar en Lisboa - Parkings y zonas reguladas | Telpark\",\"isPartOf\":{\"@id\":\"https:\/\/www.telpark.com\/es\/#website\"},\"datePublished\":\"2023-03-31T13:02:28+00:00\",\"dateModified\":\"2026-07-28T09:09:23+00:00\",\"description\":\"Aparcar en Lisboa es m\u00e1s f\u00e1cil con Telpark. Reserva tu parking o paga en zona azul o zona verde con nuestra app. \u00a1Descubre nuestras tarifas!\",\"breadcrumb\":{\"@id\":\"https:\/\/www.telpark.com\/es\/ciudades\/lisboa\/#breadcrumb\"},\"inLanguage\":\"es-ES\",\"potentialAction\":[{\"@type\":\"ReadAction\",\"target\":[\"https:\/\/www.telpark.com\/es\/ciudades\/lisboa\/\"]}]},{\"@type\":\"BreadcrumbList\",\"@id\":\"https:\/\/www.telpark.com\/es\/ciudades\/lisboa\/#breadcrumb\",\"itemListElement\":[{\"@type\":\"ListItem\",\"position\":1,\"name\":\"Home\",\"item\":\"https:\/\/www.telpark.com\/es\/\"},{\"@type\":\"ListItem\",\"position\":2,\"name\":\"Lisboa\"}]},{\"@type\":\"WebSite\",\"@id\":\"https:\/\/www.telpark.com\/es\/#website\",\"url\":\"https:\/\/www.telpark.com\/es\/\",\"name\":\"Telpark\",\"description\":\"Reserva tu plaza en los mejores aparcamientos. Descarga la app y olv\u00eddate de cajeros o parqu\u00edmetros en m\u00e1s de 100 ciudades en Espa\u00f1a y Portugal\",\"publisher\":{\"@id\":\"https:\/\/www.telpark.com\/es\/#organization\"},\"potentialAction\":[{\"@type\":\"SearchAction\",\"target\":{\"@type\":\"EntryPoint\",\"urlTemplate\":\"https:\/\/www.telpark.com\/es\/?s={search_term_string}\"},\"query-input\":\"required name=search_term_string\"}],\"inLanguage\":\"es-ES\"},{\"@type\":\"Organization\",\"@id\":\"https:\/\/www.telpark.com\/es\/#organization\",\"name\":\"Telpark\",\"url\":\"https:\/\/www.telpark.com\/es\/\",\"logo\":{\"@type\":\"ImageObject\",\"inLanguage\":\"es-ES\",\"@id\":\"https:\/\/www.telpark.com\/es\/#\/schema\/logo\/image\/\",\"url\":\"https:\/\/www.telpark.com\/wp-content\/uploads\/2023\/09\/telpark-logo.svg\",\"contentUrl\":\"https:\/\/www.telpark.com\/wp-content\/uploads\/2023\/09\/telpark-logo.svg\",\"width\":128,\"height\":32,\"caption\":\"Telpark\"},\"image\":{\"@id\":\"https:\/\/www.telpark.com\/es\/#\/schema\/logo\/image\/\"},\"sameAs\":[\"https:\/\/twitter.com\/telpark_es\",\"https:\/\/www.instagram.com\/telpark_app\/\",\"https:\/\/www.youtube.com\/channel\/UCm8sjis_xlHU5VYQ6GslW-Q\"]}]}<\/script>\n<!-- \/ Yoast SEO plugin. -->","yoast_head_json":{"title":"Aparcar en Lisboa - Parkings y zonas reguladas | Telpark","description":"Aparcar en Lisboa es m\u00e1s f\u00e1cil con Telpark. Reserva tu parking o paga en zona azul o zona verde con nuestra app. \u00a1Descubre nuestras tarifas!","robots":{"index":"index","follow":"follow","max-snippet":"max-snippet:-1","max-image-preview":"max-image-preview:large","max-video-preview":"max-video-preview:-1"},"canonical":"https:\/\/www.telpark.com\/es\/ciudades\/lisboa\/","og_locale":"es_ES","og_type":"article","og_title":"Aparcar en Lisboa - Parkings y zonas reguladas | Telpark","og_description":"Aparcar en Lisboa es m\u00e1s f\u00e1cil con Telpark. Reserva tu parking o paga en zona azul o zona verde con nuestra app. \u00a1Descubre nuestras tarifas!","og_url":"https:\/\/www.telpark.com\/es\/ciudades\/lisboa\/","og_site_name":"Telpark","article_modified_time":"2026-07-28T09:09:23+00:00","og_image":[{"width":1920,"height":653,"url":"https:\/\/www.telpark.com\/wp-content\/uploads\/2023\/03\/Lisboa.jpg","type":"image\/jpeg"}],"twitter_card":"summary_large_image","twitter_site":"@telpark_es","schema":{"@context":"https:\/\/schema.org","@graph":[{"@type":"WebPage","@id":"https:\/\/www.telpark.com\/es\/ciudades\/lisboa\/","url":"https:\/\/www.telpark.com\/es\/ciudades\/lisboa\/","name":"Aparcar en Lisboa - Parkings y zonas reguladas | Telpark","isPartOf":{"@id":"https:\/\/www.telpark.com\/es\/#website"},"datePublished":"2023-03-31T13:02:28+00:00","dateModified":"2026-07-28T09:09:23+00:00","description":"Aparcar en Lisboa es m\u00e1s f\u00e1cil con Telpark. Reserva tu parking o paga en zona azul o zona verde con nuestra app. \u00a1Descubre nuestras tarifas!","breadcrumb":{"@id":"https:\/\/www.telpark.com\/es\/ciudades\/lisboa\/#breadcrumb"},"inLanguage":"es-ES","potentialAction":[{"@type":"ReadAction","target":["https:\/\/www.telpark.com\/es\/ciudades\/lisboa\/"]}]},{"@type":"BreadcrumbList","@id":"https:\/\/www.telpark.com\/es\/ciudades\/lisboa\/#breadcrumb","itemListElement":[{"@type":"ListItem","position":1,"name":"Home","item":"https:\/\/www.telpark.com\/es\/"},{"@type":"ListItem","position":2,"name":"Lisboa"}]},{"@type":"WebSite","@id":"https:\/\/www.telpark.com\/es\/#website","url":"https:\/\/www.telpark.com\/es\/","name":"Telpark","description":"Reserva tu plaza en los mejores aparcamientos. Descarga la app y olv\u00eddate de cajeros o parqu\u00edmetros en m\u00e1s de 100 ciudades en Espa\u00f1a y Portugal","publisher":{"@id":"https:\/\/www.telpark.com\/es\/#organization"},"potentialAction":[{"@type":"SearchAction","target":{"@type":"EntryPoint","urlTemplate":"https:\/\/www.telpark.com\/es\/?s={search_term_string}"},"query-input":"required name=search_term_string"}],"inLanguage":"es-ES"},{"@type":"Organization","@id":"https:\/\/www.telpark.com\/es\/#organization","name":"Telpark","url":"https:\/\/www.telpark.com\/es\/","logo":{"@type":"ImageObject","inLanguage":"es-ES","@id":"https:\/\/www.telpark.com\/es\/#\/schema\/logo\/image\/","url":"https:\/\/www.telpark.com\/wp-content\/uploads\/2023\/09\/telpark-logo.svg","contentUrl":"https:\/\/www.telpark.com\/wp-content\/uploads\/2023\/09\/telpark-logo.svg","width":128,"height":32,"caption":"Telpark"},"image":{"@id":"https:\/\/www.telpark.com\/es\/#\/schema\/logo\/image\/"},"sameAs":["https:\/\/twitter.com\/telpark_es","https:\/\/www.instagram.com\/telpark_app\/","https:\/\/www.youtube.com\/channel\/UCm8sjis_xlHU5VYQ6GslW-Q"]}]}},"meta_box":{"telpark_bd_id":"0","latitude":"38.7222315","longitude":"-9.2093768"},"_links":{"self":[{"href":"https:\/\/www.telpark.com\/es\/wp-json\/wp\/v2\/locations\/2505"}],"collection":[{"href":"https:\/\/www.telpark.com\/es\/wp-json\/wp\/v2\/locations"}],"about":[{"href":"https:\/\/www.telpark.com\/es\/wp-json\/wp\/v2\/types\/locations"}],"version-history":[{"count":2,"href":"https:\/\/www.telpark.com\/es\/wp-json\/wp\/v2\/locations\/2505\/revisions"}],"predecessor-version":[{"id":58287,"href":"https:\/\/www.telpark.com\/es\/wp-json\/wp\/v2\/locations\/2505\/revisions\/58287"}],"wp:featuredmedia":[{"embeddable":true,"href":"https:\/\/www.telpark.com\/es\/wp-json\/wp\/v2\/media\/5165"}],"wp:attachment":[{"href":"https:\/\/www.telpark.com\/es\/wp-json\/wp\/v2\/media?parent=2505"}],"wp:term":[{"taxonomy":"country","embeddable":true,"href":"https:\/\/www.telpark.com\/es\/wp-json\/wp\/v2\/country?post=2505"}],"curies":[{"name":"wp","href":"https:\/\/api.w.org\/{rel}","templated":true}]}}