{"id":2526,"date":"2023-03-31T13:02:32","date_gmt":"2023-03-31T13:02:32","guid":{"rendered":"https:\/\/telpark.cmspro.telpark.com\/ciudades\/vila-nova-de-gaia\/"},"modified":"2026-07-29T11:02:43","modified_gmt":"2026-07-29T10:02:43","slug":"vila-nova-de-gaia","status":"publish","type":"locations","link":"https:\/\/www.telpark.com\/es\/ciudades\/vila-nova-de-gaia\/","title":{"rendered":"Vila Nova de Gaia"},"content":{"rendered":"\n<section class=\"tpk-hero tpk-hero--products                lower\"\n         style=\"\">\n                            <picture >\n\n                    <source srcset=\"https:\/\/www.telpark.com\/wp-content\/uploads\/2023\/10\/ciudad_generica-480x640.jpg\" media=\"((min-width: 0rem) and (max-width: 30rem))\" width=\"480\" height=\"640\">\n                             <source srcset=\"https:\/\/www.telpark.com\/wp-content\/uploads\/2023\/10\/ciudad_generica-1024x500.jpg\" media=\"(min-width: 30rem) and (max-width: 64rem)\" width=\"1024\" height=\"500\">\n                            <source srcset=\"https:\/\/www.telpark.com\/wp-content\/uploads\/2023\/10\/ciudad_generica-1920x640.jpg\" media=\"(min-width: 64rem)\" width=\"1920\" height=\"640\">\n        \n        \n                                                                                                        \n        <img decoding=\"async\" fetchpriority=\"high\" src=\"https:\/\/www.telpark.com\/wp-content\/uploads\/2023\/10\/ciudad_generica-1920x640.jpg\" alt=\"\"  width=\"1920\" height=\"640\"  loading=\"eager\">\n    <\/picture>\n\n    \n            <div class=\"tpk-breadcrumb wrapper row\">\n    <nav aria-label=\"Breadcrumb\">\n        <ul>\n                            <li>\n                                            <span aria-current=\"page\">Vila Nova de Gaia<\/span>\n                                    <\/li>\n                    <\/ul>\n    <\/nav>\n<\/div>        <div class=\"tpk-hero__content wrapper row\">\n                    <div class=\"col-xs-12 col-sm-12 pr-h pl-h\">\n                                <header class=\"tpk-head  wrapper\">\n    <p class=\"tpk-head__caption\">Parking y parqu\u00edmetro<\/p>    <h1 class=\"tpk-head__title\">Aparcar en Vila Nova de Gaia<\/h1>    <\/header>\n            \n                    <\/div>\n    <\/div>\n            <div class=\"tpk-hero__cards row wrapper\">\n                                                                                        <div class=\"col-xs-12 col-sm-12 col-md-4 mb-1 pl-h pr-h\">\n                                                                    <\/div>\n                    <\/div>\n    <\/section>\n<div class=\"tpk-spinner__wrapper\">\n    <div class=\"tpk-spinner\"><\/div>\n<\/div>\n\n<article class=\"tpk-page\">\n    <div class=\"row wrapper center-xs tpk-page__content\">\n        <div class=\"col-xs-12 col-sm-10 col-md-8 pt-4 pb-4\">\n            <p>Vila Nova de Gaia es una ciudad situada en Portugal. Conocida por su famosa producci\u00f3n de vinos de Oporto, podr\u00e1s recorrer las m\u00faltiples bodegas de vino que posee, y explorar su casco antiguo con sus calles adoquinadas y edificios hist\u00f3ricos, como el Monasterio de Serra do Pilar y el Puente Dom Lu\u00eds I.\u00a0<\/p>\n\n        <\/div>\n    <\/div>\n<\/article>\n\n<div class=\"tpk-tabs big\">\n                                    <input type=\"radio\" name=\"tabs-city\" id=\"tab-city92244534\"\n                                            checked\n                                         \/>\n            <label for=\"tab-city92244534\" class=\"tpk-tab__label\" role=\"tab\">\n                Parking\n            <\/label>\n                                <input type=\"radio\" name=\"tabs-city\" id=\"tab-city1775503266\"\n                                         \/>\n            <label for=\"tab-city1775503266\" class=\"tpk-tab__label\" role=\"tab\">\n                Parqu\u00edmetro\n            <\/label>\n                \n<div class=\"tpk-tab__content\" role=\"tabpanel\" aria-labelledby=\"description\" aria-hidden=\"false\">\n    \n<section class=\"tpk-parkings \">\n    <div class=\"wrapper row center-xs\">\n        <div class=\"col-xs-12 col-sm-10 col-md-8\">\n                <header class=\"tpk-head  wrapper\">\n    <p class=\"tpk-head__caption\">Tu plaza de aparcamiento te est\u00e1 esperando<\/p>    <h2 class=\"tpk-head__title\">Encuentra tu parking ideal en Vila Nova de Gaia<\/h2>    <p>Mu\u00e9vete sin complicaciones y aparca en las mejores zonas de Vilanova de Gaia al mejor precio.<\/p>\n<\/header>        <\/div>\n    <\/div>\n    <div class=\"tpk-parkings__list row wrapper\">\n                    <div class=\"col-xs-12 col-sm-6 col-md-6 col-lg-6 pb-1 pl-h pr-h\">\n                \n    <a href=\"https:\/\/www.telpark.com\/es\/ciudades\/vila-nova-de-gaia\/parking-luiz-i\/\" class=\"tpk-card-parking\">\n                                        <picture >\n\n                    <source srcset=\"https:\/\/www.telpark.com\/wp-content\/uploads\/2023\/03\/parking-luiz-I-3-telpark-1-480x270.jpg\" media=\"((min-width: 0rem) and (max-width: 30rem))\" width=\"480\" height=\"270\">\n                             <source srcset=\"https:\/\/www.telpark.com\/wp-content\/uploads\/2023\/03\/parking-luiz-I-3-telpark-1-480x270.jpg\" media=\"(min-width: 30rem) and (max-width: 64rem)\" width=\"480\" height=\"270\">\n                            <source srcset=\"https:\/\/www.telpark.com\/wp-content\/uploads\/2023\/03\/parking-luiz-I-3-telpark-1-280x300.jpg\" media=\"(min-width: 64rem)\" width=\"280\" height=\"300\">\n        \n        \n                                                                                                                                                                    \n        <img decoding=\"async\" src=\"https:\/\/www.telpark.com\/wp-content\/uploads\/2023\/03\/parking-luiz-I-3-telpark-1-280x300.jpg\" alt=\"\"  width=\"280\" height=\"300\"  loading=\"lazy\" >\n    <\/picture>\n\n                <div class=\"tpk-card-parking__content\">\n                            <h3 class=\"tpk-card-parking__title\">Parking Luiz I<\/h3>\n                                        <address>Rua General Torres s\/n. 4430-999<\/address>\n                        <div class=\"tpk-card-parking__icons\">\n                                    <span class=\"icon icon-charger icon--md\"><\/span>\n                                    <span class=\"icon icon-car-express icon--md\"><\/span>\n                                    <span class=\"icon icon-galibo190 icon--md\"><\/span>\n                                    <span class=\"icon icon-multipass icon--md\"><\/span>\n                                    <span class=\"icon icon-reserva icon--md\"><\/span>\n                            <\/div>\n            <div class=\"tpk-card-parking__info\">\n                <div class=\"tpk-card-parking__info__price\">\n                                            a partir de\n                                                                <span><p>2,60 \u20ac<\/p><\/span>\n                                    <\/div>\n                <div class=\"tpk-card-parking__info__link\">\n                    <span class=\"icon icon-add icon--sm\">\n                    <\/span> \n                <\/div>\n            <\/div>\n        <\/div>\n    <\/a>\n            <\/div>\n                    <div class=\"col-xs-12 col-sm-6 col-md-6 col-lg-6 pb-1 pl-h pr-h\">\n                \n    <a href=\"https:\/\/www.telpark.com\/es\/ciudades\/vila-nova-de-gaia\/parking-centro-historico\/\" class=\"tpk-card-parking\">\n                                        <picture >\n\n                    <source srcset=\"https:\/\/www.telpark.com\/wp-content\/uploads\/2023\/03\/84604df2694eb6368cb239fd8fb92e01.JPG\" media=\"((min-width: 0rem) and (max-width: 30rem))\" width=\"255\" height=\"176\">\n                             <source srcset=\"https:\/\/www.telpark.com\/wp-content\/uploads\/2023\/03\/84604df2694eb6368cb239fd8fb92e01.JPG\" media=\"(min-width: 30rem) and (max-width: 64rem)\" width=\"255\" height=\"176\">\n                            <source srcset=\"https:\/\/www.telpark.com\/wp-content\/uploads\/2023\/03\/84604df2694eb6368cb239fd8fb92e01.JPG\" media=\"(min-width: 64rem)\" width=\"255\" height=\"176\">\n        \n        \n                                                                                                                                                                    \n        <img decoding=\"async\" src=\"https:\/\/www.telpark.com\/wp-content\/uploads\/2023\/03\/84604df2694eb6368cb239fd8fb92e01.JPG\" alt=\"\"  width=\"255\" height=\"176\"  loading=\"lazy\" >\n    <\/picture>\n\n                <div class=\"tpk-card-parking__content\">\n                            <h3 class=\"tpk-card-parking__title\">Parking Centro Hist\u00f3rico<\/h3>\n                                        <address>Rua Guilherme Gomes Fernandes 184 204. 4430-999<\/address>\n                        <div class=\"tpk-card-parking__icons\">\n                                    <span class=\"icon icon-galibo200 icon--md\"><\/span>\n                            <\/div>\n            <div class=\"tpk-card-parking__info\">\n                <div class=\"tpk-card-parking__info__price\">\n                                            a partir de\n                                                                <span><p>2,40 \u20ac<\/p><\/span>\n                                    <\/div>\n                <div class=\"tpk-card-parking__info__link\">\n                    <span class=\"icon icon-add icon--sm\">\n                    <\/span> \n                <\/div>\n            <\/div>\n        <\/div>\n    <\/a>\n            <\/div>\n                    <div class=\"col-xs-12 col-sm-6 col-md-6 col-lg-6 pb-1 pl-h pr-h\">\n                \n    <a href=\"https:\/\/www.telpark.com\/es\/ciudades\/vila-nova-de-gaia\/parking-centro-civico\/\" class=\"tpk-card-parking\">\n                                        <picture >\n\n                    <source srcset=\"https:\/\/www.telpark.com\/wp-content\/uploads\/2023\/03\/parking-centro-civico-telpark-480x270.jpg\" media=\"((min-width: 0rem) and (max-width: 30rem))\" width=\"480\" height=\"270\">\n                             <source srcset=\"https:\/\/www.telpark.com\/wp-content\/uploads\/2023\/03\/parking-centro-civico-telpark-480x270.jpg\" media=\"(min-width: 30rem) and (max-width: 64rem)\" width=\"480\" height=\"270\">\n                            <source srcset=\"https:\/\/www.telpark.com\/wp-content\/uploads\/2023\/03\/parking-centro-civico-telpark-280x300.jpg\" media=\"(min-width: 64rem)\" width=\"280\" height=\"300\">\n        \n        \n                                                                                                                                                                    \n        <img decoding=\"async\" src=\"https:\/\/www.telpark.com\/wp-content\/uploads\/2023\/03\/parking-centro-civico-telpark-280x300.jpg\" alt=\"\"  width=\"280\" height=\"300\"  loading=\"lazy\" >\n    <\/picture>\n\n                <div class=\"tpk-card-parking__content\">\n                            <h3 class=\"tpk-card-parking__title\">Parking Centro C\u00edvico<\/h3>\n                                        <address>Rua \u00c1lvares Cabral 264. 4400-017<\/address>\n                        <div class=\"tpk-card-parking__icons\">\n                                    <span class=\"icon icon-charger icon--md\"><\/span>\n                                    <span class=\"icon icon-car-express icon--md\"><\/span>\n                                    <span class=\"icon icon-galibo190 icon--md\"><\/span>\n                                    <span class=\"icon icon-multipass icon--md\"><\/span>\n                                    <span class=\"icon icon-reserva icon--md\"><\/span>\n                            <\/div>\n            <div class=\"tpk-card-parking__info\">\n                <div class=\"tpk-card-parking__info__price\">\n                                            a partir de\n                                                                <span><p>2,30 \u20ac<\/p><\/span>\n                                    <\/div>\n                <div class=\"tpk-card-parking__info__link\">\n                    <span class=\"icon icon-add icon--sm\">\n                    <\/span> \n                <\/div>\n            <\/div>\n        <\/div>\n    <\/a>\n            <\/div>\n            <\/div>\n    <\/section>\n\n<section class=\"tpk-products center\">\n    <div class=\"wrapper pl-1 pr-1 pb-3\">\n                <header class=\"tpk-head  wrapper\">\n    <p class=\"tpk-head__caption\">Ventajas<\/p>    <h2 class=\"tpk-head__title\">Te contamos algunas ventajas de aparcar con nosotrxs \ud83d\ude09<\/h2>    <\/header>    <\/div>\n\n    <div class=\"wrapper tpk-products__cards grid  grid-3\">\n        <input type=\"hidden\" id=\"_wpnonce\" name=\"_wpnonce\" value=\"d0d3d3df28\" \/><input type=\"hidden\" name=\"_wp_http_referer\" value=\"\/es\/wp-json\/wp\/v2\/locations\/2526\" \/>\n                    <div class=\"tpk-card-product flat \">\n\n\t<div class=\"tpk-card-product__head\">\n\t\t\t\t\t<span class=\"icon icon-location icon--lg\"><\/span>\n\t\t\t\t\t<\/div>\n\t<div class=\"tpk-card-product__content\">\n\t\t<h3 class=\"tpk-card-product__content__title\">Aparca est\u00e9s donde est\u00e9s <\/h3>\n\t\t\t\t\t<p>Encu\u00e9ntranos en los m\u00e1s de 200 parkings repartidos en Espa\u00f1a y Portugal.<\/p>\n\n\t\t\t<\/div>\n\t\t<\/div>\n                    <div class=\"tpk-card-product flat \">\n\n\t<div class=\"tpk-card-product__head\">\n\t\t\t\t\t<span class=\"icon icon-mobile icon--lg\"><\/span>\n\t\t\t\t\t<\/div>\n\t<div class=\"tpk-card-product__content\">\n\t\t<h3 class=\"tpk-card-product__content__title\">Todo desde tu m\u00f3vil<\/h3>\n\t\t\t\t\t<p>Con la app gestiona tu parking con mayor comodidad.<\/p>\n<p>&nbsp;<\/p>\n\n\t\t\t<\/div>\n\t\t<\/div>\n                    <div class=\"tpk-card-product flat \">\n\n\t<div class=\"tpk-card-product__head\">\n\t\t\t\t\t<span class=\"icon icon-car-express icon--lg\"><\/span>\n\t\t\t\t\t<\/div>\n\t<div class=\"tpk-card-product__content\">\n\t\t<h3 class=\"tpk-card-product__content__title\">Apertura de barrera autom\u00e1tica<\/h3>\n\t\t\t\t\t<p>En nuestros parkings ticketless la barrera se abre como por arte de magia.\u00a0<\/p>\n\n\t\t\t<\/div>\n\t\t<\/div>\n                    <div class=\"tpk-card-product flat \">\n\n\t<div class=\"tpk-card-product__head\">\n\t\t\t\t\t<span class=\"icon icon-bono icon--lg\"><\/span>\n\t\t\t\t\t<\/div>\n\t<div class=\"tpk-card-product__content\">\n\t\t<h3 class=\"tpk-card-product__content__title\">Productos adaptados a ti<\/h3>\n\t\t\t\t\t<p>Elige el producto que mejor se adapte a ti y aparca sin complicaciones en nuestros parkings.<\/p>\n\n\t\t\t<\/div>\n\t\t<\/div>\n                    <div class=\"tpk-card-product flat \">\n\n\t<div class=\"tpk-card-product__head\">\n\t\t\t\t\t<span class=\"icon icon-caravan icon--lg\"><\/span>\n\t\t\t\t\t<\/div>\n\t<div class=\"tpk-card-product__content\">\n\t\t<h3 class=\"tpk-card-product__content__title\">Todo tipo de veh\u00edculos<\/h3>\n\t\t\t\t\t<p>Tenemos un espacio para ti tengas una caravana, un coche, una moto, una bicicleta, ... incluso un cami\u00f3n.\u00a0<\/p>\n\n\t\t\t<\/div>\n\t\t<\/div>\n                    <div class=\"tpk-card-product flat \">\n\n\t<div class=\"tpk-card-product__head\">\n\t\t\t\t\t<span class=\"icon icon-camera icon--lg\"><\/span>\n\t\t\t\t\t<\/div>\n\t<div class=\"tpk-card-product__content\">\n\t\t<h3 class=\"tpk-card-product__content__title\">Vigilancia 24h\/7<\/h3>\n\t\t\t\t\t<p>En nuestros parking tenemos vigilancia las 24 horas, los 7 d\u00edas de la semana.\u00a0<\/p>\n\n\t\t\t<\/div>\n\t\t<\/div>\n            <\/div>\n<\/section>\n\n<\/div>\n\n<div class=\"tpk-tab__content\" role=\"tabpanel\" aria-labelledby=\"description\" aria-hidden=\"false\">\n    \n\n<section class=\"tpk-city-map\">\n            <div class=\"wrapper row center-xs\">\n            <div class=\"col-xs-12 col-sm-10 col-md-8 pt-4 pb-4\">\n                                <header class=\"tpk-head center wrapper\">\n        <h2 class=\"tpk-head__title\">Estacionamiento regulado en Vila Nova de Gaia<\/h2>    <p>Con el servicio de estacionamiento regulado facilitamos a visitantes y residentes de las ciudades un lugar para aparcar en zonas donde, por problemas de saturaci\u00f3n, es dif\u00edcil encontrar una plaza libre.<\/p>\n<\/header>            <\/div>\n        <\/div>\n        <div class=\"row pb-4 middle-xs\">\n        <div class=\"col-xs-12 col-sm-6 col-md-6 col-no-gutter tpk-city-map__picture\">\n                    <div id=\"mapCityMap\" class=\"tpk-map-block__gmap\"\n                 data-kml=\"https:\/\/www.telpark.com\/wp-content\/uploads\/2023\/03\/vilanovagaia.kml.kml\">\n            <\/div>\n                <\/div>\n        <div class=\"col-xs-12 col-sm-6 col-lg-4 tpk-city-map__content \">\n                            <h2 class=\"tpk-city-map__title\">Zonas reguladas<\/h2>\n                        <div class=\"tpk-tabs\">\n                                                            <input type=\"radio\" name=\"tabs\" id=\"tab1\" checked\/>\n                        <label for=\"tab1\"\n                               class=\"tpk-tab__label\"\n                               role=\"tab\">\n                            Zona azul\n                        <\/label>\n                                                                                <input type=\"radio\" name=\"tabs\" id=\"tab2\" \/>\n                        <label for=\"tab2\"\n                               class=\"tpk-tab__label\"\n                               role=\"tab\">\n                            Zona verde\n                        <\/label>\n                                                                                <input type=\"radio\" name=\"tabs\" id=\"tab3\" \/>\n                        <label for=\"tab3\"\n                               class=\"tpk-tab__label\"\n                               role=\"tab\">\n                            Zona naranja\n                        <\/label>\n                                    \n                                                    <div class=\"tpk-tab__content\"\n                         role=\"tabpanel\"\n                         aria-labelledby=\"description\"\n                         aria-hidden=\"false\">\n                                                    <p><strong>Horario<\/strong><\/p>\r\n<ul>\r\n<li>De lunes a viernes de 09:00 a 19:00 horas.<\/li>\r\n<\/ul>\r\n<p><strong>Tarifa<\/strong><\/p>\r\n<ul>\r\n<li>15 minutos (m\u00ednimo): 0,20 \u20ac<\/li>\r\n<li>1 hora: 0,65 \u20ac<\/li>\r\n<li>2 horas: 1,30 \u20ac<\/li>\r\n<li>4 horas (m\u00e1ximo): 2,60 \u20ac<\/li>\r\n<\/ul>\n                        \n                                                \n                        \n                                            <\/div>\n                                    <div class=\"tpk-tab__content\"\n                         role=\"tabpanel\"\n                         aria-labelledby=\"description\"\n                         aria-hidden=\"false\">\n                                                    <p><strong>Horario<\/strong><\/p>\r\n<ul>\r\n<li>De lunes a domingo 24 horas.\u00a0<\/li>\r\n<\/ul>\r\n<p><strong>Tarifa<\/strong><\/p>\r\n<ul>\r\n<li>15 minutos (m\u00ednimo): 0,25 \u20ac<\/li>\r\n<li>1 hora: 0,75 \u20ac<\/li>\r\n<li>2 horas: 1,50 \u20ac<\/li>\r\n<li>4 horas (m\u00e1ximo): 3,00 \u20ac<\/li>\r\n<\/ul>\n                        \n                                                \n                        \n                                            <\/div>\n                                    <div class=\"tpk-tab__content\"\n                         role=\"tabpanel\"\n                         aria-labelledby=\"description\"\n                         aria-hidden=\"false\">\n                                                    <p><strong>Horario<\/strong><\/p>\r\n<ul>\r\n<li>De lunes a viernes de 09:00 a 19:00 horas.<\/li>\r\n<\/ul>\r\n<p><strong>Tarifa<\/strong><\/p>\r\n<ul>\r\n<li>15 minutos (m\u00ednimo): 0,20 \u20ac<\/li>\r\n<li>1 hora: 0,65 \u20ac<\/li>\r\n<li>2 horas: 1,30 \u20ac<\/li>\r\n<li>4 horas (m\u00e1ximo): 2,60 \u20ac<\/li>\r\n<\/ul>\n                        \n                                                \n                        \n                                            <\/div>\n                \n                <div class=\"tpk-city-map__buttons\">\n                                    <\/div>\n            <\/div>\n        <\/div>\n    <\/div>\n    <script type=\"text\/plain\" class=\"optanon-category-C0001\">\n        const elementMapKML = document.querySelector('#mapCityMap');\n        if(elementMapKML) {\n            const map2 = new google.maps.Map(elementMapKML);\n            const kml2 = elementMapKML.dataset.kml\n\n            if (kml2) {\n                const layer2 = new google.maps.KmlLayer({\n                    url: kml2,\n                    map: map2\n                })\n            }\n        }\n    <\/script>\n<\/section>\n\n<\/div>\n\n    <\/div>\n\n\n<section class=\"tpk-banner-app \">\n    <div class=\"row wrapper middle-xs\">\n        <div class=\"col-xs-12 col-sm-6 col-no-gutter tpk-banner-app__picture\">\n                                                    <picture class=\"hide-xs show-sm\">\n\n                             <source srcset=\"https:\/\/www.telpark.com\/wp-content\/uploads\/2023\/08\/Bloque-descarga-ok-1-488x534.png\" media=\"(min-width: 30rem) and (max-width: 64rem)\" width=\"488\" height=\"534\">\n                            <source srcset=\"https:\/\/www.telpark.com\/wp-content\/uploads\/2023\/08\/Bloque-descarga-ok-1-680x752.png\" media=\"(min-width: 64rem)\" width=\"680\" height=\"752\">\n        \n        \n                                                                                                        \n        <img decoding=\"async\" src=\"https:\/\/www.telpark.com\/wp-content\/uploads\/2023\/08\/Bloque-descarga-ok-1-680x752.png\" alt=\"Desc\u00e1rgate la App\"  width=\"680\" height=\"752\"  loading=\"lazy\" >\n    <\/picture>\n\n                                <\/div>\n        <div class=\"col-xs-12 col-sm-6 tpk-banner-app__content\">\n                        <header class=\"tpk-head  wrapper\">\n        <h2 class=\"tpk-head__title\">Desc\u00e1rgate Telpark, la app m\u00e1s segura y fiable para gestionar tu movilidad<\/h2>    <\/header>\n                        <div class=\"tpk-banner-app__buttons\">\n                                                                                                                                                <a href=\"https:\/\/go.telpark.com\/apps.apple.com\/es\/app\/telpark\/id658204860?ecid=842ffed716b17008b8945daf873bc378&rt=true&aw=720\" class=\"tpk-button tpk-button--app dark\" target=\"_blank\">\n        <svg width=\"25\" height=\"30\" viewBox=\"0 0 25 30\" fill=\"none\" xmlns=\"http:\/\/www.w3.org\/2000\/svg\">\n            <path d=\"M23.643 10.227C23.469 10.362 20.397 12.093 20.397 15.942C20.397 20.394 24.306 21.969 24.423 22.008C24.405 22.104 23.802 24.165 22.362 26.265C21.078 28.113 19.737 29.958 17.697 29.958C15.657 29.958 15.132 28.773 12.777 28.773C10.482 28.773 9.666 29.997 7.8 29.997C5.934 29.997 4.632 28.287 3.135 26.187C1.401 23.721 0 19.89 0 16.254C0 10.422 3.792 7.329 7.524 7.329C9.507 7.329 11.16 8.631 12.405 8.631C13.59 8.631 15.438 7.251 17.694 7.251C18.549 7.251 21.621 7.329 23.643 10.227V10.227ZM16.623 4.782C17.556 3.675 18.216 2.139 18.216 0.603C18.216 0.39 18.198 0.174 18.159 0C16.641 0.057 14.835 1.011 13.746 2.274C12.891 3.246 12.093 4.782 12.093 6.339C12.093 6.573 12.132 6.807 12.15 6.882C12.246 6.9 12.402 6.921 12.558 6.921C13.92 6.921 15.633 6.009 16.623 4.782Z\" fill=\"white\"\/>\n        <\/svg>\n        <div>\n            <span>Disponible en<\/span>\n            Apple Store\n        <\/div>\n    <\/a>\n\n                                                                                                                            \n    <a href=\"https:\/\/go.telpark.com\/home?ecid=e116daffc120ef95f95caaef1599f3d7&rt=true&aw=720\" class=\"tpk-button tpk-button--app dark\" target=\"_blank\">\n        <svg width=\"23\" height=\"26\" viewBox=\"0 0 23 26\" fill=\"none\" xmlns=\"http:\/\/www.w3.org\/2000\/svg\">\n            <path fill-rule=\"evenodd\" clip-rule=\"evenodd\" d=\"M0.862422 0.87988C0.581172 1.18175 0.419922 1.64675 0.419922 2.25113V23.7411C0.419922 24.3455 0.581172 24.8105 0.873047 25.1018L0.949297 25.1661L12.9905 13.1249V12.8543L0.938672 0.815505L0.862422 0.87988Z\" fill=\"url(#paint0_linear_9_9)\"\/>\n            <path fill-rule=\"evenodd\" clip-rule=\"evenodd\" d=\"M16.9962 17.1543L12.98 13.1368V12.8556L16.9975 8.83807L17.0843 8.89182L21.8362 11.5924C23.1968 12.3593 23.1968 13.6231 21.8362 14.4006L17.0843 17.1012L16.9962 17.1543Z\" fill=\"url(#paint1_linear_9_9)\"\/>\n            <path fill-rule=\"evenodd\" clip-rule=\"evenodd\" d=\"M17.083 17.1005L12.9799 12.9961L0.862371 25.1136C1.30487 25.5892 2.04987 25.643 2.88237 25.178L17.083 17.1005Z\" fill=\"url(#paint2_linear_9_9)\"\/>\n            <path fill-rule=\"evenodd\" clip-rule=\"evenodd\" d=\"M17.083 8.89304L2.88237 0.82616C2.05112 0.350535 1.30487 0.41491 0.862371 0.890535L12.9786 12.9962L17.083 8.89304Z\" fill=\"url(#paint3_linear_9_9)\"\/>\n            <defs>\n            <linearGradient id=\"paint0_linear_9_9\" x1=\"35.6607\" y1=\"-6.74995\" x2=\"-5.23028\" y2=\"12.2052\" gradientUnits=\"userSpaceOnUse\">\n            <stop stop-color=\"#047ED6\"\/>\n            <stop offset=\"1\" stop-color=\"#50E6FF\"\/>\n            <\/linearGradient>\n            <linearGradient id=\"paint1_linear_9_9\" x1=\"24.5643\" y1=\"12.9971\" x2=\"-6.03917\" y2=\"12.9971\" gradientUnits=\"userSpaceOnUse\">\n            <stop stop-color=\"#FFDA1C\"\/>\n            <stop offset=\"1\" stop-color=\"#FEB705\"\/>\n            <\/linearGradient>\n            <linearGradient id=\"paint2_linear_9_9\" x1=\"19.7657\" y1=\"4.95934\" x2=\"-15.0772\" y2=\"45.5368\" gradientUnits=\"userSpaceOnUse\">\n            <stop stop-color=\"#D9414F\"\/>\n            <stop offset=\"1\" stop-color=\"#8C193F\"\/>\n            <\/linearGradient>\n            <linearGradient id=\"paint3_linear_9_9\" x1=\"-2.18997\" y1=\"-6.27096\" x2=\"4.71665\" y2=\"5.36978\" gradientUnits=\"userSpaceOnUse\">\n            <stop stop-color=\"#33C481\"\/>\n            <stop offset=\"1\" stop-color=\"#61E3A7\"\/>\n            <\/linearGradient>\n            <\/defs>\n            <\/svg>\n        <div>\n            <span>Disponible en<\/span>\n            Google Play\n        <\/div>\n    <\/a>\n                                                                                                <\/div>\n        <\/div>\n    <\/div>\n<\/section>\n\n\n\n<section class=\"tpk-banner-cta tpk-banner-cta--half   electric\"\n         style=\"                 \">\n    <div class=\"tpk-banner-cta--half__picture\">\n                                        <picture >\n\n                    <source srcset=\"https:\/\/www.telpark.com\/wp-content\/uploads\/2023\/04\/Carga-Rapida_Parking_Colon-e1697638934297-460x509.jpg\" media=\"((min-width: 0rem) and (max-width: 30rem))\" width=\"460\" height=\"509\">\n                             <source srcset=\"https:\/\/www.telpark.com\/wp-content\/uploads\/2023\/04\/Carga-Rapida_Parking_Colon-e1697638934297-520x509.jpg\" media=\"(min-width: 30rem) and (max-width: 64rem)\" width=\"520\" height=\"509\">\n                            <source srcset=\"https:\/\/www.telpark.com\/wp-content\/uploads\/2023\/04\/Carga-Rapida_Parking_Colon-e1697638934297.jpg\" media=\"(min-width: 64rem)\" width=\"579\" height=\"509\">\n        \n        \n                                                                                                        \n        <img decoding=\"async\" src=\"https:\/\/www.telpark.com\/wp-content\/uploads\/2023\/04\/Carga-Rapida_Parking_Colon-e1697638934297.jpg\" alt=\"\"  width=\"579\" height=\"509\"  loading=\"lazy\" >\n    <\/picture>\n\n            <\/div>\n\n    <div class=\"tpk-banner-cta__content row wrapper middle-xs\">\n        <div class=\"col-xs-12 col-md-6 tpk-banner-cta__content__text\">\n                        <header class=\"tpk-head  wrapper\">\n    <p class=\"tpk-head__caption\">Adem\u00e1s ...<\/p>    <h2 class=\"tpk-head__title\">\u00bfNecesitas cargar tu coche el\u00e9ctrico?<\/h2>    <p>Ench\u00fafate en uno de nuestros puntos de carga el\u00e9ctrica repartidos en toda la Pen\u00ednsula.\u00a0<\/p>\n<p>&nbsp;<\/p>\n<\/header>            <div class=\"tpk-banner-cta__buttons\">\n                                                        <a  class=\"tpk-button tpk-button--primary tpk-button--lg \" href=\"https:\/\/www.telpark.com\/es\/buscador-parkings\/?type=electric_charge\/\"    >\n    <span>Ver puntos de carga<\/span>\n    <\/a>                            <\/div>\n        <\/div>\n    <\/div>\n<\/section>\n\n<article class=\"tpk-page\">\n    <div class=\"row wrapper center-xs tpk-page__content\">\n        <div class=\"col-xs-12 col-sm-10 col-md-8 pt-4 pb-4\">\n            <blockquote>\n<h2><b><span data-contrast=\"auto\">\u00bfD\u00f3nde aparcar en <\/span><\/b><b><span data-contrast=\"auto\">Vila Nova de Gaia?<\/span><\/b><span data-ccp-props=\"{&quot;335551550&quot;:6,&quot;335551620&quot;:6}\">\u00a0<\/span><\/h2>\n<\/blockquote>\n<p><span data-contrast=\"auto\">Vila Nova de Gaia es una de las ciudades m\u00e1s importantes del norte de Portugal y uno de los principales destinos tur\u00edsticos de la regi\u00f3n. Situada frente a Oporto, es conocida por sus hist\u00f3ricas bodegas de vino de Oporto, su extenso frente fluvial junto al Duero y sus playas atl\u00e1nticas. La actividad tur\u00edstica, comercial y residencial genera un importante movimiento diario de residentes y visitantes en distintos puntos de la ciudad.<\/span><span data-ccp-props=\"{&quot;335551550&quot;:6,&quot;335551620&quot;:6}\">\u00a0<\/span><\/p>\n<p><span data-contrast=\"auto\">Las zonas pr\u00f3ximas al centro hist\u00f3rico, al Cais de Gaia, a las bodegas, al puente Dom Lu\u00eds I y a las principales \u00e1reas comerciales suelen concentrar una elevada demanda de aparcamiento durante gran parte del a\u00f1o. En fines de semana, festivos y temporadas tur\u00edsticas, encontrar una plaza libre puede requerir algo m\u00e1s de tiempo.<\/span><span data-ccp-props=\"{&quot;335551550&quot;:6,&quot;335551620&quot;:6}\">\u00a0<\/span><\/p>\n<p><span data-contrast=\"auto\">Si necesitas aparcar en Vila Nova de Gaia, c<\/span><b><span data-contrast=\"auto\">on Telpark podr\u00e1s gestionar tu estacionamiento c\u00f3modamente desde el m\u00f3vil, consultar tus tickets y controlar tus aparcamientos en cualquier momento<\/span><\/b><span data-contrast=\"auto\">. As\u00ed podr\u00e1s dedicar m\u00e1s tiempo a disfrutar de la ciudad y menos a buscar d\u00f3nde dejar el coche.<\/span><span data-ccp-props=\"{&quot;335551550&quot;:6,&quot;335551620&quot;:6}\">\u00a0<\/span><\/p>\n<blockquote>\n<h2><b><span data-contrast=\"auto\">Encuentra tu parking en Vila Nova de Gaia<\/span><\/b><span data-ccp-props=\"{&quot;335551550&quot;:6,&quot;335551620&quot;:6}\">\u00a0<\/span><\/h2>\n<\/blockquote>\n<h3><a href=\"https:\/\/www.telpark.com\/es\/ciudades\/vila-nova-de-gaia\/parking-luiz-i\/\"><b><span data-contrast=\"none\">Parking Luiz I<\/span><\/b><\/a><span data-ccp-props=\"{&quot;335551550&quot;:6,&quot;335551620&quot;:6}\">\u00a0<\/span><\/h3>\n<p><span data-contrast=\"auto\">El <\/span><b><span data-contrast=\"auto\">Parking Luiz I de Telpark<\/span><\/b><span data-contrast=\"auto\"> es una excelente opci\u00f3n para quienes desean visitar una de las zonas m\u00e1s emblem\u00e1ticas de Vila Nova de Gaia. Su ubicaci\u00f3n junto al Puente Dom Lu\u00eds I permite acceder f\u00e1cilmente al paseo junto al Duero, a las bodegas de vino de Oporto y a distintos puntos de inter\u00e9s tur\u00edstico de la ciudad. Una alternativa ideal para dejar el coche y recorrer c\u00f3modamente la zona hist\u00f3rica.<\/span><span data-ccp-props=\"{&quot;335551550&quot;:6,&quot;335551620&quot;:6}\">\u00a0<\/span><\/p>\n<h3><a href=\"https:\/\/www.telpark.com\/es\/ciudades\/vila-nova-de-gaia\/parking-centro-historico\/\"><b><span data-contrast=\"none\">Parking Centro Hist\u00f3rico<\/span><\/b><\/a><span data-ccp-props=\"{&quot;335551550&quot;:6,&quot;335551620&quot;:6}\">\u00a0<\/span><\/h3>\n<p><span data-contrast=\"auto\">El <\/span><b><span data-contrast=\"auto\">Parking Centro Hist\u00f3rico de Telpark<\/span><\/b><span data-contrast=\"auto\"> es una soluci\u00f3n pr\u00e1ctica para quienes quieren descubrir el coraz\u00f3n de Vila Nova de Gaia. Situado cerca de algunas de las principales zonas comerciales, culturales y tur\u00edsticas, facilita el acceso a los rincones m\u00e1s representativos de la ciudad sin preocuparse por el aparcamiento.<\/span><span data-ccp-props=\"{&quot;335551550&quot;:6,&quot;335551620&quot;:6}\">\u00a0<\/span><\/p>\n<h3><a href=\"https:\/\/www.telpark.com\/es\/ciudades\/vila-nova-de-gaia\/parking-centro-civico\/\"><b><span data-contrast=\"none\">Parking Centro C\u00edvico<\/span><\/b><\/a><span data-ccp-props=\"{&quot;335551550&quot;:6,&quot;335551620&quot;:6}\">\u00a0<\/span><\/h3>\n<p><span data-contrast=\"auto\">El <\/span><b><span data-contrast=\"auto\">Parking Centro C\u00edvico de Telpark<\/span><\/b><span data-contrast=\"auto\"> ofrece una ubicaci\u00f3n estrat\u00e9gica para acceder a servicios municipales, \u00e1reas comerciales y diferentes equipamientos urbanos. Una alternativa c\u00f3moda tanto para realizar gestiones como para desplazarse por una de las zonas con m\u00e1s actividad de la ciudad.<\/span><span data-ccp-props=\"{&quot;335551550&quot;:6,&quot;335551620&quot;:6}\">\u00a0<\/span><\/p>\n<blockquote>\n<h2><b><span data-contrast=\"auto\">Ventajas de aparcar con Telpark en Vila Nova de Gaia<\/span><\/b><span data-ccp-props=\"{&quot;335551550&quot;:6,&quot;335551620&quot;:6}\">\u00a0<\/span><\/h2>\n<\/blockquote>\n<p><span data-contrast=\"auto\">Desplazarse por Vila Nova de Gaia resulta mucho m\u00e1s c\u00f3modo cuando ya tienes resuelto d\u00f3nde dejar el coche. Tanto si visitas las bodegas, recorres el centro hist\u00f3rico, disfrutas de las vistas al r\u00edo Duero o realizas cualquier gesti\u00f3n, Telpark te ayuda a optimizar tu tiempo y a moverte con mayor comodidad. Adem\u00e1s, cuenta con diferentes servicios adaptados a las necesidades de cada usuario.<\/span><span data-ccp-props=\"{&quot;335551550&quot;:6,&quot;335551620&quot;:6}\">\u00a0<\/span><\/p>\n<h3><b><span data-contrast=\"auto\">Abonos mensuales y anuales<\/span><\/b><span data-ccp-props=\"{&quot;335551550&quot;:6,&quot;335551620&quot;:6}\">\u00a0<\/span><\/h3>\n<p><span data-contrast=\"auto\">Los abonos mensuales y anuales son una alternativa c\u00f3moda para quienes utilizan el coche de forma habitual en Vila Nova de Gaia y necesitan una soluci\u00f3n estable para sus desplazamientos.<\/span><span data-ccp-props=\"{&quot;335551550&quot;:6,&quot;335551620&quot;:6}\">\u00a0<\/span><\/p>\n<h3><b><span data-contrast=\"auto\">Reserva de plaza<\/span><\/b><span data-ccp-props=\"{&quot;335551550&quot;:6,&quot;335551620&quot;:6}\">\u00a0<\/span><\/h3>\n<p><span data-contrast=\"auto\">Reservar tu plaza antes de llegar te permitir\u00e1 planificar mejor tus visitas y comenzar tu recorrido con mayor tranquilidad.<\/span><span data-ccp-props=\"{&quot;335551550&quot;:6,&quot;335551620&quot;:6}\">\u00a0<\/span><\/p>\n<h3><b><span data-contrast=\"auto\">Servicio 24 h y videovigilancia<\/span><\/b><span data-ccp-props=\"{&quot;335551550&quot;:6,&quot;335551620&quot;:6}\">\u00a0<\/span><\/h3>\n<p><span data-contrast=\"auto\">Muchos aparcamientos Telpark cuentan con acceso durante las 24 horas y sistemas de videovigilancia que contribuyen a ofrecer una experiencia m\u00e1s c\u00f3moda y segura.<\/span><span data-ccp-props=\"{&quot;335551550&quot;:6,&quot;335551620&quot;:6}\">\u00a0<\/span><\/p>\n<h3><b><span data-contrast=\"auto\">Multipass<\/span><\/b><span data-ccp-props=\"{&quot;335551550&quot;:6,&quot;335551620&quot;:6}\">\u00a0<\/span><\/h3>\n<p><span data-contrast=\"auto\">Multipass ofrece una soluci\u00f3n flexible para quienes aparcan con frecuencia y buscan una alternativa adaptada a diferentes necesidades de movilidad.<\/span><span data-ccp-props=\"{&quot;335551550&quot;:6,&quot;335551620&quot;:6}\">\u00a0<\/span><\/p>\n<h3><b><span data-contrast=\"auto\">Entrada Express<\/span><\/b><span data-ccp-props=\"{&quot;335551550&quot;:6,&quot;335551620&quot;:6}\">\u00a0<\/span><\/h3>\n<p><span data-contrast=\"auto\">La tecnolog\u00eda de reconocimiento de matr\u00edculas agiliza el acceso y la salida del aparcamiento, evitando la utilizaci\u00f3n de tickets f\u00edsicos.<\/span><span data-ccp-props=\"{&quot;335551550&quot;:6,&quot;335551620&quot;:6}\">\u00a0<\/span><\/p>\n<h3><b><span data-contrast=\"auto\">Plazas XXL<\/span><\/b><span data-ccp-props=\"{&quot;335551550&quot;:6,&quot;335551620&quot;:6}\">\u00a0<\/span><\/h3>\n<p><span data-contrast=\"auto\">Algunos aparcamientos disponen de plazas XXL especialmente dise\u00f1adas para veh\u00edculos de mayores dimensiones o para quienes prefieren disponer de m\u00e1s espacio al estacionar.<\/span><span data-ccp-props=\"{&quot;335551550&quot;:6,&quot;335551620&quot;:6}\">\u00a0<\/span><\/p>\n<blockquote>\n<h2><b><span data-contrast=\"auto\">Usa la app de Telpark para aparcar en Vila Nova de Gaia<\/span><\/b><span data-ccp-props=\"{&quot;335551550&quot;:6,&quot;335551620&quot;:6}\">\u00a0<\/span><\/h2>\n<\/blockquote>\n<p><span data-contrast=\"auto\">Gestionar tu aparcamiento en Vila Nova de Gaia es mucho m\u00e1s sencillo con la app de Telpark. Disponible para <\/span><b><span data-contrast=\"auto\">iOS y Android<\/span><\/b><span data-contrast=\"auto\">, te permite gestionar tu estacionamiento directamente desde el m\u00f3vil, consultar tickets, acceder a diferentes servicios y controlar tus aparcamientos de forma r\u00e1pida y c\u00f3moda.<\/span><span data-ccp-props=\"{&quot;335551550&quot;:6,&quot;335551620&quot;:6}\">\u00a0<\/span><\/p>\n<p><span data-contrast=\"auto\">Adem\u00e1s, tendr\u00e1s toda la informaci\u00f3n relacionada con tu aparcamiento reunida en un \u00fanico lugar, utilizando <\/span><b><span data-contrast=\"auto\">la app m\u00e1s segura y fiable para gestionar tu movilidad y aparcamiento<\/span><\/b><span data-contrast=\"auto\">. As\u00ed podr\u00e1s organizar tus desplazamientos de forma sencilla y ahorrar tiempo en el d\u00eda a d\u00eda.<\/span><span data-ccp-props=\"{&quot;335551550&quot;:6,&quot;335551620&quot;:6}\">\u00a0<\/span><\/p>\n<blockquote>\n<h2><b><span data-contrast=\"auto\">Otras opciones de aparcamiento en Vila Nova de Gaia<\/span><\/b><span data-ccp-props=\"{&quot;335551550&quot;:6,&quot;335551620&quot;:6}\">\u00a0<\/span><\/h2>\n<\/blockquote>\n<p><span data-contrast=\"auto\">Adem\u00e1s de los aparcamientos Telpark, Vila Nova de Gaia dispone de diferentes alternativas de estacionamiento regulado en la v\u00eda p\u00fablica. Sin embargo, las zonas pr\u00f3ximas al centro hist\u00f3rico, al frente fluvial, a las bodegas y a las principales \u00e1reas comerciales suelen registrar una elevada demanda de plazas durante gran parte del a\u00f1o.<\/span><span data-ccp-props=\"{&quot;335551550&quot;:6,&quot;335551620&quot;:6}\">\u00a0<\/span><\/p>\n<p><span data-contrast=\"auto\">Planificar previamente d\u00f3nde aparcar puede ayudarte a reducir tiempos de b\u00fasqueda y desplazarte con mayor comodidad por la ciudad.<\/span><span data-ccp-props=\"{&quot;335551550&quot;:6,&quot;335551620&quot;:6}\">\u00a0<\/span><\/p>\n<h3><b><span data-contrast=\"auto\">Estacionamiento regulado en Vila Nova de Gaia<\/span><\/b><span data-ccp-props=\"{&quot;335551550&quot;:6,&quot;335551620&quot;:6}\">\u00a0<\/span><\/h3>\n<p><span data-contrast=\"auto\">El sistema de estacionamiento regulado de Vila Nova de Gaia contribuye a mejorar la disponibilidad de plazas y favorecer la rotaci\u00f3n de veh\u00edculos en las zonas con mayor actividad comercial, tur\u00edstica y de servicios.<\/span><span data-ccp-props=\"{&quot;335551550&quot;:6,&quot;335551620&quot;:6}\">\u00a0<\/span><\/p>\n<p><span data-contrast=\"auto\">Y algunas de las principales modalidades de estacionamiento en la v\u00eda p\u00fablica son:<\/span><span data-ccp-props=\"{&quot;335551550&quot;:6,&quot;335551620&quot;:6}\">\u00a0<\/span><\/p>\n<ul>\n<li data-leveltext=\"\uf0b7\" data-font=\"Symbol\" data-listid=\"5\" data-list-defn-props=\"{&quot;335552541&quot;:1,&quot;335559683&quot;:0,&quot;335559684&quot;:-2,&quot;335559685&quot;:720,&quot;335559991&quot;:360,&quot;469769226&quot;:&quot;Symbol&quot;,&quot;469769242&quot;:[8226],&quot;469777803&quot;:&quot;left&quot;,&quot;469777804&quot;:&quot;\uf0b7&quot;,&quot;469777815&quot;:&quot;hybridMultilevel&quot;}\" data-aria-posinset=\"1\" data-aria-level=\"1\"><b><span data-contrast=\"auto\">Zona azul:<\/span><\/b><span data-contrast=\"auto\"> destinada a estancias de corta duraci\u00f3n y orientada a favorecer una elevada rotaci\u00f3n de veh\u00edculos.<\/span><span data-ccp-props=\"{&quot;335551550&quot;:6,&quot;335551620&quot;:6}\">\u00a0<\/span><\/li>\n<li data-leveltext=\"\uf0b7\" data-font=\"Symbol\" data-listid=\"5\" data-list-defn-props=\"{&quot;335552541&quot;:1,&quot;335559683&quot;:0,&quot;335559684&quot;:-2,&quot;335559685&quot;:720,&quot;335559991&quot;:360,&quot;469769226&quot;:&quot;Symbol&quot;,&quot;469769242&quot;:[8226],&quot;469777803&quot;:&quot;left&quot;,&quot;469777804&quot;:&quot;\uf0b7&quot;,&quot;469777815&quot;:&quot;hybridMultilevel&quot;}\" data-aria-posinset=\"1\" data-aria-level=\"1\"><b><span data-contrast=\"auto\">Zona verde:<\/span><\/b><span data-contrast=\"auto\"> dise\u00f1ada para equilibrar la disponibilidad de plazas en distintas \u00e1reas de la ciudad.<\/span><span data-ccp-props=\"{&quot;335551550&quot;:6,&quot;335551620&quot;:6}\">\u00a0<\/span><\/li>\n<li data-leveltext=\"\uf0b7\" data-font=\"Symbol\" data-listid=\"5\" data-list-defn-props=\"{&quot;335552541&quot;:1,&quot;335559683&quot;:0,&quot;335559684&quot;:-2,&quot;335559685&quot;:720,&quot;335559991&quot;:360,&quot;469769226&quot;:&quot;Symbol&quot;,&quot;469769242&quot;:[8226],&quot;469777803&quot;:&quot;left&quot;,&quot;469777804&quot;:&quot;\uf0b7&quot;,&quot;469777815&quot;:&quot;hybridMultilevel&quot;}\" data-aria-posinset=\"1\" data-aria-level=\"1\"><b><span data-contrast=\"auto\">Zona naranja:<\/span><\/b><span data-contrast=\"auto\"> situada en zonas con una importante actividad urbana y comercial, regulando el tiempo de estacionamiento seg\u00fan las necesidades de movilidad.<\/span><span data-ccp-props=\"{&quot;335551550&quot;:6,&quot;335551620&quot;:6}\">\u00a0<\/span><\/li>\n<li data-leveltext=\"\uf0b7\" data-font=\"Symbol\" data-listid=\"5\" data-list-defn-props=\"{&quot;335552541&quot;:1,&quot;335559683&quot;:0,&quot;335559684&quot;:-2,&quot;335559685&quot;:720,&quot;335559991&quot;:360,&quot;469769226&quot;:&quot;Symbol&quot;,&quot;469769242&quot;:[8226],&quot;469777803&quot;:&quot;left&quot;,&quot;469777804&quot;:&quot;\uf0b7&quot;,&quot;469777815&quot;:&quot;hybridMultilevel&quot;}\" data-aria-posinset=\"1\" data-aria-level=\"1\"><b><span data-contrast=\"auto\">Plazas para residentes:<\/span><\/b><span data-contrast=\"auto\"> determinadas \u00e1reas cuentan con condiciones espec\u00edficas para residentes autorizados.<\/span><span data-ccp-props=\"{&quot;335551550&quot;:6,&quot;335551620&quot;:6}\">\u00a0<\/span><\/li>\n<li data-leveltext=\"\uf0b7\" data-font=\"Symbol\" data-listid=\"5\" data-list-defn-props=\"{&quot;335552541&quot;:1,&quot;335559683&quot;:0,&quot;335559684&quot;:-2,&quot;335559685&quot;:720,&quot;335559991&quot;:360,&quot;469769226&quot;:&quot;Symbol&quot;,&quot;469769242&quot;:[8226],&quot;469777803&quot;:&quot;left&quot;,&quot;469777804&quot;:&quot;\uf0b7&quot;,&quot;469777815&quot;:&quot;hybridMultilevel&quot;}\" data-aria-posinset=\"1\" data-aria-level=\"1\"><b><span data-contrast=\"auto\">Zonas de carga y descarga:<\/span><\/b><span data-contrast=\"auto\"> reservadas para operaciones comerciales y labores de reparto dentro de los horarios establecidos.<\/span><span data-ccp-props=\"{&quot;335551550&quot;:6,&quot;335551620&quot;:6}\">\u00a0<\/span><\/li>\n<li data-leveltext=\"\uf0b7\" data-font=\"Symbol\" data-listid=\"5\" data-list-defn-props=\"{&quot;335552541&quot;:1,&quot;335559683&quot;:0,&quot;335559684&quot;:-2,&quot;335559685&quot;:720,&quot;335559991&quot;:360,&quot;469769226&quot;:&quot;Symbol&quot;,&quot;469769242&quot;:[8226],&quot;469777803&quot;:&quot;left&quot;,&quot;469777804&quot;:&quot;\uf0b7&quot;,&quot;469777815&quot;:&quot;hybridMultilevel&quot;}\" data-aria-posinset=\"1\" data-aria-level=\"1\"><b><span data-contrast=\"auto\">Plazas para personas con movilidad reducida:<\/span><\/b><span data-contrast=\"auto\"> espacios adaptados y se\u00f1alizados conforme a la normativa vigente.<\/span><span data-ccp-props=\"{&quot;335551550&quot;:6,&quot;335551620&quot;:6}\">\u00a0<\/span><\/li>\n<li data-leveltext=\"\uf0b7\" data-font=\"Symbol\" data-listid=\"5\" data-list-defn-props=\"{&quot;335552541&quot;:1,&quot;335559683&quot;:0,&quot;335559684&quot;:-2,&quot;335559685&quot;:720,&quot;335559991&quot;:360,&quot;469769226&quot;:&quot;Symbol&quot;,&quot;469769242&quot;:[8226],&quot;469777803&quot;:&quot;left&quot;,&quot;469777804&quot;:&quot;\uf0b7&quot;,&quot;469777815&quot;:&quot;hybridMultilevel&quot;}\" data-aria-posinset=\"1\" data-aria-level=\"1\"><b><span data-contrast=\"auto\">Plazas para motocicletas:<\/span><\/b><span data-contrast=\"auto\"> \u00e1reas espec\u00edficas destinadas al estacionamiento de este tipo de veh\u00edculos.<\/span><span data-ccp-props=\"{&quot;335551550&quot;:6,&quot;335551620&quot;:6}\">\u00a0<\/span><\/li>\n<\/ul>\n<h3><b><span data-contrast=\"auto\">\u00bfC\u00f3mo pagar la zona azul en Vila Nova de Gaia?<\/span><\/b><span data-ccp-props=\"{&quot;134233117&quot;:false,&quot;134233118&quot;:false,&quot;201341983&quot;:0,&quot;335551550&quot;:6,&quot;335551620&quot;:6,&quot;335559685&quot;:0,&quot;335559737&quot;:0,&quot;335559738&quot;:0,&quot;335559739&quot;:160,&quot;335559740&quot;:279}\">\u00a0<\/span><\/h3>\n<p><span data-contrast=\"auto\">Puedes gestionar el estacionamiento regulado de Vila Nova de Gaia desde la app de Telpark, una forma c\u00f3moda, r\u00e1pida y segura de pagar sin necesidad de utilizar efectivo ni acudir al parqu\u00edmetro.<\/span><span data-ccp-props=\"{&quot;335551550&quot;:6,&quot;335551620&quot;:6}\">\u00a0<\/span><\/p>\n<p><span data-contrast=\"auto\">Solo tendr\u00e1s que seleccionar la zona donde has estacionado, indicar el tiempo deseado y confirmar la operaci\u00f3n desde el m\u00f3vil. Adem\u00e1s, podr\u00e1s consultar tus tickets, ampliar el tiempo contratado cuando sea necesario y recibir avisos antes de que finalice el estacionamiento.<\/span><span data-ccp-props=\"{&quot;335551550&quot;:6,&quot;335551620&quot;:6}\">\u00a0<\/span><\/p>\n<p><span data-contrast=\"auto\">De esta forma, podr\u00e1s controlar tu aparcamiento de manera m\u00e1s c\u00f3moda y dedicar m\u00e1s tiempo a disfrutar de la ciudad.<\/span><span data-ccp-props=\"{&quot;335551550&quot;:6,&quot;335551620&quot;:6}\">\u00a0<\/span><\/p>\n<blockquote>\n<h2><b><span data-contrast=\"auto\">Consejos para circular por Vila Nova de Gaia<\/span><\/b><span data-ccp-props=\"{&quot;335551550&quot;:6,&quot;335551620&quot;:6}\">\u00a0<\/span><\/h2>\n<\/blockquote>\n<p><span data-contrast=\"auto\">Vila Nova de Gaia combina actividad tur\u00edstica, comercial y residencial durante todo el a\u00f1o. Esto provoca que determinadas zonas registren una elevada circulaci\u00f3n de veh\u00edculos, especialmente durante fines de semana, festivos y periodos de alta afluencia tur\u00edstica.<\/span><span data-ccp-props=\"{&quot;335551550&quot;:6,&quot;335551620&quot;:6}\">\u00a0<\/span><\/p>\n<p><span data-contrast=\"auto\">Conocer previamente las \u00e1reas con mayor afluencia y las opciones de aparcamiento disponibles puede ayudarte a organizar mejor tus desplazamientos.<\/span><span data-ccp-props=\"{&quot;335551550&quot;:6,&quot;335551620&quot;:6}\">\u00a0<\/span><\/p>\n<h3><b><span data-contrast=\"auto\">Zonas con tr\u00e1fico restringido o intenso en Vila Nova de Gaia<\/span><\/b><span data-ccp-props=\"{&quot;335551550&quot;:6,&quot;335551620&quot;:6}\">\u00a0<\/span><\/h3>\n<ul>\n<li data-leveltext=\"\uf0b7\" data-font=\"Symbol\" data-listid=\"6\" data-list-defn-props=\"{&quot;335552541&quot;:1,&quot;335559683&quot;:0,&quot;335559684&quot;:-2,&quot;335559685&quot;:720,&quot;335559991&quot;:360,&quot;469769226&quot;:&quot;Symbol&quot;,&quot;469769242&quot;:[8226],&quot;469777803&quot;:&quot;left&quot;,&quot;469777804&quot;:&quot;\uf0b7&quot;,&quot;469777815&quot;:&quot;hybridMultilevel&quot;}\" data-aria-posinset=\"1\" data-aria-level=\"1\"><b><span data-contrast=\"auto\">Cais de Gaia y frente fluvial del Duero:<\/span><\/b><span data-contrast=\"auto\"> una de las zonas m\u00e1s visitadas de la ciudad.<\/span><span data-ccp-props=\"{&quot;335551550&quot;:6,&quot;335551620&quot;:6}\">\u00a0<\/span><\/li>\n<li data-leveltext=\"\uf0b7\" data-font=\"Symbol\" data-listid=\"6\" data-list-defn-props=\"{&quot;335552541&quot;:1,&quot;335559683&quot;:0,&quot;335559684&quot;:-2,&quot;335559685&quot;:720,&quot;335559991&quot;:360,&quot;469769226&quot;:&quot;Symbol&quot;,&quot;469769242&quot;:[8226],&quot;469777803&quot;:&quot;left&quot;,&quot;469777804&quot;:&quot;\uf0b7&quot;,&quot;469777815&quot;:&quot;hybridMultilevel&quot;}\" data-aria-posinset=\"1\" data-aria-level=\"1\"><b><span data-contrast=\"auto\">Entorno del Puente Dom Lu\u00eds I:<\/span><\/b><span data-contrast=\"auto\"> registra una importante afluencia de visitantes durante todo el a\u00f1o.<\/span><span data-ccp-props=\"{&quot;335551550&quot;:6,&quot;335551620&quot;:6}\">\u00a0<\/span><\/li>\n<li data-leveltext=\"\uf0b7\" data-font=\"Symbol\" data-listid=\"6\" data-list-defn-props=\"{&quot;335552541&quot;:1,&quot;335559683&quot;:0,&quot;335559684&quot;:-2,&quot;335559685&quot;:720,&quot;335559991&quot;:360,&quot;469769226&quot;:&quot;Symbol&quot;,&quot;469769242&quot;:[8226],&quot;469777803&quot;:&quot;left&quot;,&quot;469777804&quot;:&quot;\uf0b7&quot;,&quot;469777815&quot;:&quot;hybridMultilevel&quot;}\" data-aria-posinset=\"1\" data-aria-level=\"1\"><b><span data-contrast=\"auto\">Centro hist\u00f3rico de Vila Nova de Gaia:<\/span><\/b><span data-contrast=\"auto\"> concentra comercios, servicios y gran parte de la actividad urbana.<\/span><span data-ccp-props=\"{&quot;335551550&quot;:6,&quot;335551620&quot;:6}\">\u00a0<\/span><\/li>\n<li data-leveltext=\"\uf0b7\" data-font=\"Symbol\" data-listid=\"6\" data-list-defn-props=\"{&quot;335552541&quot;:1,&quot;335559683&quot;:0,&quot;335559684&quot;:-2,&quot;335559685&quot;:720,&quot;335559991&quot;:360,&quot;469769226&quot;:&quot;Symbol&quot;,&quot;469769242&quot;:[8226],&quot;469777803&quot;:&quot;left&quot;,&quot;469777804&quot;:&quot;\uf0b7&quot;,&quot;469777815&quot;:&quot;hybridMultilevel&quot;}\" data-aria-posinset=\"1\" data-aria-level=\"1\"><b><span data-contrast=\"auto\">\u00c1reas pr\u00f3ximas a las bodegas de vino de Oporto:<\/span><\/b><span data-contrast=\"auto\"> suelen registrar una elevada demanda de aparcamiento.<\/span><span data-ccp-props=\"{&quot;335551550&quot;:6,&quot;335551620&quot;:6}\">\u00a0<\/span><\/li>\n<li data-leveltext=\"\uf0b7\" data-font=\"Symbol\" data-listid=\"6\" data-list-defn-props=\"{&quot;335552541&quot;:1,&quot;335559683&quot;:0,&quot;335559684&quot;:-2,&quot;335559685&quot;:720,&quot;335559991&quot;:360,&quot;469769226&quot;:&quot;Symbol&quot;,&quot;469769242&quot;:[8226],&quot;469777803&quot;:&quot;left&quot;,&quot;469777804&quot;:&quot;\uf0b7&quot;,&quot;469777815&quot;:&quot;hybridMultilevel&quot;}\" data-aria-posinset=\"1\" data-aria-level=\"1\"><b><span data-contrast=\"auto\">Principales accesos hacia Oporto y las avenidas de entrada a la ciudad:<\/span><\/b><span data-contrast=\"auto\"> pueden registrar una mayor intensidad de tr\u00e1fico en determinadas franjas horarias.<\/span><span data-ccp-props=\"{&quot;335551550&quot;:6,&quot;335551620&quot;:6}\">\u00a0<\/span><\/li>\n<\/ul>\n<blockquote>\n<h2><span data-ccp-props=\"{&quot;335551550&quot;:6,&quot;335551620&quot;:6}\">\u00a0<\/span><b><span data-contrast=\"auto\">Otras formas de desplazarse por Vila Nova de Gaia<\/span><\/b><span data-ccp-props=\"{&quot;335551550&quot;:6,&quot;335551620&quot;:6}\">\u00a0<\/span><\/h2>\n<\/blockquote>\n<p><span data-contrast=\"auto\">Adem\u00e1s del coche, Vila Nova de Gaia dispone de diferentes alternativas de transporte que facilitan los desplazamientos dentro de la ciudad y hacia Oporto y otros municipios de la regi\u00f3n.<\/span><span data-ccp-props=\"{&quot;335551550&quot;:6,&quot;335551620&quot;:6}\">\u00a0<\/span><\/p>\n<h3><b><span data-contrast=\"auto\">Moverse por Vila Nova de Gaia en autob\u00fas<\/span><\/b><span data-ccp-props=\"{&quot;335551550&quot;:6,&quot;335551620&quot;:6}\">\u00a0<\/span><\/h3>\n<p><span data-contrast=\"auto\">La red de autobuses conecta distintos barrios, \u00e1reas residenciales, zonas comerciales y puntos de inter\u00e9s tur\u00edstico.<\/span><span data-ccp-props=\"{&quot;335551550&quot;:6,&quot;335551620&quot;:6}\">\u00a0<\/span><\/p>\n<ul>\n<li data-leveltext=\"\uf0b7\" data-font=\"Symbol\" data-listid=\"7\" data-list-defn-props=\"{&quot;335552541&quot;:1,&quot;335559683&quot;:0,&quot;335559684&quot;:-2,&quot;335559685&quot;:720,&quot;335559991&quot;:360,&quot;469769226&quot;:&quot;Symbol&quot;,&quot;469769242&quot;:[8226],&quot;469777803&quot;:&quot;left&quot;,&quot;469777804&quot;:&quot;\uf0b7&quot;,&quot;469777815&quot;:&quot;hybridMultilevel&quot;}\" data-aria-posinset=\"1\" data-aria-level=\"1\"><b><span data-contrast=\"auto\">Horario:<\/span><\/b><span data-contrast=\"auto\"> variable seg\u00fan la l\u00ednea.<\/span><span data-ccp-props=\"{&quot;335551550&quot;:6,&quot;335551620&quot;:6}\">\u00a0<\/span><\/li>\n<li data-leveltext=\"\uf0b7\" data-font=\"Symbol\" data-listid=\"7\" data-list-defn-props=\"{&quot;335552541&quot;:1,&quot;335559683&quot;:0,&quot;335559684&quot;:-2,&quot;335559685&quot;:720,&quot;335559991&quot;:360,&quot;469769226&quot;:&quot;Symbol&quot;,&quot;469769242&quot;:[8226],&quot;469777803&quot;:&quot;left&quot;,&quot;469777804&quot;:&quot;\uf0b7&quot;,&quot;469777815&quot;:&quot;hybridMultilevel&quot;}\" data-aria-posinset=\"1\" data-aria-level=\"1\"><b><span data-contrast=\"auto\">Frecuencia:<\/span><\/b><span data-contrast=\"auto\"> depende del recorrido y de la franja horaria.<\/span><span data-ccp-props=\"{&quot;335551550&quot;:6,&quot;335551620&quot;:6}\">\u00a0<\/span><\/li>\n<\/ul>\n<h3><b><span data-contrast=\"auto\">Moverse por Vila Nova de Gaia en metro y transporte regional<\/span><\/b><span data-ccp-props=\"{&quot;335551550&quot;:6,&quot;335551620&quot;:6}\">\u00a0<\/span><\/h3>\n<p><span data-contrast=\"auto\">La ciudad cuenta con varias estaciones de Metro do Porto y excelentes conexiones de transporte p\u00fablico con Oporto y otros municipios cercanos.<\/span><span data-ccp-props=\"{&quot;335551550&quot;:6,&quot;335551620&quot;:6}\">\u00a0<\/span><\/p>\n<ul>\n<li data-leveltext=\"\uf0b7\" data-font=\"Symbol\" data-listid=\"8\" data-list-defn-props=\"{&quot;335552541&quot;:1,&quot;335559683&quot;:0,&quot;335559684&quot;:-2,&quot;335559685&quot;:720,&quot;335559991&quot;:360,&quot;469769226&quot;:&quot;Symbol&quot;,&quot;469769242&quot;:[8226],&quot;469777803&quot;:&quot;left&quot;,&quot;469777804&quot;:&quot;\uf0b7&quot;,&quot;469777815&quot;:&quot;hybridMultilevel&quot;}\" data-aria-posinset=\"1\" data-aria-level=\"1\"><b><span data-contrast=\"auto\">Horario:<\/span><\/b><span data-contrast=\"auto\"> servicios disponibles durante gran parte del d\u00eda.<\/span><span data-ccp-props=\"{&quot;335551550&quot;:6,&quot;335551620&quot;:6}\">\u00a0<\/span><\/li>\n<li data-leveltext=\"\uf0b7\" data-font=\"Symbol\" data-listid=\"8\" data-list-defn-props=\"{&quot;335552541&quot;:1,&quot;335559683&quot;:0,&quot;335559684&quot;:-2,&quot;335559685&quot;:720,&quot;335559991&quot;:360,&quot;469769226&quot;:&quot;Symbol&quot;,&quot;469769242&quot;:[8226],&quot;469777803&quot;:&quot;left&quot;,&quot;469777804&quot;:&quot;\uf0b7&quot;,&quot;469777815&quot;:&quot;hybridMultilevel&quot;}\" data-aria-posinset=\"1\" data-aria-level=\"1\"><b><span data-contrast=\"auto\">Frecuencia:<\/span><\/b><span data-contrast=\"auto\"> variable seg\u00fan la l\u00ednea y el destino.<\/span><span data-ccp-props=\"{&quot;335551550&quot;:6,&quot;335551620&quot;:6}\">\u00a0<\/span><\/li>\n<\/ul>\n<h3><b><span data-contrast=\"auto\">Moverse por Vila Nova de Gaia a pie<\/span><\/b><span data-ccp-props=\"{&quot;335551550&quot;:6,&quot;335551620&quot;:6}\">\u00a0<\/span><\/h3>\n<p><span data-contrast=\"auto\">Muchas de las principales zonas tur\u00edsticas de Vila Nova de Gaia pueden recorrerse caminando. Pasear junto al Duero, recorrer las bodegas o disfrutar de los miradores es una de las mejores formas de descubrir la ciudad.<\/span><span data-ccp-props=\"{&quot;335551550&quot;:6,&quot;335551620&quot;:6}\">\u00a0<\/span><\/p>\n<blockquote>\n<h2><span data-ccp-props=\"{&quot;335551550&quot;:6,&quot;335551620&quot;:6}\">\u00a0<\/span><b><span data-contrast=\"auto\">Qu\u00e9 hacer en Vila Nova de Gaia: visitas imprescindibles<\/span><\/b><span data-ccp-props=\"{&quot;335551550&quot;:6,&quot;335551620&quot;:6}\">\u00a0<\/span><\/h2>\n<\/blockquote>\n<p><span data-contrast=\"auto\">Vila Nova de Gaia combina cultura, enolog\u00eda, patrimonio y paisajes \u00fanicos en uno de los destinos m\u00e1s atractivos del norte de Portugal.<\/span><span data-ccp-props=\"{&quot;335551550&quot;:6,&quot;335551620&quot;:6}\">\u00a0<\/span><\/p>\n<h3><b><span data-contrast=\"auto\">Monumentos o sitios de inter\u00e9s de Vila Nova de Gaia<\/span><\/b><span data-ccp-props=\"{&quot;335551550&quot;:6,&quot;335551620&quot;:6}\">\u00a0<\/span><\/h3>\n<p><b><span data-contrast=\"auto\">Puente Dom Lu\u00eds I<\/span><\/b>\u00a0<br \/><span data-contrast=\"auto\">Uno de los iconos m\u00e1s reconocibles de Portugal y principal conexi\u00f3n entre Gaia y Oporto.<\/span><span data-ccp-props=\"{&quot;335551550&quot;:6,&quot;335551620&quot;:6}\">\u00a0<\/span><\/p>\n<p><b><span data-contrast=\"auto\">Cais de Gaia<\/span><\/b>\u00a0<br \/><span data-contrast=\"auto\">El paseo fluvial m\u00e1s conocido de la ciudad, con vistas privilegiadas al casco hist\u00f3rico de Oporto.<\/span><span data-ccp-props=\"{&quot;335551550&quot;:6,&quot;335551620&quot;:6}\">\u00a0<\/span><\/p>\n<p><b><span data-contrast=\"auto\">Bodegas de vino de Oporto<\/span><\/b>\u00a0<br \/><span data-contrast=\"auto\">Una visita imprescindible para conocer la historia y tradici\u00f3n vin\u00edcola de la regi\u00f3n.<\/span><span data-ccp-props=\"{&quot;335551550&quot;:6,&quot;335551620&quot;:6}\">\u00a0<\/span><\/p>\n<p><b><span data-contrast=\"auto\">Mosteiro da Serra do Pilar<\/span><\/b>\u00a0<br \/><span data-contrast=\"auto\">Monumento Patrimonio de la Humanidad con algunas de las mejores vistas sobre el Duero.<\/span><span data-ccp-props=\"{&quot;335551550&quot;:6,&quot;335551620&quot;:6}\">\u00a0<\/span><\/p>\n<p><b><span data-contrast=\"auto\">Telef\u00e9rico de Gaia<\/span><\/b>\u00a0<br \/><span data-contrast=\"auto\">Una forma diferente de descubrir la ciudad y disfrutar de panor\u00e1micas espectaculares.<\/span><span data-ccp-props=\"{&quot;335551550&quot;:6,&quot;335551620&quot;:6}\">\u00a0<\/span><\/p>\n<p><b><span data-contrast=\"auto\">Praias de Vila Nova de Gaia<\/span><\/b>\u00a0<br \/><span data-contrast=\"auto\">Kil\u00f3metros de litoral que combinan playas, paseos mar\u00edtimos y espacios naturales.<\/span><span data-ccp-props=\"{&quot;335551550&quot;:6,&quot;335551620&quot;:6}\">\u00a0<\/span><\/p>\n<p><b><span data-contrast=\"auto\">Centro hist\u00f3rico de Vila Nova de Gaia<\/span><\/b>\u00a0<br \/><span data-contrast=\"auto\">Un conjunto de calles llenas de vida donde se concentran comercios, restaurantes y espacios culturales.<\/span><span data-ccp-props=\"{&quot;335551550&quot;:6,&quot;335551620&quot;:6}\">\u00a0<\/span><\/p>\n<p><span data-contrast=\"auto\">Vila Nova de Gaia combina historia, tradici\u00f3n y modernidad frente al r\u00edo Duero. Para disfrutar de la ciudad con mayor comodidad, puedes utilizar<\/span><b><span data-contrast=\"auto\"> los parkings <\/span><\/b><a href=\"https:\/\/www.telpark.com\/es\/ciudades\/vila-nova-de-gaia\/parking-luiz-i\/\"><b><span data-contrast=\"none\">Luiz I<\/span><\/b><\/a><b><span data-contrast=\"auto\">, <\/span><\/b><a href=\"https:\/\/www.telpark.com\/es\/ciudades\/vila-nova-de-gaia\/parking-centro-historico\/\"><b><span data-contrast=\"none\">Centro Hist\u00f3rico<\/span><\/b><\/a><b><span data-contrast=\"auto\"> y <\/span><\/b><a href=\"https:\/\/www.telpark.com\/es\/ciudades\/vila-nova-de-gaia\/parking-centro-civico\/\"><b><span data-contrast=\"none\">Centro C\u00edvico<\/span><\/b><\/a><b><span data-contrast=\"auto\"> de Telpark <\/span><\/b><span data-contrast=\"auto\">y dedicar m\u00e1s tiempo a descubrir sus miradores, bodegas y principales atractivos tur\u00edsticos.<\/span><span data-ccp-props=\"{&quot;335551550&quot;:6,&quot;335551620&quot;:6}\">\u00a0<\/span><\/p>\n\n        <\/div>\n    <\/div>\n<\/article>","protected":false},"featured_media":0,"template":"","country":[184],"yoast_head":"<!-- This site is optimized with the Yoast SEO plugin v20.12 - https:\/\/yoast.com\/wordpress\/plugins\/seo\/ -->\n<title>Aparcar en Vila Nova de Gaia-Parkings y zonas reguladas | Telpark<\/title>\n<meta name=\"description\" content=\"Aparcar en Vila Nova de Gaia es m\u00e1s f\u00e1cil con Telpark. Reserva tu parking o paga en zona azul o zona verde con la app.\" \/>\n<meta name=\"robots\" content=\"index, follow, max-snippet:-1, max-image-preview:large, max-video-preview:-1\" \/>\n<link rel=\"canonical\" href=\"https:\/\/www.telpark.com\/es\/ciudades\/vila-nova-de-gaia\/\" \/>\n<meta property=\"og:locale\" content=\"es_ES\" \/>\n<meta property=\"og:type\" content=\"article\" \/>\n<meta property=\"og:title\" content=\"Aparcar en Vila Nova de Gaia-Parkings y zonas reguladas | Telpark\" \/>\n<meta property=\"og:description\" content=\"Aparcar en Vila Nova de Gaia es m\u00e1s f\u00e1cil con Telpark. Reserva tu parking o paga en zona azul o zona verde con la app.\" \/>\n<meta property=\"og:url\" content=\"https:\/\/www.telpark.com\/es\/ciudades\/vila-nova-de-gaia\/\" \/>\n<meta property=\"og:site_name\" content=\"Telpark\" \/>\n<meta property=\"article:modified_time\" content=\"2026-07-29T10:02:43+00:00\" \/>\n<meta name=\"twitter:card\" content=\"summary_large_image\" \/>\n<meta name=\"twitter:site\" content=\"@telpark_es\" \/>\n<script type=\"application\/ld+json\" class=\"yoast-schema-graph\">{\"@context\":\"https:\/\/schema.org\",\"@graph\":[{\"@type\":\"WebPage\",\"@id\":\"https:\/\/www.telpark.com\/es\/ciudades\/vila-nova-de-gaia\/\",\"url\":\"https:\/\/www.telpark.com\/es\/ciudades\/vila-nova-de-gaia\/\",\"name\":\"Aparcar en Vila Nova de Gaia-Parkings y zonas reguladas | Telpark\",\"isPartOf\":{\"@id\":\"https:\/\/www.telpark.com\/es\/#website\"},\"datePublished\":\"2023-03-31T13:02:32+00:00\",\"dateModified\":\"2026-07-29T10:02:43+00:00\",\"description\":\"Aparcar en Vila Nova de Gaia es m\u00e1s f\u00e1cil con Telpark. Reserva tu parking o paga en zona azul o zona verde con la app.\",\"breadcrumb\":{\"@id\":\"https:\/\/www.telpark.com\/es\/ciudades\/vila-nova-de-gaia\/#breadcrumb\"},\"inLanguage\":\"es-ES\",\"potentialAction\":[{\"@type\":\"ReadAction\",\"target\":[\"https:\/\/www.telpark.com\/es\/ciudades\/vila-nova-de-gaia\/\"]}]},{\"@type\":\"BreadcrumbList\",\"@id\":\"https:\/\/www.telpark.com\/es\/ciudades\/vila-nova-de-gaia\/#breadcrumb\",\"itemListElement\":[{\"@type\":\"ListItem\",\"position\":1,\"name\":\"Home\",\"item\":\"https:\/\/www.telpark.com\/es\/\"},{\"@type\":\"ListItem\",\"position\":2,\"name\":\"Vila Nova de Gaia\"}]},{\"@type\":\"WebSite\",\"@id\":\"https:\/\/www.telpark.com\/es\/#website\",\"url\":\"https:\/\/www.telpark.com\/es\/\",\"name\":\"Telpark\",\"description\":\"Reserva tu plaza en los mejores aparcamientos. Descarga la app y olv\u00eddate de cajeros o parqu\u00edmetros en m\u00e1s de 100 ciudades en Espa\u00f1a y Portugal\",\"publisher\":{\"@id\":\"https:\/\/www.telpark.com\/es\/#organization\"},\"potentialAction\":[{\"@type\":\"SearchAction\",\"target\":{\"@type\":\"EntryPoint\",\"urlTemplate\":\"https:\/\/www.telpark.com\/es\/?s={search_term_string}\"},\"query-input\":\"required name=search_term_string\"}],\"inLanguage\":\"es-ES\"},{\"@type\":\"Organization\",\"@id\":\"https:\/\/www.telpark.com\/es\/#organization\",\"name\":\"Telpark\",\"url\":\"https:\/\/www.telpark.com\/es\/\",\"logo\":{\"@type\":\"ImageObject\",\"inLanguage\":\"es-ES\",\"@id\":\"https:\/\/www.telpark.com\/es\/#\/schema\/logo\/image\/\",\"url\":\"https:\/\/www.telpark.com\/wp-content\/uploads\/2023\/09\/telpark-logo.svg\",\"contentUrl\":\"https:\/\/www.telpark.com\/wp-content\/uploads\/2023\/09\/telpark-logo.svg\",\"width\":128,\"height\":32,\"caption\":\"Telpark\"},\"image\":{\"@id\":\"https:\/\/www.telpark.com\/es\/#\/schema\/logo\/image\/\"},\"sameAs\":[\"https:\/\/twitter.com\/telpark_es\",\"https:\/\/www.instagram.com\/telpark_app\/\",\"https:\/\/www.youtube.com\/channel\/UCm8sjis_xlHU5VYQ6GslW-Q\"]}]}<\/script>\n<!-- \/ Yoast SEO plugin. -->","yoast_head_json":{"title":"Aparcar en Vila Nova de Gaia-Parkings y zonas reguladas | Telpark","description":"Aparcar en Vila Nova de Gaia es m\u00e1s f\u00e1cil con Telpark. Reserva tu parking o paga en zona azul o zona verde con la app.","robots":{"index":"index","follow":"follow","max-snippet":"max-snippet:-1","max-image-preview":"max-image-preview:large","max-video-preview":"max-video-preview:-1"},"canonical":"https:\/\/www.telpark.com\/es\/ciudades\/vila-nova-de-gaia\/","og_locale":"es_ES","og_type":"article","og_title":"Aparcar en Vila Nova de Gaia-Parkings y zonas reguladas | Telpark","og_description":"Aparcar en Vila Nova de Gaia es m\u00e1s f\u00e1cil con Telpark. Reserva tu parking o paga en zona azul o zona verde con la app.","og_url":"https:\/\/www.telpark.com\/es\/ciudades\/vila-nova-de-gaia\/","og_site_name":"Telpark","article_modified_time":"2026-07-29T10:02:43+00:00","twitter_card":"summary_large_image","twitter_site":"@telpark_es","schema":{"@context":"https:\/\/schema.org","@graph":[{"@type":"WebPage","@id":"https:\/\/www.telpark.com\/es\/ciudades\/vila-nova-de-gaia\/","url":"https:\/\/www.telpark.com\/es\/ciudades\/vila-nova-de-gaia\/","name":"Aparcar en Vila Nova de Gaia-Parkings y zonas reguladas | Telpark","isPartOf":{"@id":"https:\/\/www.telpark.com\/es\/#website"},"datePublished":"2023-03-31T13:02:32+00:00","dateModified":"2026-07-29T10:02:43+00:00","description":"Aparcar en Vila Nova de Gaia es m\u00e1s f\u00e1cil con Telpark. Reserva tu parking o paga en zona azul o zona verde con la app.","breadcrumb":{"@id":"https:\/\/www.telpark.com\/es\/ciudades\/vila-nova-de-gaia\/#breadcrumb"},"inLanguage":"es-ES","potentialAction":[{"@type":"ReadAction","target":["https:\/\/www.telpark.com\/es\/ciudades\/vila-nova-de-gaia\/"]}]},{"@type":"BreadcrumbList","@id":"https:\/\/www.telpark.com\/es\/ciudades\/vila-nova-de-gaia\/#breadcrumb","itemListElement":[{"@type":"ListItem","position":1,"name":"Home","item":"https:\/\/www.telpark.com\/es\/"},{"@type":"ListItem","position":2,"name":"Vila Nova de Gaia"}]},{"@type":"WebSite","@id":"https:\/\/www.telpark.com\/es\/#website","url":"https:\/\/www.telpark.com\/es\/","name":"Telpark","description":"Reserva tu plaza en los mejores aparcamientos. Descarga la app y olv\u00eddate de cajeros o parqu\u00edmetros en m\u00e1s de 100 ciudades en Espa\u00f1a y Portugal","publisher":{"@id":"https:\/\/www.telpark.com\/es\/#organization"},"potentialAction":[{"@type":"SearchAction","target":{"@type":"EntryPoint","urlTemplate":"https:\/\/www.telpark.com\/es\/?s={search_term_string}"},"query-input":"required name=search_term_string"}],"inLanguage":"es-ES"},{"@type":"Organization","@id":"https:\/\/www.telpark.com\/es\/#organization","name":"Telpark","url":"https:\/\/www.telpark.com\/es\/","logo":{"@type":"ImageObject","inLanguage":"es-ES","@id":"https:\/\/www.telpark.com\/es\/#\/schema\/logo\/image\/","url":"https:\/\/www.telpark.com\/wp-content\/uploads\/2023\/09\/telpark-logo.svg","contentUrl":"https:\/\/www.telpark.com\/wp-content\/uploads\/2023\/09\/telpark-logo.svg","width":128,"height":32,"caption":"Telpark"},"image":{"@id":"https:\/\/www.telpark.com\/es\/#\/schema\/logo\/image\/"},"sameAs":["https:\/\/twitter.com\/telpark_es","https:\/\/www.instagram.com\/telpark_app\/","https:\/\/www.youtube.com\/channel\/UCm8sjis_xlHU5VYQ6GslW-Q"]}]}},"meta_box":{"telpark_bd_id":"0","latitude":"41.1238547","longitude":"-8.6818252"},"_links":{"self":[{"href":"https:\/\/www.telpark.com\/es\/wp-json\/wp\/v2\/locations\/2526"}],"collection":[{"href":"https:\/\/www.telpark.com\/es\/wp-json\/wp\/v2\/locations"}],"about":[{"href":"https:\/\/www.telpark.com\/es\/wp-json\/wp\/v2\/types\/locations"}],"version-history":[{"count":2,"href":"https:\/\/www.telpark.com\/es\/wp-json\/wp\/v2\/locations\/2526\/revisions"}],"predecessor-version":[{"id":58314,"href":"https:\/\/www.telpark.com\/es\/wp-json\/wp\/v2\/locations\/2526\/revisions\/58314"}],"wp:attachment":[{"href":"https:\/\/www.telpark.com\/es\/wp-json\/wp\/v2\/media?parent=2526"}],"wp:term":[{"taxonomy":"country","embeddable":true,"href":"https:\/\/www.telpark.com\/es\/wp-json\/wp\/v2\/country?post=2526"}],"curies":[{"name":"wp","href":"https:\/\/api.w.org\/{rel}","templated":true}]}}