{"id":2565,"date":"2023-03-31T13:02:50","date_gmt":"2023-03-31T13:02:50","guid":{"rendered":"https:\/\/telpark.cmspro.telpark.com\/ciudades\/%location%\/catedral\/"},"modified":"2026-03-02T10:58:14","modified_gmt":"2026-03-02T09:58:14","slug":"parking-catedral","status":"publish","type":"parkings","link":"https:\/\/www.telpark.com\/es\/ciudades\/albacete\/parking-catedral\/","title":{"rendered":"Catedral"},"content":{"rendered":"\n<section class=\"tpk-banner-cta tpk-banner-cta--half  reverse   corporate\"\n         style=\" --bg-picture: url('https:\/\/www.telpark.com\/wp-content\/uploads\/2026\/04\/desktop-super-3-v2.jpg'); --bg-size: cover; --bg-position: center center;                   --bg-picture-xs: url('https:\/\/www.telpark.com\/wp-content\/uploads\/2026\/04\/mobile-super-3-.jpg'); \">\n    <div class=\"tpk-banner-cta--half__picture\">\n            <\/div>\n\n    <div class=\"tpk-banner-cta__content row wrapper middle-xs\">\n        <div class=\"col-xs-12 col-md-6 tpk-banner-cta__content__text\">\n                        <header class=\"tpk-head  wrapper\">\n    <p class=\"tpk-head__caption\">En tu app telpark<\/p>    <h3 class=\"tpk-head__title\">Reg\u00edstrate y consigue gratis 3\u20ac en Entrada Express<\/h3>    <p><span data-teams=\"true\">Descubre Entrada Express, el sistema leer\u00e1 autom\u00e1ticamente tu matr\u00edcula y te cobrar\u00e1 la estancia. <\/span><\/p>\n<p><span data-teams=\"true\">Y ahora con regalo... <strong>consigue\u00a0<\/strong> <strong>3\u20ac al crearte una cuenta, y otros 3\u20ac tras utilizar Entrada Express 3 o m\u00e1s veces.<\/strong><\/p>\n<p><\/span><\/p>\n<\/header>            <div class=\"tpk-banner-cta__buttons\">\n                                                        <a  class=\"tpk-button tpk-button--secondary tpk-button--lg \" href=\"https:\/\/promotion.telpark.com\/tyc_super3_grupo_1_2\"    >\n    <span>Descubre m\u00e1s<\/span>\n    <\/a>                            <\/div>\n        <\/div>\n    <\/div>\n<\/section>\n\n\n\n<section\n        class=\"tpk-banner-cta tpk-banner-cta--background center  \"\n        style=\" --bg-picture: url('https:\/\/www.telpark.com\/wp-content\/uploads\/2023\/03\/733d81fb1315498743a0a514632b7ad3.png'); --bg-size: cover; --bg-position: center center;\">\n    \n        \n    <div class=\"tpk-banner-cta__content row wrapper middle-xs \">\n        \n                    <div class=\"col-xs-12 col-md-6 tpk-banner-cta__content__text\">\n                \n                                            <header class=\"tpk-head  wrapper\">\n    <p class=\"tpk-head__caption\">Ciudades<\/p>    <h2 class=\"tpk-head__title\">Descubre la ciudad de Albacete<\/h2>    <p>Si vas de viaje a Albacete, recuerda que puedes estacionar en v\u00eda p\u00fablica y aparcar en nuestros parkings a trav\u00e9s de nuestra app. !Descubre las ventajas Telpark!<\/p>\n<\/header>                \n                                    <div class=\"tpk-banner-cta__buttons\">\n                                                                                <a  class=\"tpk-button tpk-button--primary tpk-button--lg \" href=\"\/es\/ciudades\/albacete\/\"    target=\"_blank\" >\n    <span>Ver ciudad<\/span>\n    <\/a>                                            <\/div>\n                                        <\/div>\n        <\/div>\n    \n    <\/section>\n\n\n<section class=\"tpk-banner-cta tpk-banner-cta--half   \"\n         style=\"                 \">\n    <div class=\"tpk-banner-cta--half__picture\">\n                                    <picture >\n\n                    <source srcset=\"https:\/\/www.telpark.com\/wp-content\/uploads\/2023\/03\/pexels-jesus-marchante-364768634-14768057-1-scaled-e1725265783706-460x520.jpg\" media=\"((min-width: 0rem) and (max-width: 30rem))\">\n                             <source srcset=\"https:\/\/www.telpark.com\/wp-content\/uploads\/2023\/03\/pexels-jesus-marchante-364768634-14768057-1-scaled-e1725265783706-520x520.jpg\" media=\"(min-width: 30rem) and (max-width: 64rem)\" >\n                            <source srcset=\"https:\/\/www.telpark.com\/wp-content\/uploads\/2023\/03\/pexels-jesus-marchante-364768634-14768057-1-scaled-e1725265783706-960x814.jpg\" media=\"(min-width: 64rem)\" >\n        \n        \n                                                                                                        \n        <img decoding=\"async\" src=\"https:\/\/www.telpark.com\/wp-content\/uploads\/2023\/03\/pexels-jesus-marchante-364768634-14768057-1-scaled-e1725265783706-960x814.jpg\" alt=\"albacete\"  width=\"960\" height=\"814\"  loading=\"lazy\" >\n    <\/picture>\n\n            <\/div>\n\n    <div class=\"tpk-banner-cta__content row wrapper middle-xs\">\n        <div class=\"col-xs-12 col-md-6 tpk-banner-cta__content__text\">\n                        <header class=\"tpk-head  wrapper\">\n        <h2 class=\"tpk-head__title\">\u00bfPor qu\u00e9 elegir el Parking Catedral?<\/h2>    <p>Este parking en Albacete est\u00e1 ubicado justo al lado de la Catedral de San Juan Bautista, a muy poca distancia de la Plaza Mayor y a tan solo un corto paseo de otros lugares de inter\u00e9s como el Parque de los Jardinillos, el Recinto Ferial o el Centro Comercial Albacenter.<\/p>\n<p>Tanto si viajas en coche como si te mueves en moto, esta soluci\u00f3n te resultar\u00e1 de gran utilidad si deseas aparcar en Albacete. Dispone de plazas para turismos y motocicletas, as\u00ed como de estacionamientos reservados para personas con movilidad reducida.<\/p>\n<p>Utiliza la opci\u00f3n de reserva para disponer de un parking en Albacete centro cuando m\u00e1s lo necesites. Puedes reservar tu plaza con hasta un mes de antelaci\u00f3n y cancelar la reserva sin penalizaci\u00f3n hasta 24 horas antes de la llegada prevista. Y en caso de que vayas a necesitar un aparcamiento en Albacete durante m\u00e1s tiempo, el parking de la Catedral de Albacete tambi\u00e9n dispone de plazas para abonados (mensuales o anuales) a precios muy competitivos.<\/p>\n<p>Aprovecha todas las ventajas del parking de la Catedral para darte una vuelta por el centro de Albacete sin limitaciones de tiempo. Todo el centro de la ciudad es Zona Azul y los veh\u00edculos \u00fanicamente pueden aparcar durante per\u00edodos m\u00e1ximos de dos horas.<\/p>\n<p>Esta alternativa de parking en Albacete centro te brinda una gran libertad para que puedas visitar sin prisas el Museo de la Cuchiller\u00eda, asistir a un evento en el Teatro Circo o salir de tapeo por <em>La Zona<\/em>, entre las calles Concepci\u00f3n, Gaona y Tejera. Adem\u00e1s, te permite emplear diferentes opciones de pago (efectivo, tarjeta o desde la aplicaci\u00f3n), adapt\u00e1ndose a tus necesidades de cada momento para que no pierdas ni un minuto de tu tiempo.<\/p>\n<\/header>            <div class=\"tpk-banner-cta__buttons\">\n                            <\/div>\n        <\/div>\n    <\/div>\n<\/section>\n\n<section class=\"tpk-parkings \">\n    <div class=\"wrapper row center-xs\">\n        <div class=\"col-xs-12 col-sm-10 col-md-8\">\n                <header class=\"tpk-head  wrapper\">\n        <h2 class=\"tpk-head__title\">Encuentra otros parkings en Albacete<\/h2>    <\/header>        <\/div>\n    <\/div>\n    <div class=\"tpk-parkings__list row wrapper\">\n                    <div class=\"col-xs-12 col-sm-6 col-md-6 col-lg-6 pb-1 pl-h pr-h\">\n                \n    <a href=\"https:\/\/www.telpark.com\/es\/ciudades\/albacete\/parking-centro-albacete\/\" class=\"tpk-card-parking\">\n                                    <picture >\n\n                    <source srcset=\"https:\/\/www.telpark.com\/wp-content\/uploads\/2023\/03\/Entrada-Parking-telpark-Centro-Albacete-Albacete-1-480x270.jpg\" media=\"((min-width: 0rem) and (max-width: 30rem))\">\n                             <source srcset=\"https:\/\/www.telpark.com\/wp-content\/uploads\/2023\/03\/Entrada-Parking-telpark-Centro-Albacete-Albacete-1-480x270.jpg\" media=\"(min-width: 30rem) and (max-width: 64rem)\" >\n                            <source srcset=\"https:\/\/www.telpark.com\/wp-content\/uploads\/2023\/03\/Entrada-Parking-telpark-Centro-Albacete-Albacete-1-280x300.jpg\" media=\"(min-width: 64rem)\" >\n        \n        \n                                                                                                                                                                    \n        <img decoding=\"async\" src=\"https:\/\/www.telpark.com\/wp-content\/uploads\/2023\/03\/Entrada-Parking-telpark-Centro-Albacete-Albacete-1-280x300.jpg\" alt=\"\"  width=\"280\" height=\"300\"  loading=\"lazy\" >\n    <\/picture>\n\n                <div class=\"tpk-card-parking__content\">\n                            <h3 class=\"tpk-card-parking__title\">Parking Centro Albacete<\/h3>\n                                        <address>C\/ Pablo Medina, 26, 02005<\/address>\n                        <div class=\"tpk-card-parking__icons\">\n                                    <span class=\"icon icon-lavabos icon--md\"><\/span>\n                                    <span class=\"icon icon-24h icon--md\"><\/span>\n                                    <span class=\"icon icon-cajero-automatico icon--md\"><\/span>\n                                    <span class=\"icon icon-cctv icon--md\"><\/span>\n                                    <span class=\"icon icon-galibo200 icon--md\"><\/span>\n                                    <span class=\"icon icon-locker icon--md\"><\/span>\n                                    <span class=\"icon icon-xxl-car icon--md\"><\/span>\n                            <\/div>\n            <div class=\"tpk-card-parking__info\">\n                <div class=\"tpk-card-parking__info__price\">\n                                            a partir de\n                                                                <span><p>2 \u20ac<\/p><\/span>\n                                    <\/div>\n                <div class=\"tpk-card-parking__info__link\">\n                    <span class=\"icon icon-add icon--sm\">\n                    <\/span> \n                <\/div>\n            <\/div>\n        <\/div>\n    <\/a>\n            <\/div>\n            <\/div>\n    <\/section>\n\n\n<section class=\"tpk-banner-app \">\n    <div class=\"row wrapper middle-xs\">\n        <div class=\"col-xs-12 col-sm-6 col-no-gutter tpk-banner-app__picture\">\n                                                <picture class=\"hide-xs show-sm\">\n\n                             <source srcset=\"https:\/\/www.telpark.com\/wp-content\/uploads\/2023\/08\/Bloque-descarga-ok-1-488x534.png\" media=\"(min-width: 30rem) and (max-width: 64rem)\" >\n                            <source srcset=\"https:\/\/www.telpark.com\/wp-content\/uploads\/2023\/08\/Bloque-descarga-ok-1-680x752.png\" media=\"(min-width: 64rem)\" >\n        \n        \n                                                                                                        \n        <img decoding=\"async\" src=\"https:\/\/www.telpark.com\/wp-content\/uploads\/2023\/08\/Bloque-descarga-ok-1-680x752.png\" alt=\"Desc\u00e1rgate la App\"  width=\"680\" height=\"752\"  loading=\"lazy\" >\n    <\/picture>\n\n                                <\/div>\n        <div class=\"col-xs-12 col-sm-6 tpk-banner-app__content\">\n                        <header class=\"tpk-head  wrapper\">\n        <h2 class=\"tpk-head__title\">Desc\u00e1rgate la app y empieza a pagar menos<\/h2>    <\/header>\n                        <div class=\"tpk-banner-app__buttons\">\n                                                                                                                                                <a href=\"https:\/\/apps.apple.com\/es\/app\/telpark\/id658204860\" class=\"tpk-button tpk-button--app dark\" target=\"_blank\">\n        <svg width=\"25\" height=\"30\" viewBox=\"0 0 25 30\" fill=\"none\" xmlns=\"http:\/\/www.w3.org\/2000\/svg\">\n            <path d=\"M23.643 10.227C23.469 10.362 20.397 12.093 20.397 15.942C20.397 20.394 24.306 21.969 24.423 22.008C24.405 22.104 23.802 24.165 22.362 26.265C21.078 28.113 19.737 29.958 17.697 29.958C15.657 29.958 15.132 28.773 12.777 28.773C10.482 28.773 9.666 29.997 7.8 29.997C5.934 29.997 4.632 28.287 3.135 26.187C1.401 23.721 0 19.89 0 16.254C0 10.422 3.792 7.329 7.524 7.329C9.507 7.329 11.16 8.631 12.405 8.631C13.59 8.631 15.438 7.251 17.694 7.251C18.549 7.251 21.621 7.329 23.643 10.227V10.227ZM16.623 4.782C17.556 3.675 18.216 2.139 18.216 0.603C18.216 0.39 18.198 0.174 18.159 0C16.641 0.057 14.835 1.011 13.746 2.274C12.891 3.246 12.093 4.782 12.093 6.339C12.093 6.573 12.132 6.807 12.15 6.882C12.246 6.9 12.402 6.921 12.558 6.921C13.92 6.921 15.633 6.009 16.623 4.782Z\" fill=\"white\"\/>\n        <\/svg>\n        <div>\n            <span>Disponible en<\/span>\n            Apple Store\n        <\/div>\n    <\/a>\n\n                                                                                                                            \n    <a href=\"https:\/\/play.google.com\/store\/apps\/details?id=com.delaware.empark&hl=es&referrer=%26utm_campaign%3Dnondigital%26utm_source%3Dnondigital%26utm_medium%3Dnondigital&pli=1\" class=\"tpk-button tpk-button--app dark\" target=\"_blank\">\n        <svg width=\"23\" height=\"26\" viewBox=\"0 0 23 26\" fill=\"none\" xmlns=\"http:\/\/www.w3.org\/2000\/svg\">\n            <path fill-rule=\"evenodd\" clip-rule=\"evenodd\" d=\"M0.862422 0.87988C0.581172 1.18175 0.419922 1.64675 0.419922 2.25113V23.7411C0.419922 24.3455 0.581172 24.8105 0.873047 25.1018L0.949297 25.1661L12.9905 13.1249V12.8543L0.938672 0.815505L0.862422 0.87988Z\" fill=\"url(#paint0_linear_9_9)\"\/>\n            <path fill-rule=\"evenodd\" clip-rule=\"evenodd\" d=\"M16.9962 17.1543L12.98 13.1368V12.8556L16.9975 8.83807L17.0843 8.89182L21.8362 11.5924C23.1968 12.3593 23.1968 13.6231 21.8362 14.4006L17.0843 17.1012L16.9962 17.1543Z\" fill=\"url(#paint1_linear_9_9)\"\/>\n            <path fill-rule=\"evenodd\" clip-rule=\"evenodd\" d=\"M17.083 17.1005L12.9799 12.9961L0.862371 25.1136C1.30487 25.5892 2.04987 25.643 2.88237 25.178L17.083 17.1005Z\" fill=\"url(#paint2_linear_9_9)\"\/>\n            <path fill-rule=\"evenodd\" clip-rule=\"evenodd\" d=\"M17.083 8.89304L2.88237 0.82616C2.05112 0.350535 1.30487 0.41491 0.862371 0.890535L12.9786 12.9962L17.083 8.89304Z\" fill=\"url(#paint3_linear_9_9)\"\/>\n            <defs>\n            <linearGradient id=\"paint0_linear_9_9\" x1=\"35.6607\" y1=\"-6.74995\" x2=\"-5.23028\" y2=\"12.2052\" gradientUnits=\"userSpaceOnUse\">\n            <stop stop-color=\"#047ED6\"\/>\n            <stop offset=\"1\" stop-color=\"#50E6FF\"\/>\n            <\/linearGradient>\n            <linearGradient id=\"paint1_linear_9_9\" x1=\"24.5643\" y1=\"12.9971\" x2=\"-6.03917\" y2=\"12.9971\" gradientUnits=\"userSpaceOnUse\">\n            <stop stop-color=\"#FFDA1C\"\/>\n            <stop offset=\"1\" stop-color=\"#FEB705\"\/>\n            <\/linearGradient>\n            <linearGradient id=\"paint2_linear_9_9\" x1=\"19.7657\" y1=\"4.95934\" x2=\"-15.0772\" y2=\"45.5368\" gradientUnits=\"userSpaceOnUse\">\n            <stop stop-color=\"#D9414F\"\/>\n            <stop offset=\"1\" stop-color=\"#8C193F\"\/>\n            <\/linearGradient>\n            <linearGradient id=\"paint3_linear_9_9\" x1=\"-2.18997\" y1=\"-6.27096\" x2=\"4.71665\" y2=\"5.36978\" gradientUnits=\"userSpaceOnUse\">\n            <stop stop-color=\"#33C481\"\/>\n            <stop offset=\"1\" stop-color=\"#61E3A7\"\/>\n            <\/linearGradient>\n            <\/defs>\n            <\/svg>\n        <div>\n            <span>Disponible en<\/span>\n            Google Play\n        <\/div>\n    <\/a>\n                                                                                                <\/div>\n        <\/div>\n    <\/div>\n<\/section>\n","protected":false},"featured_media":0,"template":"","serviceList":[],"yoast_head":"<!-- This site is optimized with the Yoast SEO plugin v20.12 - https:\/\/yoast.com\/wordpress\/plugins\/seo\/ -->\n<title>Parking Catedral en Albacete - Reserva tu plaza | telpark<\/title>\n<meta name=\"description\" content=\"Aparcar en Albacete es m\u00e1s f\u00e1cil con telpark y su Parking Catedral. Reserva tu plaza de parking y disfruta de nuestros servicios descargando nuestra app.\" \/>\n<meta name=\"robots\" content=\"index, follow, max-snippet:-1, max-image-preview:large, max-video-preview:-1\" \/>\n<link rel=\"canonical\" href=\"https:\/\/www.telpark.com\/es\/ciudades\/albacete\/parking-catedral\/\" \/>\n<meta property=\"og:locale\" content=\"es_ES\" \/>\n<meta property=\"og:type\" content=\"article\" \/>\n<meta property=\"og:title\" content=\"Parking Catedral en Albacete - Reserva tu plaza | telpark\" \/>\n<meta property=\"og:description\" content=\"Aparcar en Albacete es m\u00e1s f\u00e1cil con telpark y su Parking Catedral. Reserva tu plaza de parking y disfruta de nuestros servicios descargando nuestra app.\" \/>\n<meta property=\"og:url\" content=\"https:\/\/www.telpark.com\/es\/ciudades\/albacete\/parking-catedral\/\" \/>\n<meta property=\"og:site_name\" content=\"Telpark\" \/>\n<meta property=\"article:modified_time\" content=\"2026-03-02T09:58:14+00:00\" \/>\n<meta name=\"twitter:card\" content=\"summary_large_image\" \/>\n<meta name=\"twitter:site\" content=\"@telpark_es\" \/>\n<script type=\"application\/ld+json\" class=\"yoast-schema-graph\">{\"@context\":\"https:\/\/schema.org\",\"@graph\":[{\"@type\":\"WebPage\",\"@id\":\"https:\/\/www.telpark.com\/es\/ciudades\/albacete\/parking-catedral\/\",\"url\":\"https:\/\/www.telpark.com\/es\/ciudades\/albacete\/parking-catedral\/\",\"name\":\"Parking Catedral en Albacete - Reserva tu plaza | telpark\",\"isPartOf\":{\"@id\":\"https:\/\/www.telpark.com\/es\/#website\"},\"datePublished\":\"2023-03-31T13:02:50+00:00\",\"dateModified\":\"2026-03-02T09:58:14+00:00\",\"description\":\"Aparcar en Albacete es m\u00e1s f\u00e1cil con telpark y su Parking Catedral. Reserva tu plaza de parking y disfruta de nuestros servicios descargando nuestra app.\",\"breadcrumb\":{\"@id\":\"https:\/\/www.telpark.com\/es\/ciudades\/albacete\/parking-catedral\/#breadcrumb\"},\"inLanguage\":\"es-ES\",\"potentialAction\":[{\"@type\":\"ReadAction\",\"target\":[\"https:\/\/www.telpark.com\/es\/ciudades\/albacete\/parking-catedral\/\"]}]},{\"@type\":\"BreadcrumbList\",\"@id\":\"https:\/\/www.telpark.com\/es\/ciudades\/albacete\/parking-catedral\/#breadcrumb\",\"itemListElement\":[{\"@type\":\"ListItem\",\"position\":1,\"name\":\"Home\",\"item\":\"https:\/\/www.telpark.com\/es\/\"},{\"@type\":\"ListItem\",\"position\":2,\"name\":\"Catedral\"}]},{\"@type\":\"WebSite\",\"@id\":\"https:\/\/www.telpark.com\/es\/#website\",\"url\":\"https:\/\/www.telpark.com\/es\/\",\"name\":\"Telpark\",\"description\":\"Reserva tu plaza en los mejores aparcamientos. Descarga la app y olv\u00eddate de cajeros o parqu\u00edmetros en m\u00e1s de 100 ciudades en Espa\u00f1a y Portugal\",\"publisher\":{\"@id\":\"https:\/\/www.telpark.com\/es\/#organization\"},\"potentialAction\":[{\"@type\":\"SearchAction\",\"target\":{\"@type\":\"EntryPoint\",\"urlTemplate\":\"https:\/\/www.telpark.com\/es\/?s={search_term_string}\"},\"query-input\":\"required name=search_term_string\"}],\"inLanguage\":\"es-ES\"},{\"@type\":\"Organization\",\"@id\":\"https:\/\/www.telpark.com\/es\/#organization\",\"name\":\"Telpark\",\"url\":\"https:\/\/www.telpark.com\/es\/\",\"logo\":{\"@type\":\"ImageObject\",\"inLanguage\":\"es-ES\",\"@id\":\"https:\/\/www.telpark.com\/es\/#\/schema\/logo\/image\/\",\"url\":\"https:\/\/www.telpark.com\/wp-content\/uploads\/2023\/09\/telpark-logo.svg\",\"contentUrl\":\"https:\/\/www.telpark.com\/wp-content\/uploads\/2023\/09\/telpark-logo.svg\",\"width\":128,\"height\":32,\"caption\":\"Telpark\"},\"image\":{\"@id\":\"https:\/\/www.telpark.com\/es\/#\/schema\/logo\/image\/\"},\"sameAs\":[\"https:\/\/twitter.com\/telpark_es\",\"https:\/\/www.instagram.com\/telpark_app\/\",\"https:\/\/www.youtube.com\/channel\/UCm8sjis_xlHU5VYQ6GslW-Q\"]}]}<\/script>\n<!-- \/ Yoast SEO plugin. -->","yoast_head_json":{"title":"Parking Catedral en Albacete - Reserva tu plaza | telpark","description":"Aparcar en Albacete es m\u00e1s f\u00e1cil con telpark y su Parking Catedral. Reserva tu plaza de parking y disfruta de nuestros servicios descargando nuestra app.","robots":{"index":"index","follow":"follow","max-snippet":"max-snippet:-1","max-image-preview":"max-image-preview:large","max-video-preview":"max-video-preview:-1"},"canonical":"https:\/\/www.telpark.com\/es\/ciudades\/albacete\/parking-catedral\/","og_locale":"es_ES","og_type":"article","og_title":"Parking Catedral en Albacete - Reserva tu plaza | telpark","og_description":"Aparcar en Albacete es m\u00e1s f\u00e1cil con telpark y su Parking Catedral. Reserva tu plaza de parking y disfruta de nuestros servicios descargando nuestra app.","og_url":"https:\/\/www.telpark.com\/es\/ciudades\/albacete\/parking-catedral\/","og_site_name":"Telpark","article_modified_time":"2026-03-02T09:58:14+00:00","twitter_card":"summary_large_image","twitter_site":"@telpark_es","schema":{"@context":"https:\/\/schema.org","@graph":[{"@type":"WebPage","@id":"https:\/\/www.telpark.com\/es\/ciudades\/albacete\/parking-catedral\/","url":"https:\/\/www.telpark.com\/es\/ciudades\/albacete\/parking-catedral\/","name":"Parking Catedral en Albacete - Reserva tu plaza | telpark","isPartOf":{"@id":"https:\/\/www.telpark.com\/es\/#website"},"datePublished":"2023-03-31T13:02:50+00:00","dateModified":"2026-03-02T09:58:14+00:00","description":"Aparcar en Albacete es m\u00e1s f\u00e1cil con telpark y su Parking Catedral. Reserva tu plaza de parking y disfruta de nuestros servicios descargando nuestra app.","breadcrumb":{"@id":"https:\/\/www.telpark.com\/es\/ciudades\/albacete\/parking-catedral\/#breadcrumb"},"inLanguage":"es-ES","potentialAction":[{"@type":"ReadAction","target":["https:\/\/www.telpark.com\/es\/ciudades\/albacete\/parking-catedral\/"]}]},{"@type":"BreadcrumbList","@id":"https:\/\/www.telpark.com\/es\/ciudades\/albacete\/parking-catedral\/#breadcrumb","itemListElement":[{"@type":"ListItem","position":1,"name":"Home","item":"https:\/\/www.telpark.com\/es\/"},{"@type":"ListItem","position":2,"name":"Catedral"}]},{"@type":"WebSite","@id":"https:\/\/www.telpark.com\/es\/#website","url":"https:\/\/www.telpark.com\/es\/","name":"Telpark","description":"Reserva tu plaza en los mejores aparcamientos. Descarga la app y olv\u00eddate de cajeros o parqu\u00edmetros en m\u00e1s de 100 ciudades en Espa\u00f1a y Portugal","publisher":{"@id":"https:\/\/www.telpark.com\/es\/#organization"},"potentialAction":[{"@type":"SearchAction","target":{"@type":"EntryPoint","urlTemplate":"https:\/\/www.telpark.com\/es\/?s={search_term_string}"},"query-input":"required name=search_term_string"}],"inLanguage":"es-ES"},{"@type":"Organization","@id":"https:\/\/www.telpark.com\/es\/#organization","name":"Telpark","url":"https:\/\/www.telpark.com\/es\/","logo":{"@type":"ImageObject","inLanguage":"es-ES","@id":"https:\/\/www.telpark.com\/es\/#\/schema\/logo\/image\/","url":"https:\/\/www.telpark.com\/wp-content\/uploads\/2023\/09\/telpark-logo.svg","contentUrl":"https:\/\/www.telpark.com\/wp-content\/uploads\/2023\/09\/telpark-logo.svg","width":128,"height":32,"caption":"Telpark"},"image":{"@id":"https:\/\/www.telpark.com\/es\/#\/schema\/logo\/image\/"},"sameAs":["https:\/\/twitter.com\/telpark_es","https:\/\/www.instagram.com\/telpark_app\/","https:\/\/www.youtube.com\/channel\/UCm8sjis_xlHU5VYQ6GslW-Q"]}]}},"meta_box":{"location":"2229","telpark_bd_id":"0002","header":{"title":"Parking Catedral en Albacete","caption":"Parking telpark","address":"Plaza la Constituci\u00f3n 6, 02001","tlf":"967 52 38 09","text_link":"\u00bfC\u00f3mo llegar?","url":"https:\/\/goo.gl\/maps\/WJMbUTC4wYw2W8XQA","icon":"icon-export","info_prize":"a partir de","prize":"<p>2 \u20ac<\/p>","image":"944","latitude":"38.9950824","longitude":"-1.8564143083333"},"detail":{"image":"29782","description":"<h2>Sobre el parking<\/h2>\r\n<p>La feria de Albacete o el Carnaval son dos momentos de especial ajetreo en la ciudad. Aunque lo cierto es que encontrar aparcamiento en Albacete centro suele ser complicado en cualquier momento del a\u00f1o.<\/p>\r\n<p>Ah\u00f3rrate complicaciones y ve directo a lo seguro. El parking de la Catedral te ofrece una soluci\u00f3n de estacionamiento con acceso las 24 horas en instalaciones videovigiladas. Es un modo r\u00e1pido y sencillo para dejar el coche en el centro de la ciudad y moverte con mayor libertad.<\/p>","button_info":{"url":"https:\/\/reserva.telpark.com\/es\/parking\/ALBACETE_CATEDRAL_PARKING","color":"primary","size":"lg","text":"Reservar parking"}},"parking_info":{"info_list":[{"title":"Horarios","items":[{"title":"Horario de servicio","content":"<p>24h<\/p>"},{"title":"Atenci\u00f3n al cliente","content":"<p>24h<\/p>"}]},{"title":"Precios generales","items":[{"title":"Precio primera hora","content":"<p>2 \u20ac<\/p>"},{"title":"M\u00e1ximo Diario","content":"<p>20,10 \u20ac<\/p>"}]}],"icon_list":[{"show_parking_block":"1","title":"Productos","icon_data":["329","283","280","274","277"]},{"title":"Servicios","icon_data":["208","214","226","190","256","229"]},{"title":"Forma de Pago","icon_data":["247","250","271"]},{"title":"Veh\u00edculos Aptos","icon_data":["295","298"]},{"show_parking_block":"1","title":"Altura M\u00e1xima ","icon_data":["315"]}]},"points_of_interes":{"select":["Sala de Exposiciones Casa Perona - 0.2 km","Fuente del nuevo Ayuntamiento - 0.3 km","Plaza la Catedral. Park - 0.3 km","La Rosa - 0.4 km","Placa contra la violencia de g\u00e9nero - 0.4 km","Church of the Assumption - 0.5 km","Colegio Oficial de Pod\u00f3logos de Castilla-La Mancha - 0.6 km","Colegio de Mediadores de Seguros de Albacete - 0.6 km"]}},"_links":{"self":[{"href":"https:\/\/www.telpark.com\/es\/wp-json\/wp\/v2\/parkings\/2565"}],"collection":[{"href":"https:\/\/www.telpark.com\/es\/wp-json\/wp\/v2\/parkings"}],"about":[{"href":"https:\/\/www.telpark.com\/es\/wp-json\/wp\/v2\/types\/parkings"}],"version-history":[{"count":3,"href":"https:\/\/www.telpark.com\/es\/wp-json\/wp\/v2\/parkings\/2565\/revisions"}],"predecessor-version":[{"id":50682,"href":"https:\/\/www.telpark.com\/es\/wp-json\/wp\/v2\/parkings\/2565\/revisions\/50682"}],"wp:attachment":[{"href":"https:\/\/www.telpark.com\/es\/wp-json\/wp\/v2\/media?parent=2565"}],"wp:term":[{"taxonomy":"serviceList","embeddable":true,"href":"https:\/\/www.telpark.com\/es\/wp-json\/wp\/v2\/serviceList?post=2565"}],"curies":[{"name":"wp","href":"https:\/\/api.w.org\/{rel}","templated":true}]}}