{"id":2610,"date":"2023-03-31T13:03:14","date_gmt":"2023-03-31T13:03:14","guid":{"rendered":"https:\/\/telpark.cmspro.telpark.com\/ciudades\/%location%\/los-jeronimos\/"},"modified":"2024-10-03T11:13:56","modified_gmt":"2024-10-03T10:13:56","slug":"parking-los-jeronimos","status":"publish","type":"parkings","link":"https:\/\/www.telpark.com\/es\/ciudades\/avila\/parking-los-jeronimos\/","title":{"rendered":"Los Jer\u00f3nimos"},"content":{"rendered":"\n<section class=\"tpk-banner-cta tpk-banner-cta--half  reverse   corporate\"\n         style=\" --bg-picture: url('https:\/\/www.telpark.com\/wp-content\/uploads\/2026\/04\/desktop-super-3-v2.jpg'); --bg-size: cover; --bg-position: center center;                   --bg-picture-xs: url('https:\/\/www.telpark.com\/wp-content\/uploads\/2026\/04\/mobile-super-3-.jpg'); \">\n    <div class=\"tpk-banner-cta--half__picture\">\n            <\/div>\n\n    <div class=\"tpk-banner-cta__content row wrapper middle-xs\">\n        <div class=\"col-xs-12 col-md-6 tpk-banner-cta__content__text\">\n                        <header class=\"tpk-head  wrapper\">\n    <p class=\"tpk-head__caption\">En tu app telpark<\/p>    <h3 class=\"tpk-head__title\">Reg\u00edstrate y consigue gratis 3\u20ac en Entrada Express<\/h3>    <p><span data-teams=\"true\">Descubre Entrada Express, el sistema leer\u00e1 autom\u00e1ticamente tu matr\u00edcula y te cobrar\u00e1 la estancia. <\/span><\/p>\n<p><span data-teams=\"true\">Y ahora con regalo... <strong>consigue\u00a0<\/strong> <strong>3\u20ac al crearte una cuenta, y otros 3\u20ac tras utilizar Entrada Express 3 o m\u00e1s veces.<\/strong><\/p>\n<p><\/span><\/p>\n<\/header>            <div class=\"tpk-banner-cta__buttons\">\n                                                        <a  class=\"tpk-button tpk-button--secondary tpk-button--lg \" href=\"https:\/\/promotion.telpark.com\/tyc_super3_grupo_1_2\"    >\n    <span>Descubre m\u00e1s<\/span>\n    <\/a>                            <\/div>\n        <\/div>\n    <\/div>\n<\/section>\n\n\n\n<section\n        class=\"tpk-banner-cta tpk-banner-cta--background center  \"\n        style=\" --bg-picture: url('https:\/\/www.telpark.com\/wp-content\/uploads\/2023\/03\/733d81fb1315498743a0a514632b7ad3.png'); --bg-size: cover; --bg-position: center center;\">\n    \n        \n    <div class=\"tpk-banner-cta__content row wrapper middle-xs \">\n        \n                    <div class=\"col-xs-12 col-md-6 tpk-banner-cta__content__text\">\n                \n                                            <header class=\"tpk-head  wrapper\">\n    <p class=\"tpk-head__caption\">Ciudades<\/p>    <h2 class=\"tpk-head__title\">Descubre la ciudad de \u00c1vila<\/h2>    <p>Si vas de viaje a \u00c1vila, recuerda que puedes estacionar en v\u00eda p\u00fablica y aparcar en nuestros parkings a trav\u00e9s de nuestra app. !Descubre las ventajas Telpark!<\/p>\n<\/header>                \n                                    <div class=\"tpk-banner-cta__buttons\">\n                                                                                <a  class=\"tpk-button tpk-button--primary tpk-button--lg \" href=\"\/es\/ciudades\/avila\/\"    target=\"_blank\" >\n    <span>Ver ciudad<\/span>\n    <\/a>                                            <\/div>\n                                        <\/div>\n        <\/div>\n    \n    <\/section>\n\n<section class=\"tpk-parkings \">\n    <div class=\"wrapper row center-xs\">\n        <div class=\"col-xs-12 col-sm-10 col-md-8\">\n                <header class=\"tpk-head  wrapper\">\n        <h2 class=\"tpk-head__title\">Encuentra otros parkings en \u00c1vila<\/h2>    <\/header>        <\/div>\n    <\/div>\n    <div class=\"tpk-parkings__list row wrapper\">\n                    <div class=\"col-xs-12 col-sm-6 col-md-6 col-lg-6 pb-1 pl-h pr-h\">\n                \n    <a href=\"https:\/\/www.telpark.com\/es\/ciudades\/avila\/parking-el-rastro\/\" class=\"tpk-card-parking\">\n                                    <picture >\n\n                    <source srcset=\"https:\/\/www.telpark.com\/wp-content\/uploads\/2023\/03\/Entrada-Parking-telpark-El-Rastro-Avila-480x270.jpg\" media=\"((min-width: 0rem) and (max-width: 30rem))\">\n                             <source srcset=\"https:\/\/www.telpark.com\/wp-content\/uploads\/2023\/03\/Entrada-Parking-telpark-El-Rastro-Avila-480x270.jpg\" media=\"(min-width: 30rem) and (max-width: 64rem)\" >\n                            <source srcset=\"https:\/\/www.telpark.com\/wp-content\/uploads\/2023\/03\/Entrada-Parking-telpark-El-Rastro-Avila-280x300.jpg\" media=\"(min-width: 64rem)\" >\n        \n        \n                                                                                                                                                                    \n        <img decoding=\"async\" src=\"https:\/\/www.telpark.com\/wp-content\/uploads\/2023\/03\/Entrada-Parking-telpark-El-Rastro-Avila-280x300.jpg\" alt=\"\"  width=\"280\" height=\"300\"  loading=\"lazy\" >\n    <\/picture>\n\n                <div class=\"tpk-card-parking__content\">\n                            <h3 class=\"tpk-card-parking__title\">Parking El Rastro en \u00c1vila<\/h3>\n                                        <address>Calle Beata M\u00aa Teresa Jes\u00fas de Jornet, s\/n, 05002 <\/address>\n                        <div class=\"tpk-card-parking__icons\">\n                                    <span class=\"icon icon-charger icon--md\"><\/span>\n                                    <span class=\"icon icon-car-express icon--md\"><\/span>\n                                    <span class=\"icon icon-galibo195 icon--md\"><\/span>\n                                    <span class=\"icon icon-multipass icon--md\"><\/span>\n                                    <span class=\"icon icon-reserva icon--md\"><\/span>\n                            <\/div>\n            <div class=\"tpk-card-parking__info\">\n                <div class=\"tpk-card-parking__info__price\">\n                                            a partir de\n                                                                <span><p>0,85 \u20ac<\/p><\/span>\n                                    <\/div>\n                <div class=\"tpk-card-parking__info__link\">\n                    <span class=\"icon icon-add icon--sm\">\n                    <\/span> \n                <\/div>\n            <\/div>\n        <\/div>\n    <\/a>\n            <\/div>\n                    <div class=\"col-xs-12 col-sm-6 col-md-6 col-lg-6 pb-1 pl-h pr-h\">\n                \n    <a href=\"https:\/\/www.telpark.com\/es\/ciudades\/avila\/parking-el-grande\/\" class=\"tpk-card-parking\">\n                                    <picture >\n\n                    <source srcset=\"https:\/\/www.telpark.com\/wp-content\/uploads\/2023\/03\/Entrada-Parking-telpark-El-Grande-Avila-480x270.jpg\" media=\"((min-width: 0rem) and (max-width: 30rem))\">\n                             <source srcset=\"https:\/\/www.telpark.com\/wp-content\/uploads\/2023\/03\/Entrada-Parking-telpark-El-Grande-Avila-480x270.jpg\" media=\"(min-width: 30rem) and (max-width: 64rem)\" >\n                            <source srcset=\"https:\/\/www.telpark.com\/wp-content\/uploads\/2023\/03\/Entrada-Parking-telpark-El-Grande-Avila-280x300.jpg\" media=\"(min-width: 64rem)\" >\n        \n        \n                                                                                                                                                                    \n        <img decoding=\"async\" src=\"https:\/\/www.telpark.com\/wp-content\/uploads\/2023\/03\/Entrada-Parking-telpark-El-Grande-Avila-280x300.jpg\" alt=\"\"  width=\"280\" height=\"300\"  loading=\"lazy\" >\n    <\/picture>\n\n                <div class=\"tpk-card-parking__content\">\n                            <h3 class=\"tpk-card-parking__title\">Parking El Grande en \u00c1vila<\/h3>\n                                        <address>Plaza de Santa Teresa, s\/n, 05001<\/address>\n                        <div class=\"tpk-card-parking__icons\">\n                                    <span class=\"icon icon-bono icon--md\"><\/span>\n                                    <span class=\"icon icon-charger icon--md\"><\/span>\n                                    <span class=\"icon icon-car-express icon--md\"><\/span>\n                                    <span class=\"icon icon-galibo225 icon--md\"><\/span>\n                                    <span class=\"icon icon-multipass icon--md\"><\/span>\n                                    <span class=\"icon icon-reserva icon--md\"><\/span>\n                            <\/div>\n            <div class=\"tpk-card-parking__info\">\n                <div class=\"tpk-card-parking__info__price\">\n                                            a partir de\n                                                                <span><p>1,75 \u20ac<\/p><\/span>\n                                    <\/div>\n                <div class=\"tpk-card-parking__info__link\">\n                    <span class=\"icon icon-add icon--sm\">\n                    <\/span> \n                <\/div>\n            <\/div>\n        <\/div>\n    <\/a>\n            <\/div>\n            <\/div>\n    <\/section>\n\n\n<section class=\"tpk-banner-cta tpk-banner-cta--half   \"\n         style=\"                 \">\n    <div class=\"tpk-banner-cta--half__picture\">\n                                    <picture >\n\n                    <source srcset=\"https:\/\/www.telpark.com\/wp-content\/uploads\/2023\/03\/LOS-JERONIMOS-460x520.jpg\" media=\"((min-width: 0rem) and (max-width: 30rem))\">\n                             <source srcset=\"https:\/\/www.telpark.com\/wp-content\/uploads\/2023\/03\/LOS-JERONIMOS-520x520.jpg\" media=\"(min-width: 30rem) and (max-width: 64rem)\" >\n                            <source srcset=\"https:\/\/www.telpark.com\/wp-content\/uploads\/2023\/03\/LOS-JERONIMOS-960x814.jpg\" media=\"(min-width: 64rem)\" >\n        \n        \n                                                                                                        \n        <img decoding=\"async\" src=\"https:\/\/www.telpark.com\/wp-content\/uploads\/2023\/03\/LOS-JERONIMOS-960x814.jpg\" alt=\"\"  width=\"960\" height=\"814\"  loading=\"lazy\" >\n    <\/picture>\n\n            <\/div>\n\n    <div class=\"tpk-banner-cta__content row wrapper middle-xs\">\n        <div class=\"col-xs-12 col-md-6 tpk-banner-cta__content__text\">\n                        <header class=\"tpk-head  wrapper\">\n        <h2 class=\"tpk-head__title\">\u00bfPor qu\u00e9 elegir el Parking Los Jer\u00f3nimos?<\/h2>    <p>Las instalaciones del parking Los Jer\u00f3nimos de \u00c1vila est\u00e1n habilitadas tanto para turismos como para motocicletas. Este aparcamiento subterr\u00e1neo est\u00e1 abierto las 24 horas del d\u00eda y cuenta con videovigilancia permanente, garantizando la seguridad de tu veh\u00edculo en todo momento. Adem\u00e1s, ofrece servicios adicionales como la recarga de veh\u00edculos el\u00e9ctricos, brindando m\u00e1s comodidad a los usuarios.<\/p>\n<p>Gracias a su excelente ubicaci\u00f3n, el parking Los Jer\u00f3nimos es una de las opciones m\u00e1s convenientes tanto para quienes visitan la ciudad por turismo como para quienes necesitan realizar tr\u00e1mites, disfrutar de un d\u00eda de compras o asistir a eventos. Se encuentra a menos de 500 metros de la emblem\u00e1tica Catedral de \u00c1vila y a pocos minutos caminando del centro hist\u00f3rico, donde abundan restaurantes, tiendas y puntos de inter\u00e9s tur\u00edstico.<\/p>\n<p>Si buscas comodidad, tambi\u00e9n encontrar\u00e1s precios asequibles. A trav\u00e9s de la app de telpark puedes beneficiarte de tarifas reducidas y disfrutar de diferentes modalidades de abono, como opciones semanales, mensuales o los packs Multipass, que te permiten acceder al parking en varias ocasiones. Y si prefieres mayor rapidez, el servicio de Entrada Express te permitir\u00e1 entrar y salir del aparcamiento sin necesidad de ticket: la barrera se abrir\u00e1 autom\u00e1ticamente y el pago se realizar\u00e1 de manera directa a trav\u00e9s de la app.<\/p>\n<p>Mayor flexibilidad, menor estr\u00e9s. Aprovecha todas las ventajas que te ofrece el parking Los Jer\u00f3nimos de \u00c1vila y haz que tu visita a la ciudad sea m\u00e1s c\u00f3moda. Si ya tienes tu fecha programada, no dudes en reservar tu plaza online: puedes cancelarla sin penalizaci\u00f3n hasta 24 horas antes de tu llegada.<\/p>\n<\/header>            <div class=\"tpk-banner-cta__buttons\">\n                            <\/div>\n        <\/div>\n    <\/div>\n<\/section>\n\n\n<section class=\"tpk-banner-app \">\n    <div class=\"row wrapper middle-xs\">\n        <div class=\"col-xs-12 col-sm-6 col-no-gutter tpk-banner-app__picture\">\n                                                <picture class=\"hide-xs show-sm\">\n\n                             <source srcset=\"https:\/\/www.telpark.com\/wp-content\/uploads\/2023\/08\/Bloque-descarga-ok-1-488x534.png\" media=\"(min-width: 30rem) and (max-width: 64rem)\" >\n                            <source srcset=\"https:\/\/www.telpark.com\/wp-content\/uploads\/2023\/08\/Bloque-descarga-ok-1-680x752.png\" media=\"(min-width: 64rem)\" >\n        \n        \n                                                                                                        \n        <img decoding=\"async\" src=\"https:\/\/www.telpark.com\/wp-content\/uploads\/2023\/08\/Bloque-descarga-ok-1-680x752.png\" alt=\"Desc\u00e1rgate la App\"  width=\"680\" height=\"752\"  loading=\"lazy\" >\n    <\/picture>\n\n                                <\/div>\n        <div class=\"col-xs-12 col-sm-6 tpk-banner-app__content\">\n                        <header class=\"tpk-head  wrapper\">\n        <h2 class=\"tpk-head__title\">Desc\u00e1rgate la app y empieza a pagar menos<\/h2>    <\/header>\n                        <div class=\"tpk-banner-app__buttons\">\n                                                                                                                                                <a href=\"https:\/\/apps.apple.com\/es\/app\/telpark\/id658204860\" class=\"tpk-button tpk-button--app dark\" target=\"_blank\">\n        <svg width=\"25\" height=\"30\" viewBox=\"0 0 25 30\" fill=\"none\" xmlns=\"http:\/\/www.w3.org\/2000\/svg\">\n            <path d=\"M23.643 10.227C23.469 10.362 20.397 12.093 20.397 15.942C20.397 20.394 24.306 21.969 24.423 22.008C24.405 22.104 23.802 24.165 22.362 26.265C21.078 28.113 19.737 29.958 17.697 29.958C15.657 29.958 15.132 28.773 12.777 28.773C10.482 28.773 9.666 29.997 7.8 29.997C5.934 29.997 4.632 28.287 3.135 26.187C1.401 23.721 0 19.89 0 16.254C0 10.422 3.792 7.329 7.524 7.329C9.507 7.329 11.16 8.631 12.405 8.631C13.59 8.631 15.438 7.251 17.694 7.251C18.549 7.251 21.621 7.329 23.643 10.227V10.227ZM16.623 4.782C17.556 3.675 18.216 2.139 18.216 0.603C18.216 0.39 18.198 0.174 18.159 0C16.641 0.057 14.835 1.011 13.746 2.274C12.891 3.246 12.093 4.782 12.093 6.339C12.093 6.573 12.132 6.807 12.15 6.882C12.246 6.9 12.402 6.921 12.558 6.921C13.92 6.921 15.633 6.009 16.623 4.782Z\" fill=\"white\"\/>\n        <\/svg>\n        <div>\n            <span>Disponible en<\/span>\n            Apple Store\n        <\/div>\n    <\/a>\n\n                                                                                                                            \n    <a href=\"https:\/\/play.google.com\/store\/apps\/details?id=com.delaware.empark&hl=es&referrer=%26utm_campaign%3Dnondigital%26utm_source%3Dnondigital%26utm_medium%3Dnondigital&pli=1\" class=\"tpk-button tpk-button--app dark\" target=\"_blank\">\n        <svg width=\"23\" height=\"26\" viewBox=\"0 0 23 26\" fill=\"none\" xmlns=\"http:\/\/www.w3.org\/2000\/svg\">\n            <path fill-rule=\"evenodd\" clip-rule=\"evenodd\" d=\"M0.862422 0.87988C0.581172 1.18175 0.419922 1.64675 0.419922 2.25113V23.7411C0.419922 24.3455 0.581172 24.8105 0.873047 25.1018L0.949297 25.1661L12.9905 13.1249V12.8543L0.938672 0.815505L0.862422 0.87988Z\" fill=\"url(#paint0_linear_9_9)\"\/>\n            <path fill-rule=\"evenodd\" clip-rule=\"evenodd\" d=\"M16.9962 17.1543L12.98 13.1368V12.8556L16.9975 8.83807L17.0843 8.89182L21.8362 11.5924C23.1968 12.3593 23.1968 13.6231 21.8362 14.4006L17.0843 17.1012L16.9962 17.1543Z\" fill=\"url(#paint1_linear_9_9)\"\/>\n            <path fill-rule=\"evenodd\" clip-rule=\"evenodd\" d=\"M17.083 17.1005L12.9799 12.9961L0.862371 25.1136C1.30487 25.5892 2.04987 25.643 2.88237 25.178L17.083 17.1005Z\" fill=\"url(#paint2_linear_9_9)\"\/>\n            <path fill-rule=\"evenodd\" clip-rule=\"evenodd\" d=\"M17.083 8.89304L2.88237 0.82616C2.05112 0.350535 1.30487 0.41491 0.862371 0.890535L12.9786 12.9962L17.083 8.89304Z\" fill=\"url(#paint3_linear_9_9)\"\/>\n            <defs>\n            <linearGradient id=\"paint0_linear_9_9\" x1=\"35.6607\" y1=\"-6.74995\" x2=\"-5.23028\" y2=\"12.2052\" gradientUnits=\"userSpaceOnUse\">\n            <stop stop-color=\"#047ED6\"\/>\n            <stop offset=\"1\" stop-color=\"#50E6FF\"\/>\n            <\/linearGradient>\n            <linearGradient id=\"paint1_linear_9_9\" x1=\"24.5643\" y1=\"12.9971\" x2=\"-6.03917\" y2=\"12.9971\" gradientUnits=\"userSpaceOnUse\">\n            <stop stop-color=\"#FFDA1C\"\/>\n            <stop offset=\"1\" stop-color=\"#FEB705\"\/>\n            <\/linearGradient>\n            <linearGradient id=\"paint2_linear_9_9\" x1=\"19.7657\" y1=\"4.95934\" x2=\"-15.0772\" y2=\"45.5368\" gradientUnits=\"userSpaceOnUse\">\n            <stop stop-color=\"#D9414F\"\/>\n            <stop offset=\"1\" stop-color=\"#8C193F\"\/>\n            <\/linearGradient>\n            <linearGradient id=\"paint3_linear_9_9\" x1=\"-2.18997\" y1=\"-6.27096\" x2=\"4.71665\" y2=\"5.36978\" gradientUnits=\"userSpaceOnUse\">\n            <stop stop-color=\"#33C481\"\/>\n            <stop offset=\"1\" stop-color=\"#61E3A7\"\/>\n            <\/linearGradient>\n            <\/defs>\n            <\/svg>\n        <div>\n            <span>Disponible en<\/span>\n            Google Play\n        <\/div>\n    <\/a>\n                                                                                                <\/div>\n        <\/div>\n    <\/div>\n<\/section>\n","protected":false},"featured_media":0,"template":"","serviceList":[],"yoast_head":"<!-- This site is optimized with the Yoast SEO plugin v20.12 - https:\/\/yoast.com\/wordpress\/plugins\/seo\/ -->\n<title>Parking los Jer\u00f3nimos en \u00c1vila - Reserva tu plaza | telpark<\/title>\n<meta name=\"description\" content=\"Aparcar en \u00c1vila es m\u00e1s f\u00e1cil con telpark y su Parking los Jer\u00f3nimos. Reserva tu plaza de parking y disfruta de nuestros servicios descargando nuestra app.\" \/>\n<meta name=\"robots\" content=\"index, follow, max-snippet:-1, max-image-preview:large, max-video-preview:-1\" \/>\n<link rel=\"canonical\" href=\"https:\/\/www.telpark.com\/es\/ciudades\/avila\/parking-los-jeronimos\/\" \/>\n<meta property=\"og:locale\" content=\"es_ES\" \/>\n<meta property=\"og:type\" content=\"article\" \/>\n<meta property=\"og:title\" content=\"Parking los Jer\u00f3nimos en \u00c1vila - Reserva tu plaza | telpark\" \/>\n<meta property=\"og:description\" content=\"Aparcar en \u00c1vila es m\u00e1s f\u00e1cil con telpark y su Parking los Jer\u00f3nimos. Reserva tu plaza de parking y disfruta de nuestros servicios descargando nuestra app.\" \/>\n<meta property=\"og:url\" content=\"https:\/\/www.telpark.com\/es\/ciudades\/avila\/parking-los-jeronimos\/\" \/>\n<meta property=\"og:site_name\" content=\"Telpark\" \/>\n<meta property=\"article:modified_time\" content=\"2024-10-03T10:13:56+00:00\" \/>\n<meta name=\"twitter:card\" content=\"summary_large_image\" \/>\n<meta name=\"twitter:site\" content=\"@telpark_es\" \/>\n<script type=\"application\/ld+json\" class=\"yoast-schema-graph\">{\"@context\":\"https:\/\/schema.org\",\"@graph\":[{\"@type\":\"WebPage\",\"@id\":\"https:\/\/www.telpark.com\/es\/ciudades\/avila\/parking-los-jeronimos\/\",\"url\":\"https:\/\/www.telpark.com\/es\/ciudades\/avila\/parking-los-jeronimos\/\",\"name\":\"Parking los Jer\u00f3nimos en \u00c1vila - Reserva tu plaza | telpark\",\"isPartOf\":{\"@id\":\"https:\/\/www.telpark.com\/es\/#website\"},\"datePublished\":\"2023-03-31T13:03:14+00:00\",\"dateModified\":\"2024-10-03T10:13:56+00:00\",\"description\":\"Aparcar en \u00c1vila es m\u00e1s f\u00e1cil con telpark y su Parking los Jer\u00f3nimos. Reserva tu plaza de parking y disfruta de nuestros servicios descargando nuestra app.\",\"breadcrumb\":{\"@id\":\"https:\/\/www.telpark.com\/es\/ciudades\/avila\/parking-los-jeronimos\/#breadcrumb\"},\"inLanguage\":\"es-ES\",\"potentialAction\":[{\"@type\":\"ReadAction\",\"target\":[\"https:\/\/www.telpark.com\/es\/ciudades\/avila\/parking-los-jeronimos\/\"]}]},{\"@type\":\"BreadcrumbList\",\"@id\":\"https:\/\/www.telpark.com\/es\/ciudades\/avila\/parking-los-jeronimos\/#breadcrumb\",\"itemListElement\":[{\"@type\":\"ListItem\",\"position\":1,\"name\":\"Home\",\"item\":\"https:\/\/www.telpark.com\/es\/\"},{\"@type\":\"ListItem\",\"position\":2,\"name\":\"Los Jer\u00f3nimos\"}]},{\"@type\":\"WebSite\",\"@id\":\"https:\/\/www.telpark.com\/es\/#website\",\"url\":\"https:\/\/www.telpark.com\/es\/\",\"name\":\"Telpark\",\"description\":\"Reserva tu plaza en los mejores aparcamientos. Descarga la app y olv\u00eddate de cajeros o parqu\u00edmetros en m\u00e1s de 100 ciudades en Espa\u00f1a y Portugal\",\"publisher\":{\"@id\":\"https:\/\/www.telpark.com\/es\/#organization\"},\"potentialAction\":[{\"@type\":\"SearchAction\",\"target\":{\"@type\":\"EntryPoint\",\"urlTemplate\":\"https:\/\/www.telpark.com\/es\/?s={search_term_string}\"},\"query-input\":\"required name=search_term_string\"}],\"inLanguage\":\"es-ES\"},{\"@type\":\"Organization\",\"@id\":\"https:\/\/www.telpark.com\/es\/#organization\",\"name\":\"Telpark\",\"url\":\"https:\/\/www.telpark.com\/es\/\",\"logo\":{\"@type\":\"ImageObject\",\"inLanguage\":\"es-ES\",\"@id\":\"https:\/\/www.telpark.com\/es\/#\/schema\/logo\/image\/\",\"url\":\"https:\/\/www.telpark.com\/wp-content\/uploads\/2023\/09\/telpark-logo.svg\",\"contentUrl\":\"https:\/\/www.telpark.com\/wp-content\/uploads\/2023\/09\/telpark-logo.svg\",\"width\":128,\"height\":32,\"caption\":\"Telpark\"},\"image\":{\"@id\":\"https:\/\/www.telpark.com\/es\/#\/schema\/logo\/image\/\"},\"sameAs\":[\"https:\/\/twitter.com\/telpark_es\",\"https:\/\/www.instagram.com\/telpark_app\/\",\"https:\/\/www.youtube.com\/channel\/UCm8sjis_xlHU5VYQ6GslW-Q\"]}]}<\/script>\n<!-- \/ Yoast SEO plugin. -->","yoast_head_json":{"title":"Parking los Jer\u00f3nimos en \u00c1vila - Reserva tu plaza | telpark","description":"Aparcar en \u00c1vila es m\u00e1s f\u00e1cil con telpark y su Parking los Jer\u00f3nimos. Reserva tu plaza de parking y disfruta de nuestros servicios descargando nuestra app.","robots":{"index":"index","follow":"follow","max-snippet":"max-snippet:-1","max-image-preview":"max-image-preview:large","max-video-preview":"max-video-preview:-1"},"canonical":"https:\/\/www.telpark.com\/es\/ciudades\/avila\/parking-los-jeronimos\/","og_locale":"es_ES","og_type":"article","og_title":"Parking los Jer\u00f3nimos en \u00c1vila - Reserva tu plaza | telpark","og_description":"Aparcar en \u00c1vila es m\u00e1s f\u00e1cil con telpark y su Parking los Jer\u00f3nimos. Reserva tu plaza de parking y disfruta de nuestros servicios descargando nuestra app.","og_url":"https:\/\/www.telpark.com\/es\/ciudades\/avila\/parking-los-jeronimos\/","og_site_name":"Telpark","article_modified_time":"2024-10-03T10:13:56+00:00","twitter_card":"summary_large_image","twitter_site":"@telpark_es","schema":{"@context":"https:\/\/schema.org","@graph":[{"@type":"WebPage","@id":"https:\/\/www.telpark.com\/es\/ciudades\/avila\/parking-los-jeronimos\/","url":"https:\/\/www.telpark.com\/es\/ciudades\/avila\/parking-los-jeronimos\/","name":"Parking los Jer\u00f3nimos en \u00c1vila - Reserva tu plaza | telpark","isPartOf":{"@id":"https:\/\/www.telpark.com\/es\/#website"},"datePublished":"2023-03-31T13:03:14+00:00","dateModified":"2024-10-03T10:13:56+00:00","description":"Aparcar en \u00c1vila es m\u00e1s f\u00e1cil con telpark y su Parking los Jer\u00f3nimos. Reserva tu plaza de parking y disfruta de nuestros servicios descargando nuestra app.","breadcrumb":{"@id":"https:\/\/www.telpark.com\/es\/ciudades\/avila\/parking-los-jeronimos\/#breadcrumb"},"inLanguage":"es-ES","potentialAction":[{"@type":"ReadAction","target":["https:\/\/www.telpark.com\/es\/ciudades\/avila\/parking-los-jeronimos\/"]}]},{"@type":"BreadcrumbList","@id":"https:\/\/www.telpark.com\/es\/ciudades\/avila\/parking-los-jeronimos\/#breadcrumb","itemListElement":[{"@type":"ListItem","position":1,"name":"Home","item":"https:\/\/www.telpark.com\/es\/"},{"@type":"ListItem","position":2,"name":"Los Jer\u00f3nimos"}]},{"@type":"WebSite","@id":"https:\/\/www.telpark.com\/es\/#website","url":"https:\/\/www.telpark.com\/es\/","name":"Telpark","description":"Reserva tu plaza en los mejores aparcamientos. Descarga la app y olv\u00eddate de cajeros o parqu\u00edmetros en m\u00e1s de 100 ciudades en Espa\u00f1a y Portugal","publisher":{"@id":"https:\/\/www.telpark.com\/es\/#organization"},"potentialAction":[{"@type":"SearchAction","target":{"@type":"EntryPoint","urlTemplate":"https:\/\/www.telpark.com\/es\/?s={search_term_string}"},"query-input":"required name=search_term_string"}],"inLanguage":"es-ES"},{"@type":"Organization","@id":"https:\/\/www.telpark.com\/es\/#organization","name":"Telpark","url":"https:\/\/www.telpark.com\/es\/","logo":{"@type":"ImageObject","inLanguage":"es-ES","@id":"https:\/\/www.telpark.com\/es\/#\/schema\/logo\/image\/","url":"https:\/\/www.telpark.com\/wp-content\/uploads\/2023\/09\/telpark-logo.svg","contentUrl":"https:\/\/www.telpark.com\/wp-content\/uploads\/2023\/09\/telpark-logo.svg","width":128,"height":32,"caption":"Telpark"},"image":{"@id":"https:\/\/www.telpark.com\/es\/#\/schema\/logo\/image\/"},"sameAs":["https:\/\/twitter.com\/telpark_es","https:\/\/www.instagram.com\/telpark_app\/","https:\/\/www.youtube.com\/channel\/UCm8sjis_xlHU5VYQ6GslW-Q"]}]}},"meta_box":{"location":"2250","telpark_bd_id":"0017","header":{"title":"Parking Los Jer\u00f3nimos - Residentes","caption":"Parking telpark","address":"Calle Candeleda, 1, 05001","tlf":"+34 920 25 58 58","text_link":"\u00bfC\u00f3mo llegar?","url":"https:\/\/goo.gl\/maps\/ykFZjWJt8z3xaHth7","icon":"icon-export","image":"944","latitude":"40.655633","longitude":"-4.692436"},"detail":{"image":"30010","description":"<h2><strong>Sobre el parking<\/strong><\/h2>\r\n<p>Aparca en este c\u00e9ntrico parking en \u00c1vila a tan solo unos metros de las murallas y el pabell\u00f3n de San Antonio.<\/p>\r\n<p>*<em>Uso exclusivo para residentes<\/em><\/p>"},"parking_info":{"info_list":[{"title":"Horarios","items":[{"title":"Horario de servicio","content":"24h"}]}],"icon_list":[{"show_parking_block":"1","title":"Productos","icon_data":["280"]},{"show_parking_block":"1","title":"Servicios","icon_data":["214","226"]},{"title":"Vehiculos Aptos","icon_data":["295"]},{"show_parking_block":"1","title":"Altura M\u00e1xima ","icon_data":["317"]}]},"points_of_interes":{"select":["Galeria Artes - 0.2 km","ERMITA DEL CRISTO DE LA LUZ - 0.3 km","Plaza Santa Ana - 0.3 km","Recreo Park - 0.3 km"]}},"_links":{"self":[{"href":"https:\/\/www.telpark.com\/es\/wp-json\/wp\/v2\/parkings\/2610"}],"collection":[{"href":"https:\/\/www.telpark.com\/es\/wp-json\/wp\/v2\/parkings"}],"about":[{"href":"https:\/\/www.telpark.com\/es\/wp-json\/wp\/v2\/types\/parkings"}],"version-history":[{"count":2,"href":"https:\/\/www.telpark.com\/es\/wp-json\/wp\/v2\/parkings\/2610\/revisions"}],"predecessor-version":[{"id":41383,"href":"https:\/\/www.telpark.com\/es\/wp-json\/wp\/v2\/parkings\/2610\/revisions\/41383"}],"wp:attachment":[{"href":"https:\/\/www.telpark.com\/es\/wp-json\/wp\/v2\/media?parent=2610"}],"wp:term":[{"taxonomy":"serviceList","embeddable":true,"href":"https:\/\/www.telpark.com\/es\/wp-json\/wp\/v2\/serviceList?post=2610"}],"curies":[{"name":"wp","href":"https:\/\/api.w.org\/{rel}","templated":true}]}}