{"id":2631,"date":"2023-03-31T13:03:25","date_gmt":"2023-03-31T13:03:25","guid":{"rendered":"https:\/\/telpark.cmspro.telpark.com\/ciudades\/%location%\/barceloneta-port-vell\/"},"modified":"2026-01-13T15:16:03","modified_gmt":"2026-01-13T14:16:03","slug":"parking-barceloneta-port-vell","status":"publish","type":"parkings","link":"https:\/\/www.telpark.com\/es\/ciudades\/barcelona\/parking-barceloneta-port-vell\/","title":{"rendered":"Barceloneta Port Vell"},"content":{"rendered":"\n<section class=\"tpk-banner-cta tpk-banner-cta--half  reverse   corporate\"\n         style=\" --bg-picture: url('https:\/\/www.telpark.com\/wp-content\/uploads\/2026\/04\/desktop-super-3-v2.jpg'); --bg-size: cover; --bg-position: center center;                   --bg-picture-xs: url('https:\/\/www.telpark.com\/wp-content\/uploads\/2026\/04\/mobile-super-3-.jpg'); \">\n    <div class=\"tpk-banner-cta--half__picture\">\n            <\/div>\n\n    <div class=\"tpk-banner-cta__content row wrapper middle-xs\">\n        <div class=\"col-xs-12 col-md-6 tpk-banner-cta__content__text\">\n                        <header class=\"tpk-head  wrapper\">\n    <p class=\"tpk-head__caption\">En tu app telpark<\/p>    <h3 class=\"tpk-head__title\">Reg\u00edstrate y consigue gratis 3\u20ac en Entrada Express<\/h3>    <p><span data-teams=\"true\">Descubre Entrada Express, el sistema leer\u00e1 autom\u00e1ticamente tu matr\u00edcula y te cobrar\u00e1 la estancia. <\/span><\/p>\n<p><span data-teams=\"true\">Y ahora con regalo... <strong>consigue\u00a0<\/strong> <strong>3\u20ac al crearte una cuenta, y otros 3\u20ac tras utilizar Entrada Express 3 o m\u00e1s veces.<\/strong><\/p>\n<p><\/span><\/p>\n<\/header>            <div class=\"tpk-banner-cta__buttons\">\n                                                        <a  class=\"tpk-button tpk-button--secondary tpk-button--lg \" href=\"https:\/\/promotion.telpark.com\/tyc_super3_grupo_1_2\"    >\n    <span>Descubre m\u00e1s<\/span>\n    <\/a>                            <\/div>\n        <\/div>\n    <\/div>\n<\/section>\n\n\n\n<section\n        class=\"tpk-banner-cta tpk-banner-cta--background center  \"\n        style=\" --bg-picture: url('https:\/\/www.telpark.com\/wp-content\/uploads\/2023\/03\/733d81fb1315498743a0a514632b7ad3.png'); --bg-size: cover; --bg-position: center center;\">\n    \n        \n    <div class=\"tpk-banner-cta__content row wrapper middle-xs \">\n        \n                    <div class=\"col-xs-12 col-md-6 tpk-banner-cta__content__text\">\n                \n                                            <header class=\"tpk-head  wrapper\">\n    <p class=\"tpk-head__caption\">Ciudades<\/p>    <h2 class=\"tpk-head__title\">Descubre la ciudad de Barcelona<\/h2>    <p>Si vas de viaje a Barcelona, recuerda que puedes estacionar en v\u00eda p\u00fablica y aparcar en nuestros parkings a trav\u00e9s de nuestra app. !Descubre las ventajas Telpark!<\/p>\n<\/header>                \n                                    <div class=\"tpk-banner-cta__buttons\">\n                                                                                <a  class=\"tpk-button tpk-button--primary tpk-button--lg \" href=\"\/es\/ciudades\/barcelona\/\"    target=\"_blank\" >\n    <span>Ver ciudad<\/span>\n    <\/a>                                            <\/div>\n                                        <\/div>\n        <\/div>\n    \n    <\/section>\n\n<section class=\"tpk-parkings \">\n    <div class=\"wrapper row center-xs\">\n        <div class=\"col-xs-12 col-sm-10 col-md-8\">\n                <header class=\"tpk-head  wrapper\">\n        <h2 class=\"tpk-head__title\">Encuentra otros parkings en Barcelona<\/h2>    <\/header>        <\/div>\n    <\/div>\n    <div class=\"tpk-parkings__list row wrapper\">\n                    <div class=\"col-xs-12 col-sm-6 col-md-6 col-lg-6 pb-1 pl-h pr-h\">\n                \n    <a href=\"https:\/\/www.telpark.com\/es\/ciudades\/barcelona\/parking-sancho-de-avila\/\" class=\"tpk-card-parking\">\n                                    <picture >\n\n                    <source srcset=\"https:\/\/www.telpark.com\/wp-content\/uploads\/2023\/03\/Plazas-Parking-telpark-Sancho-de-Avila-Barcelona-480x270.jpg\" media=\"((min-width: 0rem) and (max-width: 30rem))\">\n                             <source srcset=\"https:\/\/www.telpark.com\/wp-content\/uploads\/2023\/03\/Plazas-Parking-telpark-Sancho-de-Avila-Barcelona-480x270.jpg\" media=\"(min-width: 30rem) and (max-width: 64rem)\" >\n                            <source srcset=\"https:\/\/www.telpark.com\/wp-content\/uploads\/2023\/03\/Plazas-Parking-telpark-Sancho-de-Avila-Barcelona-280x300.jpg\" media=\"(min-width: 64rem)\" >\n        \n        \n                                                                                                                                                                    \n        <img decoding=\"async\" src=\"https:\/\/www.telpark.com\/wp-content\/uploads\/2023\/03\/Plazas-Parking-telpark-Sancho-de-Avila-Barcelona-280x300.jpg\" alt=\"\"  width=\"280\" height=\"300\"  loading=\"lazy\" >\n    <\/picture>\n\n                <div class=\"tpk-card-parking__content\">\n                            <h3 class=\"tpk-card-parking__title\">Parking Sancho de \u00c1vila en Barcelona<\/h3>\n                                        <address>C\/ Sancho de \u00c1vila, 35, 08018<\/address>\n                        <div class=\"tpk-card-parking__icons\">\n                                    <span class=\"icon icon-bono icon--md\"><\/span>\n                                    <span class=\"icon icon-charger icon--md\"><\/span>\n                                    <span class=\"icon icon-car-express icon--md\"><\/span>\n                                    <span class=\"icon icon-galibo190 icon--md\"><\/span>\n                                    <span class=\"icon icon-multipass icon--md\"><\/span>\n                                    <span class=\"icon icon-solidarity icon--md\"><\/span>\n                                    <span class=\"icon icon-reserva icon--md\"><\/span>\n                            <\/div>\n            <div class=\"tpk-card-parking__info\">\n                <div class=\"tpk-card-parking__info__price\">\n                                            a partir de\n                                                                <span>3,90 \u20ac<\/span>\n                                    <\/div>\n                <div class=\"tpk-card-parking__info__link\">\n                    <span class=\"icon icon-add icon--sm\">\n                    <\/span> \n                <\/div>\n            <\/div>\n        <\/div>\n    <\/a>\n            <\/div>\n                    <div class=\"col-xs-12 col-sm-6 col-md-6 col-lg-6 pb-1 pl-h pr-h\">\n                \n    <a href=\"https:\/\/www.telpark.com\/es\/ciudades\/barcelona\/parking-sagrat-cor\/\" class=\"tpk-card-parking\">\n                                    <picture >\n\n                    <source srcset=\"https:\/\/www.telpark.com\/wp-content\/uploads\/2023\/03\/Entrada-Parking-telpark-Sagrat-Cor-Barcelona-480x270.jpg\" media=\"((min-width: 0rem) and (max-width: 30rem))\">\n                             <source srcset=\"https:\/\/www.telpark.com\/wp-content\/uploads\/2023\/03\/Entrada-Parking-telpark-Sagrat-Cor-Barcelona-480x270.jpg\" media=\"(min-width: 30rem) and (max-width: 64rem)\" >\n                            <source srcset=\"https:\/\/www.telpark.com\/wp-content\/uploads\/2023\/03\/Entrada-Parking-telpark-Sagrat-Cor-Barcelona-280x300.jpg\" media=\"(min-width: 64rem)\" >\n        \n        \n                                                                                                                                                                    \n        <img decoding=\"async\" src=\"https:\/\/www.telpark.com\/wp-content\/uploads\/2023\/03\/Entrada-Parking-telpark-Sagrat-Cor-Barcelona-280x300.jpg\" alt=\"\"  width=\"280\" height=\"300\"  loading=\"lazy\" >\n    <\/picture>\n\n                <div class=\"tpk-card-parking__content\">\n                            <h3 class=\"tpk-card-parking__title\">Parking Sagrat Cor en Barcelona<\/h3>\n                                        <address>C\/ Viladomat, 288, 08029<\/address>\n                        <div class=\"tpk-card-parking__icons\">\n                                    <span class=\"icon icon-bono icon--md\"><\/span>\n                                    <span class=\"icon icon-car-express icon--md\"><\/span>\n                                    <span class=\"icon icon-galibo230 icon--md\"><\/span>\n                                    <span class=\"icon icon-multipass icon--md\"><\/span>\n                                    <span class=\"icon icon-reserva icon--md\"><\/span>\n                            <\/div>\n            <div class=\"tpk-card-parking__info\">\n                <div class=\"tpk-card-parking__info__price\">\n                                            a partir de\n                                                                <span><p>4,14 \u20ac<\/p><\/span>\n                                    <\/div>\n                <div class=\"tpk-card-parking__info__link\">\n                    <span class=\"icon icon-add icon--sm\">\n                    <\/span> \n                <\/div>\n            <\/div>\n        <\/div>\n    <\/a>\n            <\/div>\n                    <div class=\"col-xs-12 col-sm-6 col-md-6 col-lg-6 pb-1 pl-h pr-h\">\n                \n    <a href=\"https:\/\/www.telpark.com\/es\/ciudades\/barcelona\/parking-ronda-guinardo\/\" class=\"tpk-card-parking\">\n                                    <picture >\n\n                    <source srcset=\"https:\/\/www.telpark.com\/wp-content\/uploads\/2023\/03\/c35656b1b119a29c5d9d752a5d923c5f.jpg\" media=\"((min-width: 0rem) and (max-width: 30rem))\">\n                             <source srcset=\"https:\/\/www.telpark.com\/wp-content\/uploads\/2023\/03\/c35656b1b119a29c5d9d752a5d923c5f.jpg\" media=\"(min-width: 30rem) and (max-width: 64rem)\" >\n                            <source srcset=\"https:\/\/www.telpark.com\/wp-content\/uploads\/2023\/03\/c35656b1b119a29c5d9d752a5d923c5f.jpg\" media=\"(min-width: 64rem)\" >\n        \n        \n                                                                                                                                                                    \n        <img decoding=\"async\" src=\"https:\/\/www.telpark.com\/wp-content\/uploads\/2023\/03\/c35656b1b119a29c5d9d752a5d923c5f.jpg\" alt=\"\"  width=\"255\" height=\"176\"  loading=\"lazy\" >\n    <\/picture>\n\n                <div class=\"tpk-card-parking__content\">\n                            <h3 class=\"tpk-card-parking__title\">Parking Ronda Guinardo en Barcelona<\/h3>\n                                        <address>Ronda Guinardo, 48, 08025<\/address>\n                        <div class=\"tpk-card-parking__icons\">\n                                    <span class=\"icon icon-bono icon--md\"><\/span>\n                                    <span class=\"icon icon-car-express icon--md\"><\/span>\n                                    <span class=\"icon icon-galibo220 icon--md\"><\/span>\n                                    <span class=\"icon icon-multipass icon--md\"><\/span>\n                                    <span class=\"icon icon-reserva icon--md\"><\/span>\n                            <\/div>\n            <div class=\"tpk-card-parking__info\">\n                <div class=\"tpk-card-parking__info__price\">\n                                            a partir de\n                                                                <span>4,30 \u20ac<\/span>\n                                    <\/div>\n                <div class=\"tpk-card-parking__info__link\">\n                    <span class=\"icon icon-add icon--sm\">\n                    <\/span> \n                <\/div>\n            <\/div>\n        <\/div>\n    <\/a>\n            <\/div>\n                    <div class=\"col-xs-12 col-sm-6 col-md-6 col-lg-6 pb-1 pl-h pr-h\">\n                \n    <a href=\"https:\/\/www.telpark.com\/es\/ciudades\/barcelona\/parking-ninot-provenca\/\" class=\"tpk-card-parking\">\n                                    <picture >\n\n                    <source srcset=\"https:\/\/www.telpark.com\/wp-content\/uploads\/2023\/03\/Entrada-Parking-telpark-Ninot-Provenca-Barcelona-480x270.jpg\" media=\"((min-width: 0rem) and (max-width: 30rem))\">\n                             <source srcset=\"https:\/\/www.telpark.com\/wp-content\/uploads\/2023\/03\/Entrada-Parking-telpark-Ninot-Provenca-Barcelona-480x270.jpg\" media=\"(min-width: 30rem) and (max-width: 64rem)\" >\n                            <source srcset=\"https:\/\/www.telpark.com\/wp-content\/uploads\/2023\/03\/Entrada-Parking-telpark-Ninot-Provenca-Barcelona-280x300.jpg\" media=\"(min-width: 64rem)\" >\n        \n        \n                                                                                                                                                                    \n        <img decoding=\"async\" src=\"https:\/\/www.telpark.com\/wp-content\/uploads\/2023\/03\/Entrada-Parking-telpark-Ninot-Provenca-Barcelona-280x300.jpg\" alt=\"\"  width=\"280\" height=\"300\"  loading=\"lazy\" >\n    <\/picture>\n\n                <div class=\"tpk-card-parking__content\">\n                            <h3 class=\"tpk-card-parking__title\">Parking Ninot Proven\u00e7a en Barcelona<\/h3>\n                                        <address>Carrer de Proven\u00e7a, 192, 08036<\/address>\n                        <div class=\"tpk-card-parking__icons\">\n                                    <span class=\"icon icon-bono icon--md\"><\/span>\n                                    <span class=\"icon icon-charger icon--md\"><\/span>\n                                    <span class=\"icon icon-car-express icon--md\"><\/span>\n                                    <span class=\"icon icon-galibo200 icon--md\"><\/span>\n                                    <span class=\"icon icon-multipass icon--md\"><\/span>\n                                    <span class=\"icon icon-reserva icon--md\"><\/span>\n                            <\/div>\n            <div class=\"tpk-card-parking__info\">\n                <div class=\"tpk-card-parking__info__price\">\n                                            a partir de\n                                                                <span><p>4,05 \u20ac<\/p><\/span>\n                                    <\/div>\n                <div class=\"tpk-card-parking__info__link\">\n                    <span class=\"icon icon-add icon--sm\">\n                    <\/span> \n                <\/div>\n            <\/div>\n        <\/div>\n    <\/a>\n            <\/div>\n                    <div class=\"col-xs-12 col-sm-6 col-md-6 col-lg-6 pb-1 pl-h pr-h\">\n                \n    <a href=\"https:\/\/www.telpark.com\/es\/ciudades\/barcelona\/parking-iqs\/\" class=\"tpk-card-parking\">\n                                    <picture >\n\n                    <source srcset=\"https:\/\/www.telpark.com\/wp-content\/uploads\/2023\/03\/Entrada-Parking-telpark-IQS-Barcelona-480x270.jpg\" media=\"((min-width: 0rem) and (max-width: 30rem))\">\n                             <source srcset=\"https:\/\/www.telpark.com\/wp-content\/uploads\/2023\/03\/Entrada-Parking-telpark-IQS-Barcelona-480x270.jpg\" media=\"(min-width: 30rem) and (max-width: 64rem)\" >\n                            <source srcset=\"https:\/\/www.telpark.com\/wp-content\/uploads\/2023\/03\/Entrada-Parking-telpark-IQS-Barcelona-280x300.jpg\" media=\"(min-width: 64rem)\" >\n        \n        \n                                                                                                                                                                    \n        <img decoding=\"async\" src=\"https:\/\/www.telpark.com\/wp-content\/uploads\/2023\/03\/Entrada-Parking-telpark-IQS-Barcelona-280x300.jpg\" alt=\"\"  width=\"280\" height=\"300\"  loading=\"lazy\" >\n    <\/picture>\n\n                <div class=\"tpk-card-parking__content\">\n                            <h3 class=\"tpk-card-parking__title\">Parking IQS en Barcelona<\/h3>\n                                        <address>Via Augusta, 390, 08017<\/address>\n                        <div class=\"tpk-card-parking__icons\">\n                                    <span class=\"icon icon-bono icon--md\"><\/span>\n                                    <span class=\"icon icon-charger icon--md\"><\/span>\n                                    <span class=\"icon icon-car-express icon--md\"><\/span>\n                                    <span class=\"icon icon-galibo210 icon--md\"><\/span>\n                            <\/div>\n            <div class=\"tpk-card-parking__info\">\n                <div class=\"tpk-card-parking__info__price\">\n                                            a partir de\n                                                                <span>3,50 \u20ac<\/span>\n                                    <\/div>\n                <div class=\"tpk-card-parking__info__link\">\n                    <span class=\"icon icon-add icon--sm\">\n                    <\/span> \n                <\/div>\n            <\/div>\n        <\/div>\n    <\/a>\n            <\/div>\n                    <div class=\"col-xs-12 col-sm-6 col-md-6 col-lg-6 pb-1 pl-h pr-h\">\n                \n    <a href=\"https:\/\/www.telpark.com\/es\/ciudades\/barcelona\/parking-hospital-clinic-cek\/\" class=\"tpk-card-parking\">\n                                    <picture >\n\n                    <source srcset=\"https:\/\/www.telpark.com\/wp-content\/uploads\/2023\/03\/Parking-Clinic-CEK-Barcelona-480x270.jpg\" media=\"((min-width: 0rem) and (max-width: 30rem))\">\n                             <source srcset=\"https:\/\/www.telpark.com\/wp-content\/uploads\/2023\/03\/Parking-Clinic-CEK-Barcelona-480x270.jpg\" media=\"(min-width: 30rem) and (max-width: 64rem)\" >\n                            <source srcset=\"https:\/\/www.telpark.com\/wp-content\/uploads\/2023\/03\/Parking-Clinic-CEK-Barcelona-280x300.jpg\" media=\"(min-width: 64rem)\" >\n        \n        \n                                                                                                                                                                    \n        <img decoding=\"async\" src=\"https:\/\/www.telpark.com\/wp-content\/uploads\/2023\/03\/Parking-Clinic-CEK-Barcelona-280x300.jpg\" alt=\"\"  width=\"280\" height=\"300\"  loading=\"lazy\" >\n    <\/picture>\n\n                <div class=\"tpk-card-parking__content\">\n                            <h3 class=\"tpk-card-parking__title\">Parking Hospital Cl\u00ednic-CEK en Barcelona<\/h3>\n                                        <address>Calle Rossell\u00f3, 149, 08036<\/address>\n                        <div class=\"tpk-card-parking__icons\">\n                                    <span class=\"icon icon-bono icon--md\"><\/span>\n                                    <span class=\"icon icon-charger icon--md\"><\/span>\n                                    <span class=\"icon icon-car-express icon--md\"><\/span>\n                                    <span class=\"icon icon-galibo210 icon--md\"><\/span>\n                                    <span class=\"icon icon-multipass icon--md\"><\/span>\n                                    <span class=\"icon icon-reserva icon--md\"><\/span>\n                            <\/div>\n            <div class=\"tpk-card-parking__info\">\n                <div class=\"tpk-card-parking__info__price\">\n                                            a partir de\n                                                                <span><p>4,60 \u20ac<\/p><\/span>\n                                    <\/div>\n                <div class=\"tpk-card-parking__info__link\">\n                    <span class=\"icon icon-add icon--sm\">\n                    <\/span> \n                <\/div>\n            <\/div>\n        <\/div>\n    <\/a>\n            <\/div>\n                    <div class=\"col-xs-12 col-sm-6 col-md-6 col-lg-6 pb-1 pl-h pr-h\">\n                \n    <a href=\"https:\/\/www.telpark.com\/es\/ciudades\/barcelona\/parking-galileu-les-corts\/\" class=\"tpk-card-parking\">\n                                    <picture >\n\n                    <source srcset=\"https:\/\/www.telpark.com\/wp-content\/uploads\/2023\/03\/Entrada-Parking-telpark-Galileu-Les-Corts-Barcelona-480x270.jpg\" media=\"((min-width: 0rem) and (max-width: 30rem))\">\n                             <source srcset=\"https:\/\/www.telpark.com\/wp-content\/uploads\/2023\/03\/Entrada-Parking-telpark-Galileu-Les-Corts-Barcelona-480x270.jpg\" media=\"(min-width: 30rem) and (max-width: 64rem)\" >\n                            <source srcset=\"https:\/\/www.telpark.com\/wp-content\/uploads\/2023\/03\/Entrada-Parking-telpark-Galileu-Les-Corts-Barcelona-280x300.jpg\" media=\"(min-width: 64rem)\" >\n        \n        \n                                                                                                                                                                    \n        <img decoding=\"async\" src=\"https:\/\/www.telpark.com\/wp-content\/uploads\/2023\/03\/Entrada-Parking-telpark-Galileu-Les-Corts-Barcelona-280x300.jpg\" alt=\"\"  width=\"280\" height=\"300\"  loading=\"lazy\" >\n    <\/picture>\n\n                <div class=\"tpk-card-parking__content\">\n                            <h3 class=\"tpk-card-parking__title\">Parking Galileu Les Corts en Barcelona<\/h3>\n                                        <address>C\/ Galileu, 298, 08028<\/address>\n                        <div class=\"tpk-card-parking__icons\">\n                                    <span class=\"icon icon-bono icon--md\"><\/span>\n                                    <span class=\"icon icon-car-express icon--md\"><\/span>\n                                    <span class=\"icon icon-galibo200 icon--md\"><\/span>\n                                    <span class=\"icon icon-multipass icon--md\"><\/span>\n                                    <span class=\"icon icon-reserva icon--md\"><\/span>\n                            <\/div>\n            <div class=\"tpk-card-parking__info\">\n                <div class=\"tpk-card-parking__info__price\">\n                                            a partir de\n                                                                <span><p>4,30 \u20ac<\/p><\/span>\n                                    <\/div>\n                <div class=\"tpk-card-parking__info__link\">\n                    <span class=\"icon icon-add icon--sm\">\n                    <\/span> \n                <\/div>\n            <\/div>\n        <\/div>\n    <\/a>\n            <\/div>\n            <\/div>\n    <\/section>\n\n\n<section class=\"tpk-banner-cta tpk-banner-cta--half   \"\n         style=\"                 \">\n    <div class=\"tpk-banner-cta--half__picture\">\n                                    <picture >\n\n                    <source srcset=\"https:\/\/www.telpark.com\/wp-content\/uploads\/2023\/03\/pexels-tyler-hendy-9620-175934-460x520.jpg\" media=\"((min-width: 0rem) and (max-width: 30rem))\">\n                             <source srcset=\"https:\/\/www.telpark.com\/wp-content\/uploads\/2023\/03\/pexels-tyler-hendy-9620-175934-520x520.jpg\" media=\"(min-width: 30rem) and (max-width: 64rem)\" >\n                            <source srcset=\"https:\/\/www.telpark.com\/wp-content\/uploads\/2023\/03\/pexels-tyler-hendy-9620-175934-960x814.jpg\" media=\"(min-width: 64rem)\" >\n        \n        \n                                                                                                        \n        <img decoding=\"async\" src=\"https:\/\/www.telpark.com\/wp-content\/uploads\/2023\/03\/pexels-tyler-hendy-9620-175934-960x814.jpg\" alt=\"barcelona\"  width=\"960\" height=\"814\"  loading=\"lazy\" >\n    <\/picture>\n\n            <\/div>\n\n    <div class=\"tpk-banner-cta__content row wrapper middle-xs\">\n        <div class=\"col-xs-12 col-md-6 tpk-banner-cta__content__text\">\n                        <header class=\"tpk-head  wrapper\">\n        <h2 class=\"tpk-head__title\">\u00bfPor qu\u00e9 elegir el parking Port Vell de la Barceloneta?<\/h2>    <p>Esta es la f\u00f3rmula perfecta para aparcar en Barcelona y recorrer algunos de los lugares m\u00e1s emblem\u00e1ticos de la ciudad sin perder ni un minuto. El parking Port Vell te ofrece f\u00e1cil acceso al paseo de la playa, al muelle y al Acuario de Barcelona. Tampoco te faltar\u00e1n opciones hacia el interior, con lugares tan destacados como la catedral, el Museo Picasso o el Parque de la Ciutadella, todos ellos a tan solo un paseo.<\/p>\n<p>Barcelona es una ciudad repleta de posibilidades y en la que se celebran importantes eventos a lo largo de todo el a\u00f1o. Si quieres llegar a tiempo y disfrutarlos con tranquilidad, reserva ya tu plaza en este parking en la Barceloneta. Puedes hacerlo directamente desde la app telpark y con un mes de antelaci\u00f3n. \u00bfCambio de planes? No te preocupes. Tambi\u00e9n desde la app podr\u00e1s cancelar la reserva sin coste alguno hasta un d\u00eda antes de la fecha prevista.<\/p>\n<p>Otras opciones pr\u00e1cticas que encontrar\u00e1s al alcance de tu mano son el servicio Multipass, para configurar tus entradas al aparcamiento en packs de 5, 10 y 20 pases, o la Entrada Express, para entrar al parking de la Barceloneta sin recoger ticket y salir sin pasar por el cajero: la entrada, la subida de la barrera y los pagos se realizan de manera autom\u00e1tica. Y si te decides por un abono solidario, no solo conseguir\u00e1s una plaza reservada en exclusiva para ti, sino que estar\u00e1s destinando el 50 % del importe a crear centros de d\u00eda para j\u00f3venes con discapacidad severa.<\/p>\n<p>\u00bfQuieres sacarles el m\u00e1ximo provecho a todas las posibilidades de estas instalaciones? Este parking en la Barceloneta dispone tambi\u00e9n de otros servicios pr\u00e1cticos como la carga el\u00e9ctrica, el lavadero de coches o el inicio y la finalizaci\u00f3n de servicios de carsharing. Adem\u00e1s, permanece abierto todo el d\u00eda, dispone de videovigilancia las 24 horas y est\u00e1 habilitado para coches, motos y furgonetas.<\/p>\n<\/header>            <div class=\"tpk-banner-cta__buttons\">\n                            <\/div>\n        <\/div>\n    <\/div>\n<\/section>\n\n\n<section class=\"tpk-banner-app \">\n    <div class=\"row wrapper middle-xs\">\n        <div class=\"col-xs-12 col-sm-6 col-no-gutter tpk-banner-app__picture\">\n                                                <picture class=\"hide-xs show-sm\">\n\n                             <source srcset=\"https:\/\/www.telpark.com\/wp-content\/uploads\/2023\/08\/Bloque-descarga-ok-1-488x534.png\" media=\"(min-width: 30rem) and (max-width: 64rem)\" >\n                            <source srcset=\"https:\/\/www.telpark.com\/wp-content\/uploads\/2023\/08\/Bloque-descarga-ok-1-680x752.png\" media=\"(min-width: 64rem)\" >\n        \n        \n                                                                                                        \n        <img decoding=\"async\" src=\"https:\/\/www.telpark.com\/wp-content\/uploads\/2023\/08\/Bloque-descarga-ok-1-680x752.png\" alt=\"Desc\u00e1rgate la App\"  width=\"680\" height=\"752\"  loading=\"lazy\" >\n    <\/picture>\n\n                                <\/div>\n        <div class=\"col-xs-12 col-sm-6 tpk-banner-app__content\">\n                        <header class=\"tpk-head  wrapper\">\n        <h2 class=\"tpk-head__title\">Desc\u00e1rgate la app y empieza a pagar menos<\/h2>    <\/header>\n                        <div class=\"tpk-banner-app__buttons\">\n                                                                                                                                                <a href=\"https:\/\/apps.apple.com\/es\/app\/telpark\/id658204860\" class=\"tpk-button tpk-button--app dark\" target=\"_blank\">\n        <svg width=\"25\" height=\"30\" viewBox=\"0 0 25 30\" fill=\"none\" xmlns=\"http:\/\/www.w3.org\/2000\/svg\">\n            <path d=\"M23.643 10.227C23.469 10.362 20.397 12.093 20.397 15.942C20.397 20.394 24.306 21.969 24.423 22.008C24.405 22.104 23.802 24.165 22.362 26.265C21.078 28.113 19.737 29.958 17.697 29.958C15.657 29.958 15.132 28.773 12.777 28.773C10.482 28.773 9.666 29.997 7.8 29.997C5.934 29.997 4.632 28.287 3.135 26.187C1.401 23.721 0 19.89 0 16.254C0 10.422 3.792 7.329 7.524 7.329C9.507 7.329 11.16 8.631 12.405 8.631C13.59 8.631 15.438 7.251 17.694 7.251C18.549 7.251 21.621 7.329 23.643 10.227V10.227ZM16.623 4.782C17.556 3.675 18.216 2.139 18.216 0.603C18.216 0.39 18.198 0.174 18.159 0C16.641 0.057 14.835 1.011 13.746 2.274C12.891 3.246 12.093 4.782 12.093 6.339C12.093 6.573 12.132 6.807 12.15 6.882C12.246 6.9 12.402 6.921 12.558 6.921C13.92 6.921 15.633 6.009 16.623 4.782Z\" fill=\"white\"\/>\n        <\/svg>\n        <div>\n            <span>Disponible en<\/span>\n            Apple Store\n        <\/div>\n    <\/a>\n\n                                                                                                                            \n    <a href=\"https:\/\/play.google.com\/store\/apps\/details?id=com.delaware.empark&hl=es&referrer=%26utm_campaign%3Dnondigital%26utm_source%3Dnondigital%26utm_medium%3Dnondigital&pli=1\" class=\"tpk-button tpk-button--app dark\" target=\"_blank\">\n        <svg width=\"23\" height=\"26\" viewBox=\"0 0 23 26\" fill=\"none\" xmlns=\"http:\/\/www.w3.org\/2000\/svg\">\n            <path fill-rule=\"evenodd\" clip-rule=\"evenodd\" d=\"M0.862422 0.87988C0.581172 1.18175 0.419922 1.64675 0.419922 2.25113V23.7411C0.419922 24.3455 0.581172 24.8105 0.873047 25.1018L0.949297 25.1661L12.9905 13.1249V12.8543L0.938672 0.815505L0.862422 0.87988Z\" fill=\"url(#paint0_linear_9_9)\"\/>\n            <path fill-rule=\"evenodd\" clip-rule=\"evenodd\" d=\"M16.9962 17.1543L12.98 13.1368V12.8556L16.9975 8.83807L17.0843 8.89182L21.8362 11.5924C23.1968 12.3593 23.1968 13.6231 21.8362 14.4006L17.0843 17.1012L16.9962 17.1543Z\" fill=\"url(#paint1_linear_9_9)\"\/>\n            <path fill-rule=\"evenodd\" clip-rule=\"evenodd\" d=\"M17.083 17.1005L12.9799 12.9961L0.862371 25.1136C1.30487 25.5892 2.04987 25.643 2.88237 25.178L17.083 17.1005Z\" fill=\"url(#paint2_linear_9_9)\"\/>\n            <path fill-rule=\"evenodd\" clip-rule=\"evenodd\" d=\"M17.083 8.89304L2.88237 0.82616C2.05112 0.350535 1.30487 0.41491 0.862371 0.890535L12.9786 12.9962L17.083 8.89304Z\" fill=\"url(#paint3_linear_9_9)\"\/>\n            <defs>\n            <linearGradient id=\"paint0_linear_9_9\" x1=\"35.6607\" y1=\"-6.74995\" x2=\"-5.23028\" y2=\"12.2052\" gradientUnits=\"userSpaceOnUse\">\n            <stop stop-color=\"#047ED6\"\/>\n            <stop offset=\"1\" stop-color=\"#50E6FF\"\/>\n            <\/linearGradient>\n            <linearGradient id=\"paint1_linear_9_9\" x1=\"24.5643\" y1=\"12.9971\" x2=\"-6.03917\" y2=\"12.9971\" gradientUnits=\"userSpaceOnUse\">\n            <stop stop-color=\"#FFDA1C\"\/>\n            <stop offset=\"1\" stop-color=\"#FEB705\"\/>\n            <\/linearGradient>\n            <linearGradient id=\"paint2_linear_9_9\" x1=\"19.7657\" y1=\"4.95934\" x2=\"-15.0772\" y2=\"45.5368\" gradientUnits=\"userSpaceOnUse\">\n            <stop stop-color=\"#D9414F\"\/>\n            <stop offset=\"1\" stop-color=\"#8C193F\"\/>\n            <\/linearGradient>\n            <linearGradient id=\"paint3_linear_9_9\" x1=\"-2.18997\" y1=\"-6.27096\" x2=\"4.71665\" y2=\"5.36978\" gradientUnits=\"userSpaceOnUse\">\n            <stop stop-color=\"#33C481\"\/>\n            <stop offset=\"1\" stop-color=\"#61E3A7\"\/>\n            <\/linearGradient>\n            <\/defs>\n            <\/svg>\n        <div>\n            <span>Disponible en<\/span>\n            Google Play\n        <\/div>\n    <\/a>\n                                                                                                <\/div>\n        <\/div>\n    <\/div>\n<\/section>\n","protected":false},"featured_media":0,"template":"","serviceList":[],"yoast_head":"<!-- This site is optimized with the Yoast SEO plugin v20.12 - https:\/\/yoast.com\/wordpress\/plugins\/seo\/ -->\n<title>Parking Barceloneta Port Vell en Barcelona - Reserva ya | telpark<\/title>\n<meta name=\"description\" content=\"Aparcar en Barcelona es m\u00e1s f\u00e1cil con telpark y su Parking Barceloneta Port Vell. Reserva tu parking y disfruta de nuestros servicios descargando la app.\" \/>\n<meta name=\"robots\" content=\"index, follow, max-snippet:-1, max-image-preview:large, max-video-preview:-1\" \/>\n<link rel=\"canonical\" href=\"https:\/\/www.telpark.com\/es\/ciudades\/barcelona\/parking-barceloneta-port-vell\/\" \/>\n<meta property=\"og:locale\" content=\"es_ES\" \/>\n<meta property=\"og:type\" content=\"article\" \/>\n<meta property=\"og:title\" content=\"Parking Barceloneta Port Vell en Barcelona - Reserva ya | telpark\" \/>\n<meta property=\"og:description\" content=\"Aparcar en Barcelona es m\u00e1s f\u00e1cil con telpark y su Parking Barceloneta Port Vell. Reserva tu parking y disfruta de nuestros servicios descargando la app.\" \/>\n<meta property=\"og:url\" content=\"https:\/\/www.telpark.com\/es\/ciudades\/barcelona\/parking-barceloneta-port-vell\/\" \/>\n<meta property=\"og:site_name\" content=\"Telpark\" \/>\n<meta property=\"article:modified_time\" content=\"2026-01-13T14:16:03+00:00\" \/>\n<meta name=\"twitter:card\" content=\"summary_large_image\" \/>\n<meta name=\"twitter:site\" content=\"@telpark_es\" \/>\n<script type=\"application\/ld+json\" class=\"yoast-schema-graph\">{\"@context\":\"https:\/\/schema.org\",\"@graph\":[{\"@type\":\"WebPage\",\"@id\":\"https:\/\/www.telpark.com\/es\/ciudades\/barcelona\/parking-barceloneta-port-vell\/\",\"url\":\"https:\/\/www.telpark.com\/es\/ciudades\/barcelona\/parking-barceloneta-port-vell\/\",\"name\":\"Parking Barceloneta Port Vell en Barcelona - Reserva ya | telpark\",\"isPartOf\":{\"@id\":\"https:\/\/www.telpark.com\/es\/#website\"},\"datePublished\":\"2023-03-31T13:03:25+00:00\",\"dateModified\":\"2026-01-13T14:16:03+00:00\",\"description\":\"Aparcar en Barcelona es m\u00e1s f\u00e1cil con telpark y su Parking Barceloneta Port Vell. Reserva tu parking y disfruta de nuestros servicios descargando la app.\",\"breadcrumb\":{\"@id\":\"https:\/\/www.telpark.com\/es\/ciudades\/barcelona\/parking-barceloneta-port-vell\/#breadcrumb\"},\"inLanguage\":\"es-ES\",\"potentialAction\":[{\"@type\":\"ReadAction\",\"target\":[\"https:\/\/www.telpark.com\/es\/ciudades\/barcelona\/parking-barceloneta-port-vell\/\"]}]},{\"@type\":\"BreadcrumbList\",\"@id\":\"https:\/\/www.telpark.com\/es\/ciudades\/barcelona\/parking-barceloneta-port-vell\/#breadcrumb\",\"itemListElement\":[{\"@type\":\"ListItem\",\"position\":1,\"name\":\"Home\",\"item\":\"https:\/\/www.telpark.com\/es\/\"},{\"@type\":\"ListItem\",\"position\":2,\"name\":\"Barceloneta Port Vell\"}]},{\"@type\":\"WebSite\",\"@id\":\"https:\/\/www.telpark.com\/es\/#website\",\"url\":\"https:\/\/www.telpark.com\/es\/\",\"name\":\"Telpark\",\"description\":\"Reserva tu plaza en los mejores aparcamientos. Descarga la app y olv\u00eddate de cajeros o parqu\u00edmetros en m\u00e1s de 100 ciudades en Espa\u00f1a y Portugal\",\"publisher\":{\"@id\":\"https:\/\/www.telpark.com\/es\/#organization\"},\"potentialAction\":[{\"@type\":\"SearchAction\",\"target\":{\"@type\":\"EntryPoint\",\"urlTemplate\":\"https:\/\/www.telpark.com\/es\/?s={search_term_string}\"},\"query-input\":\"required name=search_term_string\"}],\"inLanguage\":\"es-ES\"},{\"@type\":\"Organization\",\"@id\":\"https:\/\/www.telpark.com\/es\/#organization\",\"name\":\"Telpark\",\"url\":\"https:\/\/www.telpark.com\/es\/\",\"logo\":{\"@type\":\"ImageObject\",\"inLanguage\":\"es-ES\",\"@id\":\"https:\/\/www.telpark.com\/es\/#\/schema\/logo\/image\/\",\"url\":\"https:\/\/www.telpark.com\/wp-content\/uploads\/2023\/09\/telpark-logo.svg\",\"contentUrl\":\"https:\/\/www.telpark.com\/wp-content\/uploads\/2023\/09\/telpark-logo.svg\",\"width\":128,\"height\":32,\"caption\":\"Telpark\"},\"image\":{\"@id\":\"https:\/\/www.telpark.com\/es\/#\/schema\/logo\/image\/\"},\"sameAs\":[\"https:\/\/twitter.com\/telpark_es\",\"https:\/\/www.instagram.com\/telpark_app\/\",\"https:\/\/www.youtube.com\/channel\/UCm8sjis_xlHU5VYQ6GslW-Q\"]}]}<\/script>\n<!-- \/ Yoast SEO plugin. -->","yoast_head_json":{"title":"Parking Barceloneta Port Vell en Barcelona - Reserva ya | telpark","description":"Aparcar en Barcelona es m\u00e1s f\u00e1cil con telpark y su Parking Barceloneta Port Vell. Reserva tu parking y disfruta de nuestros servicios descargando la app.","robots":{"index":"index","follow":"follow","max-snippet":"max-snippet:-1","max-image-preview":"max-image-preview:large","max-video-preview":"max-video-preview:-1"},"canonical":"https:\/\/www.telpark.com\/es\/ciudades\/barcelona\/parking-barceloneta-port-vell\/","og_locale":"es_ES","og_type":"article","og_title":"Parking Barceloneta Port Vell en Barcelona - Reserva ya | telpark","og_description":"Aparcar en Barcelona es m\u00e1s f\u00e1cil con telpark y su Parking Barceloneta Port Vell. Reserva tu parking y disfruta de nuestros servicios descargando la app.","og_url":"https:\/\/www.telpark.com\/es\/ciudades\/barcelona\/parking-barceloneta-port-vell\/","og_site_name":"Telpark","article_modified_time":"2026-01-13T14:16:03+00:00","twitter_card":"summary_large_image","twitter_site":"@telpark_es","schema":{"@context":"https:\/\/schema.org","@graph":[{"@type":"WebPage","@id":"https:\/\/www.telpark.com\/es\/ciudades\/barcelona\/parking-barceloneta-port-vell\/","url":"https:\/\/www.telpark.com\/es\/ciudades\/barcelona\/parking-barceloneta-port-vell\/","name":"Parking Barceloneta Port Vell en Barcelona - Reserva ya | telpark","isPartOf":{"@id":"https:\/\/www.telpark.com\/es\/#website"},"datePublished":"2023-03-31T13:03:25+00:00","dateModified":"2026-01-13T14:16:03+00:00","description":"Aparcar en Barcelona es m\u00e1s f\u00e1cil con telpark y su Parking Barceloneta Port Vell. Reserva tu parking y disfruta de nuestros servicios descargando la app.","breadcrumb":{"@id":"https:\/\/www.telpark.com\/es\/ciudades\/barcelona\/parking-barceloneta-port-vell\/#breadcrumb"},"inLanguage":"es-ES","potentialAction":[{"@type":"ReadAction","target":["https:\/\/www.telpark.com\/es\/ciudades\/barcelona\/parking-barceloneta-port-vell\/"]}]},{"@type":"BreadcrumbList","@id":"https:\/\/www.telpark.com\/es\/ciudades\/barcelona\/parking-barceloneta-port-vell\/#breadcrumb","itemListElement":[{"@type":"ListItem","position":1,"name":"Home","item":"https:\/\/www.telpark.com\/es\/"},{"@type":"ListItem","position":2,"name":"Barceloneta Port Vell"}]},{"@type":"WebSite","@id":"https:\/\/www.telpark.com\/es\/#website","url":"https:\/\/www.telpark.com\/es\/","name":"Telpark","description":"Reserva tu plaza en los mejores aparcamientos. Descarga la app y olv\u00eddate de cajeros o parqu\u00edmetros en m\u00e1s de 100 ciudades en Espa\u00f1a y Portugal","publisher":{"@id":"https:\/\/www.telpark.com\/es\/#organization"},"potentialAction":[{"@type":"SearchAction","target":{"@type":"EntryPoint","urlTemplate":"https:\/\/www.telpark.com\/es\/?s={search_term_string}"},"query-input":"required name=search_term_string"}],"inLanguage":"es-ES"},{"@type":"Organization","@id":"https:\/\/www.telpark.com\/es\/#organization","name":"Telpark","url":"https:\/\/www.telpark.com\/es\/","logo":{"@type":"ImageObject","inLanguage":"es-ES","@id":"https:\/\/www.telpark.com\/es\/#\/schema\/logo\/image\/","url":"https:\/\/www.telpark.com\/wp-content\/uploads\/2023\/09\/telpark-logo.svg","contentUrl":"https:\/\/www.telpark.com\/wp-content\/uploads\/2023\/09\/telpark-logo.svg","width":128,"height":32,"caption":"Telpark"},"image":{"@id":"https:\/\/www.telpark.com\/es\/#\/schema\/logo\/image\/"},"sameAs":["https:\/\/twitter.com\/telpark_es","https:\/\/www.instagram.com\/telpark_app\/","https:\/\/www.youtube.com\/channel\/UCm8sjis_xlHU5VYQ6GslW-Q"]}]}},"meta_box":{"location":"2259","telpark_bd_id":"0024","header":{"title":"Parking Barceloneta Port Vell en Barcelona","caption":"Parking telpark","address":"Pla\u00e7a Pau Vila, 1, 08039","tlf":"+34 932 21 44 36 \/ 932 43 44 10","text_link":"\u00bfC\u00f3mo llegar?","url":"https:\/\/goo.gl\/maps\/pc4VZG1xd4hQ6Qix9","icon":"icon-export","info_prize":"a partir de","prize":"<p>4,25 \u20ac<\/p>","image":"944","latitude":"41.381142","longitude":"2.185705"},"detail":{"image":"37930","description":"<h2>Sobre el parking<\/h2>\r\n<p>Ad\u00e9ntrate en el coraz\u00f3n de Barcelona sin sufrir las complicaciones del tr\u00e1fico urbano. Desde la Ronda Litoral tienes acceso directo al parking Port Vell en la Barceloneta y, desde aqu\u00ed, al resto de la ciudad. Llegar al comienzo de Las Ramblas tan solo te llevar\u00e1 10 minutos a pie, y a\u00fan menos plantarte en el coraz\u00f3n de los barrios G\u00f3tico y del Born.<\/p>","button_info":{"url":"https:\/\/reserva.telpark.com\/es\/parking\/BARCELONA_JOAN_DE_BORBO_PARKING","color":"primary","size":"lg","text":"Reservar parking"}},"parking_info":{"info_list":[{"title":"Horarios","items":[{"title":"Horario de servicio","content":"<p>24h<\/p>"},{"title":"Atenci\u00f3n al cliente","content":"<p>De lunes a viernes de 08:00h a 14:00h.<\/p>"}]},{"title":"Precios generales","description":"<p><span data-teams=\"true\"><i>*Los precios indicados pueden variar sin previo aviso<\/i><\/span><\/p>","items":[{"title":"Precio primera hora","content":"<p>4,25 \u20ac<\/p>"},{"title":"Precio primera hora viernes,<br>fin de semana, festivos y v\u00edsperas","content":"<p>4,45 \u20ac<\/p>"},{"title":"M\u00e1ximo Diario","content":"<p>37,95 \u20ac<\/p>"}]}],"icon_list":[{"show_parking_block":"1","title":"Productos","icon_data":["274","277","280","283","286","329"]},{"title":"Servicios","icon_data":["199","208","214","226","190","256","205","229","244"]},{"title":"Forma de Pago","icon_data":["247","250","259","271"]},{"title":"Veh\u00edculos Aptos","icon_data":["295","298","301"]},{"show_parking_block":"1","title":"Altura M\u00e1xima","icon_data":["315"]}]},"points_of_interes":{"select":["Barceloneta - 0.3 km","Facultat de N\u00e0utica de Barcelona - 0.3 km","Pla de Palau - Av Marqu\u00e8s de l'Argentera - 0.5 km","Pas Sota Muralla - Pg Colom - 0.6 km","Barceloneta Park - 0.6 km","Estaci\u00f3 de Fran\u00e7a - 0.7 km"]}},"_links":{"self":[{"href":"https:\/\/www.telpark.com\/es\/wp-json\/wp\/v2\/parkings\/2631"}],"collection":[{"href":"https:\/\/www.telpark.com\/es\/wp-json\/wp\/v2\/parkings"}],"about":[{"href":"https:\/\/www.telpark.com\/es\/wp-json\/wp\/v2\/types\/parkings"}],"version-history":[{"count":3,"href":"https:\/\/www.telpark.com\/es\/wp-json\/wp\/v2\/parkings\/2631\/revisions"}],"predecessor-version":[{"id":49107,"href":"https:\/\/www.telpark.com\/es\/wp-json\/wp\/v2\/parkings\/2631\/revisions\/49107"}],"wp:attachment":[{"href":"https:\/\/www.telpark.com\/es\/wp-json\/wp\/v2\/media?parent=2631"}],"wp:term":[{"taxonomy":"serviceList","embeddable":true,"href":"https:\/\/www.telpark.com\/es\/wp-json\/wp\/v2\/serviceList?post=2631"}],"curies":[{"name":"wp","href":"https:\/\/api.w.org\/{rel}","templated":true}]}}