{"id":15197,"date":"2023-03-16T10:41:46","date_gmt":"2023-03-16T09:41:46","guid":{"rendered":"https:\/\/telpark.cmspro.telpark.com\/faqs\/que-tipos-de-tarifas-se-aplican-en-madrid\/"},"modified":"2024-03-27T11:39:37","modified_gmt":"2024-03-27T10:39:37","slug":"quels-tarifs-sont-appliques-a-madrid","status":"publish","type":"faqs","link":"https:\/\/www.telpark.com\/fr\/faqs\/quels-tarifs-sont-appliques-a-madrid\/","title":{"rendered":"Quels tarifs sont appliqu\u00e9s \u00e0 Madrid?"},"template":"","faqsCategory":[445],"yoast_head":"<!-- This site is optimized with the Yoast SEO plugin v20.12 - https:\/\/yoast.com\/wordpress\/plugins\/seo\/ -->\n<title>Quels tarifs sont appliqu\u00e9s \u00e0 Madrid? | Telpark<\/title>\n<meta name=\"robots\" content=\"noindex, follow\" \/>\n<meta property=\"og:locale\" content=\"fr_FR\" \/>\n<meta property=\"og:type\" content=\"article\" \/>\n<meta property=\"og:title\" content=\"Quels tarifs sont appliqu\u00e9s \u00e0 Madrid? | Telpark\" \/>\n<meta property=\"og:url\" content=\"https:\/\/www.telpark.com\/fr\/faqs\/quels-tarifs-sont-appliques-a-madrid\/\" \/>\n<meta property=\"og:site_name\" content=\"Telpark\" \/>\n<meta property=\"article:modified_time\" content=\"2024-03-27T10:39:37+00:00\" \/>\n<meta name=\"twitter:card\" content=\"summary_large_image\" \/>\n<meta name=\"twitter:site\" content=\"@telpark_es\" \/>\n<script type=\"application\/ld+json\" class=\"yoast-schema-graph\">{\"@context\":\"https:\/\/schema.org\",\"@graph\":[{\"@type\":\"WebPage\",\"@id\":\"https:\/\/www.telpark.com\/fr\/faqs\/quels-tarifs-sont-appliques-a-madrid\/\",\"url\":\"https:\/\/www.telpark.com\/fr\/faqs\/quels-tarifs-sont-appliques-a-madrid\/\",\"name\":\"Quels tarifs sont appliqu\u00e9s \u00e0 Madrid? | Telpark\",\"isPartOf\":{\"@id\":\"https:\/\/www.telpark.com\/fr\/#website\"},\"datePublished\":\"2023-03-16T09:41:46+00:00\",\"dateModified\":\"2024-03-27T10:39:37+00:00\",\"breadcrumb\":{\"@id\":\"https:\/\/www.telpark.com\/fr\/faqs\/quels-tarifs-sont-appliques-a-madrid\/#breadcrumb\"},\"inLanguage\":\"fr-FR\",\"potentialAction\":[{\"@type\":\"ReadAction\",\"target\":[\"https:\/\/www.telpark.com\/fr\/faqs\/quels-tarifs-sont-appliques-a-madrid\/\"]}]},{\"@type\":\"BreadcrumbList\",\"@id\":\"https:\/\/www.telpark.com\/fr\/faqs\/quels-tarifs-sont-appliques-a-madrid\/#breadcrumb\",\"itemListElement\":[{\"@type\":\"ListItem\",\"position\":1,\"name\":\"Home\",\"item\":\"https:\/\/www.telpark.com\/fr\/\"},{\"@type\":\"ListItem\",\"position\":2,\"name\":\"Quels tarifs sont appliqu\u00e9s \u00e0 Madrid?\"}]},{\"@type\":\"WebSite\",\"@id\":\"https:\/\/www.telpark.com\/fr\/#website\",\"url\":\"https:\/\/www.telpark.com\/fr\/\",\"name\":\"Telpark\",\"description\":\"Reserva tu plaza en los mejores aparcamientos. Descarga la app y olv\u00eddate de cajeros o parqu\u00edmetros en m\u00e1s de 100 ciudades en Espa\u00f1a y Portugal\",\"publisher\":{\"@id\":\"https:\/\/www.telpark.com\/fr\/#organization\"},\"potentialAction\":[{\"@type\":\"SearchAction\",\"target\":{\"@type\":\"EntryPoint\",\"urlTemplate\":\"https:\/\/www.telpark.com\/fr\/?s={search_term_string}\"},\"query-input\":\"required name=search_term_string\"}],\"inLanguage\":\"fr-FR\"},{\"@type\":\"Organization\",\"@id\":\"https:\/\/www.telpark.com\/fr\/#organization\",\"name\":\"Telpark\",\"url\":\"https:\/\/www.telpark.com\/fr\/\",\"logo\":{\"@type\":\"ImageObject\",\"inLanguage\":\"fr-FR\",\"@id\":\"https:\/\/www.telpark.com\/fr\/#\/schema\/logo\/image\/\",\"url\":\"https:\/\/www.telpark.com\/wp-content\/uploads\/2023\/09\/telpark-logo.svg\",\"contentUrl\":\"https:\/\/www.telpark.com\/wp-content\/uploads\/2023\/09\/telpark-logo.svg\",\"width\":128,\"height\":32,\"caption\":\"Telpark\"},\"image\":{\"@id\":\"https:\/\/www.telpark.com\/fr\/#\/schema\/logo\/image\/\"},\"sameAs\":[\"https:\/\/twitter.com\/telpark_es\",\"https:\/\/www.instagram.com\/telpark_app\/\",\"https:\/\/www.youtube.com\/channel\/UCm8sjis_xlHU5VYQ6GslW-Q\"]}]}<\/script>\n<!-- \/ Yoast SEO plugin. -->","yoast_head_json":{"title":"Quels tarifs sont appliqu\u00e9s \u00e0 Madrid? | Telpark","robots":{"index":"noindex","follow":"follow"},"og_locale":"fr_FR","og_type":"article","og_title":"Quels tarifs sont appliqu\u00e9s \u00e0 Madrid? | Telpark","og_url":"https:\/\/www.telpark.com\/fr\/faqs\/quels-tarifs-sont-appliques-a-madrid\/","og_site_name":"Telpark","article_modified_time":"2024-03-27T10:39:37+00:00","twitter_card":"summary_large_image","twitter_site":"@telpark_es","schema":{"@context":"https:\/\/schema.org","@graph":[{"@type":"WebPage","@id":"https:\/\/www.telpark.com\/fr\/faqs\/quels-tarifs-sont-appliques-a-madrid\/","url":"https:\/\/www.telpark.com\/fr\/faqs\/quels-tarifs-sont-appliques-a-madrid\/","name":"Quels tarifs sont appliqu\u00e9s \u00e0 Madrid? | Telpark","isPartOf":{"@id":"https:\/\/www.telpark.com\/fr\/#website"},"datePublished":"2023-03-16T09:41:46+00:00","dateModified":"2024-03-27T10:39:37+00:00","breadcrumb":{"@id":"https:\/\/www.telpark.com\/fr\/faqs\/quels-tarifs-sont-appliques-a-madrid\/#breadcrumb"},"inLanguage":"fr-FR","potentialAction":[{"@type":"ReadAction","target":["https:\/\/www.telpark.com\/fr\/faqs\/quels-tarifs-sont-appliques-a-madrid\/"]}]},{"@type":"BreadcrumbList","@id":"https:\/\/www.telpark.com\/fr\/faqs\/quels-tarifs-sont-appliques-a-madrid\/#breadcrumb","itemListElement":[{"@type":"ListItem","position":1,"name":"Home","item":"https:\/\/www.telpark.com\/fr\/"},{"@type":"ListItem","position":2,"name":"Quels tarifs sont appliqu\u00e9s \u00e0 Madrid?"}]},{"@type":"WebSite","@id":"https:\/\/www.telpark.com\/fr\/#website","url":"https:\/\/www.telpark.com\/fr\/","name":"Telpark","description":"Reserva tu plaza en los mejores aparcamientos. Descarga la app y olv\u00eddate de cajeros o parqu\u00edmetros en m\u00e1s de 100 ciudades en Espa\u00f1a y Portugal","publisher":{"@id":"https:\/\/www.telpark.com\/fr\/#organization"},"potentialAction":[{"@type":"SearchAction","target":{"@type":"EntryPoint","urlTemplate":"https:\/\/www.telpark.com\/fr\/?s={search_term_string}"},"query-input":"required name=search_term_string"}],"inLanguage":"fr-FR"},{"@type":"Organization","@id":"https:\/\/www.telpark.com\/fr\/#organization","name":"Telpark","url":"https:\/\/www.telpark.com\/fr\/","logo":{"@type":"ImageObject","inLanguage":"fr-FR","@id":"https:\/\/www.telpark.com\/fr\/#\/schema\/logo\/image\/","url":"https:\/\/www.telpark.com\/wp-content\/uploads\/2023\/09\/telpark-logo.svg","contentUrl":"https:\/\/www.telpark.com\/wp-content\/uploads\/2023\/09\/telpark-logo.svg","width":128,"height":32,"caption":"Telpark"},"image":{"@id":"https:\/\/www.telpark.com\/fr\/#\/schema\/logo\/image\/"},"sameAs":["https:\/\/twitter.com\/telpark_es","https:\/\/www.instagram.com\/telpark_app\/","https:\/\/www.youtube.com\/channel\/UCm8sjis_xlHU5VYQ6GslW-Q"]}]}},"meta_box":{"title":"Quels tarifs sont appliqu\u00e9s \u00e0 Madrid?","answer":"<!-- \/wp:paragraph -->\r\nLe\u00a0<a href=\"http:\/\/www.madrid.es\/portales\/munimadrid\/es\/Inicio\/Ayuntamiento\/Movilidad-y-Transportes\/Aparcamiento\/S.E.R.-(Estacionamiento-Regulado)?vgnextfmt=default&amp;vgnextoid=f5fc0ac6763dc010VgnVCM1000000b205a0aRCRD&amp;vgnextchannel=7c5d9ad016e07010VgnVCM100000dc0ca8c0RCRD\">Service de stationnement r\u00e9glement\u00e9 de Madrid<\/a>\u00a0int\u00e8gre la possibilit\u00e9 de bonifier ou de p\u00e9naliser le tarif de base en fonction des \u00e9missions des v\u00e9hicules.\r\n\r\nChaque fois que vous s\u00e9lectionnez le montant ou le temps de stationnement, l\u2019application consulte les services de la mairie pour conna\u00eetre les param\u00e8tres qui vont d\u00e9terminer le tarif appliqu\u00e9. Les tarifs sont li\u00e9s au classement de la DGT des v\u00e9hicules en fonction de leur potentiel pollueur, de sorte qu\u2019ils paient moins cher les v\u00e9hicules qui polluent le moins.\r\n\r\nAu moment de saisir la plaque d\u2019immatriculation dans l\u2019horodateur, ces param\u00e8tres servent \u00e0 d\u00e9terminer le tarif qui vous sera appliqu\u00e9 en fonction du type du v\u00e9hicule et de son anciennet\u00e9.\r\n\r\nLes r\u00e9ductions et les majorations du Taux sont fix\u00e9es en fonction de 4 vignettes :\r\n<ul>\r\n \t<li>Z\u00e9ro \u00e9mission, avec une\u00a0<strong>r\u00e9duction de 100 %<\/strong>\u00a0du taux, c\u2019est-\u00e0-dire que les v\u00e9hicules peuvent se garer sans frais. Cyclomoteurs, tricycles, quadricycles et motocycles ; voitures particuli\u00e8res ; camionnettes l\u00e9g\u00e8res, v\u00e9hicules de plus de 8 places et v\u00e9hicules de transport de marchandises class\u00e9s dans le registre des v\u00e9hicules de la DGT, en tant que v\u00e9hicules \u00e9lectriques \u00e0 batterie (BEV), v\u00e9hicules \u00e9lectriques \u00e0 autonomie \u00e9tendue (REEV), v\u00e9hicules \u00e9lectriques hybrides rechargeables (PHEV) ayant une autonomie minimale de 40 km, ou v\u00e9hicules \u00e0 pile \u00e0 combustible. R\u00e9duction de 100 %.<\/li>\r\n \t<li>Eco, avec une\u00a0<strong>r\u00e9duction de 50 %<\/strong>. Voitures particuli\u00e8res, camionnettes l\u00e9g\u00e8res, v\u00e9hicules de plus de 8 places et v\u00e9hicules de transport de marchandises class\u00e9s dans le registre des v\u00e9hicules en tant que v\u00e9hicules hybrides rechargeables avec une autonomie inf\u00e9rieure \u00e0 40 km, v\u00e9hicules hybrides non rechargeables (HEV), v\u00e9hicules \u00e0 gaz naturel comprim\u00e9 ou liqu\u00e9fi\u00e9 (GNC ou GNL), ou v\u00e9hicules \u00e0 gaz de p\u00e9trole liqu\u00e9fi\u00e9 (GPL). Dans tous les cas, ils doivent satisfaire aux crit\u00e8res de la vignette C. R\u00e9duction de 50 %<\/li>\r\n \t<li>C,\u00a0<strong>avec une r\u00e9duction de 10 %<\/strong>. Voitures particuli\u00e8res et camionnettes l\u00e9g\u00e8res \u00e0 essence immatricul\u00e9es \u00e0 partir de janvier 2006 et \u00e0 diesel \u00e0 partir de 2014. V\u00e9hicules de plus de 8 places et de transport de marchandises, \u00e0 la fois \u00e0 essence et \u00e0 diesel, immatricul\u00e9s \u00e0 partir de 2014. Les v\u00e9hicules \u00e0 essence doivent donc satisfaire aux normes Euro 4, 5 et 6 et, les v\u00e9hicules \u00e0 diesel, \u00e0 la norme Euro 6. R\u00e9duction de 10 %.<\/li>\r\n \t<li>B,\u00a0<strong>sans r\u00e9duction ni majoration<\/strong>. Voitures particuli\u00e8res et camionnettes l\u00e9g\u00e8res \u00e0 essence immatricul\u00e9es \u00e0 partir de janvier 2000 et \u00e0 diesel \u00e0 partir de janvier 2006. V\u00e9hicules de plus de 8 places et de transport de marchandises, \u00e0 la fois \u00e0 essence et \u00e0 diesel, immatricul\u00e9s \u00e0 partir de 2005. Les v\u00e9hicules \u00e0 essence doivent donc satisfaire \u00e0 la norme Euro 3 et, les v\u00e9hicules \u00e0 diesel, aux normes Euro 4 et 5. Sans r\u00e9duction ni majoration.<\/li>\r\n \t<li>A : Tous les v\u00e9hicules qui ne sont pas susvis\u00e9s dans les vignettes.\u00a0<strong>Majoration de 25 %<\/strong>.<\/li>\r\n<\/ul>\r\nEn outre, des suppl\u00e9ments peuvent \u00eatre \u00e9galement appliqu\u00e9s selon le niveau d\u2019occupation. Le syst\u00e8me de la municipalit\u00e9 d\u00e9termine le tarif \u00e0 payer, en fonction du moment o\u00f9 se r\u00e9alise le paiement.\r\n<p class=\"has-background has-very-light-gray-background-color\">Vous avez toujours des doutes ? Pas de soucis. Contactez-nous, nous serons ravis de vous aider.<\/p>","button_info":{"url":"telpark:\/\/support\/open","color":"secondary","size":"md","text":"Nous Contacter"}},"_links":{"self":[{"href":"https:\/\/www.telpark.com\/fr\/wp-json\/wp\/v2\/faqs\/15197"}],"collection":[{"href":"https:\/\/www.telpark.com\/fr\/wp-json\/wp\/v2\/faqs"}],"about":[{"href":"https:\/\/www.telpark.com\/fr\/wp-json\/wp\/v2\/types\/faqs"}],"version-history":[{"count":2,"href":"https:\/\/www.telpark.com\/fr\/wp-json\/wp\/v2\/faqs\/15197\/revisions"}],"predecessor-version":[{"id":37498,"href":"https:\/\/www.telpark.com\/fr\/wp-json\/wp\/v2\/faqs\/15197\/revisions\/37498"}],"wp:attachment":[{"href":"https:\/\/www.telpark.com\/fr\/wp-json\/wp\/v2\/media?parent=15197"}],"wp:term":[{"taxonomy":"faqsCategory","embeddable":true,"href":"https:\/\/www.telpark.com\/fr\/wp-json\/wp\/v2\/faqsCategory?post=15197"}],"curies":[{"name":"wp","href":"https:\/\/api.w.org\/{rel}","templated":true}]}}