{"id":22561,"date":"2023-04-21T09:47:04","date_gmt":"2023-04-21T08:47:04","guid":{"rendered":"https:\/\/telpark.cmspro.telpark.com\/ciudades\/quintanar-de-la-orden\/"},"modified":"2023-10-31T10:08:56","modified_gmt":"2023-10-31T09:08:56","slug":"quintanar-de-la-orden","status":"publish","type":"locations","link":"https:\/\/www.telpark.com\/pt\/cidades\/quintanar-de-la-orden\/","title":{"rendered":"Quintanar de la Orden"},"content":{"rendered":"\n<section class=\"tpk-hero tpk-hero--products                lower\"\n         style=\"\">\n                        <picture >\n\n                    <source srcset=\"https:\/\/www.telpark.com\/wp-content\/uploads\/2023\/10\/ciudad_generica-480x640.jpg\" media=\"((min-width: 0rem) and (max-width: 30rem))\">\n                             <source srcset=\"https:\/\/www.telpark.com\/wp-content\/uploads\/2023\/10\/ciudad_generica-1024x500.jpg\" media=\"(min-width: 30rem) and (max-width: 64rem)\" >\n                            <source srcset=\"https:\/\/www.telpark.com\/wp-content\/uploads\/2023\/10\/ciudad_generica-1920x640.jpg\" media=\"(min-width: 64rem)\" >\n        \n        \n                                                                                                        \n        <img decoding=\"async\" fetchpriority=\"high\" src=\"https:\/\/www.telpark.com\/wp-content\/uploads\/2023\/10\/ciudad_generica-1920x640.jpg\" alt=\"\"  width=\"1920\" height=\"640\"  loading=\"eager\">\n    <\/picture>\n\n    \n            <div class=\"tpk-breadcrumb wrapper row\">\n    <nav aria-label=\"Breadcrumb\">\n        <ul>\n                            <li>\n                                            <a href=\"https:\/\/www.telpark.com\/pt\/\">Particulares<\/a><span\n                            class=\"tpk-breadcrumb__separator\">><\/span>\n                                    <\/li>\n                            <li>\n                                            <a href=\"https:\/\/www.telpark.com\/pt\/cidades\/\">Cidades<\/a><span\n                            class=\"tpk-breadcrumb__separator\">><\/span>\n                                    <\/li>\n                            <li>\n                                            <span aria-current=\"page\">Quintanar de la Orden<\/span>\n                                    <\/li>\n                    <\/ul>\n    <\/nav>\n<\/div>        <div class=\"tpk-hero__content wrapper row\">\n                    <div class=\"col-xs-12 col-sm-12 pr-h pl-h\">\n                                <header class=\"tpk-head  wrapper\">\n    <p class=\"tpk-head__caption\">Parqu\u00edmetro<\/p>    <h1 class=\"tpk-head__title\">Estacionar em Quintanar de la Orden<\/h1>    <\/header>\n            \n                    <\/div>\n    <\/div>\n            <div class=\"tpk-hero__cards row wrapper\">\n                                                                                        <div class=\"col-xs-12 col-sm-12 col-md-4 mb-1 pl-h pr-h\">\n                                                                    <\/div>\n                    <\/div>\n    <\/section>\n<div class=\"tpk-spinner__wrapper\">\n    <div class=\"tpk-spinner\"><\/div>\n<\/div>\n\n<article class=\"tpk-page\">\n    <div class=\"row wrapper center-xs tpk-page__content\">\n        <div class=\"col-xs-12 col-sm-10 col-md-8 pt-4 pb-4\">\n            <p>Quintanar de la Orden \u00e9 uma cidade da prov\u00edncia de Toledo, em Castilla-La Mancha. Com um impressionante patrim\u00f3nio hist\u00f3rico e cultural, os visitantes podem explorar as suas estreitas ruas em pedra, admirar a impressionante arquitetura da igreja de Santa Mar\u00eda e desfrutar da gastronomia local nos seus numerosos bares e restaurantes. Al\u00e9m disso, Quintanar de la Orden \u00e9 conhecida pelas suas famosas festas, como a Feira de Agosto e as Festas de S\u00e3o Gil.<\/p>\n\n        <\/div>\n    <\/div>\n<\/article>\n\n<div class=\"tpk-tabs big\">\n                                    <input type=\"radio\" name=\"tabs-city\" id=\"tab-city409353303\"\n                                            checked\n                                         \/>\n            <label for=\"tab-city409353303\" class=\"tpk-tab__label\" role=\"tab\">\n                Parqu\u00edmetro\n            <\/label>\n                \n<div class=\"tpk-tab__content\" role=\"tabpanel\" aria-labelledby=\"description\" aria-hidden=\"false\">\n    \n\n<section class=\"tpk-city-map\">\n            <div class=\"wrapper row center-xs\">\n            <div class=\"col-xs-12 col-sm-10 col-md-8 pt-4 pb-4\">\n                                <header class=\"tpk-head center wrapper\">\n        <h2 class=\"tpk-head__title\">Estacionar na zona azul, zona verde... em Quintanar de la Orden<\/h2>    <p>Com o servi\u00e7o de estacionamento regulamentado, oferecemos aos visitantes e residentes das cidades um local para estacionar em \u00e1reas onde, devido a problemas de satura\u00e7\u00e3o, \u00e9 dif\u00edcil encontrar uma lugar dispon\u00edvel.<\/p>\n<\/header>            <\/div>\n        <\/div>\n        <div class=\"row pb-4 middle-xs\">\n        <div class=\"col-xs-12 col-sm-6 col-md-6 col-no-gutter tpk-city-map__picture\">\n                                    <picture >\n\n                    <source srcset=\"https:\/\/www.telpark.com\/wp-content\/uploads\/2023\/03\/sustituta-de-mapas-375x500.jpg\" media=\"((min-width: 0rem) and (max-width: 30rem))\">\n                             <source srcset=\"https:\/\/www.telpark.com\/wp-content\/uploads\/2023\/03\/sustituta-de-mapas-720x615.jpg\" media=\"(min-width: 30rem) and (max-width: 64rem)\" >\n                            <source srcset=\"https:\/\/www.telpark.com\/wp-content\/uploads\/2023\/03\/sustituta-de-mapas-960x814.jpg\" media=\"(min-width: 64rem)\" >\n        \n        \n                                                                                                        \n        <img decoding=\"async\" src=\"https:\/\/www.telpark.com\/wp-content\/uploads\/2023\/03\/sustituta-de-mapas-960x814.jpg\" alt=\"coches aparcados en la calle\"  width=\"960\" height=\"814\"  loading=\"lazy\" >\n    <\/picture>\n\n                <\/div>\n        <div class=\"col-xs-12 col-sm-6 col-lg-4 tpk-city-map__content \">\n                            <h3 class=\"tpk-city-map__title\">Zonas de estacionamento regulamentado em Quintanar de la Orden<\/h3>\n                        <div class=\"tpk-tabs\">\n                                                            <input type=\"radio\" name=\"tabs\" id=\"tab1\" checked\/>\n                        <label for=\"tab1\"\n                               class=\"tpk-tab__label\"\n                               role=\"tab\">\n                            Zona azul\n                        <\/label>\n                                                                                <input type=\"radio\" name=\"tabs\" id=\"tab2\" \/>\n                        <label for=\"tab2\"\n                               class=\"tpk-tab__label\"\n                               role=\"tab\">\n                            Residentes\n                        <\/label>\n                                    \n                                                    <div class=\"tpk-tab__content\"\n                         role=\"tabpanel\"\n                         aria-labelledby=\"description\"\n                         aria-hidden=\"false\">\n                                                    <p><strong>Hor\u00e1rio<\/strong><\/p>\r\n<ul>\r\n<li>Segunda a sexta, das 9:00 \u00e0s 14:00 e das 16:00 \u00e0s 20:00.<\/li>\r\n<li>S\u00e1bados das 9:00 \u00e0s 14:00.<\/li>\r\n<li>Domingos e feriados encerrado.<\/li>\r\n<\/ul>\r\n<p><strong>Tarifas<\/strong><\/p>\r\n<ul>\r\n<li>15 minutos (m\u00ednimo): 0,10 \u20ac<\/li>\r\n<li>30 minutos: 0,30 \u20ac<\/li>\r\n<li>1 hora: 0,60 \u20ac<\/li>\r\n<li>2 horas: 1,15 \u20ac<\/li>\r\n<li>3 horas (m\u00e1ximo): 1,70 \u20ac<\/li>\r\n<\/ul>\n                                                                    <\/div>\n                                    <div class=\"tpk-tab__content\"\n                         role=\"tabpanel\"\n                         aria-labelledby=\"description\"\n                         aria-hidden=\"false\">\n                                                    <p><strong>Hor\u00e1rio<\/strong><\/p>\r\n<ul>\r\n<li>Segunda a sexta, das 9:00 \u00e0s 14:00 e das 16:00 \u00e0s 20:00.<\/li>\r\n<li>S\u00e1bados das 9:00 \u00e0s 14:00.<\/li>\r\n<li>Domingos e feriados encerrado.<\/li>\r\n<\/ul>\r\n<p><strong>Tarifa da zona azul<\/strong><\/p>\r\n<ul>\r\n<li>15 minutos (m\u00ednimo): 0,05 \u20ac<\/li>\r\n<li>30 minutos: 0,15 \u20ac<\/li>\r\n<li>1 hora: 0,30 \u20ac<\/li>\r\n<li>2 horas: 0,55 \u20ac<\/li>\r\n<li>3 horas (m\u00e1ximo): 0,85 \u20ac\u00a0<\/li>\r\n<\/ul>\n                                                                    <\/div>\n                \n                <div class=\"tpk-city-map__buttons\">\n                                                                                                    <a  class=\"tpk-button tpk-button--primary tpk-button--lg \" href=\"http:\/\/ora-quintanar.es\/es\"    >\n    <span>Ver Munic\u00edpio<\/span>\n    <\/a>                                                            <\/div>\n            <\/div>\n        <\/div>\n    <\/div>\n    <script type=\"text\/plain\" class=\"optanon-category-C0001\">\n        const elementMapKML = document.querySelector('#mapCityMap');\n        if(elementMapKML) {\n            const map2 = new google.maps.Map(elementMapKML);\n            const kml2 = elementMapKML.dataset.kml\n\n            if (kml2) {\n                const layer2 = new google.maps.KmlLayer({\n                    url: kml2,\n                    map: map2\n                })\n            }\n        }\n    <\/script>\n<\/section>\n\n<\/div>\n\n    <\/div>\n\n\n<section class=\"tpk-banner-app \">\n    <div class=\"row wrapper middle-xs\">\n        <div class=\"col-xs-12 col-sm-6 col-no-gutter tpk-banner-app__picture\">\n                                                <picture class=\"hide-xs show-sm\">\n\n                             <source srcset=\"https:\/\/www.telpark.com\/wp-content\/uploads\/2023\/08\/Bloque-descarga-ok-1-488x534.png\" media=\"(min-width: 30rem) and (max-width: 64rem)\" >\n                            <source srcset=\"https:\/\/www.telpark.com\/wp-content\/uploads\/2023\/08\/Bloque-descarga-ok-1-680x752.png\" media=\"(min-width: 64rem)\" >\n        \n        \n                                                                                                        \n        <img decoding=\"async\" src=\"https:\/\/www.telpark.com\/wp-content\/uploads\/2023\/08\/Bloque-descarga-ok-1-680x752.png\" alt=\"Desc\u00e1rgate la App\"  width=\"680\" height=\"752\"  loading=\"lazy\" >\n    <\/picture>\n\n                                <\/div>\n        <div class=\"col-xs-12 col-sm-6 tpk-banner-app__content\">\n                        <header class=\"tpk-head  wrapper\">\n        <h2 class=\"tpk-head__title\">Descarrega a app e come\u00e7a a pagar menos<\/h2>    <\/header>\n                        <div class=\"tpk-banner-app__buttons\">\n                                                                                                                                                <a href=\"https:\/\/apps.apple.com\/es\/app\/telpark\/id658204860\" class=\"tpk-button tpk-button--app dark\" target=\"_blank\">\n        <svg width=\"25\" height=\"30\" viewBox=\"0 0 25 30\" fill=\"none\" xmlns=\"http:\/\/www.w3.org\/2000\/svg\">\n            <path d=\"M23.643 10.227C23.469 10.362 20.397 12.093 20.397 15.942C20.397 20.394 24.306 21.969 24.423 22.008C24.405 22.104 23.802 24.165 22.362 26.265C21.078 28.113 19.737 29.958 17.697 29.958C15.657 29.958 15.132 28.773 12.777 28.773C10.482 28.773 9.666 29.997 7.8 29.997C5.934 29.997 4.632 28.287 3.135 26.187C1.401 23.721 0 19.89 0 16.254C0 10.422 3.792 7.329 7.524 7.329C9.507 7.329 11.16 8.631 12.405 8.631C13.59 8.631 15.438 7.251 17.694 7.251C18.549 7.251 21.621 7.329 23.643 10.227V10.227ZM16.623 4.782C17.556 3.675 18.216 2.139 18.216 0.603C18.216 0.39 18.198 0.174 18.159 0C16.641 0.057 14.835 1.011 13.746 2.274C12.891 3.246 12.093 4.782 12.093 6.339C12.093 6.573 12.132 6.807 12.15 6.882C12.246 6.9 12.402 6.921 12.558 6.921C13.92 6.921 15.633 6.009 16.623 4.782Z\" fill=\"white\"\/>\n        <\/svg>\n        <div>\n            <span>Dispon\u00edvel em<\/span>\n            Apple Store\n        <\/div>\n    <\/a>\n\n                                                                                                                            \n    <a href=\"https:\/\/play.google.com\/store\/apps\/details?id=com.delaware.empark&hl=es&referrer=%26utm_campaign%3Dnondigital%26utm_source%3Dnondigital%26utm_medium%3Dnondigital&pli=1\" class=\"tpk-button tpk-button--app dark\" target=\"_blank\">\n        <svg width=\"23\" height=\"26\" viewBox=\"0 0 23 26\" fill=\"none\" xmlns=\"http:\/\/www.w3.org\/2000\/svg\">\n            <path fill-rule=\"evenodd\" clip-rule=\"evenodd\" d=\"M0.862422 0.87988C0.581172 1.18175 0.419922 1.64675 0.419922 2.25113V23.7411C0.419922 24.3455 0.581172 24.8105 0.873047 25.1018L0.949297 25.1661L12.9905 13.1249V12.8543L0.938672 0.815505L0.862422 0.87988Z\" fill=\"url(#paint0_linear_9_9)\"\/>\n            <path fill-rule=\"evenodd\" clip-rule=\"evenodd\" d=\"M16.9962 17.1543L12.98 13.1368V12.8556L16.9975 8.83807L17.0843 8.89182L21.8362 11.5924C23.1968 12.3593 23.1968 13.6231 21.8362 14.4006L17.0843 17.1012L16.9962 17.1543Z\" fill=\"url(#paint1_linear_9_9)\"\/>\n            <path fill-rule=\"evenodd\" clip-rule=\"evenodd\" d=\"M17.083 17.1005L12.9799 12.9961L0.862371 25.1136C1.30487 25.5892 2.04987 25.643 2.88237 25.178L17.083 17.1005Z\" fill=\"url(#paint2_linear_9_9)\"\/>\n            <path fill-rule=\"evenodd\" clip-rule=\"evenodd\" d=\"M17.083 8.89304L2.88237 0.82616C2.05112 0.350535 1.30487 0.41491 0.862371 0.890535L12.9786 12.9962L17.083 8.89304Z\" fill=\"url(#paint3_linear_9_9)\"\/>\n            <defs>\n            <linearGradient id=\"paint0_linear_9_9\" x1=\"35.6607\" y1=\"-6.74995\" x2=\"-5.23028\" y2=\"12.2052\" gradientUnits=\"userSpaceOnUse\">\n            <stop stop-color=\"#047ED6\"\/>\n            <stop offset=\"1\" stop-color=\"#50E6FF\"\/>\n            <\/linearGradient>\n            <linearGradient id=\"paint1_linear_9_9\" x1=\"24.5643\" y1=\"12.9971\" x2=\"-6.03917\" y2=\"12.9971\" gradientUnits=\"userSpaceOnUse\">\n            <stop stop-color=\"#FFDA1C\"\/>\n            <stop offset=\"1\" stop-color=\"#FEB705\"\/>\n            <\/linearGradient>\n            <linearGradient id=\"paint2_linear_9_9\" x1=\"19.7657\" y1=\"4.95934\" x2=\"-15.0772\" y2=\"45.5368\" gradientUnits=\"userSpaceOnUse\">\n            <stop stop-color=\"#D9414F\"\/>\n            <stop offset=\"1\" stop-color=\"#8C193F\"\/>\n            <\/linearGradient>\n            <linearGradient id=\"paint3_linear_9_9\" x1=\"-2.18997\" y1=\"-6.27096\" x2=\"4.71665\" y2=\"5.36978\" gradientUnits=\"userSpaceOnUse\">\n            <stop stop-color=\"#33C481\"\/>\n            <stop offset=\"1\" stop-color=\"#61E3A7\"\/>\n            <\/linearGradient>\n            <\/defs>\n            <\/svg>\n        <div>\n            <span>Dispon\u00edvel em<\/span>\n            Google Play\n        <\/div>\n    <\/a>\n                                                                                                <\/div>\n        <\/div>\n    <\/div>\n<\/section>\n","protected":false},"featured_media":0,"template":"","country":[527],"yoast_head":"<!-- This site is optimized with the Yoast SEO plugin v20.12 - https:\/\/yoast.com\/wordpress\/plugins\/seo\/ -->\n<title>Aparcar en Quintanar de la Orden | Telpark<\/title>\n<meta name=\"description\" content=\"Si vas a aparcar en Quintanar de la Orden en zona azul, verde... hazlo con Telpark y olv\u00eddate del parqu\u00edmetro, te lo ponemos f\u00e1cil.\" \/>\n<meta name=\"robots\" content=\"index, follow, max-snippet:-1, max-image-preview:large, max-video-preview:-1\" \/>\n<link rel=\"canonical\" href=\"https:\/\/www.telpark.com\/pt\/cidades\/quintanar-de-la-orden\/\" \/>\n<meta property=\"og:locale\" content=\"pt_PT\" \/>\n<meta property=\"og:type\" content=\"article\" \/>\n<meta property=\"og:title\" content=\"Aparcar en Quintanar de la Orden | Telpark\" \/>\n<meta property=\"og:description\" content=\"Si vas a aparcar en Quintanar de la Orden en zona azul, verde... hazlo con Telpark y olv\u00eddate del parqu\u00edmetro, te lo ponemos f\u00e1cil.\" \/>\n<meta property=\"og:url\" content=\"https:\/\/www.telpark.com\/pt\/cidades\/quintanar-de-la-orden\/\" \/>\n<meta property=\"og:site_name\" content=\"Telpark\" \/>\n<meta property=\"article:modified_time\" content=\"2023-10-31T09:08:56+00:00\" \/>\n<meta name=\"twitter:card\" content=\"summary_large_image\" \/>\n<meta name=\"twitter:site\" content=\"@telpark_es\" \/>\n<script type=\"application\/ld+json\" class=\"yoast-schema-graph\">{\"@context\":\"https:\/\/schema.org\",\"@graph\":[{\"@type\":\"WebPage\",\"@id\":\"https:\/\/www.telpark.com\/pt\/cidades\/quintanar-de-la-orden\/\",\"url\":\"https:\/\/www.telpark.com\/pt\/cidades\/quintanar-de-la-orden\/\",\"name\":\"Aparcar en Quintanar de la Orden | Telpark\",\"isPartOf\":{\"@id\":\"https:\/\/www.telpark.com\/pt\/#website\"},\"datePublished\":\"2023-04-21T08:47:04+00:00\",\"dateModified\":\"2023-10-31T09:08:56+00:00\",\"description\":\"Si vas a aparcar en Quintanar de la Orden en zona azul, verde... hazlo con Telpark y olv\u00eddate del parqu\u00edmetro, te lo ponemos f\u00e1cil.\",\"breadcrumb\":{\"@id\":\"https:\/\/www.telpark.com\/pt\/cidades\/quintanar-de-la-orden\/#breadcrumb\"},\"inLanguage\":\"pt-PT\",\"potentialAction\":[{\"@type\":\"ReadAction\",\"target\":[\"https:\/\/www.telpark.com\/pt\/cidades\/quintanar-de-la-orden\/\"]}]},{\"@type\":\"BreadcrumbList\",\"@id\":\"https:\/\/www.telpark.com\/pt\/cidades\/quintanar-de-la-orden\/#breadcrumb\",\"itemListElement\":[{\"@type\":\"ListItem\",\"position\":1,\"name\":\"Home\",\"item\":\"https:\/\/www.telpark.com\/pt\/\"},{\"@type\":\"ListItem\",\"position\":2,\"name\":\"Quintanar de la Orden\"}]},{\"@type\":\"WebSite\",\"@id\":\"https:\/\/www.telpark.com\/pt\/#website\",\"url\":\"https:\/\/www.telpark.com\/pt\/\",\"name\":\"Telpark\",\"description\":\"Reserva tu plaza en los mejores aparcamientos. Descarga la app y olv\u00eddate de cajeros o parqu\u00edmetros en m\u00e1s de 100 ciudades en Espa\u00f1a y Portugal\",\"publisher\":{\"@id\":\"https:\/\/www.telpark.com\/pt\/#organization\"},\"potentialAction\":[{\"@type\":\"SearchAction\",\"target\":{\"@type\":\"EntryPoint\",\"urlTemplate\":\"https:\/\/www.telpark.com\/pt\/?s={search_term_string}\"},\"query-input\":\"required name=search_term_string\"}],\"inLanguage\":\"pt-PT\"},{\"@type\":\"Organization\",\"@id\":\"https:\/\/www.telpark.com\/pt\/#organization\",\"name\":\"Telpark\",\"url\":\"https:\/\/www.telpark.com\/pt\/\",\"logo\":{\"@type\":\"ImageObject\",\"inLanguage\":\"pt-PT\",\"@id\":\"https:\/\/www.telpark.com\/pt\/#\/schema\/logo\/image\/\",\"url\":\"https:\/\/www.telpark.com\/wp-content\/uploads\/2023\/09\/telpark-logo.svg\",\"contentUrl\":\"https:\/\/www.telpark.com\/wp-content\/uploads\/2023\/09\/telpark-logo.svg\",\"width\":128,\"height\":32,\"caption\":\"Telpark\"},\"image\":{\"@id\":\"https:\/\/www.telpark.com\/pt\/#\/schema\/logo\/image\/\"},\"sameAs\":[\"https:\/\/twitter.com\/telpark_es\",\"https:\/\/www.instagram.com\/telpark_app\/\",\"https:\/\/www.youtube.com\/channel\/UCm8sjis_xlHU5VYQ6GslW-Q\"]}]}<\/script>\n<!-- \/ Yoast SEO plugin. -->","yoast_head_json":{"title":"Aparcar en Quintanar de la Orden | Telpark","description":"Si vas a aparcar en Quintanar de la Orden en zona azul, verde... hazlo con Telpark y olv\u00eddate del parqu\u00edmetro, te lo ponemos f\u00e1cil.","robots":{"index":"index","follow":"follow","max-snippet":"max-snippet:-1","max-image-preview":"max-image-preview:large","max-video-preview":"max-video-preview:-1"},"canonical":"https:\/\/www.telpark.com\/pt\/cidades\/quintanar-de-la-orden\/","og_locale":"pt_PT","og_type":"article","og_title":"Aparcar en Quintanar de la Orden | Telpark","og_description":"Si vas a aparcar en Quintanar de la Orden en zona azul, verde... hazlo con Telpark y olv\u00eddate del parqu\u00edmetro, te lo ponemos f\u00e1cil.","og_url":"https:\/\/www.telpark.com\/pt\/cidades\/quintanar-de-la-orden\/","og_site_name":"Telpark","article_modified_time":"2023-10-31T09:08:56+00:00","twitter_card":"summary_large_image","twitter_site":"@telpark_es","schema":{"@context":"https:\/\/schema.org","@graph":[{"@type":"WebPage","@id":"https:\/\/www.telpark.com\/pt\/cidades\/quintanar-de-la-orden\/","url":"https:\/\/www.telpark.com\/pt\/cidades\/quintanar-de-la-orden\/","name":"Aparcar en Quintanar de la Orden | Telpark","isPartOf":{"@id":"https:\/\/www.telpark.com\/pt\/#website"},"datePublished":"2023-04-21T08:47:04+00:00","dateModified":"2023-10-31T09:08:56+00:00","description":"Si vas a aparcar en Quintanar de la Orden en zona azul, verde... hazlo con Telpark y olv\u00eddate del parqu\u00edmetro, te lo ponemos f\u00e1cil.","breadcrumb":{"@id":"https:\/\/www.telpark.com\/pt\/cidades\/quintanar-de-la-orden\/#breadcrumb"},"inLanguage":"pt-PT","potentialAction":[{"@type":"ReadAction","target":["https:\/\/www.telpark.com\/pt\/cidades\/quintanar-de-la-orden\/"]}]},{"@type":"BreadcrumbList","@id":"https:\/\/www.telpark.com\/pt\/cidades\/quintanar-de-la-orden\/#breadcrumb","itemListElement":[{"@type":"ListItem","position":1,"name":"Home","item":"https:\/\/www.telpark.com\/pt\/"},{"@type":"ListItem","position":2,"name":"Quintanar de la Orden"}]},{"@type":"WebSite","@id":"https:\/\/www.telpark.com\/pt\/#website","url":"https:\/\/www.telpark.com\/pt\/","name":"Telpark","description":"Reserva tu plaza en los mejores aparcamientos. Descarga la app y olv\u00eddate de cajeros o parqu\u00edmetros en m\u00e1s de 100 ciudades en Espa\u00f1a y Portugal","publisher":{"@id":"https:\/\/www.telpark.com\/pt\/#organization"},"potentialAction":[{"@type":"SearchAction","target":{"@type":"EntryPoint","urlTemplate":"https:\/\/www.telpark.com\/pt\/?s={search_term_string}"},"query-input":"required name=search_term_string"}],"inLanguage":"pt-PT"},{"@type":"Organization","@id":"https:\/\/www.telpark.com\/pt\/#organization","name":"Telpark","url":"https:\/\/www.telpark.com\/pt\/","logo":{"@type":"ImageObject","inLanguage":"pt-PT","@id":"https:\/\/www.telpark.com\/pt\/#\/schema\/logo\/image\/","url":"https:\/\/www.telpark.com\/wp-content\/uploads\/2023\/09\/telpark-logo.svg","contentUrl":"https:\/\/www.telpark.com\/wp-content\/uploads\/2023\/09\/telpark-logo.svg","width":128,"height":32,"caption":"Telpark"},"image":{"@id":"https:\/\/www.telpark.com\/pt\/#\/schema\/logo\/image\/"},"sameAs":["https:\/\/twitter.com\/telpark_es","https:\/\/www.instagram.com\/telpark_app\/","https:\/\/www.youtube.com\/channel\/UCm8sjis_xlHU5VYQ6GslW-Q"]}]}},"meta_box":{"telpark_bd_id":"0","latitude":"39.5928000","longitude":"-3.0057600"},"_links":{"self":[{"href":"https:\/\/www.telpark.com\/pt\/wp-json\/wp\/v2\/locations\/22561"}],"collection":[{"href":"https:\/\/www.telpark.com\/pt\/wp-json\/wp\/v2\/locations"}],"about":[{"href":"https:\/\/www.telpark.com\/pt\/wp-json\/wp\/v2\/types\/locations"}],"version-history":[{"count":2,"href":"https:\/\/www.telpark.com\/pt\/wp-json\/wp\/v2\/locations\/22561\/revisions"}],"predecessor-version":[{"id":33908,"href":"https:\/\/www.telpark.com\/pt\/wp-json\/wp\/v2\/locations\/22561\/revisions\/33908"}],"wp:attachment":[{"href":"https:\/\/www.telpark.com\/pt\/wp-json\/wp\/v2\/media?parent=22561"}],"wp:term":[{"taxonomy":"country","embeddable":true,"href":"https:\/\/www.telpark.com\/pt\/wp-json\/wp\/v2\/country?post=22561"}],"curies":[{"name":"wp","href":"https:\/\/api.w.org\/{rel}","templated":true}]}}