{"id":27545,"date":"2023-03-31T13:10:56","date_gmt":"2023-03-31T12:10:56","guid":{"rendered":"https:\/\/telpark.cmspro.telpark.com\/ciudades\/%location%\/mota-galiza-palacio-de-cristal\/"},"modified":"2026-04-13T10:02:44","modified_gmt":"2026-04-13T09:02:44","slug":"parque-mota-galiza-palacio-de-cristal","status":"publish","type":"parkings","link":"https:\/\/www.telpark.com\/pt\/cidades\/porto\/parque-mota-galiza-palacio-de-cristal\/","title":{"rendered":"Mota-Galiza \/ Pal\u00e1cio de Cristal"},"content":{"rendered":"\n<section class=\"tpk-banner-cta tpk-banner-cta--half  reverse   corporate\"\n         style=\" --bg-picture: url('https:\/\/www.telpark.com\/wp-content\/uploads\/2026\/04\/desktop-super-3-v2.jpg'); --bg-size: cover; --bg-position: center center;                   --bg-picture-xs: url('https:\/\/www.telpark.com\/wp-content\/uploads\/2026\/04\/mobile-super-3-.jpg'); \">\n    <div class=\"tpk-banner-cta--half__picture\">\n            <\/div>\n\n    <div class=\"tpk-banner-cta__content row wrapper middle-xs\">\n        <div class=\"col-xs-12 col-md-6 tpk-banner-cta__content__text\">\n                        <header class=\"tpk-head  wrapper\">\n    <p class=\"tpk-head__caption\">Na tua app Telpark<\/p>    <h2 class=\"tpk-head__title\">Regista-te e recebe gr\u00e1tis 3\u20ac na Entrada Express<\/h2>    <p>Com o Entrada Express, o sistema l\u00ea automaticamente a tua matr\u00edcula e cobra a estadia.<\/p>\n<p><span data-teams=\"true\">E agora com regalo... <strong>ganha 3\u20ac ao criar uma conta e mais 3\u20ac depois de utilizar a Entrada Express 3 ou mais vezes.<\/strong><\/p>\n<p><\/span><\/p>\n<\/header>            <div class=\"tpk-banner-cta__buttons\">\n                                                        <a  class=\"tpk-button tpk-button--secondary tpk-button--lg \" href=\"https:\/\/www.telpark.com\/pt\/produtos-parque\/entrada-express\/\"    >\n    <span>Descubre mais<\/span>\n    <\/a>                            <\/div>\n        <\/div>\n    <\/div>\n<\/section>\n\n\n\n<section\n        class=\"tpk-banner-cta tpk-banner-cta--background center  \"\n        style=\" --bg-picture: url('https:\/\/www.telpark.com\/wp-content\/uploads\/2023\/03\/733d81fb1315498743a0a514632b7ad3.png'); --bg-size: cover; --bg-position: center center;\">\n    \n        \n    <div class=\"tpk-banner-cta__content row wrapper middle-xs \">\n        \n                    <div class=\"col-xs-12 col-md-6 tpk-banner-cta__content__text\">\n                \n                                            <header class=\"tpk-head  wrapper\">\n    <p class=\"tpk-head__caption\">Cidades<\/p>    <h2 class=\"tpk-head__title\">Descobre o Porto<\/h2>    <p>Se vais de viagem ao Porto, n\u00e3o te esque\u00e7as de que podes estacionar na via p\u00fablica e nos nossos parques de estacionamento atrav\u00e9s da nossa app. Descobre as vantagens Telpark!<\/p>\n<\/header>                \n                                    <div class=\"tpk-banner-cta__buttons\">\n                                                                                <a  class=\"tpk-button tpk-button--primary tpk-button--lg \" href=\"\/pt\/cidades\/porto\/\"    target=\"_blank\" >\n    <span>Ver cidade<\/span>\n    <\/a>                                            <\/div>\n                                        <\/div>\n        <\/div>\n    \n    <\/section>\n\n<section class=\"tpk-parkings \">\n    <div class=\"wrapper row center-xs\">\n        <div class=\"col-xs-12 col-sm-10 col-md-8\">\n                <header class=\"tpk-head  wrapper\">\n        <h2 class=\"tpk-head__title\">Encontra outros parques de estacionamentos em Porto<\/h2>    <\/header>        <\/div>\n    <\/div>\n    <div class=\"tpk-parkings__list row wrapper\">\n                    <div class=\"col-xs-12 col-sm-6 col-md-6 col-lg-6 pb-1 pl-h pr-h\">\n                \n    <a href=\"https:\/\/www.telpark.com\/pt\/cidades\/porto\/parking-aviz\/\" class=\"tpk-card-parking\">\n                                    <picture >\n\n                    <source srcset=\"https:\/\/www.telpark.com\/wp-content\/uploads\/2024\/10\/Telpark-13-480x270.jpg\" media=\"((min-width: 0rem) and (max-width: 30rem))\">\n                             <source srcset=\"https:\/\/www.telpark.com\/wp-content\/uploads\/2024\/10\/Telpark-13-480x270.jpg\" media=\"(min-width: 30rem) and (max-width: 64rem)\" >\n                            <source srcset=\"https:\/\/www.telpark.com\/wp-content\/uploads\/2024\/10\/Telpark-13-280x300.jpg\" media=\"(min-width: 64rem)\" >\n        \n        \n                                                                                                                                                                    \n        <img decoding=\"async\" src=\"https:\/\/www.telpark.com\/wp-content\/uploads\/2024\/10\/Telpark-13-280x300.jpg\" alt=\"\"  width=\"280\" height=\"300\"  loading=\"lazy\" >\n    <\/picture>\n\n                <div class=\"tpk-card-parking__content\">\n                            <h3 class=\"tpk-card-parking__title\">Parque Aviz - Porto<\/h3>\n                                        <address>Rua Homem Pedro de Melo, S\/N, 4150-598<\/address>\n                        <div class=\"tpk-card-parking__icons\">\n                                    <span class=\"icon icon-bono icon--md\"><\/span>\n                                    <span class=\"icon icon-charger icon--md\"><\/span>\n                                    <span class=\"icon icon-car-express icon--md\"><\/span>\n                                    <span class=\"icon icon-multipass icon--md\"><\/span>\n                                    <span class=\"icon icon-reserva icon--md\"><\/span>\n                            <\/div>\n            <div class=\"tpk-card-parking__info\">\n                <div class=\"tpk-card-parking__info__price\">\n                                            desde\n                                                                <span><p>1,50 \u20ac<\/p><\/span>\n                                    <\/div>\n                <div class=\"tpk-card-parking__info__link\">\n                    <span class=\"icon icon-add icon--sm\">\n                    <\/span> \n                <\/div>\n            <\/div>\n        <\/div>\n    <\/a>\n            <\/div>\n                    <div class=\"col-xs-12 col-sm-6 col-md-6 col-lg-6 pb-1 pl-h pr-h\">\n                \n    <a href=\"https:\/\/www.telpark.com\/pt\/cidades\/porto\/parque-metro-estacion-estadio-do-dragao\/\" class=\"tpk-card-parking\">\n                                    <picture >\n\n                    <source srcset=\"https:\/\/www.telpark.com\/wp-content\/uploads\/2023\/03\/61a3bcb88bd87b0689ac995e93153d57.jpg\" media=\"((min-width: 0rem) and (max-width: 30rem))\">\n                             <source srcset=\"https:\/\/www.telpark.com\/wp-content\/uploads\/2023\/03\/61a3bcb88bd87b0689ac995e93153d57.jpg\" media=\"(min-width: 30rem) and (max-width: 64rem)\" >\n                            <source srcset=\"https:\/\/www.telpark.com\/wp-content\/uploads\/2023\/03\/61a3bcb88bd87b0689ac995e93153d57.jpg\" media=\"(min-width: 64rem)\" >\n        \n        \n                                                                                                                                                                    \n        <img decoding=\"async\" src=\"https:\/\/www.telpark.com\/wp-content\/uploads\/2023\/03\/61a3bcb88bd87b0689ac995e93153d57.jpg\" alt=\"\"  width=\"255\" height=\"176\"  loading=\"lazy\" >\n    <\/picture>\n\n                <div class=\"tpk-card-parking__content\">\n                            <h3 class=\"tpk-card-parking__title\">Parque Metro - Esta\u00e7\u00e3o Est\u00e1dio do Drag\u00e3o<\/h3>\n                                        <address>Alameda das Antas, 4350-415<\/address>\n                        <div class=\"tpk-card-parking__icons\">\n                                    <span class=\"icon icon-galibo210 icon--md\"><\/span>\n                            <\/div>\n            <div class=\"tpk-card-parking__info\">\n                <div class=\"tpk-card-parking__info__price\">\n                                            desde\n                                                                <span><p>1,50 \u20ac<\/p><\/span>\n                                    <\/div>\n                <div class=\"tpk-card-parking__info__link\">\n                    <span class=\"icon icon-add icon--sm\">\n                    <\/span> \n                <\/div>\n            <\/div>\n        <\/div>\n    <\/a>\n            <\/div>\n                    <div class=\"col-xs-12 col-sm-6 col-md-6 col-lg-6 pb-1 pl-h pr-h\">\n                \n    <a href=\"https:\/\/www.telpark.com\/pt\/cidades\/porto\/parque-instituto-cuf-porto\/\" class=\"tpk-card-parking\">\n                                    <picture >\n\n                    <source srcset=\"https:\/\/www.telpark.com\/wp-content\/uploads\/2023\/03\/232f6ca5fdb62197e5bc97381d78c9ec.jpg\" media=\"((min-width: 0rem) and (max-width: 30rem))\">\n                             <source srcset=\"https:\/\/www.telpark.com\/wp-content\/uploads\/2023\/03\/232f6ca5fdb62197e5bc97381d78c9ec.jpg\" media=\"(min-width: 30rem) and (max-width: 64rem)\" >\n                            <source srcset=\"https:\/\/www.telpark.com\/wp-content\/uploads\/2023\/03\/232f6ca5fdb62197e5bc97381d78c9ec.jpg\" media=\"(min-width: 64rem)\" >\n        \n        \n                                                                                                                                                                    \n        <img decoding=\"async\" src=\"https:\/\/www.telpark.com\/wp-content\/uploads\/2023\/03\/232f6ca5fdb62197e5bc97381d78c9ec.jpg\" alt=\"\"  width=\"255\" height=\"173\"  loading=\"lazy\" >\n    <\/picture>\n\n                <div class=\"tpk-card-parking__content\">\n                            <h3 class=\"tpk-card-parking__title\">Parque Instituto CUF Porto<\/h3>\n                                        <address>R. Fonte das Sete Bicas, 170, 4460-188<\/address>\n                        <div class=\"tpk-card-parking__icons\">\n                                    <span class=\"icon icon-bono icon--md\"><\/span>\n                                    <span class=\"icon icon-charger icon--md\"><\/span>\n                                    <span class=\"icon icon-galibo200 icon--md\"><\/span>\n                            <\/div>\n            <div class=\"tpk-card-parking__info\">\n                <div class=\"tpk-card-parking__info__price\">\n                                            desde\n                                                                <span>1,75\u20ac<\/span>\n                                    <\/div>\n                <div class=\"tpk-card-parking__info__link\">\n                    <span class=\"icon icon-add icon--sm\">\n                    <\/span> \n                <\/div>\n            <\/div>\n        <\/div>\n    <\/a>\n            <\/div>\n                    <div class=\"col-xs-12 col-sm-6 col-md-6 col-lg-6 pb-1 pl-h pr-h\">\n                \n    <a href=\"https:\/\/www.telpark.com\/pt\/cidades\/porto\/parque-hospital-cuf-oporto\/\" class=\"tpk-card-parking\">\n                                    <picture >\n\n                    <source srcset=\"https:\/\/www.telpark.com\/wp-content\/uploads\/2023\/03\/0541ce8ce19d505615ef6895a179fe4b.jpg\" media=\"((min-width: 0rem) and (max-width: 30rem))\">\n                             <source srcset=\"https:\/\/www.telpark.com\/wp-content\/uploads\/2023\/03\/0541ce8ce19d505615ef6895a179fe4b.jpg\" media=\"(min-width: 30rem) and (max-width: 64rem)\" >\n                            <source srcset=\"https:\/\/www.telpark.com\/wp-content\/uploads\/2023\/03\/0541ce8ce19d505615ef6895a179fe4b.jpg\" media=\"(min-width: 64rem)\" >\n        \n        \n                                                                                                                                                                    \n        <img decoding=\"async\" src=\"https:\/\/www.telpark.com\/wp-content\/uploads\/2023\/03\/0541ce8ce19d505615ef6895a179fe4b.jpg\" alt=\"\"  width=\"255\" height=\"173\"  loading=\"lazy\" >\n    <\/picture>\n\n                <div class=\"tpk-card-parking__content\">\n                            <h3 class=\"tpk-card-parking__title\">Parque Hospital CUF Oporto<\/h3>\n                                        <address>Estrada da Circunvala\u00e7\u00e3o 14341, 4100-180<\/address>\n                        <div class=\"tpk-card-parking__icons\">\n                                    <span class=\"icon icon-galibo200 icon--md\"><\/span>\n                            <\/div>\n            <div class=\"tpk-card-parking__info\">\n                <div class=\"tpk-card-parking__info__price\">\n                                            desde\n                                                                <span>1,75\u20ac<\/span>\n                                    <\/div>\n                <div class=\"tpk-card-parking__info__link\">\n                    <span class=\"icon icon-add icon--sm\">\n                    <\/span> \n                <\/div>\n            <\/div>\n        <\/div>\n    <\/a>\n            <\/div>\n                    <div class=\"col-xs-12 col-sm-6 col-md-6 col-lg-6 pb-1 pl-h pr-h\">\n                \n    <a href=\"https:\/\/www.telpark.com\/pt\/cidades\/porto\/parque-estacion-ferroviaria-de-campanha\/\" class=\"tpk-card-parking\">\n                                    <picture >\n\n                    <source srcset=\"https:\/\/www.telpark.com\/wp-content\/uploads\/2023\/03\/f063d053f96bedc18500235e9541a6cf.jpg\" media=\"((min-width: 0rem) and (max-width: 30rem))\">\n                             <source srcset=\"https:\/\/www.telpark.com\/wp-content\/uploads\/2023\/03\/f063d053f96bedc18500235e9541a6cf.jpg\" media=\"(min-width: 30rem) and (max-width: 64rem)\" >\n                            <source srcset=\"https:\/\/www.telpark.com\/wp-content\/uploads\/2023\/03\/f063d053f96bedc18500235e9541a6cf.jpg\" media=\"(min-width: 64rem)\" >\n        \n        \n                                                                                                                                                                    \n        <img decoding=\"async\" src=\"https:\/\/www.telpark.com\/wp-content\/uploads\/2023\/03\/f063d053f96bedc18500235e9541a6cf.jpg\" alt=\"\"  width=\"255\" height=\"176\"  loading=\"lazy\" >\n    <\/picture>\n\n                <div class=\"tpk-card-parking__content\">\n                            <h3 class=\"tpk-card-parking__title\">Parque Esta\u00e7\u00e3o Ferroviaria de Campanh\u00e3<\/h3>\n                                        <address>Largo da Esta\u00e7\u00e3o, s\/n, 4300-173<\/address>\n                        <div class=\"tpk-card-parking__icons\">\n                                    <span class=\"icon icon-galibo210 icon--md\"><\/span>\n                            <\/div>\n            <div class=\"tpk-card-parking__info\">\n                <div class=\"tpk-card-parking__info__price\">\n                                            desde\n                                                                <span>1,50 \u20ac<\/span>\n                                    <\/div>\n                <div class=\"tpk-card-parking__info__link\">\n                    <span class=\"icon icon-add icon--sm\">\n                    <\/span> \n                <\/div>\n            <\/div>\n        <\/div>\n    <\/a>\n            <\/div>\n                    <div class=\"col-xs-12 col-sm-6 col-md-6 col-lg-6 pb-1 pl-h pr-h\">\n                \n    <a href=\"https:\/\/www.telpark.com\/pt\/cidades\/porto\/parque-d-joao-i\/\" class=\"tpk-card-parking\">\n                                    <picture >\n\n                    <source srcset=\"https:\/\/www.telpark.com\/wp-content\/uploads\/2023\/03\/8693af00cc0b85ca600042436214a07a.jpg\" media=\"((min-width: 0rem) and (max-width: 30rem))\">\n                             <source srcset=\"https:\/\/www.telpark.com\/wp-content\/uploads\/2023\/03\/8693af00cc0b85ca600042436214a07a.jpg\" media=\"(min-width: 30rem) and (max-width: 64rem)\" >\n                            <source srcset=\"https:\/\/www.telpark.com\/wp-content\/uploads\/2023\/03\/8693af00cc0b85ca600042436214a07a.jpg\" media=\"(min-width: 64rem)\" >\n        \n        \n                                                                                                                                                                    \n        <img decoding=\"async\" src=\"https:\/\/www.telpark.com\/wp-content\/uploads\/2023\/03\/8693af00cc0b85ca600042436214a07a.jpg\" alt=\"\"  width=\"255\" height=\"176\"  loading=\"lazy\" >\n    <\/picture>\n\n                <div class=\"tpk-card-parking__content\">\n                            <h3 class=\"tpk-card-parking__title\">Parque D. Jo\u00e3o I<\/h3>\n                                        <address>Pra\u00e7a D. Jo\u00e3o I, s\/n, 4000-295<\/address>\n                        <div class=\"tpk-card-parking__icons\">\n                                    <span class=\"icon icon-bono icon--md\"><\/span>\n                                    <span class=\"icon icon-charger icon--md\"><\/span>\n                                    <span class=\"icon icon-car-express icon--md\"><\/span>\n                                    <span class=\"icon icon-galibo190 icon--md\"><\/span>\n                                    <span class=\"icon icon-multipass icon--md\"><\/span>\n                                    <span class=\"icon icon-reserva icon--md\"><\/span>\n                            <\/div>\n            <div class=\"tpk-card-parking__info\">\n                <div class=\"tpk-card-parking__info__price\">\n                                            desde\n                                                                <span><p>2,95 \u20ac<\/p><\/span>\n                                    <\/div>\n                <div class=\"tpk-card-parking__info__link\">\n                    <span class=\"icon icon-add icon--sm\">\n                    <\/span> \n                <\/div>\n            <\/div>\n        <\/div>\n    <\/a>\n            <\/div>\n                    <div class=\"col-xs-12 col-sm-6 col-md-6 col-lg-6 pb-1 pl-h pr-h\">\n                \n    <a href=\"https:\/\/www.telpark.com\/pt\/cidades\/porto\/parque-brasilia\/\" class=\"tpk-card-parking\">\n                                    <picture >\n\n                    <source srcset=\"https:\/\/www.telpark.com\/wp-content\/uploads\/2023\/03\/47fe39aaa17ce5b0bbb303f360f05dd2.jpg\" media=\"((min-width: 0rem) and (max-width: 30rem))\">\n                             <source srcset=\"https:\/\/www.telpark.com\/wp-content\/uploads\/2023\/03\/47fe39aaa17ce5b0bbb303f360f05dd2.jpg\" media=\"(min-width: 30rem) and (max-width: 64rem)\" >\n                            <source srcset=\"https:\/\/www.telpark.com\/wp-content\/uploads\/2023\/03\/47fe39aaa17ce5b0bbb303f360f05dd2.jpg\" media=\"(min-width: 64rem)\" >\n        \n        \n                                                                                                                                                                    \n        <img decoding=\"async\" src=\"https:\/\/www.telpark.com\/wp-content\/uploads\/2023\/03\/47fe39aaa17ce5b0bbb303f360f05dd2.jpg\" alt=\"\"  width=\"255\" height=\"176\"  loading=\"lazy\" >\n    <\/picture>\n\n                <div class=\"tpk-card-parking__content\">\n                            <h3 class=\"tpk-card-parking__title\">Parque Bras\u00edlia<\/h3>\n                                        <address>Avenida da Boavista, 253, 4050-115<\/address>\n                        <div class=\"tpk-card-parking__icons\">\n                                    <span class=\"icon icon-bono icon--md\"><\/span>\n                                    <span class=\"icon icon-charger icon--md\"><\/span>\n                                    <span class=\"icon icon-car-express icon--md\"><\/span>\n                                    <span class=\"icon icon-galibo190 icon--md\"><\/span>\n                                    <span class=\"icon icon-multipass icon--md\"><\/span>\n                                    <span class=\"icon icon-reserva icon--md\"><\/span>\n                            <\/div>\n            <div class=\"tpk-card-parking__info\">\n                <div class=\"tpk-card-parking__info__price\">\n                                            desde\n                                                                <span><p>2,50 \u20ac<\/p><\/span>\n                                    <\/div>\n                <div class=\"tpk-card-parking__info__link\">\n                    <span class=\"icon icon-add icon--sm\">\n                    <\/span> \n                <\/div>\n            <\/div>\n        <\/div>\n    <\/a>\n            <\/div>\n                    <div class=\"col-xs-12 col-sm-6 col-md-6 col-lg-6 pb-1 pl-h pr-h\">\n                \n    <a href=\"https:\/\/www.telpark.com\/pt\/cidades\/porto\/parque-estacion-de-metro-botica\/\" class=\"tpk-card-parking\">\n                                    <picture >\n\n                    <source srcset=\"https:\/\/www.telpark.com\/wp-content\/uploads\/2023\/03\/23ea9eac6da76fdf38afb42b0d146237.jpg\" media=\"((min-width: 0rem) and (max-width: 30rem))\">\n                             <source srcset=\"https:\/\/www.telpark.com\/wp-content\/uploads\/2023\/03\/23ea9eac6da76fdf38afb42b0d146237.jpg\" media=\"(min-width: 30rem) and (max-width: 64rem)\" >\n                            <source srcset=\"https:\/\/www.telpark.com\/wp-content\/uploads\/2023\/03\/23ea9eac6da76fdf38afb42b0d146237.jpg\" media=\"(min-width: 64rem)\" >\n        \n        \n                                                                                                                                                                    \n        <img decoding=\"async\" src=\"https:\/\/www.telpark.com\/wp-content\/uploads\/2023\/03\/23ea9eac6da76fdf38afb42b0d146237.jpg\" alt=\"\"  width=\"255\" height=\"176\"  loading=\"lazy\" >\n    <\/picture>\n\n                <div class=\"tpk-card-parking__content\">\n                            <h3 class=\"tpk-card-parking__title\">Parque Esta\u00e7\u00e3o Metro Botica<\/h3>\n                                        <address>Av. do Aeroporto, s\/n, 4470-558<\/address>\n                        <div class=\"tpk-card-parking__icons\">\n                                    <span class=\"icon Array icon--md\"><\/span>\n                                    <span class=\"icon Array icon--md\"><\/span>\n                                    <span class=\"icon Array icon--md\"><\/span>\n                                    <span class=\"icon Array icon--md\"><\/span>\n                            <\/div>\n            <div class=\"tpk-card-parking__info\">\n                <div class=\"tpk-card-parking__info__price\">\n                                            desde\n                                                                <span>1,20 \u20ac<\/span>\n                                    <\/div>\n                <div class=\"tpk-card-parking__info__link\">\n                    <span class=\"icon icon-add icon--sm\">\n                    <\/span> \n                <\/div>\n            <\/div>\n        <\/div>\n    <\/a>\n            <\/div>\n            <\/div>\n    <\/section>\n\n\n<section class=\"tpk-banner-app \">\n    <div class=\"row wrapper middle-xs\">\n        <div class=\"col-xs-12 col-sm-6 col-no-gutter tpk-banner-app__picture\">\n                                                <picture class=\"hide-xs show-sm\">\n\n                             <source srcset=\"https:\/\/www.telpark.com\/wp-content\/uploads\/2023\/08\/Bloque-descarga-ok-1-488x534.png\" media=\"(min-width: 30rem) and (max-width: 64rem)\" >\n                            <source srcset=\"https:\/\/www.telpark.com\/wp-content\/uploads\/2023\/08\/Bloque-descarga-ok-1-680x752.png\" media=\"(min-width: 64rem)\" >\n        \n        \n                                                                                                        \n        <img decoding=\"async\" src=\"https:\/\/www.telpark.com\/wp-content\/uploads\/2023\/08\/Bloque-descarga-ok-1-680x752.png\" alt=\"Desc\u00e1rgate la App\"  width=\"680\" height=\"752\"  loading=\"lazy\" >\n    <\/picture>\n\n                                <\/div>\n        <div class=\"col-xs-12 col-sm-6 tpk-banner-app__content\">\n                        <header class=\"tpk-head  wrapper\">\n        <h2 class=\"tpk-head__title\">Descarrega a app e come\u00e7a a pagar menos<\/h2>    <\/header>\n                        <div class=\"tpk-banner-app__buttons\">\n                                                                                                                                                <a href=\"https:\/\/apps.apple.com\/es\/app\/telpark\/id658204860\" class=\"tpk-button tpk-button--app dark\" target=\"_blank\">\n        <svg width=\"25\" height=\"30\" viewBox=\"0 0 25 30\" fill=\"none\" xmlns=\"http:\/\/www.w3.org\/2000\/svg\">\n            <path d=\"M23.643 10.227C23.469 10.362 20.397 12.093 20.397 15.942C20.397 20.394 24.306 21.969 24.423 22.008C24.405 22.104 23.802 24.165 22.362 26.265C21.078 28.113 19.737 29.958 17.697 29.958C15.657 29.958 15.132 28.773 12.777 28.773C10.482 28.773 9.666 29.997 7.8 29.997C5.934 29.997 4.632 28.287 3.135 26.187C1.401 23.721 0 19.89 0 16.254C0 10.422 3.792 7.329 7.524 7.329C9.507 7.329 11.16 8.631 12.405 8.631C13.59 8.631 15.438 7.251 17.694 7.251C18.549 7.251 21.621 7.329 23.643 10.227V10.227ZM16.623 4.782C17.556 3.675 18.216 2.139 18.216 0.603C18.216 0.39 18.198 0.174 18.159 0C16.641 0.057 14.835 1.011 13.746 2.274C12.891 3.246 12.093 4.782 12.093 6.339C12.093 6.573 12.132 6.807 12.15 6.882C12.246 6.9 12.402 6.921 12.558 6.921C13.92 6.921 15.633 6.009 16.623 4.782Z\" fill=\"white\"\/>\n        <\/svg>\n        <div>\n            <span>Dispon\u00edvel em<\/span>\n            Apple Store\n        <\/div>\n    <\/a>\n\n                                                                                                                            \n    <a href=\"https:\/\/play.google.com\/store\/apps\/details?id=com.delaware.empark&hl=es&referrer=%26utm_campaign%3Dnondigital%26utm_source%3Dnondigital%26utm_medium%3Dnondigital&pli=1\" class=\"tpk-button tpk-button--app dark\" target=\"_blank\">\n        <svg width=\"23\" height=\"26\" viewBox=\"0 0 23 26\" fill=\"none\" xmlns=\"http:\/\/www.w3.org\/2000\/svg\">\n            <path fill-rule=\"evenodd\" clip-rule=\"evenodd\" d=\"M0.862422 0.87988C0.581172 1.18175 0.419922 1.64675 0.419922 2.25113V23.7411C0.419922 24.3455 0.581172 24.8105 0.873047 25.1018L0.949297 25.1661L12.9905 13.1249V12.8543L0.938672 0.815505L0.862422 0.87988Z\" fill=\"url(#paint0_linear_9_9)\"\/>\n            <path fill-rule=\"evenodd\" clip-rule=\"evenodd\" d=\"M16.9962 17.1543L12.98 13.1368V12.8556L16.9975 8.83807L17.0843 8.89182L21.8362 11.5924C23.1968 12.3593 23.1968 13.6231 21.8362 14.4006L17.0843 17.1012L16.9962 17.1543Z\" fill=\"url(#paint1_linear_9_9)\"\/>\n            <path fill-rule=\"evenodd\" clip-rule=\"evenodd\" d=\"M17.083 17.1005L12.9799 12.9961L0.862371 25.1136C1.30487 25.5892 2.04987 25.643 2.88237 25.178L17.083 17.1005Z\" fill=\"url(#paint2_linear_9_9)\"\/>\n            <path fill-rule=\"evenodd\" clip-rule=\"evenodd\" d=\"M17.083 8.89304L2.88237 0.82616C2.05112 0.350535 1.30487 0.41491 0.862371 0.890535L12.9786 12.9962L17.083 8.89304Z\" fill=\"url(#paint3_linear_9_9)\"\/>\n            <defs>\n            <linearGradient id=\"paint0_linear_9_9\" x1=\"35.6607\" y1=\"-6.74995\" x2=\"-5.23028\" y2=\"12.2052\" gradientUnits=\"userSpaceOnUse\">\n            <stop stop-color=\"#047ED6\"\/>\n            <stop offset=\"1\" stop-color=\"#50E6FF\"\/>\n            <\/linearGradient>\n            <linearGradient id=\"paint1_linear_9_9\" x1=\"24.5643\" y1=\"12.9971\" x2=\"-6.03917\" y2=\"12.9971\" gradientUnits=\"userSpaceOnUse\">\n            <stop stop-color=\"#FFDA1C\"\/>\n            <stop offset=\"1\" stop-color=\"#FEB705\"\/>\n            <\/linearGradient>\n            <linearGradient id=\"paint2_linear_9_9\" x1=\"19.7657\" y1=\"4.95934\" x2=\"-15.0772\" y2=\"45.5368\" gradientUnits=\"userSpaceOnUse\">\n            <stop stop-color=\"#D9414F\"\/>\n            <stop offset=\"1\" stop-color=\"#8C193F\"\/>\n            <\/linearGradient>\n            <linearGradient id=\"paint3_linear_9_9\" x1=\"-2.18997\" y1=\"-6.27096\" x2=\"4.71665\" y2=\"5.36978\" gradientUnits=\"userSpaceOnUse\">\n            <stop stop-color=\"#33C481\"\/>\n            <stop offset=\"1\" stop-color=\"#61E3A7\"\/>\n            <\/linearGradient>\n            <\/defs>\n            <\/svg>\n        <div>\n            <span>Dispon\u00edvel em<\/span>\n            Google Play\n        <\/div>\n    <\/a>\n                                                                                                <\/div>\n        <\/div>\n    <\/div>\n<\/section>\n","protected":false},"featured_media":0,"template":"","serviceList":[],"yoast_head":"<!-- This site is optimized with the Yoast SEO plugin v20.12 - https:\/\/yoast.com\/wordpress\/plugins\/seo\/ -->\n<title>Mota-Galiza \/ Pal\u00e1cio de Cristal, Porto | Telpark<\/title>\n<meta name=\"description\" content=\"Reserva tu plaza en Mota-Galiza \/ Pal\u00e1cio de Cristal en Porto. Descarga la app y olv\u00eddate del cajero o carga tu coche el\u00e9ctrico.\" \/>\n<meta name=\"robots\" content=\"index, follow, max-snippet:-1, max-image-preview:large, max-video-preview:-1\" \/>\n<link rel=\"canonical\" href=\"https:\/\/www.telpark.com\/pt\/cidades\/porto\/parque-mota-galiza-palacio-de-cristal\/\" \/>\n<meta property=\"og:locale\" content=\"pt_PT\" \/>\n<meta property=\"og:type\" content=\"article\" \/>\n<meta property=\"og:title\" content=\"Mota-Galiza \/ Pal\u00e1cio de Cristal, Porto | Telpark\" \/>\n<meta property=\"og:description\" content=\"Reserva tu plaza en Mota-Galiza \/ Pal\u00e1cio de Cristal en Porto. Descarga la app y olv\u00eddate del cajero o carga tu coche el\u00e9ctrico.\" \/>\n<meta property=\"og:url\" content=\"https:\/\/www.telpark.com\/pt\/cidades\/porto\/parque-mota-galiza-palacio-de-cristal\/\" \/>\n<meta property=\"og:site_name\" content=\"Telpark\" \/>\n<meta property=\"article:modified_time\" content=\"2026-04-13T09:02:44+00:00\" \/>\n<meta name=\"twitter:card\" content=\"summary_large_image\" \/>\n<meta name=\"twitter:site\" content=\"@telpark_es\" \/>\n<script type=\"application\/ld+json\" class=\"yoast-schema-graph\">{\"@context\":\"https:\/\/schema.org\",\"@graph\":[{\"@type\":\"WebPage\",\"@id\":\"https:\/\/www.telpark.com\/pt\/cidades\/porto\/parque-mota-galiza-palacio-de-cristal\/\",\"url\":\"https:\/\/www.telpark.com\/pt\/cidades\/porto\/parque-mota-galiza-palacio-de-cristal\/\",\"name\":\"Mota-Galiza \/ Pal\u00e1cio de Cristal, Porto | Telpark\",\"isPartOf\":{\"@id\":\"https:\/\/www.telpark.com\/pt\/#website\"},\"datePublished\":\"2023-03-31T12:10:56+00:00\",\"dateModified\":\"2026-04-13T09:02:44+00:00\",\"description\":\"Reserva tu plaza en Mota-Galiza \/ Pal\u00e1cio de Cristal en Porto. Descarga la app y olv\u00eddate del cajero o carga tu coche el\u00e9ctrico.\",\"breadcrumb\":{\"@id\":\"https:\/\/www.telpark.com\/pt\/cidades\/porto\/parque-mota-galiza-palacio-de-cristal\/#breadcrumb\"},\"inLanguage\":\"pt-PT\",\"potentialAction\":[{\"@type\":\"ReadAction\",\"target\":[\"https:\/\/www.telpark.com\/pt\/cidades\/porto\/parque-mota-galiza-palacio-de-cristal\/\"]}]},{\"@type\":\"BreadcrumbList\",\"@id\":\"https:\/\/www.telpark.com\/pt\/cidades\/porto\/parque-mota-galiza-palacio-de-cristal\/#breadcrumb\",\"itemListElement\":[{\"@type\":\"ListItem\",\"position\":1,\"name\":\"Home\",\"item\":\"https:\/\/www.telpark.com\/pt\/\"},{\"@type\":\"ListItem\",\"position\":2,\"name\":\"Mota-Galiza \/ Pal\u00e1cio de Cristal\"}]},{\"@type\":\"WebSite\",\"@id\":\"https:\/\/www.telpark.com\/pt\/#website\",\"url\":\"https:\/\/www.telpark.com\/pt\/\",\"name\":\"Telpark\",\"description\":\"Reserva tu plaza en los mejores aparcamientos. Descarga la app y olv\u00eddate de cajeros o parqu\u00edmetros en m\u00e1s de 100 ciudades en Espa\u00f1a y Portugal\",\"publisher\":{\"@id\":\"https:\/\/www.telpark.com\/pt\/#organization\"},\"potentialAction\":[{\"@type\":\"SearchAction\",\"target\":{\"@type\":\"EntryPoint\",\"urlTemplate\":\"https:\/\/www.telpark.com\/pt\/?s={search_term_string}\"},\"query-input\":\"required name=search_term_string\"}],\"inLanguage\":\"pt-PT\"},{\"@type\":\"Organization\",\"@id\":\"https:\/\/www.telpark.com\/pt\/#organization\",\"name\":\"Telpark\",\"url\":\"https:\/\/www.telpark.com\/pt\/\",\"logo\":{\"@type\":\"ImageObject\",\"inLanguage\":\"pt-PT\",\"@id\":\"https:\/\/www.telpark.com\/pt\/#\/schema\/logo\/image\/\",\"url\":\"https:\/\/www.telpark.com\/wp-content\/uploads\/2023\/09\/telpark-logo.svg\",\"contentUrl\":\"https:\/\/www.telpark.com\/wp-content\/uploads\/2023\/09\/telpark-logo.svg\",\"width\":128,\"height\":32,\"caption\":\"Telpark\"},\"image\":{\"@id\":\"https:\/\/www.telpark.com\/pt\/#\/schema\/logo\/image\/\"},\"sameAs\":[\"https:\/\/twitter.com\/telpark_es\",\"https:\/\/www.instagram.com\/telpark_app\/\",\"https:\/\/www.youtube.com\/channel\/UCm8sjis_xlHU5VYQ6GslW-Q\"]}]}<\/script>\n<!-- \/ Yoast SEO plugin. -->","yoast_head_json":{"title":"Mota-Galiza \/ Pal\u00e1cio de Cristal, Porto | Telpark","description":"Reserva tu plaza en Mota-Galiza \/ Pal\u00e1cio de Cristal en Porto. Descarga la app y olv\u00eddate del cajero o carga tu coche el\u00e9ctrico.","robots":{"index":"index","follow":"follow","max-snippet":"max-snippet:-1","max-image-preview":"max-image-preview:large","max-video-preview":"max-video-preview:-1"},"canonical":"https:\/\/www.telpark.com\/pt\/cidades\/porto\/parque-mota-galiza-palacio-de-cristal\/","og_locale":"pt_PT","og_type":"article","og_title":"Mota-Galiza \/ Pal\u00e1cio de Cristal, Porto | Telpark","og_description":"Reserva tu plaza en Mota-Galiza \/ Pal\u00e1cio de Cristal en Porto. Descarga la app y olv\u00eddate del cajero o carga tu coche el\u00e9ctrico.","og_url":"https:\/\/www.telpark.com\/pt\/cidades\/porto\/parque-mota-galiza-palacio-de-cristal\/","og_site_name":"Telpark","article_modified_time":"2026-04-13T09:02:44+00:00","twitter_card":"summary_large_image","twitter_site":"@telpark_es","schema":{"@context":"https:\/\/schema.org","@graph":[{"@type":"WebPage","@id":"https:\/\/www.telpark.com\/pt\/cidades\/porto\/parque-mota-galiza-palacio-de-cristal\/","url":"https:\/\/www.telpark.com\/pt\/cidades\/porto\/parque-mota-galiza-palacio-de-cristal\/","name":"Mota-Galiza \/ Pal\u00e1cio de Cristal, Porto | Telpark","isPartOf":{"@id":"https:\/\/www.telpark.com\/pt\/#website"},"datePublished":"2023-03-31T12:10:56+00:00","dateModified":"2026-04-13T09:02:44+00:00","description":"Reserva tu plaza en Mota-Galiza \/ Pal\u00e1cio de Cristal en Porto. Descarga la app y olv\u00eddate del cajero o carga tu coche el\u00e9ctrico.","breadcrumb":{"@id":"https:\/\/www.telpark.com\/pt\/cidades\/porto\/parque-mota-galiza-palacio-de-cristal\/#breadcrumb"},"inLanguage":"pt-PT","potentialAction":[{"@type":"ReadAction","target":["https:\/\/www.telpark.com\/pt\/cidades\/porto\/parque-mota-galiza-palacio-de-cristal\/"]}]},{"@type":"BreadcrumbList","@id":"https:\/\/www.telpark.com\/pt\/cidades\/porto\/parque-mota-galiza-palacio-de-cristal\/#breadcrumb","itemListElement":[{"@type":"ListItem","position":1,"name":"Home","item":"https:\/\/www.telpark.com\/pt\/"},{"@type":"ListItem","position":2,"name":"Mota-Galiza \/ Pal\u00e1cio de Cristal"}]},{"@type":"WebSite","@id":"https:\/\/www.telpark.com\/pt\/#website","url":"https:\/\/www.telpark.com\/pt\/","name":"Telpark","description":"Reserva tu plaza en los mejores aparcamientos. Descarga la app y olv\u00eddate de cajeros o parqu\u00edmetros en m\u00e1s de 100 ciudades en Espa\u00f1a y Portugal","publisher":{"@id":"https:\/\/www.telpark.com\/pt\/#organization"},"potentialAction":[{"@type":"SearchAction","target":{"@type":"EntryPoint","urlTemplate":"https:\/\/www.telpark.com\/pt\/?s={search_term_string}"},"query-input":"required name=search_term_string"}],"inLanguage":"pt-PT"},{"@type":"Organization","@id":"https:\/\/www.telpark.com\/pt\/#organization","name":"Telpark","url":"https:\/\/www.telpark.com\/pt\/","logo":{"@type":"ImageObject","inLanguage":"pt-PT","@id":"https:\/\/www.telpark.com\/pt\/#\/schema\/logo\/image\/","url":"https:\/\/www.telpark.com\/wp-content\/uploads\/2023\/09\/telpark-logo.svg","contentUrl":"https:\/\/www.telpark.com\/wp-content\/uploads\/2023\/09\/telpark-logo.svg","width":128,"height":32,"caption":"Telpark"},"image":{"@id":"https:\/\/www.telpark.com\/pt\/#\/schema\/logo\/image\/"},"sameAs":["https:\/\/twitter.com\/telpark_es","https:\/\/www.instagram.com\/telpark_app\/","https:\/\/www.youtube.com\/channel\/UCm8sjis_xlHU5VYQ6GslW-Q"]}]}},"meta_box":{"location":"25267","telpark_bd_id":"0281","header":{"title":"Parque Mota-Galiza \/ Pal\u00e1cio de Cristal","caption":"Parque de estacionamento telpark","address":"Rua Calouste Gulbenkien, s\/n, 4050-323","tlf":"911 746 634 \/ 220 938 798","text_link":"Como chegar?","url":"https:\/\/goo.gl\/maps\/LGxb4SmVNt32d7fb6","icon":"icon-export","info_prize":"desde","prize":"<p>2,20\u20ac<\/p>","image":"944","latitude":"41.150308","longitude":"-8.626749"},"detail":{"image":"1983","description":"<h2>Sobre o parque<\/h2>\r\n<p>Local ideal para estacionar se pretendes passear pelos Jardins do Pal\u00e1cio de Cristal conhecidos pelas suas vistas, ou ir a um espet\u00e1culo no Pavilh\u00e3o Rosa Mota. Aproveita todas as vantagens ao estacionar com app telpark<\/p>","button_info":{"url":"https:\/\/reserva.telpark.com\/pt\/parking\/PORTO_MOTA_GALIZA_PARKING","color":"primary","size":"lg","text":"Reservar parque"}},"parking_info":{"info_list":[{"title":"Hor\u00e1rios","items":[{"title":"Hor\u00e1rio de servi\u00e7o","content":"<p>Segunda a sexta-feira: 7 h a 24 h<\/p>"},{"title":"Servi\u00e7o ao cliente","content":"<p>24h<\/p>"}]},{"title":"Pre\u00e7os gerais","items":[{"title":"Pre\u00e7o primeira hora","content":"<p>2,20\u20ac<\/p>"},{"title":"M\u00e1ximo Di\u00e1rio","content":"<p>15,00 \u20ac<\/p>"}]}],"icon_list":[{"show_parking_block":"1","title":"Produtos","icon_data":["570","273","276","279","282"]},{"title":"Servi\u00e7os","icon_data":["255","207","213","225"]},{"title":"Forma de Pagamento","icon_data":["249","246","252","270"]},{"title":"Ve\u00edculos Aptos","icon_data":["294","297"]},{"show_parking_block":"1","title":"Altura M\u00e1xima","icon_data":["586"]}]},"points_of_interes":{"select":["Pra\u00e7a da Galiza - 0.3 km","ESJ Escola de Jornalismo do Porto - 0.7 km","Centro Hospitalar do Porto - 0.8 km","Gardens of the Crystal Palace - 0.8 km","Gardens of the glass palace - 0.8 km","Noocity Vegetable Garden at Unilabs - 0.9 km","Abel Salazar Biomedical Sciences Institute - University of Porto - 0.9 km","JUNTA DE FREGUESIA DE FIGUEIR\u00d3 (SANTA cRISTINA) - 1.0 km"]}},"_links":{"self":[{"href":"https:\/\/www.telpark.com\/pt\/wp-json\/wp\/v2\/parkings\/27545"}],"collection":[{"href":"https:\/\/www.telpark.com\/pt\/wp-json\/wp\/v2\/parkings"}],"about":[{"href":"https:\/\/www.telpark.com\/pt\/wp-json\/wp\/v2\/types\/parkings"}],"version-history":[{"count":3,"href":"https:\/\/www.telpark.com\/pt\/wp-json\/wp\/v2\/parkings\/27545\/revisions"}],"predecessor-version":[{"id":52151,"href":"https:\/\/www.telpark.com\/pt\/wp-json\/wp\/v2\/parkings\/27545\/revisions\/52151"}],"wp:attachment":[{"href":"https:\/\/www.telpark.com\/pt\/wp-json\/wp\/v2\/media?parent=27545"}],"wp:term":[{"taxonomy":"serviceList","embeddable":true,"href":"https:\/\/www.telpark.com\/pt\/wp-json\/wp\/v2\/serviceList?post=27545"}],"curies":[{"name":"wp","href":"https:\/\/api.w.org\/{rel}","templated":true}]}}