{"id":32576,"date":"2023-03-31T13:03:37","date_gmt":"2023-03-31T12:03:37","guid":{"rendered":"https:\/\/telpark.cmspro.telpark.com\/ciudades\/%location%\/parking-hospital-de-lesperit-sant\/"},"modified":"2024-11-18T11:25:22","modified_gmt":"2024-11-18T10:25:22","slug":"parque-hospital-de-lesperit-sant","status":"publish","type":"parkings","link":"https:\/\/www.telpark.com\/pt\/cidades\/santa-coloma-de-gramanet\/parque-hospital-de-lesperit-sant\/","title":{"rendered":"Hospital de l\u00b4Esperit Sant"},"content":{"rendered":"\n<section class=\"tpk-banner-cta tpk-banner-cta--half  reverse   corporate\"\n         style=\" --bg-picture: url('https:\/\/www.telpark.com\/wp-content\/uploads\/2026\/04\/desktop-super-3-v2.jpg'); --bg-size: cover; --bg-position: center center;                   --bg-picture-xs: url('https:\/\/www.telpark.com\/wp-content\/uploads\/2026\/04\/mobile-super-3-.jpg'); \">\n    <div class=\"tpk-banner-cta--half__picture\">\n            <\/div>\n\n    <div class=\"tpk-banner-cta__content row wrapper middle-xs\">\n        <div class=\"col-xs-12 col-md-6 tpk-banner-cta__content__text\">\n                        <header class=\"tpk-head  wrapper\">\n    <p class=\"tpk-head__caption\">Na tua app Telpark<\/p>    <h2 class=\"tpk-head__title\">Regista-te e recebe gr\u00e1tis 3\u20ac na Entrada Express<\/h2>    <p>Com o Entrada Express, o sistema l\u00ea automaticamente a tua matr\u00edcula e cobra a estadia.<\/p>\n<p><span data-teams=\"true\">E agora com regalo... <strong>ganha 3\u20ac ao criar uma conta e mais 3\u20ac depois de utilizar a Entrada Express 3 ou mais vezes.<\/strong><\/p>\n<p><\/span><\/p>\n<\/header>            <div class=\"tpk-banner-cta__buttons\">\n                                                        <a  class=\"tpk-button tpk-button--secondary tpk-button--lg \" href=\"https:\/\/www.telpark.com\/pt\/produtos-parque\/entrada-express\/\"    >\n    <span>Descubre mais<\/span>\n    <\/a>                            <\/div>\n        <\/div>\n    <\/div>\n<\/section>\n\n\n\n<section\n        class=\"tpk-banner-cta tpk-banner-cta--background center  \"\n        style=\" --bg-picture: url('https:\/\/www.telpark.com\/wp-content\/uploads\/2023\/03\/733d81fb1315498743a0a514632b7ad3.png'); --bg-size: cover; --bg-position: center center;\">\n    \n        \n    <div class=\"tpk-banner-cta__content row wrapper middle-xs \">\n        \n                    <div class=\"col-xs-12 col-md-6 tpk-banner-cta__content__text\">\n                \n                                            <header class=\"tpk-head  wrapper\">\n    <p class=\"tpk-head__caption\">Cidades<\/p>    <h2 class=\"tpk-head__title\">Descobre Santa Coloma de Gramanet<\/h2>    <p>Se vais de viagem a Santa Coloma de Gramanet, n\u00e3o te esque\u00e7as de deixar o teu ve\u00edculo connosco. Descobre todos os nossos parques e desfruta das vantagens Telpark.<\/p>\n<\/header>                \n                                    <div class=\"tpk-banner-cta__buttons\">\n                                                                                <a  class=\"tpk-button tpk-button--primary tpk-button--lg \" href=\"\/pt\/cidades\/santa-coloma-de-gramanet\/\"    target=\"_blank\" >\n    <span>Ver cidade<\/span>\n    <\/a>                                            <\/div>\n                                        <\/div>\n        <\/div>\n    \n    <\/section>\n\n\n<section class=\"tpk-banner-app \">\n    <div class=\"row wrapper middle-xs\">\n        <div class=\"col-xs-12 col-sm-6 col-no-gutter tpk-banner-app__picture\">\n                                                <picture class=\"hide-xs show-sm\">\n\n                             <source srcset=\"https:\/\/www.telpark.com\/wp-content\/uploads\/2023\/08\/Bloque-descarga-ok-1-488x534.png\" media=\"(min-width: 30rem) and (max-width: 64rem)\" >\n                            <source srcset=\"https:\/\/www.telpark.com\/wp-content\/uploads\/2023\/08\/Bloque-descarga-ok-1-680x752.png\" media=\"(min-width: 64rem)\" >\n        \n        \n                                                                                                        \n        <img decoding=\"async\" src=\"https:\/\/www.telpark.com\/wp-content\/uploads\/2023\/08\/Bloque-descarga-ok-1-680x752.png\" alt=\"Desc\u00e1rgate la App\"  width=\"680\" height=\"752\"  loading=\"lazy\" >\n    <\/picture>\n\n                                <\/div>\n        <div class=\"col-xs-12 col-sm-6 tpk-banner-app__content\">\n                        <header class=\"tpk-head  wrapper\">\n        <h2 class=\"tpk-head__title\">Descarrega a app e come\u00e7a a pagar menos<\/h2>    <\/header>\n                        <div class=\"tpk-banner-app__buttons\">\n                                                                                                                                                <a href=\"https:\/\/apps.apple.com\/es\/app\/telpark\/id658204860\" class=\"tpk-button tpk-button--app dark\" target=\"_blank\">\n        <svg width=\"25\" height=\"30\" viewBox=\"0 0 25 30\" fill=\"none\" xmlns=\"http:\/\/www.w3.org\/2000\/svg\">\n            <path d=\"M23.643 10.227C23.469 10.362 20.397 12.093 20.397 15.942C20.397 20.394 24.306 21.969 24.423 22.008C24.405 22.104 23.802 24.165 22.362 26.265C21.078 28.113 19.737 29.958 17.697 29.958C15.657 29.958 15.132 28.773 12.777 28.773C10.482 28.773 9.666 29.997 7.8 29.997C5.934 29.997 4.632 28.287 3.135 26.187C1.401 23.721 0 19.89 0 16.254C0 10.422 3.792 7.329 7.524 7.329C9.507 7.329 11.16 8.631 12.405 8.631C13.59 8.631 15.438 7.251 17.694 7.251C18.549 7.251 21.621 7.329 23.643 10.227V10.227ZM16.623 4.782C17.556 3.675 18.216 2.139 18.216 0.603C18.216 0.39 18.198 0.174 18.159 0C16.641 0.057 14.835 1.011 13.746 2.274C12.891 3.246 12.093 4.782 12.093 6.339C12.093 6.573 12.132 6.807 12.15 6.882C12.246 6.9 12.402 6.921 12.558 6.921C13.92 6.921 15.633 6.009 16.623 4.782Z\" fill=\"white\"\/>\n        <\/svg>\n        <div>\n            <span>Dispon\u00edvel em<\/span>\n            Apple Store\n        <\/div>\n    <\/a>\n\n                                                                                                                            \n    <a href=\"https:\/\/play.google.com\/store\/apps\/details?id=com.delaware.empark&hl=es&referrer=%26utm_campaign%3Dnondigital%26utm_source%3Dnondigital%26utm_medium%3Dnondigital&pli=1\" class=\"tpk-button tpk-button--app dark\" target=\"_blank\">\n        <svg width=\"23\" height=\"26\" viewBox=\"0 0 23 26\" fill=\"none\" xmlns=\"http:\/\/www.w3.org\/2000\/svg\">\n            <path fill-rule=\"evenodd\" clip-rule=\"evenodd\" d=\"M0.862422 0.87988C0.581172 1.18175 0.419922 1.64675 0.419922 2.25113V23.7411C0.419922 24.3455 0.581172 24.8105 0.873047 25.1018L0.949297 25.1661L12.9905 13.1249V12.8543L0.938672 0.815505L0.862422 0.87988Z\" fill=\"url(#paint0_linear_9_9)\"\/>\n            <path fill-rule=\"evenodd\" clip-rule=\"evenodd\" d=\"M16.9962 17.1543L12.98 13.1368V12.8556L16.9975 8.83807L17.0843 8.89182L21.8362 11.5924C23.1968 12.3593 23.1968 13.6231 21.8362 14.4006L17.0843 17.1012L16.9962 17.1543Z\" fill=\"url(#paint1_linear_9_9)\"\/>\n            <path fill-rule=\"evenodd\" clip-rule=\"evenodd\" d=\"M17.083 17.1005L12.9799 12.9961L0.862371 25.1136C1.30487 25.5892 2.04987 25.643 2.88237 25.178L17.083 17.1005Z\" fill=\"url(#paint2_linear_9_9)\"\/>\n            <path fill-rule=\"evenodd\" clip-rule=\"evenodd\" d=\"M17.083 8.89304L2.88237 0.82616C2.05112 0.350535 1.30487 0.41491 0.862371 0.890535L12.9786 12.9962L17.083 8.89304Z\" fill=\"url(#paint3_linear_9_9)\"\/>\n            <defs>\n            <linearGradient id=\"paint0_linear_9_9\" x1=\"35.6607\" y1=\"-6.74995\" x2=\"-5.23028\" y2=\"12.2052\" gradientUnits=\"userSpaceOnUse\">\n            <stop stop-color=\"#047ED6\"\/>\n            <stop offset=\"1\" stop-color=\"#50E6FF\"\/>\n            <\/linearGradient>\n            <linearGradient id=\"paint1_linear_9_9\" x1=\"24.5643\" y1=\"12.9971\" x2=\"-6.03917\" y2=\"12.9971\" gradientUnits=\"userSpaceOnUse\">\n            <stop stop-color=\"#FFDA1C\"\/>\n            <stop offset=\"1\" stop-color=\"#FEB705\"\/>\n            <\/linearGradient>\n            <linearGradient id=\"paint2_linear_9_9\" x1=\"19.7657\" y1=\"4.95934\" x2=\"-15.0772\" y2=\"45.5368\" gradientUnits=\"userSpaceOnUse\">\n            <stop stop-color=\"#D9414F\"\/>\n            <stop offset=\"1\" stop-color=\"#8C193F\"\/>\n            <\/linearGradient>\n            <linearGradient id=\"paint3_linear_9_9\" x1=\"-2.18997\" y1=\"-6.27096\" x2=\"4.71665\" y2=\"5.36978\" gradientUnits=\"userSpaceOnUse\">\n            <stop stop-color=\"#33C481\"\/>\n            <stop offset=\"1\" stop-color=\"#61E3A7\"\/>\n            <\/linearGradient>\n            <\/defs>\n            <\/svg>\n        <div>\n            <span>Dispon\u00edvel em<\/span>\n            Google Play\n        <\/div>\n    <\/a>\n                                                                                                <\/div>\n        <\/div>\n    <\/div>\n<\/section>\n","protected":false},"featured_media":0,"template":"","serviceList":[],"yoast_head":"<!-- This site is optimized with the Yoast SEO plugin v20.12 - https:\/\/yoast.com\/wordpress\/plugins\/seo\/ -->\n<title>Estaciona no Parque Hospital de l&#039;Esperit Sant telpark - Coloma de Gramanet<\/title>\n<meta name=\"description\" content=\"Estaciona em Coloma de Gramanet ao melhor pre\u00e7o no parque telpark Hospital de l&#039;Esperit Sant telpark. Reserva j\u00e1 ou v\u00ea todos os produtos dispon\u00edveis para ti\" \/>\n<meta name=\"robots\" content=\"index, follow, max-snippet:-1, max-image-preview:large, max-video-preview:-1\" \/>\n<link rel=\"canonical\" href=\"https:\/\/www.telpark.com\/pt\/cidades\/santa-coloma-de-gramanet\/parque-hospital-de-lesperit-sant\/\" \/>\n<meta property=\"og:locale\" content=\"pt_PT\" \/>\n<meta property=\"og:type\" content=\"article\" \/>\n<meta property=\"og:title\" content=\"Estaciona no Parque Hospital de l&#039;Esperit Sant telpark - Coloma de Gramanet\" \/>\n<meta property=\"og:description\" content=\"Estaciona em Coloma de Gramanet ao melhor pre\u00e7o no parque telpark Hospital de l&#039;Esperit Sant telpark. Reserva j\u00e1 ou v\u00ea todos os produtos dispon\u00edveis para ti\" \/>\n<meta property=\"og:url\" content=\"https:\/\/www.telpark.com\/pt\/cidades\/santa-coloma-de-gramanet\/parque-hospital-de-lesperit-sant\/\" \/>\n<meta property=\"og:site_name\" content=\"Telpark\" \/>\n<meta property=\"article:modified_time\" content=\"2024-11-18T10:25:22+00:00\" \/>\n<meta name=\"twitter:card\" content=\"summary_large_image\" \/>\n<meta name=\"twitter:site\" content=\"@telpark_es\" \/>\n<script type=\"application\/ld+json\" class=\"yoast-schema-graph\">{\"@context\":\"https:\/\/schema.org\",\"@graph\":[{\"@type\":\"WebPage\",\"@id\":\"https:\/\/www.telpark.com\/pt\/cidades\/santa-coloma-de-gramanet\/parque-hospital-de-lesperit-sant\/\",\"url\":\"https:\/\/www.telpark.com\/pt\/cidades\/santa-coloma-de-gramanet\/parque-hospital-de-lesperit-sant\/\",\"name\":\"Estaciona no Parque Hospital de l'Esperit Sant telpark - Coloma de Gramanet\",\"isPartOf\":{\"@id\":\"https:\/\/www.telpark.com\/pt\/#website\"},\"datePublished\":\"2023-03-31T12:03:37+00:00\",\"dateModified\":\"2024-11-18T10:25:22+00:00\",\"description\":\"Estaciona em Coloma de Gramanet ao melhor pre\u00e7o no parque telpark Hospital de l'Esperit Sant telpark. Reserva j\u00e1 ou v\u00ea todos os produtos dispon\u00edveis para ti\",\"breadcrumb\":{\"@id\":\"https:\/\/www.telpark.com\/pt\/cidades\/santa-coloma-de-gramanet\/parque-hospital-de-lesperit-sant\/#breadcrumb\"},\"inLanguage\":\"pt-PT\",\"potentialAction\":[{\"@type\":\"ReadAction\",\"target\":[\"https:\/\/www.telpark.com\/pt\/cidades\/santa-coloma-de-gramanet\/parque-hospital-de-lesperit-sant\/\"]}]},{\"@type\":\"BreadcrumbList\",\"@id\":\"https:\/\/www.telpark.com\/pt\/cidades\/santa-coloma-de-gramanet\/parque-hospital-de-lesperit-sant\/#breadcrumb\",\"itemListElement\":[{\"@type\":\"ListItem\",\"position\":1,\"name\":\"Home\",\"item\":\"https:\/\/www.telpark.com\/pt\/\"},{\"@type\":\"ListItem\",\"position\":2,\"name\":\"Hospital de l\u00b4Esperit Sant\"}]},{\"@type\":\"WebSite\",\"@id\":\"https:\/\/www.telpark.com\/pt\/#website\",\"url\":\"https:\/\/www.telpark.com\/pt\/\",\"name\":\"Telpark\",\"description\":\"Reserva tu plaza en los mejores aparcamientos. Descarga la app y olv\u00eddate de cajeros o parqu\u00edmetros en m\u00e1s de 100 ciudades en Espa\u00f1a y Portugal\",\"publisher\":{\"@id\":\"https:\/\/www.telpark.com\/pt\/#organization\"},\"potentialAction\":[{\"@type\":\"SearchAction\",\"target\":{\"@type\":\"EntryPoint\",\"urlTemplate\":\"https:\/\/www.telpark.com\/pt\/?s={search_term_string}\"},\"query-input\":\"required name=search_term_string\"}],\"inLanguage\":\"pt-PT\"},{\"@type\":\"Organization\",\"@id\":\"https:\/\/www.telpark.com\/pt\/#organization\",\"name\":\"Telpark\",\"url\":\"https:\/\/www.telpark.com\/pt\/\",\"logo\":{\"@type\":\"ImageObject\",\"inLanguage\":\"pt-PT\",\"@id\":\"https:\/\/www.telpark.com\/pt\/#\/schema\/logo\/image\/\",\"url\":\"https:\/\/www.telpark.com\/wp-content\/uploads\/2023\/09\/telpark-logo.svg\",\"contentUrl\":\"https:\/\/www.telpark.com\/wp-content\/uploads\/2023\/09\/telpark-logo.svg\",\"width\":128,\"height\":32,\"caption\":\"Telpark\"},\"image\":{\"@id\":\"https:\/\/www.telpark.com\/pt\/#\/schema\/logo\/image\/\"},\"sameAs\":[\"https:\/\/twitter.com\/telpark_es\",\"https:\/\/www.instagram.com\/telpark_app\/\",\"https:\/\/www.youtube.com\/channel\/UCm8sjis_xlHU5VYQ6GslW-Q\"]}]}<\/script>\n<!-- \/ Yoast SEO plugin. -->","yoast_head_json":{"title":"Estaciona no Parque Hospital de l'Esperit Sant telpark - Coloma de Gramanet","description":"Estaciona em Coloma de Gramanet ao melhor pre\u00e7o no parque telpark Hospital de l'Esperit Sant telpark. Reserva j\u00e1 ou v\u00ea todos os produtos dispon\u00edveis para ti","robots":{"index":"index","follow":"follow","max-snippet":"max-snippet:-1","max-image-preview":"max-image-preview:large","max-video-preview":"max-video-preview:-1"},"canonical":"https:\/\/www.telpark.com\/pt\/cidades\/santa-coloma-de-gramanet\/parque-hospital-de-lesperit-sant\/","og_locale":"pt_PT","og_type":"article","og_title":"Estaciona no Parque Hospital de l'Esperit Sant telpark - Coloma de Gramanet","og_description":"Estaciona em Coloma de Gramanet ao melhor pre\u00e7o no parque telpark Hospital de l'Esperit Sant telpark. Reserva j\u00e1 ou v\u00ea todos os produtos dispon\u00edveis para ti","og_url":"https:\/\/www.telpark.com\/pt\/cidades\/santa-coloma-de-gramanet\/parque-hospital-de-lesperit-sant\/","og_site_name":"Telpark","article_modified_time":"2024-11-18T10:25:22+00:00","twitter_card":"summary_large_image","twitter_site":"@telpark_es","schema":{"@context":"https:\/\/schema.org","@graph":[{"@type":"WebPage","@id":"https:\/\/www.telpark.com\/pt\/cidades\/santa-coloma-de-gramanet\/parque-hospital-de-lesperit-sant\/","url":"https:\/\/www.telpark.com\/pt\/cidades\/santa-coloma-de-gramanet\/parque-hospital-de-lesperit-sant\/","name":"Estaciona no Parque Hospital de l'Esperit Sant telpark - Coloma de Gramanet","isPartOf":{"@id":"https:\/\/www.telpark.com\/pt\/#website"},"datePublished":"2023-03-31T12:03:37+00:00","dateModified":"2024-11-18T10:25:22+00:00","description":"Estaciona em Coloma de Gramanet ao melhor pre\u00e7o no parque telpark Hospital de l'Esperit Sant telpark. Reserva j\u00e1 ou v\u00ea todos os produtos dispon\u00edveis para ti","breadcrumb":{"@id":"https:\/\/www.telpark.com\/pt\/cidades\/santa-coloma-de-gramanet\/parque-hospital-de-lesperit-sant\/#breadcrumb"},"inLanguage":"pt-PT","potentialAction":[{"@type":"ReadAction","target":["https:\/\/www.telpark.com\/pt\/cidades\/santa-coloma-de-gramanet\/parque-hospital-de-lesperit-sant\/"]}]},{"@type":"BreadcrumbList","@id":"https:\/\/www.telpark.com\/pt\/cidades\/santa-coloma-de-gramanet\/parque-hospital-de-lesperit-sant\/#breadcrumb","itemListElement":[{"@type":"ListItem","position":1,"name":"Home","item":"https:\/\/www.telpark.com\/pt\/"},{"@type":"ListItem","position":2,"name":"Hospital de l\u00b4Esperit Sant"}]},{"@type":"WebSite","@id":"https:\/\/www.telpark.com\/pt\/#website","url":"https:\/\/www.telpark.com\/pt\/","name":"Telpark","description":"Reserva tu plaza en los mejores aparcamientos. Descarga la app y olv\u00eddate de cajeros o parqu\u00edmetros en m\u00e1s de 100 ciudades en Espa\u00f1a y Portugal","publisher":{"@id":"https:\/\/www.telpark.com\/pt\/#organization"},"potentialAction":[{"@type":"SearchAction","target":{"@type":"EntryPoint","urlTemplate":"https:\/\/www.telpark.com\/pt\/?s={search_term_string}"},"query-input":"required name=search_term_string"}],"inLanguage":"pt-PT"},{"@type":"Organization","@id":"https:\/\/www.telpark.com\/pt\/#organization","name":"Telpark","url":"https:\/\/www.telpark.com\/pt\/","logo":{"@type":"ImageObject","inLanguage":"pt-PT","@id":"https:\/\/www.telpark.com\/pt\/#\/schema\/logo\/image\/","url":"https:\/\/www.telpark.com\/wp-content\/uploads\/2023\/09\/telpark-logo.svg","contentUrl":"https:\/\/www.telpark.com\/wp-content\/uploads\/2023\/09\/telpark-logo.svg","width":128,"height":32,"caption":"Telpark"},"image":{"@id":"https:\/\/www.telpark.com\/pt\/#\/schema\/logo\/image\/"},"sameAs":["https:\/\/twitter.com\/telpark_es","https:\/\/www.instagram.com\/telpark_app\/","https:\/\/www.youtube.com\/channel\/UCm8sjis_xlHU5VYQ6GslW-Q"]}]}},"meta_box":{"location":"22651","telpark_bd_id":"0029","header":{"title":"Parque Hospital de l\u00b4Esperit Sant","caption":"Parque de estacionamento telpark","address":"C\/ Mossen Josep Pons i Rabad\u00e0 s\/n, 08923","tlf":"+34 934 66 68 34 \/ +34 932 43 44 10","text_link":"Como chegar?","url":"https:\/\/goo.gl\/maps\/c5J3b2SVcUC8dZme7","icon":"icon-export","info_prize":"desde","prize":"3,10 \u20ac","image":"944","latitude":"41.439401","longitude":"2.212642"},"detail":{"image":"1059","description":"<h2>Sobre o parque<\/h2>\r\n<p>Parque de estacionamento na funda\u00e7\u00e3o \"Hospital L`Esperit Sant\", com acesso direto.<\/p>\r\n<p>Estaciona neste parque de estacionamento de Barcelona e aproveita todas as vantagens dispon\u00edveis ao transferir a App.<\/p>","button_info":{"url":"https:\/\/reserva.telpark.com\/pt\/parking\/BARCELONA_ESPERIT_SANT_PARKING","color":"primary","size":"lg","text":"Reservar parque"}},"parking_info":{"info_list":[{"title":"Hor\u00e1rios","items":[{"title":"Hor\u00e1rio de servi\u00e7o","content":"24h"},{"title":"Servi\u00e7o ao cliente","content":"De segunda a sexta-feira, das 07:00h \u00e0s 18:00h."}]},{"title":"Pre\u00e7os gerais","items":[{"title":"Pre\u00e7o primeira hora","content":"3,10 \u20ac"},{"title":"M\u00e1ximo Di\u00e1rio","content":"28,00 \u20ac"}]}],"icon_list":[{"show_parking_block":"1","title":"Produtos","icon_data":["273","276","279","282"]},{"title":"Servi\u00e7os","icon_data":["189","255","198","207","213","225","228"]},{"title":"Forma de Pagamento","icon_data":["246","249","270"]},{"title":"Ve\u00edculos Aptos","icon_data":["294","297","300"]},{"show_parking_block":"1","title":"Altura M\u00e1xima","icon_data":["586"]}]},"points_of_interes":{"select":["Fundaci\u00f3 Hospital de l'Esperit Sant - 0.2 km","Els Safaretjos - 0.5 km","Jard\u00ed de l\u2019Amistat - 0.5 km","Can Zam - 0.7 km","Parc del Molinet - 0.8 km","Pla\u00e7a Rigoberta Mench\u00fa - 0.8 km","Parr\u00f2quia de Sant Antoni de P\u00e0dua - 0.9 km","Pla\u00e7a de les Cultures - 0.9 km"]}},"_links":{"self":[{"href":"https:\/\/www.telpark.com\/pt\/wp-json\/wp\/v2\/parkings\/32576"}],"collection":[{"href":"https:\/\/www.telpark.com\/pt\/wp-json\/wp\/v2\/parkings"}],"about":[{"href":"https:\/\/www.telpark.com\/pt\/wp-json\/wp\/v2\/types\/parkings"}],"version-history":[{"count":3,"href":"https:\/\/www.telpark.com\/pt\/wp-json\/wp\/v2\/parkings\/32576\/revisions"}],"predecessor-version":[{"id":33356,"href":"https:\/\/www.telpark.com\/pt\/wp-json\/wp\/v2\/parkings\/32576\/revisions\/33356"}],"wp:attachment":[{"href":"https:\/\/www.telpark.com\/pt\/wp-json\/wp\/v2\/media?parent=32576"}],"wp:term":[{"taxonomy":"serviceList","embeddable":true,"href":"https:\/\/www.telpark.com\/pt\/wp-json\/wp\/v2\/serviceList?post=32576"}],"curies":[{"name":"wp","href":"https:\/\/api.w.org\/{rel}","templated":true}]}}